{"id":948,"date":"2019-11-18T08:35:12","date_gmt":"2019-11-18T08:35:12","guid":{"rendered":"https:\/\/www.koine-aequalitas.org\/project\/genyouth-metodologia-prevencion-violencia-de-genero-menores-y-adolescentes\/"},"modified":"2024-12-04T15:55:33","modified_gmt":"2024-12-04T15:55:33","slug":"genyouth-methodologie-participative-pour-la-prevention-de-la-violence-de-genre-sur-les-enfants-et-les-adolescents","status":"publish","type":"project","link":"https:\/\/www.koine-aequalitas.org\/fr\/project\/genyouth-methodologie-participative-pour-la-prevention-de-la-violence-de-genre-sur-les-enfants-et-les-adolescents\/","title":{"rendered":"GENYOUTH \u2013 M\u00c9THODOLOGIE PARTICIP\u00c9E \u00c0 GENYOUTH POUR LA D\u00c9TECTION DE LA VIOLENCE DE GENRE CHEZ LES ENFANTS ET LES ADOLESCENTS"},"content":{"rendered":"<p>[et_pb_section fb_built=\u00a0\u00bb1&Prime; fullwidth=\u00a0\u00bbon\u00a0\u00bb _builder_version=\u00a0\u00bb4.16&Prime; global_colors_info=\u00a0\u00bb{}\u00a0\u00bb][et_pb_fullwidth_slider admin_label=\u00a0\u00bbGENYOUTH\u00a0\u00bb _builder_version=\u00a0\u00bb4.16&Prime; global_colors_info=\u00a0\u00bb{}\u00a0\u00bb button_text_size__hover_enabled=\u00a0\u00bboff\u00a0\u00bb button_one_text_size__hover_enabled=\u00a0\u00bboff\u00a0\u00bb button_two_text_size__hover_enabled=\u00a0\u00bboff\u00a0\u00bb button_text_color__hover_enabled=\u00a0\u00bboff\u00a0\u00bb button_one_text_color__hover_enabled=\u00a0\u00bboff\u00a0\u00bb button_two_text_color__hover_enabled=\u00a0\u00bboff\u00a0\u00bb button_border_width__hover_enabled=\u00a0\u00bboff\u00a0\u00bb button_one_border_width__hover_enabled=\u00a0\u00bboff\u00a0\u00bb button_two_border_width__hover_enabled=\u00a0\u00bboff\u00a0\u00bb button_border_color__hover_enabled=\u00a0\u00bboff\u00a0\u00bb button_one_border_color__hover_enabled=\u00a0\u00bboff\u00a0\u00bb button_two_border_color__hover_enabled=\u00a0\u00bboff\u00a0\u00bb button_border_radius__hover_enabled=\u00a0\u00bboff\u00a0\u00bb button_one_border_radius__hover_enabled=\u00a0\u00bboff\u00a0\u00bb button_two_border_radius__hover_enabled=\u00a0\u00bboff\u00a0\u00bb button_letter_spacing__hover_enabled=\u00a0\u00bboff\u00a0\u00bb button_one_letter_spacing__hover_enabled=\u00a0\u00bboff\u00a0\u00bb button_two_letter_spacing__hover_enabled=\u00a0\u00bboff\u00a0\u00bb button_bg_color__hover_enabled=\u00a0\u00bboff\u00a0\u00bb button_one_bg_color__hover_enabled=\u00a0\u00bboff\u00a0\u00bb button_two_bg_color__hover_enabled=\u00a0\u00bboff\u00a0\u00bb][et_pb_slide heading=\u00a0\u00bbM\u00c9THODOLOGIE PARTICIP\u00c9E \u00c0 GENYOUTH POUR LA D\u00c9TECTION DE LA VIOLENCE DE GENRE CHEZ LES ENFANTS ET LES ADOLESCENTS\u00a0\u00bb use_bg_overlay=\u00a0\u00bboff\u00a0\u00bb use_text_overlay=\u00a0\u00bboff\u00a0\u00bb _builder_version=\u00a0\u00bb4.16&Prime; background_image=\u00a0\u00bbhttps:\/\/www.koine-aequalitas.org\/wp-content\/uploads\/2019\/11\/GENYOUTH-METODOLOG\u00cdA-PREVENCI\u00d3N-VIOLENCIA-DE-G\u00c9NERO-MENORES-Y-ADOLESCENTES.jpg\u00a0\u00bb button_on_hover=\u00a0\u00bbon\u00a0\u00bb global_colors_info=\u00a0\u00bb{}\u00a0\u00bb button_text_size__hover_enabled=\u00a0\u00bboff\u00a0\u00bb button_one_text_size__hover_enabled=\u00a0\u00bboff\u00a0\u00bb button_two_text_size__hover_enabled=\u00a0\u00bboff\u00a0\u00bb button_text_color__hover_enabled=\u00a0\u00bboff\u00a0\u00bb button_one_text_color__hover_enabled=\u00a0\u00bboff\u00a0\u00bb button_two_text_color__hover_enabled=\u00a0\u00bboff\u00a0\u00bb button_border_width__hover_enabled=\u00a0\u00bboff\u00a0\u00bb button_one_border_width__hover_enabled=\u00a0\u00bboff\u00a0\u00bb button_two_border_width__hover_enabled=\u00a0\u00bboff\u00a0\u00bb button_border_color__hover_enabled=\u00a0\u00bboff\u00a0\u00bb button_one_border_color__hover_enabled=\u00a0\u00bboff\u00a0\u00bb button_two_border_color__hover_enabled=\u00a0\u00bboff\u00a0\u00bb button_border_radius__hover_enabled=\u00a0\u00bboff\u00a0\u00bb button_one_border_radius__hover_enabled=\u00a0\u00bboff\u00a0\u00bb button_two_border_radius__hover_enabled=\u00a0\u00bboff\u00a0\u00bb button_letter_spacing__hover_enabled=\u00a0\u00bboff\u00a0\u00bb button_one_letter_spacing__hover_enabled=\u00a0\u00bboff\u00a0\u00bb button_two_letter_spacing__hover_enabled=\u00a0\u00bboff\u00a0\u00bb button_bg_color__hover_enabled=\u00a0\u00bboff\u00a0\u00bb button_one_bg_color__hover_enabled=\u00a0\u00bboff\u00a0\u00bb button_two_bg_color__hover_enabled=\u00a0\u00bboff\u00a0\u00bb sticky_transition=\u00a0\u00bbon\u00a0\u00bb][\/et_pb_slide][\/et_pb_fullwidth_slider][\/et_pb_section][et_pb_section fb_built=\u00a0\u00bb1&Prime; _builder_version=\u00a0\u00bb4.16&Prime; background_color=\u00a0\u00bb#ffffff\u00a0\u00bb saved_tabs=\u00a0\u00bball\u00a0\u00bb global_colors_info=\u00a0\u00bb{}\u00a0\u00bb][et_pb_row _builder_version=\u00a0\u00bb4.16&Prime; background_color=\u00a0\u00bb#cccc00&Prime; background_size=\u00a0\u00bbinitial\u00a0\u00bb background_position=\u00a0\u00bbtop_left\u00a0\u00bb background_repeat=\u00a0\u00bbrepeat\u00a0\u00bb custom_padding=\u00a0\u00bb|30px||30px\u00a0\u00bb border_width_all=\u00a0\u00bb1px\u00a0\u00bb box_shadow_style=\u00a0\u00bbpreset1&Prime; global_colors_info=\u00a0\u00bb{}\u00a0\u00bb][et_pb_column type=\u00a0\u00bb4_4&Prime; _builder_version=\u00a0\u00bb4.16&Prime; custom_padding=\u00a0\u00bb|||\u00a0\u00bb global_colors_info=\u00a0\u00bb{}\u00a0\u00bb custom_padding__hover=\u00a0\u00bb|||\u00a0\u00bb][et_pb_text _builder_version=\u00a0\u00bb4.27.2&Prime; text_font=\u00a0\u00bb|600|||||||\u00a0\u00bb text_text_color=\u00a0\u00bb#000000&Prime; text_font_size=\u00a0\u00bb18px\u00a0\u00bb hover_enabled=\u00a0\u00bb0&Prime; global_colors_info=\u00a0\u00bb{}\u00a0\u00bb sticky_enabled=\u00a0\u00bb0&Prime;]<\/p>\n<p>Le projet GENYOUTH a re\u00e7u le 1er Prix d&rsquo;Innovation Sociale dans les Services Sociaux de Navarre 2020, d\u00e9cern\u00e9 par le Gouvernement de Navarre et la Fondation Tom\u00e1s et Lydia Recari Garc\u00eda.<\/p>\n<p style=\"text-align: center;\"><span style=\"color: #000000;\"><a href=\"https:\/\/www.navarra.es\/es\/noticias\/2020\/11\/04\/un-proyecto-para-detectar-violencia-de-genero-en-menores-entre-6-y-18-anos-de-la-fundacion-koine-aequalitas-recibe-el-i-premio-a-la-innovacion-social-del-departamento-de-derechos-sociales\" target=\"_blank\" rel=\"nofollow noopener noreferrer\" style=\"color: #000000;\"><strong>\u00a0<em>EN SAVOIR PLUS<\/em> <\/strong><\/a><\/span><\/p>\n<p>[\/et_pb_text][\/et_pb_column][\/et_pb_row][\/et_pb_section][et_pb_section fb_built=\u00a0\u00bb1&Prime; _builder_version=\u00a0\u00bb4.16&Prime; global_colors_info=\u00a0\u00bb{}\u00a0\u00bb][et_pb_row module_class=\u00a0\u00bb et_pb_row_fullwidth\u00a0\u00bb _builder_version=\u00a0\u00bb4.16&Prime; background_size=\u00a0\u00bbinitial\u00a0\u00bb background_position=\u00a0\u00bbtop_left\u00a0\u00bb background_repeat=\u00a0\u00bbrepeat\u00a0\u00bb width=\u00a0\u00bb89%\u00a0\u00bb width_tablet=\u00a0\u00bb80%\u00a0\u00bb width_phone=\u00a0\u00bb80%\u00a0\u00bb width_last_edited=\u00a0\u00bbon|desktop\u00a0\u00bb max_width=\u00a0\u00bb89%\u00a0\u00bb max_width_tablet=\u00a0\u00bb80%\u00a0\u00bb max_width_phone=\u00a0\u00bb80%\u00a0\u00bb max_width_last_edited=\u00a0\u00bbon|desktop\u00a0\u00bb hover_enabled=\u00a0\u00bb0&Prime; make_fullwidth=\u00a0\u00bbon\u00a0\u00bb global_colors_info=\u00a0\u00bb{}\u00a0\u00bb sticky_enabled=\u00a0\u00bb0&Prime;][et_pb_column type=\u00a0\u00bb4_4&Prime; _builder_version=\u00a0\u00bb4.16&Prime; custom_padding=\u00a0\u00bb|||\u00a0\u00bb global_colors_info=\u00a0\u00bb{}\u00a0\u00bb custom_padding__hover=\u00a0\u00bb|||\u00a0\u00bb][et_pb_text admin_label=\u00a0\u00bbDescripci\u00f3n proyecto\u00a0\u00bb _builder_version=\u00a0\u00bb4.16&Prime; hover_enabled=\u00a0\u00bb0&Prime; global_colors_info=\u00a0\u00bb{}\u00a0\u00bb sticky_enabled=\u00a0\u00bb0&Prime;]<\/p>\n<p>L\u00b4objectif du projet est de concevoir une m\u00e9thodologie test\u00e9e, valid\u00e9e, applicable et transf\u00e9rable au niveau europ\u00e9en, qui comprend entre autres syst\u00e8mes, un outil de detection pour la violence et aussi comme les risques, qui tombent sur les enfants, dans les centres de touts les niveaux \u00e9ducatifs de la sph\u00e8re formelle et dans les espaces \u00e9ducatifs du domaine de l\u00b4\u00e9ducation non formelle.\u00a0<\/p>\n<p><span style=\"font-size: 16px;\">Le besoin se fait sentir car il n\u00b4y a pas d\u2019outil m\u00e9thodologique valid\u00e9 au niveau europ\u00e9en, tel que celui appliqu\u00e9 \u00e0 la sant\u00e9 (OMS avec des tests de d\u00e9pistage AAS &#8211; <em>Abuse Assessment Screen<\/em> y WAST &#8211; <em>Women Abuse Screening Tool<\/em>), \u00e0 appliquer dans le domaine de l&rsquo;\u00e9ducation formelle et non formelle afin de d\u00e9tecter la violence sexuelle subis directement ou indirectement par les mineurs.<\/span><\/p>\n<p>[\/et_pb_text][\/et_pb_column][\/et_pb_row][et_pb_row admin_label=\u00a0\u00bbTitulo secci\u00f3n objetivos\u00a0\u00bb module_class=\u00a0\u00bb et_pb_row_fullwidth\u00a0\u00bb _builder_version=\u00a0\u00bb4.16&Prime; background_color=\u00a0\u00bb#cccc00&Prime; background_size=\u00a0\u00bbinitial\u00a0\u00bb background_position=\u00a0\u00bbtop_left\u00a0\u00bb background_repeat=\u00a0\u00bbrepeat\u00a0\u00bb width=\u00a0\u00bb89%\u00a0\u00bb width_tablet=\u00a0\u00bb80%\u00a0\u00bb width_phone=\u00a0\u00bb80%\u00a0\u00bb width_last_edited=\u00a0\u00bbon|desktop\u00a0\u00bb max_width=\u00a0\u00bb89%\u00a0\u00bb max_width_tablet=\u00a0\u00bb80%\u00a0\u00bb max_width_phone=\u00a0\u00bb80%\u00a0\u00bb max_width_last_edited=\u00a0\u00bbon|desktop\u00a0\u00bb custom_padding=\u00a0\u00bb16px|0px|8px|0px|false|false\u00a0\u00bb make_fullwidth=\u00a0\u00bbon\u00a0\u00bb global_colors_info=\u00a0\u00bb{}\u00a0\u00bb][et_pb_column type=\u00a0\u00bb4_4&Prime; _builder_version=\u00a0\u00bb4.16&Prime; custom_padding=\u00a0\u00bb|||\u00a0\u00bb global_colors_info=\u00a0\u00bb{}\u00a0\u00bb custom_padding__hover=\u00a0\u00bb|||\u00a0\u00bb][et_pb_text _builder_version=\u00a0\u00bb4.27.2&Prime; custom_margin=\u00a0\u00bb|||50px\u00a0\u00bb hover_enabled=\u00a0\u00bb0&Prime; global_colors_info=\u00a0\u00bb{}\u00a0\u00bb sticky_enabled=\u00a0\u00bb0&Prime;]<\/p>\n<h2><strong>OBJECTIFS DU PROJET<\/strong><\/h2>\n<p>[\/et_pb_text][\/et_pb_column][\/et_pb_row][et_pb_row admin_label=\u00a0\u00bbObjetivos del proyecto\u00a0\u00bb module_class=\u00a0\u00bb et_pb_row_fullwidth\u00a0\u00bb _builder_version=\u00a0\u00bb4.16&Prime; background_size=\u00a0\u00bbinitial\u00a0\u00bb background_position=\u00a0\u00bbtop_left\u00a0\u00bb background_repeat=\u00a0\u00bbrepeat\u00a0\u00bb width=\u00a0\u00bb89%\u00a0\u00bb width_tablet=\u00a0\u00bb80%\u00a0\u00bb width_phone=\u00a0\u00bb80%\u00a0\u00bb width_last_edited=\u00a0\u00bbon|desktop\u00a0\u00bb max_width=\u00a0\u00bb89%\u00a0\u00bb max_width_tablet=\u00a0\u00bb80%\u00a0\u00bb max_width_phone=\u00a0\u00bb80%\u00a0\u00bb max_width_last_edited=\u00a0\u00bbon|desktop\u00a0\u00bb make_fullwidth=\u00a0\u00bbon\u00a0\u00bb global_colors_info=\u00a0\u00bb{}\u00a0\u00bb][et_pb_column type=\u00a0\u00bb4_4&Prime; _builder_version=\u00a0\u00bb4.16&Prime; custom_padding=\u00a0\u00bb|||\u00a0\u00bb global_colors_info=\u00a0\u00bb{}\u00a0\u00bb custom_padding__hover=\u00a0\u00bb|||\u00a0\u00bb][et_pb_blurb title=\u00a0\u00bbPromouvoir le travail des professionels de l\u00b4education\u00a0\u00bb use_icon=\u00a0\u00bbon\u00a0\u00bb font_icon=\u00a0\u00bb&#x4e;||divi||400&Prime; icon_placement=\u00a0\u00bbleft\u00a0\u00bb content_max_width=\u00a0\u00bb1100px\u00a0\u00bb admin_label=\u00a0\u00bbAnuncio\u00a0\u00bb _builder_version=\u00a0\u00bb4.16&Prime; global_colors_info=\u00a0\u00bb{}\u00a0\u00bb]<\/p>\n<p>Promouvoir le travail des professionels de l\u00b4education comme agents cl\u00e9s pour la d\u00e9tection et la pr\u00e9vention de la violence de genre subie par les mineurs et les jeunes, \u00e0 la fois dans la famille et dans le domaine educatif, ou dans d\u00b4autres domaines de la socialisation, directement ou indirectement, permettant une attention pr\u00e9coce, personnalis\u00e9e et globale aux mineurs qui en souffrent.<\/p>\n<p>[\/et_pb_blurb][et_pb_blurb title=\u00a0\u00bbDoter aux centres d&rsquo;\u00e9ducation formelle et non formelle d\u00b4un outil\u00a0\u00bb use_icon=\u00a0\u00bbon\u00a0\u00bb font_icon=\u00a0\u00bb&#x4e;||divi||400&Prime; icon_placement=\u00a0\u00bbleft\u00a0\u00bb content_max_width=\u00a0\u00bb1100px\u00a0\u00bb admin_label=\u00a0\u00bbAnuncio\u00a0\u00bb _builder_version=\u00a0\u00bb4.16&Prime; animation=\u00a0\u00bboff\u00a0\u00bb global_colors_info=\u00a0\u00bb{}\u00a0\u00bb]<\/p>\n<p>Doter aux centres d&rsquo;\u00e9ducation formelle et non formelle d\u00b4un outil qui permet d\u00e9tecter de mani\u00e8re agile et syst\u00e9matique la violence de genre subis par les mineurs et les jeunes, directement ou indirectement.<\/p>\n<p>[\/et_pb_blurb][et_pb_blurb title=\u00a0\u00bbPr\u00e9venir, de mani\u00e8re pr\u00e9coce, la violence de genre subie par les mineurs et les jeunes\u00a0\u00bb use_icon=\u00a0\u00bbon\u00a0\u00bb font_icon=\u00a0\u00bb&#x4e;||divi||400&Prime; icon_placement=\u00a0\u00bbleft\u00a0\u00bb content_max_width=\u00a0\u00bb1100px\u00a0\u00bb admin_label=\u00a0\u00bbAnuncio\u00a0\u00bb _builder_version=\u00a0\u00bb4.16&Prime; animation=\u00a0\u00bboff\u00a0\u00bb global_colors_info=\u00a0\u00bb{}\u00a0\u00bb]<\/p>\n<p>Pr\u00e9venir, de mani\u00e8re pr\u00e9coce, la violence de genre subie par les mineurs et les jeunes, directement ou indirectement, par la mise en \u0153uvre d&rsquo;une m\u00e9thodologie int\u00e9gr\u00e9e et transversale d\u00e9finie de mani\u00e8re participative dans diff\u00e9rents domaines \u00e9ducatifs.<\/p>\n<p>[\/et_pb_blurb][\/et_pb_column][\/et_pb_row][et_pb_row admin_label=\u00a0\u00bbTitulo secci\u00f3n grupos participantes\u00a0\u00bb module_class=\u00a0\u00bb et_pb_row_fullwidth\u00a0\u00bb _builder_version=\u00a0\u00bb4.16&Prime; background_color=\u00a0\u00bb#cccc00&Prime; background_size=\u00a0\u00bbinitial\u00a0\u00bb background_position=\u00a0\u00bbtop_left\u00a0\u00bb background_repeat=\u00a0\u00bbrepeat\u00a0\u00bb width=\u00a0\u00bb89%\u00a0\u00bb width_tablet=\u00a0\u00bb80%\u00a0\u00bb width_phone=\u00a0\u00bb80%\u00a0\u00bb width_last_edited=\u00a0\u00bbon|desktop\u00a0\u00bb max_width=\u00a0\u00bb89%\u00a0\u00bb max_width_tablet=\u00a0\u00bb80%\u00a0\u00bb max_width_phone=\u00a0\u00bb80%\u00a0\u00bb max_width_last_edited=\u00a0\u00bbon|desktop\u00a0\u00bb custom_padding=\u00a0\u00bb12px|0px|7px|0px|false|false\u00a0\u00bb make_fullwidth=\u00a0\u00bbon\u00a0\u00bb global_colors_info=\u00a0\u00bb{}\u00a0\u00bb][et_pb_column type=\u00a0\u00bb4_4&Prime; _builder_version=\u00a0\u00bb4.16&Prime; custom_padding=\u00a0\u00bb|||\u00a0\u00bb global_colors_info=\u00a0\u00bb{}\u00a0\u00bb custom_padding__hover=\u00a0\u00bb|||\u00a0\u00bb][et_pb_text _builder_version=\u00a0\u00bb4.27.2&Prime; custom_margin=\u00a0\u00bb|||50px\u00a0\u00bb hover_enabled=\u00a0\u00bb0&Prime; global_colors_info=\u00a0\u00bb{}\u00a0\u00bb sticky_enabled=\u00a0\u00bb0&Prime;]<\/p>\n<h2><strong>GROUPES DE PARTICIPANTS<\/strong><\/h2>\n<p>[\/et_pb_text][\/et_pb_column][\/et_pb_row][et_pb_row column_structure=\u00a0\u00bb1_2,1_2&Prime; admin_label=\u00a0\u00bbGrupos participantes\u00a0\u00bb _builder_version=\u00a0\u00bb4.16&Prime; background_size=\u00a0\u00bbinitial\u00a0\u00bb background_position=\u00a0\u00bbtop_left\u00a0\u00bb background_repeat=\u00a0\u00bbrepeat\u00a0\u00bb custom_padding=\u00a0\u00bb25px|0px|26.9688px|0px|false|false\u00a0\u00bb global_colors_info=\u00a0\u00bb{}\u00a0\u00bb][et_pb_column type=\u00a0\u00bb1_2&Prime; _builder_version=\u00a0\u00bb4.16&Prime; custom_padding=\u00a0\u00bb|||\u00a0\u00bb global_colors_info=\u00a0\u00bb{}\u00a0\u00bb custom_padding__hover=\u00a0\u00bb|||\u00a0\u00bb][et_pb_blurb title=\u00a0\u00bbEnfants de 6 \u00e0 18 ans\u00a0\u00bb use_icon=\u00a0\u00bbon\u00a0\u00bb font_icon=\u00a0\u00bb&#xe0a1;||divi||400&Prime; content_max_width=\u00a0\u00bb1100px\u00a0\u00bb admin_label=\u00a0\u00bbAnuncio\u00a0\u00bb _builder_version=\u00a0\u00bb4.16&Prime; animation=\u00a0\u00bboff\u00a0\u00bb global_colors_info=\u00a0\u00bb{}\u00a0\u00bb]<\/p>\n<p>Enfants de 6 \u00e0 18 ans dans le syst\u00e8me \u00e9ducatif, en tant que victimes potentielles de la violence de genre et futurs agents du changement social.<\/p>\n<p>[\/et_pb_blurb][\/et_pb_column][et_pb_column type=\u00a0\u00bb1_2&Prime; _builder_version=\u00a0\u00bb4.16&Prime; custom_padding=\u00a0\u00bb|||\u00a0\u00bb global_colors_info=\u00a0\u00bb{}\u00a0\u00bb custom_padding__hover=\u00a0\u00bb|||\u00a0\u00bb][et_pb_blurb title=\u00a0\u00bbProfessionnels de l&rsquo;\u00e9ducation\u00a0\u00bb use_icon=\u00a0\u00bbon\u00a0\u00bb font_icon=\u00a0\u00bb&#xe0fc;||divi||400&Prime; content_max_width=\u00a0\u00bb1100px\u00a0\u00bb admin_label=\u00a0\u00bbAnuncio\u00a0\u00bb _builder_version=\u00a0\u00bb4.16&Prime; animation=\u00a0\u00bboff\u00a0\u00bb global_colors_info=\u00a0\u00bb{}\u00a0\u00bb]<\/p>\n<p>Professionnels de l&rsquo;\u00e9ducation, comme figures de r\u00e9f\u00e9rence dans le processus de socialisation et agents importants de d\u00e9tection de la violence de genre en raison de leur intensit\u00e9 d&rsquo;intervention aupr\u00e8s de la population objet.<\/p>\n<p>[\/et_pb_blurb][\/et_pb_column][\/et_pb_row][et_pb_row admin_label=\u00a0\u00bbActividades\u00a0\u00bb module_class=\u00a0\u00bb et_pb_row_fullwidth\u00a0\u00bb _builder_version=\u00a0\u00bb4.16&Prime; background_color=\u00a0\u00bb#cccc00&Prime; background_size=\u00a0\u00bbinitial\u00a0\u00bb background_position=\u00a0\u00bbtop_left\u00a0\u00bb background_repeat=\u00a0\u00bbrepeat\u00a0\u00bb width=\u00a0\u00bb89%\u00a0\u00bb width_tablet=\u00a0\u00bb80%\u00a0\u00bb width_phone=\u00a0\u00bb80%\u00a0\u00bb width_last_edited=\u00a0\u00bbon|desktop\u00a0\u00bb max_width=\u00a0\u00bb89%\u00a0\u00bb max_width_tablet=\u00a0\u00bb80%\u00a0\u00bb max_width_phone=\u00a0\u00bb80%\u00a0\u00bb max_width_last_edited=\u00a0\u00bbon|desktop\u00a0\u00bb custom_padding=\u00a0\u00bb10px|0px|2px|0px|false|false\u00a0\u00bb make_fullwidth=\u00a0\u00bbon\u00a0\u00bb global_colors_info=\u00a0\u00bb{}\u00a0\u00bb][et_pb_column type=\u00a0\u00bb4_4&Prime; _builder_version=\u00a0\u00bb4.16&Prime; custom_padding=\u00a0\u00bb|||\u00a0\u00bb global_colors_info=\u00a0\u00bb{}\u00a0\u00bb custom_padding__hover=\u00a0\u00bb|||\u00a0\u00bb][et_pb_text _builder_version=\u00a0\u00bb4.27.2&Prime; custom_margin=\u00a0\u00bb|||50px\u00a0\u00bb hover_enabled=\u00a0\u00bb0&Prime; global_colors_info=\u00a0\u00bb{}\u00a0\u00bb sticky_enabled=\u00a0\u00bb0&Prime;]<\/p>\n<h2><strong>ACTIVIT\u00c9S<\/strong><\/h2>\n<p>[\/et_pb_text][\/et_pb_column][\/et_pb_row][et_pb_row _builder_version=\u00a0\u00bb4.16&Prime; background_size=\u00a0\u00bbinitial\u00a0\u00bb background_position=\u00a0\u00bbtop_left\u00a0\u00bb background_repeat=\u00a0\u00bbrepeat\u00a0\u00bb global_colors_info=\u00a0\u00bb{}\u00a0\u00bb][et_pb_column type=\u00a0\u00bb4_4&Prime; _builder_version=\u00a0\u00bb4.16&Prime; custom_padding=\u00a0\u00bb|||\u00a0\u00bb global_colors_info=\u00a0\u00bb{}\u00a0\u00bb custom_padding__hover=\u00a0\u00bb|||\u00a0\u00bb][et_pb_text _builder_version=\u00a0\u00bb4.16&Prime; global_colors_info=\u00a0\u00bb{}\u00a0\u00bb]<\/p>\n<ol>\n<li>R\u00e9alisation d\u00b4un diagnostic participatif de la situation initiale sur les m\u00e9thodologies de pr\u00e9vention et la d\u00e9tection pr\u00e9coce de la violence chez les mineurs et les jeunes, et la recopilation de bonnes pratiques men\u00e9es au niveau europ\u00e9en et international, dans le domaine de l&rsquo;\u00e9ducation et dans d&rsquo;autres domaines tels que la sant\u00e9.<\/li>\n<li>Conception d&rsquo;une m\u00e9thodologie de participation qui comprend des proc\u00e9dures, des outils et des instruments qui permettent la d\u00e9tection pr\u00e9coce de la violence de genre, directe et indirecte, dans les enfants et les jeunes. Tester et \u00e9valuer la m\u00e9thodologie, cela comprend les modifications n\u00e9cessaires qui permettent sa validation.<\/li>\n<li>Conception et mise en \u0153uvre des programmes de formation pour les professionnels de tous les domaines de l&rsquo;\u00e9ducation dans une m\u00e9thodologie cr\u00e9\u00e9e pour la d\u00e9tection pr\u00e9coce de la violence de genre. Transmission des connaissances g\u00e9n\u00e9r\u00e9es, permettant l\u00b4\u00e9volution du projet.<\/li>\n<\/ol>\n<p>[\/et_pb_text][\/et_pb_column][\/et_pb_row][et_pb_row column_structure=\u00a0\u00bb1_3,1_3,1_3&Prime; _builder_version=\u00a0\u00bb4.16&Prime; global_colors_info=\u00a0\u00bb{}\u00a0\u00bb][et_pb_column type=\u00a0\u00bb1_3&Prime; _builder_version=\u00a0\u00bb4.16&Prime; custom_padding=\u00a0\u00bb|||\u00a0\u00bb global_colors_info=\u00a0\u00bb{}\u00a0\u00bb custom_padding__hover=\u00a0\u00bb|||\u00a0\u00bb][et_pb_image src=\u00a0\u00bbhttps:\/\/www.koine-aequalitas.org\/wp-content\/uploads\/2018\/07\/LogoFundacionCaixa.jpg\u00a0\u00bb align_tablet=\u00a0\u00bbcenter\u00a0\u00bb align_phone=\u00a0\u00bbcenter\u00a0\u00bb align_last_edited=\u00a0\u00bbon|desktop\u00a0\u00bb _builder_version=\u00a0\u00bb4.16&Prime; global_colors_info=\u00a0\u00bb{}\u00a0\u00bb][\/et_pb_image][\/et_pb_column][et_pb_column type=\u00a0\u00bb1_3&Prime; _builder_version=\u00a0\u00bb4.16&Prime; custom_padding=\u00a0\u00bb|||\u00a0\u00bb global_colors_info=\u00a0\u00bb{}\u00a0\u00bb custom_padding__hover=\u00a0\u00bb|||\u00a0\u00bb][et_pb_image src=\u00a0\u00bbhttps:\/\/www.koine-aequalitas.org\/wp-content\/uploads\/2018\/07\/LogoFund.CAN_.jpg\u00a0\u00bb align_tablet=\u00a0\u00bbcenter\u00a0\u00bb align_phone=\u00a0\u00bbcenter\u00a0\u00bb align_last_edited=\u00a0\u00bbon|desktop\u00a0\u00bb _builder_version=\u00a0\u00bb4.16&Prime; global_colors_info=\u00a0\u00bb{}\u00a0\u00bb][\/et_pb_image][\/et_pb_column][et_pb_column type=\u00a0\u00bb1_3&Prime; _builder_version=\u00a0\u00bb4.16&Prime; custom_padding=\u00a0\u00bb|||\u00a0\u00bb global_colors_info=\u00a0\u00bb{}\u00a0\u00bb custom_padding__hover=\u00a0\u00bb|||\u00a0\u00bb][et_pb_image src=\u00a0\u00bbhttps:\/\/www.koine-aequalitas.org\/wp-content\/uploads\/2018\/07\/Logo-Innovaci\u00f3n-social-Koine-Aequalitas.jpg\u00a0\u00bb align_tablet=\u00a0\u00bbcenter\u00a0\u00bb align_phone=\u00a0\u00bbcenter\u00a0\u00bb align_last_edited=\u00a0\u00bbon|desktop\u00a0\u00bb _builder_version=\u00a0\u00bb4.16&Prime; global_colors_info=\u00a0\u00bb{}\u00a0\u00bb][\/et_pb_image][\/et_pb_column][\/et_pb_row][\/et_pb_section]<\/p>\n","protected":false},"excerpt":{"rendered":"<p>Le projet GENYOUTH a re\u00e7u le 1er Prix d&rsquo;Innovation Sociale dans les Services Sociaux de Navarre 2020, d\u00e9cern\u00e9 par le Gouvernement de Navarre et la Fondation Tom\u00e1s et Lydia Recari Garc\u00eda. \u00a0EN SAVOIR PLUS L\u00b4objectif du projet est de concevoir une m\u00e9thodologie test\u00e9e, valid\u00e9e, applicable et transf\u00e9rable au niveau europ\u00e9en, qui comprend entre autres syst\u00e8mes, [&hellip;]<\/p>\n","protected":false},"author":2,"featured_media":869,"comment_status":"open","ping_status":"closed","template":"","meta":{"_et_pb_use_builder":"on","_et_pb_old_content":"","_et_gb_content_width":"","footnotes":""},"project_category":[],"project_tag":[],"class_list":["post-948","project","type-project","status-publish","has-post-thumbnail","hentry"],"yoast_head":"<!-- This site is optimized with the Yoast SEO plugin v27.4 - https:\/\/yoast.com\/product\/yoast-seo-wordpress\/ -->\n<title>GENYOUTH - M\u00c9THODOLOGIE PARTICIP\u00c9E \u00c0 GENYOUTH POUR LA D\u00c9TECTION DE LA VIOLENCE DE GENRE CHEZ LES ENFANTS ET LES ADOLESCENTS<\/title>\n<meta name=\"robots\" content=\"index, follow, max-snippet:-1, max-image-preview:large, max-video-preview:-1\" \/>\n<link rel=\"canonical\" href=\"https:\/\/www.koine-aequalitas.org\/fr\/project\/genyouth-methodologie-participative-pour-la-prevention-de-la-violence-de-genre-sur-les-enfants-et-les-adolescents\/\" \/>\n<meta property=\"og:locale\" content=\"fr_FR\" \/>\n<meta property=\"og:type\" content=\"article\" \/>\n<meta property=\"og:title\" content=\"GENYOUTH - M\u00c9THODOLOGIE PARTICIP\u00c9E \u00c0 GENYOUTH POUR LA D\u00c9TECTION DE LA VIOLENCE DE GENRE CHEZ LES ENFANTS ET LES ADOLESCENTS\" \/>\n<meta property=\"og:description\" content=\"Le projet GENYOUTH a re\u00e7u le 1er Prix d&#039;Innovation Sociale dans les Services Sociaux de Navarre 2020, d\u00e9cern\u00e9 par le Gouvernement de Navarre et la Fondation Tom\u00e1s et Lydia Recari Garc\u00eda. \u00a0EN SAVOIR PLUS L\u00b4objectif du projet est de concevoir une m\u00e9thodologie test\u00e9e, valid\u00e9e, applicable et transf\u00e9rable au niveau europ\u00e9en, qui comprend entre autres syst\u00e8mes, [&hellip;]\" \/>\n<meta property=\"og:url\" content=\"https:\/\/www.koine-aequalitas.org\/fr\/project\/genyouth-methodologie-participative-pour-la-prevention-de-la-violence-de-genre-sur-les-enfants-et-les-adolescents\/\" \/>\n<meta property=\"og:site_name\" content=\"Koine\" \/>\n<meta property=\"article:modified_time\" content=\"2024-12-04T15:55:33+00:00\" \/>\n<meta property=\"og:image\" content=\"https:\/\/www.koine-aequalitas.org\/wp-content\/uploads\/2019\/11\/GENYOUTH-METODOLOG\u00cdA-PREVENCI\u00d3N-VIOLENCIA-DE-G\u00c9NERO-MENORES-Y-ADOLESCENTES.jpg\" \/>\n\t<meta property=\"og:image:width\" content=\"1920\" \/>\n\t<meta property=\"og:image:height\" content=\"1281\" \/>\n\t<meta property=\"og:image:type\" content=\"image\/jpeg\" \/>\n<meta name=\"twitter:card\" content=\"summary_large_image\" \/>\n<meta name=\"twitter:label1\" content=\"Dur\u00e9e de lecture estim\u00e9e\" \/>\n\t<meta name=\"twitter:data1\" content=\"4 minutes\" \/>\n<script type=\"application\/ld+json\" class=\"yoast-schema-graph\">{\"@context\":\"https:\\\/\\\/schema.org\",\"@graph\":[{\"@type\":\"WebPage\",\"@id\":\"https:\\\/\\\/www.koine-aequalitas.org\\\/fr\\\/project\\\/genyouth-methodologie-participative-pour-la-prevention-de-la-violence-de-genre-sur-les-enfants-et-les-adolescents\\\/\",\"url\":\"https:\\\/\\\/www.koine-aequalitas.org\\\/fr\\\/project\\\/genyouth-methodologie-participative-pour-la-prevention-de-la-violence-de-genre-sur-les-enfants-et-les-adolescents\\\/\",\"name\":\"GENYOUTH - M\u00c9THODOLOGIE PARTICIP\u00c9E \u00c0 GENYOUTH POUR LA D\u00c9TECTION DE LA VIOLENCE DE GENRE CHEZ LES ENFANTS ET LES ADOLESCENTS\",\"isPartOf\":{\"@id\":\"https:\\\/\\\/www.koine-aequalitas.org\\\/#website\"},\"primaryImageOfPage\":{\"@id\":\"https:\\\/\\\/www.koine-aequalitas.org\\\/fr\\\/project\\\/genyouth-methodologie-participative-pour-la-prevention-de-la-violence-de-genre-sur-les-enfants-et-les-adolescents\\\/#primaryimage\"},\"image\":{\"@id\":\"https:\\\/\\\/www.koine-aequalitas.org\\\/fr\\\/project\\\/genyouth-methodologie-participative-pour-la-prevention-de-la-violence-de-genre-sur-les-enfants-et-les-adolescents\\\/#primaryimage\"},\"thumbnailUrl\":\"https:\\\/\\\/www.koine-aequalitas.org\\\/wp-content\\\/uploads\\\/2019\\\/11\\\/GENYOUTH-METODOLOG\u00cdA-PREVENCI\u00d3N-VIOLENCIA-DE-G\u00c9NERO-MENORES-Y-ADOLESCENTES.jpg\",\"datePublished\":\"2019-11-18T08:35:12+00:00\",\"dateModified\":\"2024-12-04T15:55:33+00:00\",\"breadcrumb\":{\"@id\":\"https:\\\/\\\/www.koine-aequalitas.org\\\/fr\\\/project\\\/genyouth-methodologie-participative-pour-la-prevention-de-la-violence-de-genre-sur-les-enfants-et-les-adolescents\\\/#breadcrumb\"},\"inLanguage\":\"fr-FR\",\"potentialAction\":[{\"@type\":\"ReadAction\",\"target\":[\"https:\\\/\\\/www.koine-aequalitas.org\\\/fr\\\/project\\\/genyouth-methodologie-participative-pour-la-prevention-de-la-violence-de-genre-sur-les-enfants-et-les-adolescents\\\/\"]}]},{\"@type\":\"ImageObject\",\"inLanguage\":\"fr-FR\",\"@id\":\"https:\\\/\\\/www.koine-aequalitas.org\\\/fr\\\/project\\\/genyouth-methodologie-participative-pour-la-prevention-de-la-violence-de-genre-sur-les-enfants-et-les-adolescents\\\/#primaryimage\",\"url\":\"https:\\\/\\\/www.koine-aequalitas.org\\\/wp-content\\\/uploads\\\/2019\\\/11\\\/GENYOUTH-METODOLOG\u00cdA-PREVENCI\u00d3N-VIOLENCIA-DE-G\u00c9NERO-MENORES-Y-ADOLESCENTES.jpg\",\"contentUrl\":\"https:\\\/\\\/www.koine-aequalitas.org\\\/wp-content\\\/uploads\\\/2019\\\/11\\\/GENYOUTH-METODOLOG\u00cdA-PREVENCI\u00d3N-VIOLENCIA-DE-G\u00c9NERO-MENORES-Y-ADOLESCENTES.jpg\",\"width\":1920,\"height\":1281,\"caption\":\"GENYOUTH -METODOLOG\u00cdA PREVENCI\u00d3N VIOLENCIA DE G\u00c9NERO MENORES Y ADOLESCENTES\"},{\"@type\":\"BreadcrumbList\",\"@id\":\"https:\\\/\\\/www.koine-aequalitas.org\\\/fr\\\/project\\\/genyouth-methodologie-participative-pour-la-prevention-de-la-violence-de-genre-sur-les-enfants-et-les-adolescents\\\/#breadcrumb\",\"itemListElement\":[{\"@type\":\"ListItem\",\"position\":1,\"name\":\"Portada\",\"item\":\"https:\\\/\\\/www.koine-aequalitas.org\\\/fr\\\/\"},{\"@type\":\"ListItem\",\"position\":2,\"name\":\"Proyectos\",\"item\":\"https:\\\/\\\/www.koine-aequalitas.org\\\/project\\\/\"},{\"@type\":\"ListItem\",\"position\":3,\"name\":\"GENYOUTH \u2013 M\u00c9THODOLOGIE PARTICIP\u00c9E \u00c0 GENYOUTH POUR LA D\u00c9TECTION DE LA VIOLENCE DE GENRE CHEZ LES ENFANTS ET LES ADOLESCENTS\"}]},{\"@type\":\"WebSite\",\"@id\":\"https:\\\/\\\/www.koine-aequalitas.org\\\/#website\",\"url\":\"https:\\\/\\\/www.koine-aequalitas.org\\\/\",\"name\":\"Koine\",\"description\":\"Fundaci\u00f3n para la promoci\u00b4no de derechos de las personas con discapacidad y\\\/o riesgo de exclusi\u00f3n social\",\"potentialAction\":[{\"@type\":\"SearchAction\",\"target\":{\"@type\":\"EntryPoint\",\"urlTemplate\":\"https:\\\/\\\/www.koine-aequalitas.org\\\/?s={search_term_string}\"},\"query-input\":{\"@type\":\"PropertyValueSpecification\",\"valueRequired\":true,\"valueName\":\"search_term_string\"}}],\"inLanguage\":\"fr-FR\"}]}<\/script>\n<!-- \/ Yoast SEO plugin. -->","yoast_head_json":{"title":"GENYOUTH - M\u00c9THODOLOGIE PARTICIP\u00c9E \u00c0 GENYOUTH POUR LA D\u00c9TECTION DE LA VIOLENCE DE GENRE CHEZ LES ENFANTS ET LES ADOLESCENTS","robots":{"index":"index","follow":"follow","max-snippet":"max-snippet:-1","max-image-preview":"max-image-preview:large","max-video-preview":"max-video-preview:-1"},"canonical":"https:\/\/www.koine-aequalitas.org\/fr\/project\/genyouth-methodologie-participative-pour-la-prevention-de-la-violence-de-genre-sur-les-enfants-et-les-adolescents\/","og_locale":"fr_FR","og_type":"article","og_title":"GENYOUTH - M\u00c9THODOLOGIE PARTICIP\u00c9E \u00c0 GENYOUTH POUR LA D\u00c9TECTION DE LA VIOLENCE DE GENRE CHEZ LES ENFANTS ET LES ADOLESCENTS","og_description":"Le projet GENYOUTH a re\u00e7u le 1er Prix d'Innovation Sociale dans les Services Sociaux de Navarre 2020, d\u00e9cern\u00e9 par le Gouvernement de Navarre et la Fondation Tom\u00e1s et Lydia Recari Garc\u00eda. \u00a0EN SAVOIR PLUS L\u00b4objectif du projet est de concevoir une m\u00e9thodologie test\u00e9e, valid\u00e9e, applicable et transf\u00e9rable au niveau europ\u00e9en, qui comprend entre autres syst\u00e8mes, [&hellip;]","og_url":"https:\/\/www.koine-aequalitas.org\/fr\/project\/genyouth-methodologie-participative-pour-la-prevention-de-la-violence-de-genre-sur-les-enfants-et-les-adolescents\/","og_site_name":"Koine","article_modified_time":"2024-12-04T15:55:33+00:00","og_image":[{"width":1920,"height":1281,"url":"https:\/\/www.koine-aequalitas.org\/wp-content\/uploads\/2019\/11\/GENYOUTH-METODOLOG\u00cdA-PREVENCI\u00d3N-VIOLENCIA-DE-G\u00c9NERO-MENORES-Y-ADOLESCENTES.jpg","type":"image\/jpeg"}],"twitter_card":"summary_large_image","twitter_misc":{"Dur\u00e9e de lecture estim\u00e9e":"4 minutes"},"schema":{"@context":"https:\/\/schema.org","@graph":[{"@type":"WebPage","@id":"https:\/\/www.koine-aequalitas.org\/fr\/project\/genyouth-methodologie-participative-pour-la-prevention-de-la-violence-de-genre-sur-les-enfants-et-les-adolescents\/","url":"https:\/\/www.koine-aequalitas.org\/fr\/project\/genyouth-methodologie-participative-pour-la-prevention-de-la-violence-de-genre-sur-les-enfants-et-les-adolescents\/","name":"GENYOUTH - M\u00c9THODOLOGIE PARTICIP\u00c9E \u00c0 GENYOUTH POUR LA D\u00c9TECTION DE LA VIOLENCE DE GENRE CHEZ LES ENFANTS ET LES ADOLESCENTS","isPartOf":{"@id":"https:\/\/www.koine-aequalitas.org\/#website"},"primaryImageOfPage":{"@id":"https:\/\/www.koine-aequalitas.org\/fr\/project\/genyouth-methodologie-participative-pour-la-prevention-de-la-violence-de-genre-sur-les-enfants-et-les-adolescents\/#primaryimage"},"image":{"@id":"https:\/\/www.koine-aequalitas.org\/fr\/project\/genyouth-methodologie-participative-pour-la-prevention-de-la-violence-de-genre-sur-les-enfants-et-les-adolescents\/#primaryimage"},"thumbnailUrl":"https:\/\/www.koine-aequalitas.org\/wp-content\/uploads\/2019\/11\/GENYOUTH-METODOLOG\u00cdA-PREVENCI\u00d3N-VIOLENCIA-DE-G\u00c9NERO-MENORES-Y-ADOLESCENTES.jpg","datePublished":"2019-11-18T08:35:12+00:00","dateModified":"2024-12-04T15:55:33+00:00","breadcrumb":{"@id":"https:\/\/www.koine-aequalitas.org\/fr\/project\/genyouth-methodologie-participative-pour-la-prevention-de-la-violence-de-genre-sur-les-enfants-et-les-adolescents\/#breadcrumb"},"inLanguage":"fr-FR","potentialAction":[{"@type":"ReadAction","target":["https:\/\/www.koine-aequalitas.org\/fr\/project\/genyouth-methodologie-participative-pour-la-prevention-de-la-violence-de-genre-sur-les-enfants-et-les-adolescents\/"]}]},{"@type":"ImageObject","inLanguage":"fr-FR","@id":"https:\/\/www.koine-aequalitas.org\/fr\/project\/genyouth-methodologie-participative-pour-la-prevention-de-la-violence-de-genre-sur-les-enfants-et-les-adolescents\/#primaryimage","url":"https:\/\/www.koine-aequalitas.org\/wp-content\/uploads\/2019\/11\/GENYOUTH-METODOLOG\u00cdA-PREVENCI\u00d3N-VIOLENCIA-DE-G\u00c9NERO-MENORES-Y-ADOLESCENTES.jpg","contentUrl":"https:\/\/www.koine-aequalitas.org\/wp-content\/uploads\/2019\/11\/GENYOUTH-METODOLOG\u00cdA-PREVENCI\u00d3N-VIOLENCIA-DE-G\u00c9NERO-MENORES-Y-ADOLESCENTES.jpg","width":1920,"height":1281,"caption":"GENYOUTH -METODOLOG\u00cdA PREVENCI\u00d3N VIOLENCIA DE G\u00c9NERO MENORES Y ADOLESCENTES"},{"@type":"BreadcrumbList","@id":"https:\/\/www.koine-aequalitas.org\/fr\/project\/genyouth-methodologie-participative-pour-la-prevention-de-la-violence-de-genre-sur-les-enfants-et-les-adolescents\/#breadcrumb","itemListElement":[{"@type":"ListItem","position":1,"name":"Portada","item":"https:\/\/www.koine-aequalitas.org\/fr\/"},{"@type":"ListItem","position":2,"name":"Proyectos","item":"https:\/\/www.koine-aequalitas.org\/project\/"},{"@type":"ListItem","position":3,"name":"GENYOUTH \u2013 M\u00c9THODOLOGIE PARTICIP\u00c9E \u00c0 GENYOUTH POUR LA D\u00c9TECTION DE LA VIOLENCE DE GENRE CHEZ LES ENFANTS ET LES ADOLESCENTS"}]},{"@type":"WebSite","@id":"https:\/\/www.koine-aequalitas.org\/#website","url":"https:\/\/www.koine-aequalitas.org\/","name":"Koine","description":"Fundaci\u00f3n para la promoci\u00b4no de derechos de las personas con discapacidad y\/o riesgo de exclusi\u00f3n social","potentialAction":[{"@type":"SearchAction","target":{"@type":"EntryPoint","urlTemplate":"https:\/\/www.koine-aequalitas.org\/?s={search_term_string}"},"query-input":{"@type":"PropertyValueSpecification","valueRequired":true,"valueName":"search_term_string"}}],"inLanguage":"fr-FR"}]}},"_links":{"self":[{"href":"https:\/\/www.koine-aequalitas.org\/fr\/wp-json\/wp\/v2\/project\/948","targetHints":{"allow":["GET"]}}],"collection":[{"href":"https:\/\/www.koine-aequalitas.org\/fr\/wp-json\/wp\/v2\/project"}],"about":[{"href":"https:\/\/www.koine-aequalitas.org\/fr\/wp-json\/wp\/v2\/types\/project"}],"author":[{"embeddable":true,"href":"https:\/\/www.koine-aequalitas.org\/fr\/wp-json\/wp\/v2\/users\/2"}],"replies":[{"embeddable":true,"href":"https:\/\/www.koine-aequalitas.org\/fr\/wp-json\/wp\/v2\/comments?post=948"}],"version-history":[{"count":7,"href":"https:\/\/www.koine-aequalitas.org\/fr\/wp-json\/wp\/v2\/project\/948\/revisions"}],"predecessor-version":[{"id":3342,"href":"https:\/\/www.koine-aequalitas.org\/fr\/wp-json\/wp\/v2\/project\/948\/revisions\/3342"}],"wp:featuredmedia":[{"embeddable":true,"href":"https:\/\/www.koine-aequalitas.org\/fr\/wp-json\/wp\/v2\/media\/869"}],"wp:attachment":[{"href":"https:\/\/www.koine-aequalitas.org\/fr\/wp-json\/wp\/v2\/media?parent=948"}],"wp:term":[{"taxonomy":"project_category","embeddable":true,"href":"https:\/\/www.koine-aequalitas.org\/fr\/wp-json\/wp\/v2\/project_category?post=948"},{"taxonomy":"project_tag","embeddable":true,"href":"https:\/\/www.koine-aequalitas.org\/fr\/wp-json\/wp\/v2\/project_tag?post=948"}],"curies":[{"name":"wp","href":"https:\/\/api.w.org\/{rel}","templated":true}]}}