{"id":525,"date":"2019-11-14T19:01:55","date_gmt":"2019-11-14T19:01:55","guid":{"rendered":"https:\/\/www.koine-aequalitas.org\/project\/jacobccess-haciendo-mas-accesible-el-camino-de-santiago\/"},"modified":"2021-02-05T16:54:21","modified_gmt":"2021-02-05T16:54:21","slug":"jacobccess-haciendo-mas-accesible-el-camino-de-santiago","status":"publish","type":"project","link":"https:\/\/www.koine-aequalitas.org\/fr\/project\/jacobccess-haciendo-mas-accesible-el-camino-de-santiago\/","title":{"rendered":"JACOB@CCESS: RENDANT PLUS ACCESSIBLE LE CHEMIN DE SAINT-JACQUES DE COMPOSTELE"},"content":{"rendered":"<p>[et_pb_section fb_built=\u00a0\u00bb1&Prime; fullwidth=\u00a0\u00bbon\u00a0\u00bb _builder_version=\u00a0\u00bb3.0.47&Prime;][et_pb_fullwidth_slider _builder_version=\u00a0\u00bb3.18.7&Prime; button_text_size__hover_enabled=\u00a0\u00bboff\u00a0\u00bb button_one_text_size__hover_enabled=\u00a0\u00bboff\u00a0\u00bb button_two_text_size__hover_enabled=\u00a0\u00bboff\u00a0\u00bb button_text_color__hover_enabled=\u00a0\u00bboff\u00a0\u00bb button_one_text_color__hover_enabled=\u00a0\u00bboff\u00a0\u00bb button_two_text_color__hover_enabled=\u00a0\u00bboff\u00a0\u00bb button_border_width__hover_enabled=\u00a0\u00bboff\u00a0\u00bb button_one_border_width__hover_enabled=\u00a0\u00bboff\u00a0\u00bb button_two_border_width__hover_enabled=\u00a0\u00bboff\u00a0\u00bb button_border_color__hover_enabled=\u00a0\u00bboff\u00a0\u00bb button_one_border_color__hover_enabled=\u00a0\u00bboff\u00a0\u00bb button_two_border_color__hover_enabled=\u00a0\u00bboff\u00a0\u00bb button_border_radius__hover_enabled=\u00a0\u00bboff\u00a0\u00bb button_one_border_radius__hover_enabled=\u00a0\u00bboff\u00a0\u00bb button_two_border_radius__hover_enabled=\u00a0\u00bboff\u00a0\u00bb button_letter_spacing__hover_enabled=\u00a0\u00bboff\u00a0\u00bb button_one_letter_spacing__hover_enabled=\u00a0\u00bboff\u00a0\u00bb button_two_letter_spacing__hover_enabled=\u00a0\u00bboff\u00a0\u00bb button_bg_color__hover_enabled=\u00a0\u00bboff\u00a0\u00bb button_one_bg_color__hover_enabled=\u00a0\u00bboff\u00a0\u00bb button_two_bg_color__hover_enabled=\u00a0\u00bboff\u00a0\u00bb][et_pb_slide heading=\u00a0\u00bbJACOB@CCESS: RENDANT PLUS ACCESSIBLE LE CHEMIN DE SAINT-JACQUES DE COMPOSTELE\u00a0\u00bb use_bg_overlay=\u00a0\u00bboff\u00a0\u00bb use_text_overlay=\u00a0\u00bboff\u00a0\u00bb _builder_version=\u00a0\u00bb3.18.7&Prime; background_image=\u00a0\u00bbhttps:\/\/www.koine-aequalitas.org\/wp-content\/uploads\/2018\/09\/shutterstock_504128887.jpg\u00a0\u00bb button_on_hover=\u00a0\u00bbon\u00a0\u00bb button_text_size__hover_enabled=\u00a0\u00bboff\u00a0\u00bb button_one_text_size__hover_enabled=\u00a0\u00bboff\u00a0\u00bb button_two_text_size__hover_enabled=\u00a0\u00bboff\u00a0\u00bb button_text_color__hover_enabled=\u00a0\u00bboff\u00a0\u00bb button_one_text_color__hover_enabled=\u00a0\u00bboff\u00a0\u00bb button_two_text_color__hover_enabled=\u00a0\u00bboff\u00a0\u00bb button_border_width__hover_enabled=\u00a0\u00bboff\u00a0\u00bb button_one_border_width__hover_enabled=\u00a0\u00bboff\u00a0\u00bb button_two_border_width__hover_enabled=\u00a0\u00bboff\u00a0\u00bb button_border_color__hover_enabled=\u00a0\u00bboff\u00a0\u00bb button_one_border_color__hover_enabled=\u00a0\u00bboff\u00a0\u00bb button_two_border_color__hover_enabled=\u00a0\u00bboff\u00a0\u00bb button_border_radius__hover_enabled=\u00a0\u00bboff\u00a0\u00bb button_one_border_radius__hover_enabled=\u00a0\u00bboff\u00a0\u00bb button_two_border_radius__hover_enabled=\u00a0\u00bboff\u00a0\u00bb button_letter_spacing__hover_enabled=\u00a0\u00bboff\u00a0\u00bb button_one_letter_spacing__hover_enabled=\u00a0\u00bboff\u00a0\u00bb button_two_letter_spacing__hover_enabled=\u00a0\u00bboff\u00a0\u00bb button_bg_color__hover_enabled=\u00a0\u00bboff\u00a0\u00bb button_one_bg_color__hover_enabled=\u00a0\u00bboff\u00a0\u00bb button_two_bg_color__hover_enabled=\u00a0\u00bboff\u00a0\u00bb][\/et_pb_slide][\/et_pb_fullwidth_slider][\/et_pb_section][et_pb_section fb_built=\u00a0\u00bb1&Prime; _builder_version=\u00a0\u00bb3.0.47&Prime;][et_pb_row _builder_version=\u00a0\u00bb3.0.48&Prime; background_size=\u00a0\u00bbinitial\u00a0\u00bb background_position=\u00a0\u00bbtop_left\u00a0\u00bb background_repeat=\u00a0\u00bbrepeat\u00a0\u00bb][et_pb_column type=\u00a0\u00bb4_4&Prime; _builder_version=\u00a0\u00bb3.0.47&Prime; parallax=\u00a0\u00bboff\u00a0\u00bb parallax_method=\u00a0\u00bbon\u00a0\u00bb][et_pb_text _builder_version=\u00a0\u00bb3.12.1&Prime;]<\/p>\n<p>L\u2019objectif g\u00e9n\u00e9ral de ce projet est de cr\u00e9er un r\u00e9seau transnational pour l\u2019accessibilit\u00e9 de personnes en situation de handicap \u00e0 la culture et au patrimoine des territoires travers\u00e9s par les itin\u00e9raires du Chemin de <strong>Saint-Jacques de Compostelle<\/strong>. Cela r\u00e9pond au besoin conjoint d\u2019acc\u00e8s aux services publiques basiques, notamment aux besoins li\u00e9s \u00e0 la culture, et pour le collectif de personnes en situation de handicap.<\/p>\n<p>Les activit\u00e9s du projet <strong>JACOB@CCESS<\/strong> sont men\u00e9es entre juin 2016 et mai 2019. Comme r\u00e9sultat un mod\u00e8le de centre culturel compl\u00e8tement accessible aux personnes en situation de handicap, sera d\u00e9fini et mis en place, qui puisse se perp\u00e9tuer dans le temps et \u00eatre transf\u00e9rable \u00e0 d\u2019autres r\u00e9gions.<\/p>\n<p><span style=\"font-size: 16px;\">Ce projet a \u00e9t\u00e9 atteint dans la 1<sup>\u00e8re<\/sup> appel \u00e0 projets du programme <strong>Interreg V-A Espagne-France-Andorre<\/strong> (POCTEFA 2014-2020), l\u2019approbation de la totalit\u00e9 de son budget qui est de 1.979.475 euros desquels un 65% sera financ\u00e9 par les Fonds Europ\u00e9ens de D\u00e9veloppement R\u00e9gional (FEDER).<\/span><\/p>\n<p>[\/et_pb_text][\/et_pb_column][\/et_pb_row][et_pb_row _builder_version=\u00a0\u00bb3.0.48&Prime; background_size=\u00a0\u00bbinitial\u00a0\u00bb background_position=\u00a0\u00bbtop_left\u00a0\u00bb background_repeat=\u00a0\u00bbrepeat\u00a0\u00bb][et_pb_column type=\u00a0\u00bb2_3&Prime; _builder_version=\u00a0\u00bb3.0.47&Prime; parallax=\u00a0\u00bboff\u00a0\u00bb parallax_method=\u00a0\u00bbon\u00a0\u00bb][et_pb_text _builder_version=\u00a0\u00bb3.12.1&Prime;]<\/p>\n<p>Les partenaires du projet sont le conseil municipal de Jaca et ATADES Huesca, de Huesca; le conseil municipal de Pampelune et la <strong>Fondation Koine AEQUALITAS<\/strong>, de Navarre et l\u2019Association Espace de Vie pour Adultes Handicap\u00e9s (EVAH) et la Communaut\u00e9 des Communes Iholdi-Otzibarre, des Pyr\u00e9n\u00e9es Atlantiques.<\/p>\n<p><span style=\"font-size: 16px;\">Le projet <strong>JACOB@CCESS<\/strong> est en train de d\u00e9velopper dans chacune des communes (Pampelune, Jaca, Ostabat-Izura) un centre d\u2019interpr\u00e9tation accessible \u00e0 toutes les personnes, notamment \u00e0 celles qui sont en situation de handicap, sur le Chemin de Saint-Jacques de Compostelle. De plus, \u00e0 Martillu\u00e9 (Huesca) une auberge accessible aux p\u00e8lerins est en train de se mettre en place.<\/span><\/p>\n<p><span style=\"font-size: 16px;\"><\/span><\/p>\n<p><span style=\"font-size: 16px;\"><strong>WEB:\u00a0<a href=\"https:\/\/jacobaccess.eu\/\" target=\"_blank\" data-saferedirecturl=\"https:\/\/www.google.com\/url?q=https:\/\/jacobaccess.eu\/&amp;source=gmail&amp;ust=1612629339500000&amp;usg=AFQjCNGV6DSUdL2UzdefnUJ29gledQ28bg\" rel=\"noopener\">https:\/\/<wbr \/>jacobaccess.eu\/<\/a><\/strong><\/span><\/p>\n<p>[\/et_pb_text][\/et_pb_column][et_pb_column type=\u00a0\u00bb1_3&Prime; _builder_version=\u00a0\u00bb3.0.47&Prime; parallax=\u00a0\u00bboff\u00a0\u00bb parallax_method=\u00a0\u00bbon\u00a0\u00bb][et_pb_image src=\u00a0\u00bbhttps:\/\/www.koine-aequalitas.org\/wp-content\/uploads\/2018\/07\/interreg.jpg\u00a0\u00bb _builder_version=\u00a0\u00bb3.12.1&Prime;][\/et_pb_image][et_pb_image src=\u00a0\u00bbhttps:\/\/www.koine-aequalitas.org\/wp-content\/uploads\/2018\/07\/peregrinos.jpg\u00a0\u00bb _builder_version=\u00a0\u00bb3.12.1&Prime;][\/et_pb_image][\/et_pb_column][\/et_pb_row][et_pb_row _builder_version=\u00a0\u00bb3.0.48&Prime; background_size=\u00a0\u00bbinitial\u00a0\u00bb background_position=\u00a0\u00bbtop_left\u00a0\u00bb background_repeat=\u00a0\u00bbrepeat\u00a0\u00bb][et_pb_column type=\u00a0\u00bb4_4&Prime; _builder_version=\u00a0\u00bb3.0.47&Prime; parallax=\u00a0\u00bboff\u00a0\u00bb parallax_method=\u00a0\u00bbon\u00a0\u00bb][et_pb_text _builder_version=\u00a0\u00bb3.18.7&Prime;]<\/p>\n<h2><strong>Lignes de travail \u00e0 d\u00e9velopper:<\/strong><\/h2>\n<p><strong>1.-\u00a0Identifier des bonnes pratiques et des ressources disponibles pour am\u00e9liorer et promouvoir l\u2019inclusion sociale de personnes en situation de handicap dans l\u2019acc\u00e8s aux services publics<\/strong><\/p>\n<p>Cette mission sera faite en travaillant sur: l\u2019accessibilit\u00e9 physique, les mat\u00e9riaux et processus pour compenser le handicap et am\u00e9liorer l\u2019acc\u00e8s \u00e0 la culture; la diffusion des aides financi\u00e8res li\u00e9es \u00e0 l\u2019acc\u00e8s aux services publics, de sant\u00e9 et prestations culturelles, la cr\u00e9ation d\u2019activit\u00e9s et le d\u00e9veloppement territorial en mettant les personnes en situation de handicap au centre du projet.<\/p>\n<p><strong>2.- Cr\u00e9er un mod\u00e8le de r\u00e9f\u00e9rence et construire les infrastructures destin\u00e9es \u00e0 am\u00e9liorer l\u2019acc\u00e8s des personnes en situation de handicap \u00e0 la culture et au patrimoine du Chemin de Saint-Jacques de Compostelle<\/strong><\/p>\n<p>Cr\u00e9ation de 4 infrastructures, 3 centres d\u2019interpr\u00e9tation et 1 auberge accessible (construction et\/ou adaptation de b\u00e2timents), comme support du r\u00e9seau transfrontalier pour l\u2019accessibilit\u00e9 de personnes en situation de handicap \u00e0 la culture et au patrimoine des territoires travers\u00e9s par le Chemin de Saint-Jacques de Compostelle.<\/p>\n<p><strong>3.- Conception et dynamisation du r\u00e9seau transfrontalier<\/strong><\/p>\n<p>Cr\u00e9ation d\u2019un r\u00e9seau transfrontalier pour l\u2019accessibilit\u00e9 aux personnes en situation de handicap \u00e0 la culture et au patrimoine des territoires travers\u00e9es par le Chemin de Saint-Jacques de Compostelle. Identifier des caract\u00e9ristiques communes comme identit\u00e9 du r\u00e9seau transfrontalier et proc\u00e9der \u00e0 l\u2019\u00e9change entre professionnels provenant d\u2019organisations de prise en charge des personnes en situation de handicap.<\/p>\n<p>Fondation <strong>KOINE AEQUALITAS<\/strong> est en train de participer depuis la cr\u00e9ation du projet en apportant ses connaissances et son exp\u00e9rience dans:<\/p>\n<ul>\n<li><span style=\"font-size: 16px;\">la d\u00e9finition et le d\u00e9veloppement de l\u2019id\u00e9e,<\/span><\/li>\n<li>la recherche de partenaires et soutiens parmi les entit\u00e9s sociales,<\/li>\n<li>le consensus et la formalisation de l\u2019accord de partenariat,<\/li>\n<li>la r\u00e9daction et pr\u00e9sentation du projet \u00e0 l\u2019appel,<\/li>\n<li>la diffusion du projet dans les milieux de communication,<\/li>\n<li>la participation des agents sensibilis\u00e9es \u00e0 la mati\u00e8re et,<\/li>\n<li>la promotion et le conseil pour la gestion et la motorisation du projet par les partenaires navarrais et provenant de Huesca<\/li>\n<\/ul>\n<p><span style=\"font-size: 16px;\">Dans le but de promouvoir des projets et pour aider diff\u00e9rentes associations dans la mise en place d\u2019initiatives d\u2019impact social, dans la Fondation KOINE AEQUALITAS nous avons d\u00e9velopp\u00e9 des projets de collaboration internationale.<\/span><\/p>\n<p>[\/et_pb_text][\/et_pb_column][\/et_pb_row][\/et_pb_section]<\/p>\n","protected":false},"excerpt":{"rendered":"<p>Creaci\u00f3n de una red para la accesibilidad de las personas a la cultura y patrimonio del Camino de Santiago.<\/p>\n","protected":false},"author":1,"featured_media":527,"comment_status":"open","ping_status":"closed","template":"","meta":{"_et_pb_use_builder":"on","_et_pb_old_content":"","_et_gb_content_width":"","footnotes":""},"project_category":[],"project_tag":[],"class_list":["post-525","project","type-project","status-publish","has-post-thumbnail","hentry"],"yoast_head":"<!-- This site is optimized with the Yoast SEO plugin v27.5 - https:\/\/yoast.com\/product\/yoast-seo-wordpress\/ -->\n<title>JACOB@CCESS: RENDANT PLUS ACCESSIBLE LE CHEMIN DE SAINT-JACQUES DE COMPOSTELE - Koine<\/title>\n<meta name=\"robots\" content=\"index, follow, max-snippet:-1, max-image-preview:large, max-video-preview:-1\" \/>\n<link rel=\"canonical\" href=\"https:\/\/www.koine-aequalitas.org\/project\/jacobccess-haciendo-mas-accesible-el-camino-de-santiago\/\" \/>\n<meta property=\"og:locale\" content=\"fr_FR\" \/>\n<meta property=\"og:type\" content=\"article\" \/>\n<meta property=\"og:title\" content=\"JACOB@CCESS: RENDANT PLUS ACCESSIBLE LE CHEMIN DE SAINT-JACQUES DE COMPOSTELE - Koine\" \/>\n<meta property=\"og:description\" content=\"Creaci\u00f3n de una red para la accesibilidad de las personas a la cultura y patrimonio del Camino de Santiago.\" \/>\n<meta property=\"og:url\" content=\"https:\/\/www.koine-aequalitas.org\/project\/jacobccess-haciendo-mas-accesible-el-camino-de-santiago\/\" \/>\n<meta property=\"og:site_name\" content=\"Koine\" \/>\n<meta property=\"article:modified_time\" content=\"2021-02-05T16:54:21+00:00\" \/>\n<meta property=\"og:image\" content=\"https:\/\/www.koine-aequalitas.org\/wp-content\/uploads\/2018\/09\/shutterstock_504128887.jpg\" \/>\n\t<meta property=\"og:image:width\" content=\"1920\" \/>\n\t<meta property=\"og:image:height\" content=\"1281\" \/>\n\t<meta property=\"og:image:type\" content=\"image\/jpeg\" \/>\n<meta name=\"twitter:card\" content=\"summary_large_image\" \/>\n<meta name=\"twitter:label1\" content=\"Dur\u00e9e de lecture estim\u00e9e\" \/>\n\t<meta name=\"twitter:data1\" content=\"6 minutes\" \/>\n<script type=\"application\/ld+json\" class=\"yoast-schema-graph\">{\"@context\":\"https:\\\/\\\/schema.org\",\"@graph\":[{\"@type\":\"WebPage\",\"@id\":\"https:\\\/\\\/www.koine-aequalitas.org\\\/project\\\/jacobccess-haciendo-mas-accesible-el-camino-de-santiago\\\/\",\"url\":\"https:\\\/\\\/www.koine-aequalitas.org\\\/project\\\/jacobccess-haciendo-mas-accesible-el-camino-de-santiago\\\/\",\"name\":\"JACOB@CCESS: RENDANT PLUS ACCESSIBLE LE CHEMIN DE SAINT-JACQUES DE COMPOSTELE - Koine\",\"isPartOf\":{\"@id\":\"https:\\\/\\\/www.koine-aequalitas.org\\\/#website\"},\"primaryImageOfPage\":{\"@id\":\"https:\\\/\\\/www.koine-aequalitas.org\\\/project\\\/jacobccess-haciendo-mas-accesible-el-camino-de-santiago\\\/#primaryimage\"},\"image\":{\"@id\":\"https:\\\/\\\/www.koine-aequalitas.org\\\/project\\\/jacobccess-haciendo-mas-accesible-el-camino-de-santiago\\\/#primaryimage\"},\"thumbnailUrl\":\"https:\\\/\\\/www.koine-aequalitas.org\\\/wp-content\\\/uploads\\\/2018\\\/09\\\/shutterstock_504128887.jpg\",\"datePublished\":\"2019-11-14T19:01:55+00:00\",\"dateModified\":\"2021-02-05T16:54:21+00:00\",\"breadcrumb\":{\"@id\":\"https:\\\/\\\/www.koine-aequalitas.org\\\/project\\\/jacobccess-haciendo-mas-accesible-el-camino-de-santiago\\\/#breadcrumb\"},\"inLanguage\":\"fr-FR\",\"potentialAction\":[{\"@type\":\"ReadAction\",\"target\":[\"https:\\\/\\\/www.koine-aequalitas.org\\\/project\\\/jacobccess-haciendo-mas-accesible-el-camino-de-santiago\\\/\"]}]},{\"@type\":\"ImageObject\",\"inLanguage\":\"fr-FR\",\"@id\":\"https:\\\/\\\/www.koine-aequalitas.org\\\/project\\\/jacobccess-haciendo-mas-accesible-el-camino-de-santiago\\\/#primaryimage\",\"url\":\"https:\\\/\\\/www.koine-aequalitas.org\\\/wp-content\\\/uploads\\\/2018\\\/09\\\/shutterstock_504128887.jpg\",\"contentUrl\":\"https:\\\/\\\/www.koine-aequalitas.org\\\/wp-content\\\/uploads\\\/2018\\\/09\\\/shutterstock_504128887.jpg\",\"width\":1920,\"height\":1281},{\"@type\":\"BreadcrumbList\",\"@id\":\"https:\\\/\\\/www.koine-aequalitas.org\\\/project\\\/jacobccess-haciendo-mas-accesible-el-camino-de-santiago\\\/#breadcrumb\",\"itemListElement\":[{\"@type\":\"ListItem\",\"position\":1,\"name\":\"Portada\",\"item\":\"https:\\\/\\\/www.koine-aequalitas.org\\\/fr\\\/\"},{\"@type\":\"ListItem\",\"position\":2,\"name\":\"Proyectos\",\"item\":\"https:\\\/\\\/www.koine-aequalitas.org\\\/project\\\/\"},{\"@type\":\"ListItem\",\"position\":3,\"name\":\"JACOB@CCESS: RENDANT PLUS ACCESSIBLE LE CHEMIN DE SAINT-JACQUES DE COMPOSTELE\"}]},{\"@type\":\"WebSite\",\"@id\":\"https:\\\/\\\/www.koine-aequalitas.org\\\/#website\",\"url\":\"https:\\\/\\\/www.koine-aequalitas.org\\\/\",\"name\":\"Koine\",\"description\":\"Fundaci\u00f3n para la promoci\u00b4no de derechos de las personas con discapacidad y\\\/o riesgo de exclusi\u00f3n social\",\"potentialAction\":[{\"@type\":\"SearchAction\",\"target\":{\"@type\":\"EntryPoint\",\"urlTemplate\":\"https:\\\/\\\/www.koine-aequalitas.org\\\/?s={search_term_string}\"},\"query-input\":{\"@type\":\"PropertyValueSpecification\",\"valueRequired\":true,\"valueName\":\"search_term_string\"}}],\"inLanguage\":\"fr-FR\"}]}<\/script>\n<!-- \/ Yoast SEO plugin. -->","yoast_head_json":{"title":"JACOB@CCESS: RENDANT PLUS ACCESSIBLE LE CHEMIN DE SAINT-JACQUES DE COMPOSTELE - Koine","robots":{"index":"index","follow":"follow","max-snippet":"max-snippet:-1","max-image-preview":"max-image-preview:large","max-video-preview":"max-video-preview:-1"},"canonical":"https:\/\/www.koine-aequalitas.org\/project\/jacobccess-haciendo-mas-accesible-el-camino-de-santiago\/","og_locale":"fr_FR","og_type":"article","og_title":"JACOB@CCESS: RENDANT PLUS ACCESSIBLE LE CHEMIN DE SAINT-JACQUES DE COMPOSTELE - Koine","og_description":"Creaci\u00f3n de una red para la accesibilidad de las personas a la cultura y patrimonio del Camino de Santiago.","og_url":"https:\/\/www.koine-aequalitas.org\/project\/jacobccess-haciendo-mas-accesible-el-camino-de-santiago\/","og_site_name":"Koine","article_modified_time":"2021-02-05T16:54:21+00:00","og_image":[{"width":1920,"height":1281,"url":"https:\/\/www.koine-aequalitas.org\/wp-content\/uploads\/2018\/09\/shutterstock_504128887.jpg","type":"image\/jpeg"}],"twitter_card":"summary_large_image","twitter_misc":{"Dur\u00e9e de lecture estim\u00e9e":"6 minutes"},"schema":{"@context":"https:\/\/schema.org","@graph":[{"@type":"WebPage","@id":"https:\/\/www.koine-aequalitas.org\/project\/jacobccess-haciendo-mas-accesible-el-camino-de-santiago\/","url":"https:\/\/www.koine-aequalitas.org\/project\/jacobccess-haciendo-mas-accesible-el-camino-de-santiago\/","name":"JACOB@CCESS: RENDANT PLUS ACCESSIBLE LE CHEMIN DE SAINT-JACQUES DE COMPOSTELE - Koine","isPartOf":{"@id":"https:\/\/www.koine-aequalitas.org\/#website"},"primaryImageOfPage":{"@id":"https:\/\/www.koine-aequalitas.org\/project\/jacobccess-haciendo-mas-accesible-el-camino-de-santiago\/#primaryimage"},"image":{"@id":"https:\/\/www.koine-aequalitas.org\/project\/jacobccess-haciendo-mas-accesible-el-camino-de-santiago\/#primaryimage"},"thumbnailUrl":"https:\/\/www.koine-aequalitas.org\/wp-content\/uploads\/2018\/09\/shutterstock_504128887.jpg","datePublished":"2019-11-14T19:01:55+00:00","dateModified":"2021-02-05T16:54:21+00:00","breadcrumb":{"@id":"https:\/\/www.koine-aequalitas.org\/project\/jacobccess-haciendo-mas-accesible-el-camino-de-santiago\/#breadcrumb"},"inLanguage":"fr-FR","potentialAction":[{"@type":"ReadAction","target":["https:\/\/www.koine-aequalitas.org\/project\/jacobccess-haciendo-mas-accesible-el-camino-de-santiago\/"]}]},{"@type":"ImageObject","inLanguage":"fr-FR","@id":"https:\/\/www.koine-aequalitas.org\/project\/jacobccess-haciendo-mas-accesible-el-camino-de-santiago\/#primaryimage","url":"https:\/\/www.koine-aequalitas.org\/wp-content\/uploads\/2018\/09\/shutterstock_504128887.jpg","contentUrl":"https:\/\/www.koine-aequalitas.org\/wp-content\/uploads\/2018\/09\/shutterstock_504128887.jpg","width":1920,"height":1281},{"@type":"BreadcrumbList","@id":"https:\/\/www.koine-aequalitas.org\/project\/jacobccess-haciendo-mas-accesible-el-camino-de-santiago\/#breadcrumb","itemListElement":[{"@type":"ListItem","position":1,"name":"Portada","item":"https:\/\/www.koine-aequalitas.org\/fr\/"},{"@type":"ListItem","position":2,"name":"Proyectos","item":"https:\/\/www.koine-aequalitas.org\/project\/"},{"@type":"ListItem","position":3,"name":"JACOB@CCESS: RENDANT PLUS ACCESSIBLE LE CHEMIN DE SAINT-JACQUES DE COMPOSTELE"}]},{"@type":"WebSite","@id":"https:\/\/www.koine-aequalitas.org\/#website","url":"https:\/\/www.koine-aequalitas.org\/","name":"Koine","description":"Fundaci\u00f3n para la promoci\u00b4no de derechos de las personas con discapacidad y\/o riesgo de exclusi\u00f3n social","potentialAction":[{"@type":"SearchAction","target":{"@type":"EntryPoint","urlTemplate":"https:\/\/www.koine-aequalitas.org\/?s={search_term_string}"},"query-input":{"@type":"PropertyValueSpecification","valueRequired":true,"valueName":"search_term_string"}}],"inLanguage":"fr-FR"}]}},"_links":{"self":[{"href":"https:\/\/www.koine-aequalitas.org\/fr\/wp-json\/wp\/v2\/project\/525","targetHints":{"allow":["GET"]}}],"collection":[{"href":"https:\/\/www.koine-aequalitas.org\/fr\/wp-json\/wp\/v2\/project"}],"about":[{"href":"https:\/\/www.koine-aequalitas.org\/fr\/wp-json\/wp\/v2\/types\/project"}],"author":[{"embeddable":true,"href":"https:\/\/www.koine-aequalitas.org\/fr\/wp-json\/wp\/v2\/users\/1"}],"replies":[{"embeddable":true,"href":"https:\/\/www.koine-aequalitas.org\/fr\/wp-json\/wp\/v2\/comments?post=525"}],"version-history":[{"count":10,"href":"https:\/\/www.koine-aequalitas.org\/fr\/wp-json\/wp\/v2\/project\/525\/revisions"}],"predecessor-version":[{"id":1782,"href":"https:\/\/www.koine-aequalitas.org\/fr\/wp-json\/wp\/v2\/project\/525\/revisions\/1782"}],"wp:featuredmedia":[{"embeddable":true,"href":"https:\/\/www.koine-aequalitas.org\/fr\/wp-json\/wp\/v2\/media\/527"}],"wp:attachment":[{"href":"https:\/\/www.koine-aequalitas.org\/fr\/wp-json\/wp\/v2\/media?parent=525"}],"wp:term":[{"taxonomy":"project_category","embeddable":true,"href":"https:\/\/www.koine-aequalitas.org\/fr\/wp-json\/wp\/v2\/project_category?post=525"},{"taxonomy":"project_tag","embeddable":true,"href":"https:\/\/www.koine-aequalitas.org\/fr\/wp-json\/wp\/v2\/project_tag?post=525"}],"curies":[{"name":"wp","href":"https:\/\/api.w.org\/{rel}","templated":true}]}}