{"id":3831,"date":"2025-06-18T10:38:07","date_gmt":"2025-06-18T10:38:07","guid":{"rendered":"https:\/\/www.koine-aequalitas.org\/?post_type=project&#038;p=3831"},"modified":"2025-06-18T10:38:10","modified_gmt":"2025-06-18T10:38:10","slug":"revitas-expande-un-projet-de-transformation-sociale","status":"publish","type":"project","link":"https:\/\/www.koine-aequalitas.org\/fr\/project\/revitas-expande-un-projet-de-transformation-sociale\/","title":{"rendered":"REVITAS EXPANDE: un projet de transformation sociale"},"content":{"rendered":"<p>[et_pb_section fb_built=\u00a0\u00bb1&Prime; fullwidth=\u00a0\u00bbon\u00a0\u00bb _builder_version=\u00a0\u00bb4.16&Prime; global_colors_info=\u00a0\u00bb{}\u00a0\u00bb][et_pb_fullwidth_slider admin_label=\u00a0\u00bbGENYOUTH\u00a0\u00bb _builder_version=\u00a0\u00bb4.27.2&Prime; global_colors_info=\u00a0\u00bb{}\u00a0\u00bb button_text_size__hover_enabled=\u00a0\u00bboff\u00a0\u00bb button_one_text_size__hover_enabled=\u00a0\u00bboff\u00a0\u00bb button_two_text_size__hover_enabled=\u00a0\u00bboff\u00a0\u00bb button_text_color__hover_enabled=\u00a0\u00bboff\u00a0\u00bb button_one_text_color__hover_enabled=\u00a0\u00bboff\u00a0\u00bb button_two_text_color__hover_enabled=\u00a0\u00bboff\u00a0\u00bb button_border_width__hover_enabled=\u00a0\u00bboff\u00a0\u00bb button_one_border_width__hover_enabled=\u00a0\u00bboff\u00a0\u00bb button_two_border_width__hover_enabled=\u00a0\u00bboff\u00a0\u00bb button_border_color__hover_enabled=\u00a0\u00bboff\u00a0\u00bb button_one_border_color__hover_enabled=\u00a0\u00bboff\u00a0\u00bb button_two_border_color__hover_enabled=\u00a0\u00bboff\u00a0\u00bb button_border_radius__hover_enabled=\u00a0\u00bboff\u00a0\u00bb button_one_border_radius__hover_enabled=\u00a0\u00bboff\u00a0\u00bb button_two_border_radius__hover_enabled=\u00a0\u00bboff\u00a0\u00bb button_letter_spacing__hover_enabled=\u00a0\u00bboff\u00a0\u00bb button_one_letter_spacing__hover_enabled=\u00a0\u00bboff\u00a0\u00bb button_two_letter_spacing__hover_enabled=\u00a0\u00bboff\u00a0\u00bb button_bg_color__hover_enabled=\u00a0\u00bboff\u00a0\u00bb button_one_bg_color__hover_enabled=\u00a0\u00bboff\u00a0\u00bb button_two_bg_color__hover_enabled=\u00a0\u00bboff\u00a0\u00bb][et_pb_slide heading=\u00a0\u00bbREVITAS EXPANDE: un projet de transformation sociale\u00a0\u00bb use_bg_overlay=\u00a0\u00bboff\u00a0\u00bb use_text_overlay=\u00a0\u00bboff\u00a0\u00bb _builder_version=\u00a0\u00bb4.27.2&Prime; background_image=\u00a0\u00bbhttps:\/\/www.koine-aequalitas.org\/wp-content\/uploads\/2025\/05\/486522385_641429785192648_8057005649001039452_n-e1748351172539.jpg\u00a0\u00bb background_enable_image=\u00a0\u00bbon\u00a0\u00bb button_on_hover=\u00a0\u00bbon\u00a0\u00bb global_colors_info=\u00a0\u00bb{}\u00a0\u00bb button_text_size__hover_enabled=\u00a0\u00bboff\u00a0\u00bb button_one_text_size__hover_enabled=\u00a0\u00bboff\u00a0\u00bb button_two_text_size__hover_enabled=\u00a0\u00bboff\u00a0\u00bb button_text_color__hover_enabled=\u00a0\u00bboff\u00a0\u00bb button_one_text_color__hover_enabled=\u00a0\u00bboff\u00a0\u00bb button_two_text_color__hover_enabled=\u00a0\u00bboff\u00a0\u00bb button_border_width__hover_enabled=\u00a0\u00bboff\u00a0\u00bb button_one_border_width__hover_enabled=\u00a0\u00bboff\u00a0\u00bb button_two_border_width__hover_enabled=\u00a0\u00bboff\u00a0\u00bb button_border_color__hover_enabled=\u00a0\u00bboff\u00a0\u00bb button_one_border_color__hover_enabled=\u00a0\u00bboff\u00a0\u00bb button_two_border_color__hover_enabled=\u00a0\u00bboff\u00a0\u00bb button_border_radius__hover_enabled=\u00a0\u00bboff\u00a0\u00bb button_one_border_radius__hover_enabled=\u00a0\u00bboff\u00a0\u00bb button_two_border_radius__hover_enabled=\u00a0\u00bboff\u00a0\u00bb button_letter_spacing__hover_enabled=\u00a0\u00bboff\u00a0\u00bb button_one_letter_spacing__hover_enabled=\u00a0\u00bboff\u00a0\u00bb button_two_letter_spacing__hover_enabled=\u00a0\u00bboff\u00a0\u00bb button_bg_color__hover_enabled=\u00a0\u00bboff\u00a0\u00bb button_one_bg_color__hover_enabled=\u00a0\u00bboff\u00a0\u00bb button_two_bg_color__hover_enabled=\u00a0\u00bboff\u00a0\u00bb sticky_transition=\u00a0\u00bbon\u00a0\u00bb][\/et_pb_slide][\/et_pb_fullwidth_slider][\/et_pb_section][et_pb_section fb_built=\u00a0\u00bb1&Prime; _builder_version=\u00a0\u00bb4.16&Prime; global_colors_info=\u00a0\u00bb{}\u00a0\u00bb][et_pb_row module_class=\u00a0\u00bb et_pb_row_fullwidth\u00a0\u00bb _builder_version=\u00a0\u00bb4.16&Prime; background_size=\u00a0\u00bbinitial\u00a0\u00bb background_position=\u00a0\u00bbtop_left\u00a0\u00bb background_repeat=\u00a0\u00bbrepeat\u00a0\u00bb width=\u00a0\u00bb89%\u00a0\u00bb width_tablet=\u00a0\u00bb80%\u00a0\u00bb width_phone=\u00a0\u00bb80%\u00a0\u00bb width_last_edited=\u00a0\u00bbon|desktop\u00a0\u00bb max_width=\u00a0\u00bb89%\u00a0\u00bb max_width_tablet=\u00a0\u00bb80%\u00a0\u00bb max_width_phone=\u00a0\u00bb80%\u00a0\u00bb max_width_last_edited=\u00a0\u00bbon|desktop\u00a0\u00bb make_fullwidth=\u00a0\u00bbon\u00a0\u00bb global_colors_info=\u00a0\u00bb{}\u00a0\u00bb][et_pb_column type=\u00a0\u00bb4_4&Prime; _builder_version=\u00a0\u00bb4.16&Prime; custom_padding=\u00a0\u00bb|||\u00a0\u00bb global_colors_info=\u00a0\u00bb{}\u00a0\u00bb custom_padding__hover=\u00a0\u00bb|||\u00a0\u00bb][et_pb_text admin_label=\u00a0\u00bbDescripci\u00f3n proyecto\u00a0\u00bb _builder_version=\u00a0\u00bb4.27.2&Prime; global_colors_info=\u00a0\u00bb{}\u00a0\u00bb]<\/p>\n<p>REVITAS EXPANDE est un projet de transformation sociale financ\u00e9 par le Plan de Relance, de Transformation et de R\u00e9silience \u00e0 travers le Minist\u00e8re du Travail et de l\u2019\u00c9conomie Sociale, dont les axes fondamentaux sont l\u2019\u00e9conomie sociale, l\u2019inclusion sociale et la r\u00e9habilitation des zones rurales. Ce projet vise \u00e0 d\u00e9finir, tester et valider une strat\u00e9gie participative et r\u00e9plicable de repeuplement rural li\u00e9e \u00e0 la cr\u00e9ation d\u2019opportunit\u00e9s d\u2019emploi et d\u2019entrepreneuriat par le biais de formules d\u2019\u00e9conomie sociale.<\/p>\n<p>[\/et_pb_text][\/et_pb_column][\/et_pb_row][et_pb_row module_class=\u00a0\u00bb et_pb_row_fullwidth\u00a0\u00bb _builder_version=\u00a0\u00bb4.16&Prime; background_color=\u00a0\u00bb#cccc00&Prime; width=\u00a0\u00bb89%\u00a0\u00bb width_tablet=\u00a0\u00bb80%\u00a0\u00bb width_phone=\u00a0\u00bb80%\u00a0\u00bb width_last_edited=\u00a0\u00bbon|desktop\u00a0\u00bb max_width=\u00a0\u00bb89%\u00a0\u00bb max_width_tablet=\u00a0\u00bb80%\u00a0\u00bb max_width_phone=\u00a0\u00bb80%\u00a0\u00bb max_width_last_edited=\u00a0\u00bbon|desktop\u00a0\u00bb custom_padding=\u00a0\u00bb16px||8px\u00a0\u00bb make_fullwidth=\u00a0\u00bbon\u00a0\u00bb global_colors_info=\u00a0\u00bb{}\u00a0\u00bb][et_pb_column type=\u00a0\u00bb4_4&Prime; _builder_version=\u00a0\u00bb4.16&Prime; custom_padding=\u00a0\u00bb|||\u00a0\u00bb global_colors_info=\u00a0\u00bb{}\u00a0\u00bb custom_padding__hover=\u00a0\u00bb|||\u00a0\u00bb][et_pb_text _builder_version=\u00a0\u00bb4.27.2&Prime; custom_margin=\u00a0\u00bb|||50px\u00a0\u00bb global_colors_info=\u00a0\u00bb{}\u00a0\u00bb]<\/p>\n<h2>OBJECTIFS DU PROJET<\/h2>\n<p>[\/et_pb_text][\/et_pb_column][\/et_pb_row][et_pb_row module_class=\u00a0\u00bb et_pb_row_fullwidth\u00a0\u00bb _builder_version=\u00a0\u00bb4.16&Prime; width=\u00a0\u00bb89%\u00a0\u00bb width_tablet=\u00a0\u00bb80%\u00a0\u00bb width_phone=\u00a0\u00bb80%\u00a0\u00bb width_last_edited=\u00a0\u00bbon|desktop\u00a0\u00bb max_width=\u00a0\u00bb89%\u00a0\u00bb max_width_tablet=\u00a0\u00bb80%\u00a0\u00bb max_width_phone=\u00a0\u00bb80%\u00a0\u00bb max_width_last_edited=\u00a0\u00bbon|desktop\u00a0\u00bb make_fullwidth=\u00a0\u00bbon\u00a0\u00bb global_colors_info=\u00a0\u00bb{}\u00a0\u00bb][et_pb_column type=\u00a0\u00bb4_4&Prime; _builder_version=\u00a0\u00bb4.16&Prime; custom_padding=\u00a0\u00bb|||\u00a0\u00bb global_colors_info=\u00a0\u00bb{}\u00a0\u00bb custom_padding__hover=\u00a0\u00bb|||\u00a0\u00bb][et_pb_text admin_label=\u00a0\u00bbDescripci\u00f3n proyecto\u00a0\u00bb _builder_version=\u00a0\u00bb4.27.2&Prime; global_colors_info=\u00a0\u00bb{}\u00a0\u00bb]<\/p>\n<ul>\n<li>Promouvoir le d\u00e9veloppement de l\u2019\u00e9conomie sociale dans les zones rurales menac\u00e9es de d\u00e9peuplement \u00e0 travers la d\u00e9finition participative, le test et la validation d\u2019une strat\u00e9gie m\u00e9thodologique bas\u00e9e sur l\u2019inclusion socioprofessionnelle de groupes en situation de vuln\u00e9rabilit\u00e9 sociale et\/ou de handicap (jeunes et femmes), dans les domaines du renouvellement g\u00e9n\u00e9rationnel, de l\u2019agriculture et des soins.<\/li>\n<\/ul>\n<p>[\/et_pb_text][\/et_pb_column][\/et_pb_row][et_pb_row module_class=\u00a0\u00bb et_pb_row_fullwidth\u00a0\u00bb _builder_version=\u00a0\u00bb4.16&Prime; background_color=\u00a0\u00bb#cccc00&Prime; width=\u00a0\u00bb89%\u00a0\u00bb width_tablet=\u00a0\u00bb80%\u00a0\u00bb width_phone=\u00a0\u00bb80%\u00a0\u00bb width_last_edited=\u00a0\u00bbon|desktop\u00a0\u00bb max_width=\u00a0\u00bb89%\u00a0\u00bb max_width_tablet=\u00a0\u00bb80%\u00a0\u00bb max_width_phone=\u00a0\u00bb80%\u00a0\u00bb max_width_last_edited=\u00a0\u00bbon|desktop\u00a0\u00bb custom_padding=\u00a0\u00bb16px||8px\u00a0\u00bb make_fullwidth=\u00a0\u00bbon\u00a0\u00bb global_colors_info=\u00a0\u00bb{}\u00a0\u00bb][et_pb_column type=\u00a0\u00bb4_4&Prime; _builder_version=\u00a0\u00bb4.16&Prime; custom_padding=\u00a0\u00bb|||\u00a0\u00bb global_colors_info=\u00a0\u00bb{}\u00a0\u00bb custom_padding__hover=\u00a0\u00bb|||\u00a0\u00bb][et_pb_text _builder_version=\u00a0\u00bb4.27.2&Prime; custom_margin=\u00a0\u00bb|||50px\u00a0\u00bb global_colors_info=\u00a0\u00bb{}\u00a0\u00bb]<\/p>\n<h2>PUBLIC PARTICIPANT<\/h2>\n<p>[\/et_pb_text][\/et_pb_column][\/et_pb_row][et_pb_row module_class=\u00a0\u00bb et_pb_row_fullwidth\u00a0\u00bb _builder_version=\u00a0\u00bb4.16&Prime; width=\u00a0\u00bb89%\u00a0\u00bb width_tablet=\u00a0\u00bb80%\u00a0\u00bb width_phone=\u00a0\u00bb80%\u00a0\u00bb width_last_edited=\u00a0\u00bbon|desktop\u00a0\u00bb max_width=\u00a0\u00bb89%\u00a0\u00bb max_width_tablet=\u00a0\u00bb80%\u00a0\u00bb max_width_phone=\u00a0\u00bb80%\u00a0\u00bb max_width_last_edited=\u00a0\u00bbon|desktop\u00a0\u00bb make_fullwidth=\u00a0\u00bbon\u00a0\u00bb global_colors_info=\u00a0\u00bb{}\u00a0\u00bb][et_pb_column type=\u00a0\u00bb4_4&Prime; _builder_version=\u00a0\u00bb4.16&Prime; custom_padding=\u00a0\u00bb|||\u00a0\u00bb global_colors_info=\u00a0\u00bb{}\u00a0\u00bb custom_padding__hover=\u00a0\u00bb|||\u00a0\u00bb][et_pb_text admin_label=\u00a0\u00bbDescripci\u00f3n proyecto\u00a0\u00bb _builder_version=\u00a0\u00bb4.27.2&Prime; global_colors_info=\u00a0\u00bb{}\u00a0\u00bb]<\/p>\n<p>Le projet s\u2019adresse aux personnes en situation de handicap et aux personnes en situation d\u2019exclusion sociale, ainsi qu\u2019\u00e0 leur entourage social et aux habitants des localit\u00e9s touch\u00e9es par le d\u00e9peuplement.<\/p>\n<p>[\/et_pb_text][\/et_pb_column][\/et_pb_row][et_pb_row module_class=\u00a0\u00bb et_pb_row_fullwidth\u00a0\u00bb _builder_version=\u00a0\u00bb4.16&Prime; background_color=\u00a0\u00bb#cccc00&Prime; width=\u00a0\u00bb89%\u00a0\u00bb width_tablet=\u00a0\u00bb80%\u00a0\u00bb width_phone=\u00a0\u00bb80%\u00a0\u00bb width_last_edited=\u00a0\u00bbon|desktop\u00a0\u00bb max_width=\u00a0\u00bb89%\u00a0\u00bb max_width_tablet=\u00a0\u00bb80%\u00a0\u00bb max_width_phone=\u00a0\u00bb80%\u00a0\u00bb max_width_last_edited=\u00a0\u00bbon|desktop\u00a0\u00bb custom_padding=\u00a0\u00bb16px||8px\u00a0\u00bb make_fullwidth=\u00a0\u00bbon\u00a0\u00bb global_colors_info=\u00a0\u00bb{}\u00a0\u00bb][et_pb_column type=\u00a0\u00bb4_4&Prime; _builder_version=\u00a0\u00bb4.16&Prime; custom_padding=\u00a0\u00bb|||\u00a0\u00bb global_colors_info=\u00a0\u00bb{}\u00a0\u00bb custom_padding__hover=\u00a0\u00bb|||\u00a0\u00bb][et_pb_text _builder_version=\u00a0\u00bb4.27.2&Prime; custom_margin=\u00a0\u00bb|||50px\u00a0\u00bb global_colors_info=\u00a0\u00bb{}\u00a0\u00bb]<\/p>\n<h2>ACTIVIT\u00c9S<\/h2>\n<p>[\/et_pb_text][\/et_pb_column][\/et_pb_row][et_pb_row admin_label=\u00a0\u00bbObjetivos del proyecto\u00a0\u00bb module_class=\u00a0\u00bb et_pb_row_fullwidth\u00a0\u00bb _builder_version=\u00a0\u00bb4.16&Prime; background_size=\u00a0\u00bbinitial\u00a0\u00bb background_position=\u00a0\u00bbtop_left\u00a0\u00bb background_repeat=\u00a0\u00bbrepeat\u00a0\u00bb width=\u00a0\u00bb89%\u00a0\u00bb width_tablet=\u00a0\u00bb80%\u00a0\u00bb width_phone=\u00a0\u00bb80%\u00a0\u00bb width_last_edited=\u00a0\u00bbon|desktop\u00a0\u00bb max_width=\u00a0\u00bb89%\u00a0\u00bb max_width_tablet=\u00a0\u00bb80%\u00a0\u00bb max_width_phone=\u00a0\u00bb80%\u00a0\u00bb max_width_last_edited=\u00a0\u00bbon|desktop\u00a0\u00bb make_fullwidth=\u00a0\u00bbon\u00a0\u00bb global_colors_info=\u00a0\u00bb{}\u00a0\u00bb][et_pb_column type=\u00a0\u00bb4_4&Prime; _builder_version=\u00a0\u00bb4.16&Prime; custom_padding=\u00a0\u00bb|||\u00a0\u00bb global_colors_info=\u00a0\u00bb{}\u00a0\u00bb custom_padding__hover=\u00a0\u00bb|||\u00a0\u00bb][et_pb_text admin_label=\u00a0\u00bbDescripci\u00f3n proyecto\u00a0\u00bb _builder_version=\u00a0\u00bb4.27.2&Prime; global_colors_info=\u00a0\u00bb{}\u00a0\u00bb]<\/p>\n<p>REVITAS EXPANDE structure son intervention en quatre phases:<\/p>\n<p>[\/et_pb_text][\/et_pb_column][\/et_pb_row][et_pb_row column_structure=\u00a0\u00bb1_2,1_2&Prime; admin_label=\u00a0\u00bbObjetivos del proyecto\u00a0\u00bb module_class=\u00a0\u00bb et_pb_row_fullwidth\u00a0\u00bb _builder_version=\u00a0\u00bb4.16&Prime; background_size=\u00a0\u00bbinitial\u00a0\u00bb background_position=\u00a0\u00bbtop_left\u00a0\u00bb background_repeat=\u00a0\u00bbrepeat\u00a0\u00bb width=\u00a0\u00bb89%\u00a0\u00bb width_tablet=\u00a0\u00bb80%\u00a0\u00bb width_phone=\u00a0\u00bb80%\u00a0\u00bb width_last_edited=\u00a0\u00bbon|desktop\u00a0\u00bb max_width=\u00a0\u00bb89%\u00a0\u00bb max_width_tablet=\u00a0\u00bb80%\u00a0\u00bb max_width_phone=\u00a0\u00bb80%\u00a0\u00bb max_width_last_edited=\u00a0\u00bbon|desktop\u00a0\u00bb make_fullwidth=\u00a0\u00bbon\u00a0\u00bb global_colors_info=\u00a0\u00bb{}\u00a0\u00bb][et_pb_column type=\u00a0\u00bb1_2&Prime; _builder_version=\u00a0\u00bb4.16&Prime; custom_padding=\u00a0\u00bb|||\u00a0\u00bb global_colors_info=\u00a0\u00bb{}\u00a0\u00bb custom_padding__hover=\u00a0\u00bb|||\u00a0\u00bb][et_pb_blurb title=\u00a0\u00bbPhase de recherche (1)\u00a0\u00bb use_icon=\u00a0\u00bbon\u00a0\u00bb font_icon=\u00a0\u00bb&#x4e;||divi||400&Prime; icon_placement=\u00a0\u00bbleft\u00a0\u00bb content_max_width=\u00a0\u00bb1100px\u00a0\u00bb admin_label=\u00a0\u00bbAnuncio\u00a0\u00bb _builder_version=\u00a0\u00bb4.27.2&Prime; animation=\u00a0\u00bboff\u00a0\u00bb global_colors_info=\u00a0\u00bb{}\u00a0\u00bb]<\/p>\n<ul>\n<li>Approche initiale des zones de Tierra Estella et N\u00e1jera.<\/li>\n<li>\u00c9tude approfondie de chaque zone.<\/li>\n<li>Partenariats avec les agents socio-\u00e9conomiques, Centres Sp\u00e9ciaux d\u2019Emploi, Entreprises d\u2019Insertion Socioprofessionnelle et entit\u00e9s locales.<\/li>\n<li>\u00c9tude participative avec divers agents.<\/li>\n<\/ul>\n<p>[\/et_pb_blurb][et_pb_blurb title=\u00a0\u00bbPhase participative de d\u00e9finition de la m\u00e9thode et adaptation aux publics, EIS et CEEIS (2)\u00a0\u00bb use_icon=\u00a0\u00bbon\u00a0\u00bb font_icon=\u00a0\u00bb&#x4e;||divi||400&Prime; icon_placement=\u00a0\u00bbleft\u00a0\u00bb content_max_width=\u00a0\u00bb1100px\u00a0\u00bb admin_label=\u00a0\u00bbAnuncio\u00a0\u00bb _builder_version=\u00a0\u00bb4.27.2&Prime; animation=\u00a0\u00bboff\u00a0\u00bb global_colors_info=\u00a0\u00bb{}\u00a0\u00bb]<\/p>\n<ul>\n<li>Cr\u00e9ation d\u2019un centre d\u2019information et d\u2019interm\u00e9diation en ligne pour le renouvellement g\u00e9n\u00e9rationnel des entreprises dans chaque zone.<\/li>\n<li>\u00c9laboration de deux parcours de formation et d\u2019entrepreneuriat adapt\u00e9s \u00e0 la population cible.<\/li>\n<li>Accompagnement \u00e0 l\u2019ouverture de nouvelles lignes d\u2019activit\u00e9 ou de microcoop\u00e9ratives.<\/li>\n<\/ul>\n<p>[\/et_pb_blurb][\/et_pb_column][et_pb_column type=\u00a0\u00bb1_2&Prime; _builder_version=\u00a0\u00bb4.16&Prime; custom_padding=\u00a0\u00bb|||\u00a0\u00bb global_colors_info=\u00a0\u00bb{}\u00a0\u00bb custom_padding__hover=\u00a0\u00bb|||\u00a0\u00bb][et_pb_blurb title=\u00a0\u00bbTransfert de connaissances (3)\u00a0\u00bb use_icon=\u00a0\u00bbon\u00a0\u00bb font_icon=\u00a0\u00bb&#x4e;||divi||400&Prime; icon_placement=\u00a0\u00bbleft\u00a0\u00bb content_max_width=\u00a0\u00bb1100px\u00a0\u00bb admin_label=\u00a0\u00bbAnuncio\u00a0\u00bb _builder_version=\u00a0\u00bb4.27.2&Prime; animation=\u00a0\u00bboff\u00a0\u00bb global_colors_info=\u00a0\u00bb{}\u00a0\u00bb]<\/p>\n<ul>\n<li>Cr\u00e9ation d\u2019un r\u00e9seau national pour le transfert de connaissances et l\u2019organisation de journ\u00e9es d\u2019\u00e9change.<\/li>\n<li>Guide de mise en \u0153uvre et formation en ligne.<\/li>\n<li>Accompagnement \u00e0 la cr\u00e9ation de nouvelles lignes d\u2019activit\u00e9.<\/li>\n<li>Dynamisation et mise \u00e0 jour du site web et du centre d\u2019information et d\u2019interm\u00e9diation.<\/li>\n<\/ul>\n<p>[\/et_pb_blurb][et_pb_blurb title=\u00a0\u00bbPhase transversale (4)\u00a0\u00bb use_icon=\u00a0\u00bbon\u00a0\u00bb font_icon=\u00a0\u00bb&#x4e;||divi||400&Prime; icon_placement=\u00a0\u00bbleft\u00a0\u00bb content_max_width=\u00a0\u00bb1100px\u00a0\u00bb admin_label=\u00a0\u00bbAnuncio\u00a0\u00bb _builder_version=\u00a0\u00bb4.27.2&Prime; animation=\u00a0\u00bboff\u00a0\u00bb global_colors_info=\u00a0\u00bb{}\u00a0\u00bb]<\/p>\n<ul>\n<li>Communication : cr\u00e9ation d\u2019un site web avec des informations sur le projet.<\/li>\n<li>Tra\u00e7abilit\u00e9, suivi et \u00e9valuation.<\/li>\n<\/ul>\n<p>[\/et_pb_blurb][\/et_pb_column][\/et_pb_row][et_pb_row module_class=\u00a0\u00bb et_pb_row_fullwidth\u00a0\u00bb _builder_version=\u00a0\u00bb4.16&Prime; background_color=\u00a0\u00bb#cccc00&Prime; width=\u00a0\u00bb89%\u00a0\u00bb width_tablet=\u00a0\u00bb80%\u00a0\u00bb width_phone=\u00a0\u00bb80%\u00a0\u00bb width_last_edited=\u00a0\u00bbon|desktop\u00a0\u00bb max_width=\u00a0\u00bb89%\u00a0\u00bb max_width_tablet=\u00a0\u00bb80%\u00a0\u00bb max_width_phone=\u00a0\u00bb80%\u00a0\u00bb max_width_last_edited=\u00a0\u00bbon|desktop\u00a0\u00bb custom_padding=\u00a0\u00bb16px||8px\u00a0\u00bb make_fullwidth=\u00a0\u00bbon\u00a0\u00bb global_colors_info=\u00a0\u00bb{}\u00a0\u00bb][et_pb_column type=\u00a0\u00bb4_4&Prime; _builder_version=\u00a0\u00bb4.16&Prime; custom_padding=\u00a0\u00bb|||\u00a0\u00bb global_colors_info=\u00a0\u00bb{}\u00a0\u00bb custom_padding__hover=\u00a0\u00bb|||\u00a0\u00bb][et_pb_text _builder_version=\u00a0\u00bb4.27.2&Prime; custom_margin=\u00a0\u00bb|||50px\u00a0\u00bb global_colors_info=\u00a0\u00bb{}\u00a0\u00bb]<\/p>\n<h2>PARTENAIRES<\/h2>\n<p>[\/et_pb_text][\/et_pb_column][\/et_pb_row][et_pb_row module_class=\u00a0\u00bb et_pb_row_fullwidth\u00a0\u00bb _builder_version=\u00a0\u00bb4.16&Prime; width=\u00a0\u00bb89%\u00a0\u00bb width_tablet=\u00a0\u00bb80%\u00a0\u00bb width_phone=\u00a0\u00bb80%\u00a0\u00bb width_last_edited=\u00a0\u00bbon|desktop\u00a0\u00bb max_width=\u00a0\u00bb89%\u00a0\u00bb max_width_tablet=\u00a0\u00bb80%\u00a0\u00bb max_width_phone=\u00a0\u00bb80%\u00a0\u00bb max_width_last_edited=\u00a0\u00bbon|desktop\u00a0\u00bb make_fullwidth=\u00a0\u00bbon\u00a0\u00bb global_colors_info=\u00a0\u00bb{}\u00a0\u00bb][et_pb_column type=\u00a0\u00bb4_4&Prime; _builder_version=\u00a0\u00bb4.16&Prime; custom_padding=\u00a0\u00bb|||\u00a0\u00bb global_colors_info=\u00a0\u00bb{}\u00a0\u00bb custom_padding__hover=\u00a0\u00bb|||\u00a0\u00bb][et_pb_text admin_label=\u00a0\u00bbDescripci\u00f3n proyecto\u00a0\u00bb _builder_version=\u00a0\u00bb4.27.2&Prime; global_colors_info=\u00a0\u00bb{}\u00a0\u00bb]<\/p>\n<p>Le projet repose sur une triple alliance d\u2019entit\u00e9s :<\/p>\n<ul>\n<li><strong>Koine Aequalitas:<\/strong> Fondation sp\u00e9cialis\u00e9e dans l\u2019innovation sociale qui \u0153uvre selon une perspective interdisciplinaire pour am\u00e9liorer la qualit\u00e9 de vie, le d\u00e9veloppement social et l\u2019\u00e9galit\u00e9 des chances des citoyens, en particulier des personnes en situation de handicap, de d\u00e9pendance et\/ou d\u2019exclusion sociale.<\/li>\n<li><strong><a href=\"https:\/\/www.amimet.com\/\">AMIMET<\/a>:<\/strong> Centre Sp\u00e9cial d\u2019Emploi \u00e0 Initiative Sociale (CEEIS AMIMET).<\/li>\n<\/ul>\n<p>[\/et_pb_text][et_pb_image src=\u00a0\u00bbhttps:\/\/www.koine-aequalitas.org\/wp-content\/uploads\/2025\/05\/LOGO-NUEVO-REVITAS-copia-web-1024&#215;363.png\u00a0\u00bb title_text=\u00a0\u00bbLOGO-NUEVO-REVITAS&#8212;copia-web\u00a0\u00bb align=\u00a0\u00bbcenter\u00a0\u00bb _builder_version=\u00a0\u00bb4.27.2&Prime; _module_preset=\u00a0\u00bbdefault\u00a0\u00bb width=\u00a0\u00bb60%\u00a0\u00bb global_colors_info=\u00a0\u00bb{}\u00a0\u00bb][\/et_pb_image][\/et_pb_column][\/et_pb_row][\/et_pb_section]<\/p>\n","protected":false},"excerpt":{"rendered":"<p>REVITAS EXPANDE est un projet de transformation sociale financ\u00e9 par le Plan de Relance, de Transformation et de R\u00e9silience \u00e0 travers le Minist\u00e8re du Travail et de l\u2019\u00c9conomie Sociale, dont les axes fondamentaux sont l\u2019\u00e9conomie sociale, l\u2019inclusion sociale et la r\u00e9habilitation des zones rurales. Ce projet vise \u00e0 d\u00e9finir, tester et valider une strat\u00e9gie participative [&hellip;]<\/p>\n","protected":false},"author":4,"featured_media":3743,"comment_status":"open","ping_status":"closed","template":"","meta":{"_et_pb_use_builder":"on","_et_pb_old_content":"<p>[et_pb_section fb_built=\"1\" fullwidth=\"on\" _builder_version=\"4.16\" global_colors_info=\"{}\"][et_pb_fullwidth_slider admin_label=\"GENYOUTH\" _builder_version=\"4.27.2\" global_colors_info=\"{}\" button_text_size__hover_enabled=\"off\" button_one_text_size__hover_enabled=\"off\" button_two_text_size__hover_enabled=\"off\" button_text_color__hover_enabled=\"off\" button_one_text_color__hover_enabled=\"off\" button_two_text_color__hover_enabled=\"off\" button_border_width__hover_enabled=\"off\" button_one_border_width__hover_enabled=\"off\" button_two_border_width__hover_enabled=\"off\" button_border_color__hover_enabled=\"off\" button_one_border_color__hover_enabled=\"off\" button_two_border_color__hover_enabled=\"off\" button_border_radius__hover_enabled=\"off\" button_one_border_radius__hover_enabled=\"off\" button_two_border_radius__hover_enabled=\"off\" button_letter_spacing__hover_enabled=\"off\" button_one_letter_spacing__hover_enabled=\"off\" button_two_letter_spacing__hover_enabled=\"off\" button_bg_color__hover_enabled=\"off\" button_one_bg_color__hover_enabled=\"off\" button_two_bg_color__hover_enabled=\"off\"][et_pb_slide heading=\"REVITAS EXPANDE: un proyecto de transformaci\u00f3n social\" use_bg_overlay=\"off\" use_text_overlay=\"off\" _builder_version=\"4.27.2\" background_image=\"https:\/\/www.koine-aequalitas.org\/wp-content\/uploads\/2025\/05\/486522385_641429785192648_8057005649001039452_n-e1748351172539.jpg\" background_enable_image=\"on\" button_on_hover=\"on\" global_colors_info=\"{}\" button_text_size__hover_enabled=\"off\" button_one_text_size__hover_enabled=\"off\" button_two_text_size__hover_enabled=\"off\" button_text_color__hover_enabled=\"off\" button_one_text_color__hover_enabled=\"off\" button_two_text_color__hover_enabled=\"off\" button_border_width__hover_enabled=\"off\" button_one_border_width__hover_enabled=\"off\" button_two_border_width__hover_enabled=\"off\" button_border_color__hover_enabled=\"off\" button_one_border_color__hover_enabled=\"off\" button_two_border_color__hover_enabled=\"off\" button_border_radius__hover_enabled=\"off\" button_one_border_radius__hover_enabled=\"off\" button_two_border_radius__hover_enabled=\"off\" button_letter_spacing__hover_enabled=\"off\" button_one_letter_spacing__hover_enabled=\"off\" button_two_letter_spacing__hover_enabled=\"off\" button_bg_color__hover_enabled=\"off\" button_one_bg_color__hover_enabled=\"off\" button_two_bg_color__hover_enabled=\"off\" sticky_transition=\"on\"][\/et_pb_slide][\/et_pb_fullwidth_slider][\/et_pb_section][et_pb_section fb_built=\"1\" _builder_version=\"4.16\" global_colors_info=\"{}\"][et_pb_row module_class=\" et_pb_row_fullwidth\" _builder_version=\"4.16\" background_size=\"initial\" background_position=\"top_left\" background_repeat=\"repeat\" width=\"89%\" width_tablet=\"80%\" width_phone=\"80%\" width_last_edited=\"on|desktop\" max_width=\"89%\" max_width_tablet=\"80%\" max_width_phone=\"80%\" max_width_last_edited=\"on|desktop\" make_fullwidth=\"on\" global_colors_info=\"{}\"][et_pb_column type=\"4_4\" _builder_version=\"4.16\" custom_padding=\"|||\" global_colors_info=\"{}\" custom_padding__hover=\"|||\"][et_pb_text admin_label=\"Descripci\u00f3n proyecto\" _builder_version=\"4.27.2\" global_colors_info=\"{}\"]REVITAS EXPANDE es un proyecto de transformaci\u00f3n social financiado por el Plan de Recuperaci\u00f3n, Transformaci\u00f3n y Resiliencia a trav\u00e9s del Ministerio de Trabajo y Econom\u00eda Social cuyos ejes fundamentales son la econom\u00eda social, la inclusi\u00f3n social y el repoblamiento rural. Un proyecto orientado a la definici\u00f3n, el testeo y la validaci\u00f3n de una estrategia participada y replicable de repoblaci\u00f3n vinculada a la generaci\u00f3n de oportunidades laborales y de emprendimiento a trav\u00e9s de f\u00f3rmulas de la econom\u00eda social.[\/et_pb_text][\/et_pb_column][\/et_pb_row][et_pb_row module_class=\" et_pb_row_fullwidth\" _builder_version=\"4.16\" background_color=\"#cccc00\" width=\"89%\" width_tablet=\"80%\" width_phone=\"80%\" width_last_edited=\"on|desktop\" max_width=\"89%\" max_width_tablet=\"80%\" max_width_phone=\"80%\" max_width_last_edited=\"on|desktop\" custom_padding=\"16px||8px\" make_fullwidth=\"on\" global_colors_info=\"{}\"][et_pb_column type=\"4_4\" _builder_version=\"4.16\" custom_padding=\"|||\" global_colors_info=\"{}\" custom_padding__hover=\"|||\"][et_pb_text _builder_version=\"4.27.2\" custom_margin=\"|||50px\" global_colors_info=\"{}\"]<\/p><h2>OBJETIVO DEL PROYECTO<\/h2><p>[\/et_pb_text][\/et_pb_column][\/et_pb_row][et_pb_row module_class=\" et_pb_row_fullwidth\" _builder_version=\"4.16\" width=\"89%\" width_tablet=\"80%\" width_phone=\"80%\" width_last_edited=\"on|desktop\" max_width=\"89%\" max_width_tablet=\"80%\" max_width_phone=\"80%\" max_width_last_edited=\"on|desktop\" make_fullwidth=\"on\" global_colors_info=\"{}\"][et_pb_column type=\"4_4\" _builder_version=\"4.16\" custom_padding=\"|||\" global_colors_info=\"{}\" custom_padding__hover=\"|||\"][et_pb_text admin_label=\"Descripci\u00f3n proyecto\" _builder_version=\"4.27.2\" global_colors_info=\"{}\"]<\/p><ul><li>Impulsar el desarrollo de la econom\u00eda social en \u00e1reas rurales en riesgo de despoblaci\u00f3n a trav\u00e9s de la definici\u00f3n participada, testeo y validaci\u00f3n de una estrategia metodol\u00f3gica basada en la inclusi\u00f3n sociolaboral de colectivos en situaci\u00f3n de vulnerabilidad social y\/o discapacidad (j\u00f3venes y mujeres) en los \u00e1mbitos del relevo generacional, agricultura y cuidados.<\/li><\/ul><p>[\/et_pb_text][\/et_pb_column][\/et_pb_row][et_pb_row module_class=\" et_pb_row_fullwidth\" _builder_version=\"4.16\" background_color=\"#cccc00\" width=\"89%\" width_tablet=\"80%\" width_phone=\"80%\" width_last_edited=\"on|desktop\" max_width=\"89%\" max_width_tablet=\"80%\" max_width_phone=\"80%\" max_width_last_edited=\"on|desktop\" custom_padding=\"16px||8px\" make_fullwidth=\"on\" global_colors_info=\"{}\"][et_pb_column type=\"4_4\" _builder_version=\"4.16\" custom_padding=\"|||\" global_colors_info=\"{}\" custom_padding__hover=\"|||\"][et_pb_text _builder_version=\"4.27.2\" custom_margin=\"|||50px\" global_colors_info=\"{}\"]<\/p><h2>PERSONAS PARTICIPANTES<\/h2><p>[\/et_pb_text][\/et_pb_column][\/et_pb_row][et_pb_row module_class=\" et_pb_row_fullwidth\" _builder_version=\"4.16\" width=\"89%\" width_tablet=\"80%\" width_phone=\"80%\" width_last_edited=\"on|desktop\" max_width=\"89%\" max_width_tablet=\"80%\" max_width_phone=\"80%\" max_width_last_edited=\"on|desktop\" make_fullwidth=\"on\" global_colors_info=\"{}\"][et_pb_column type=\"4_4\" _builder_version=\"4.16\" custom_padding=\"|||\" global_colors_info=\"{}\" custom_padding__hover=\"|||\"][et_pb_text admin_label=\"Descripci\u00f3n proyecto\" _builder_version=\"4.27.2\" global_colors_info=\"{}\"]El proyecto est\u00e1 dirigido a personas con discapacidad y personas en situaci\u00f3n de exclusi\u00f3n social, as\u00ed como a su entorno social y a la ciudadan\u00eda de localidades en proceso de despoblaci\u00f3n.[\/et_pb_text][\/et_pb_column][\/et_pb_row][et_pb_row module_class=\" et_pb_row_fullwidth\" _builder_version=\"4.16\" background_color=\"#cccc00\" width=\"89%\" width_tablet=\"80%\" width_phone=\"80%\" width_last_edited=\"on|desktop\" max_width=\"89%\" max_width_tablet=\"80%\" max_width_phone=\"80%\" max_width_last_edited=\"on|desktop\" custom_padding=\"16px||8px\" make_fullwidth=\"on\" global_colors_info=\"{}\"][et_pb_column type=\"4_4\" _builder_version=\"4.16\" custom_padding=\"|||\" global_colors_info=\"{}\" custom_padding__hover=\"|||\"][et_pb_text _builder_version=\"4.16\" custom_margin=\"|||50px\" global_colors_info=\"{}\"]<\/p><h2>ACTIVIDADES<\/h2><p>[\/et_pb_text][\/et_pb_column][\/et_pb_row][et_pb_row admin_label=\"Objetivos del proyecto\" module_class=\" et_pb_row_fullwidth\" _builder_version=\"4.16\" background_size=\"initial\" background_position=\"top_left\" background_repeat=\"repeat\" width=\"89%\" width_tablet=\"80%\" width_phone=\"80%\" width_last_edited=\"on|desktop\" max_width=\"89%\" max_width_tablet=\"80%\" max_width_phone=\"80%\" max_width_last_edited=\"on|desktop\" make_fullwidth=\"on\" global_colors_info=\"{}\"][et_pb_column type=\"4_4\" _builder_version=\"4.16\" custom_padding=\"|||\" global_colors_info=\"{}\" custom_padding__hover=\"|||\"][et_pb_text admin_label=\"Descripci\u00f3n proyecto\" _builder_version=\"4.27.2\" global_colors_info=\"{}\"]REVITAS EXPANDE desarrolla su intervenci\u00f3n estructurada en cuatro fases:[\/et_pb_text][\/et_pb_column][\/et_pb_row][et_pb_row column_structure=\"1_2,1_2\" admin_label=\"Objetivos del proyecto\" module_class=\" et_pb_row_fullwidth\" _builder_version=\"4.16\" background_size=\"initial\" background_position=\"top_left\" background_repeat=\"repeat\" width=\"89%\" width_tablet=\"80%\" width_phone=\"80%\" width_last_edited=\"on|desktop\" max_width=\"89%\" max_width_tablet=\"80%\" max_width_phone=\"80%\" max_width_last_edited=\"on|desktop\" make_fullwidth=\"on\" global_colors_info=\"{}\"][et_pb_column type=\"1_2\" _builder_version=\"4.16\" custom_padding=\"|||\" global_colors_info=\"{}\" custom_padding__hover=\"|||\"][et_pb_blurb title=\"Fase de investigaci\u00f3n (1)\" use_icon=\"on\" font_icon=\"N||divi||400\" icon_placement=\"left\" content_max_width=\"1100px\" admin_label=\"Anuncio\" _builder_version=\"4.27.2\" animation=\"off\" global_colors_info=\"{}\"]<\/p><ul><li>Aproximaci\u00f3n inicial a las zonas de Tierra Estella y N\u00e1jera.<\/li><li>Estudio en profundidad de cada zona.<\/li><li>Alianzas con agentes socioecon\u00f3micos, Centros Especiales de Empleo, Empresas de Inserci\u00f3n Sociolaboral y entidades locales.<\/li><li>Estudio participado con diversos agentes.<\/li><\/ul><p>[\/et_pb_blurb][et_pb_blurb title=\"Fase participada de definici\u00f3n del m\u00e9todo y adaptaci\u00f3n al colectivo, EIS y CEEIS (2)\" use_icon=\"on\" font_icon=\"N||divi||400\" icon_placement=\"left\" content_max_width=\"1100px\" admin_label=\"Anuncio\" _builder_version=\"4.27.2\" animation=\"off\" global_colors_info=\"{}\"]<\/p><ul><li>Creaci\u00f3n de un centro online de informaci\u00f3n e intermediaci\u00f3n para el relevo generacional de negocios en cada zona.<\/li><li>Generaci\u00f3n de dos itinerarios formativos y de emprendimiento adaptado a la poblaci\u00f3n objetivo.<\/li><li>Acompa\u00f1amiento en la apertura de nuevas l\u00edneas de negocio o microocoperativas.<\/li><\/ul><p>[\/et_pb_blurb][\/et_pb_column][et_pb_column type=\"1_2\" _builder_version=\"4.16\" custom_padding=\"|||\" global_colors_info=\"{}\" custom_padding__hover=\"|||\"][et_pb_blurb title=\"Transferencia del conocimiento (3)\" use_icon=\"on\" font_icon=\"N||divi||400\" icon_placement=\"left\" content_max_width=\"1100px\" admin_label=\"Anuncio\" _builder_version=\"4.27.2\" animation=\"off\" global_colors_info=\"{}\"]<\/p><ul><li>Generaci\u00f3n de una red estatal para transferencia de conocimiento y jornadas.<\/li><li>Gu\u00eda de implementaci\u00f3n y formaci\u00f3n online.<\/li><li>Acompa\u00f1amiento a la creaci\u00f3n de nuevas l\u00edneas de negocio.<\/li><li>Dinamizaci\u00f3n y actualizaci\u00f3n de la web y del centro de informaci\u00f3n e intermediaci\u00f3n.<\/li><\/ul><p>[\/et_pb_blurb][et_pb_blurb title=\"Fase transversal (4)\" use_icon=\"on\" font_icon=\"N||divi||400\" icon_placement=\"left\" content_max_width=\"1100px\" admin_label=\"Anuncio\" _builder_version=\"4.27.2\" animation=\"off\" global_colors_info=\"{}\"]<\/p><ul><li>Comunicaci\u00f3n. Creaci\u00f3n online de una web con informaci\u00f3n sobre el proyecto.<\/li><li>Trazabilidad, seguimiento y evaluaci\u00f3n.<\/li><\/ul><p>[\/et_pb_blurb][\/et_pb_column][\/et_pb_row][et_pb_row module_class=\" et_pb_row_fullwidth\" _builder_version=\"4.16\" background_color=\"#cccc00\" width=\"89%\" width_tablet=\"80%\" width_phone=\"80%\" width_last_edited=\"on|desktop\" max_width=\"89%\" max_width_tablet=\"80%\" max_width_phone=\"80%\" max_width_last_edited=\"on|desktop\" custom_padding=\"16px||8px\" make_fullwidth=\"on\" global_colors_info=\"{}\"][et_pb_column type=\"4_4\" _builder_version=\"4.16\" custom_padding=\"|||\" global_colors_info=\"{}\" custom_padding__hover=\"|||\"][et_pb_text _builder_version=\"4.27.2\" custom_margin=\"|||50px\" global_colors_info=\"{}\"]<\/p><h2>COLABORADORES<\/h2><p>[\/et_pb_text][\/et_pb_column][\/et_pb_row][et_pb_row module_class=\" et_pb_row_fullwidth\" _builder_version=\"4.16\" width=\"89%\" width_tablet=\"80%\" width_phone=\"80%\" width_last_edited=\"on|desktop\" max_width=\"89%\" max_width_tablet=\"80%\" max_width_phone=\"80%\" max_width_last_edited=\"on|desktop\" make_fullwidth=\"on\" global_colors_info=\"{}\"][et_pb_column type=\"4_4\" _builder_version=\"4.16\" custom_padding=\"|||\" global_colors_info=\"{}\" custom_padding__hover=\"|||\"][et_pb_text admin_label=\"Descripci\u00f3n proyecto\" _builder_version=\"4.27.2\" global_colors_info=\"{}\"]El proyecto se basa en una doble alianza de entidades:<\/p><ul><li><strong>Koine Aequalitas:<\/strong> Fundaci\u00f3n especializada en innovaci\u00f3n social que trabaja desde una perspectiva interdisciplinar para mejorar la calidad de vida, el desarrollo social y la igualdad de oportunidades de la ciudadan\u00eda, especialmente de personas en situaci\u00f3n de discapacidad, dependencia y\/o exclusi\u00f3n social.<\/li><li><strong><a href=\"https:\/\/www.amimet.com\/\">AMIMET<\/a>:<\/strong> Centro Especial de Empleo de Iniciativa Social (CEEIS AMIMET).<\/li><\/ul><p>[\/et_pb_text][et_pb_image src=\"https:\/\/www.koine-aequalitas.org\/wp-content\/uploads\/2025\/05\/LOGO-NUEVO-REVITAS-copia-web-1024x363.png\" title_text=\"LOGO-NUEVO-REVITAS---copia-web\" align=\"center\" _builder_version=\"4.27.2\" _module_preset=\"default\" width=\"60%\" global_colors_info=\"{}\"][\/et_pb_image][\/et_pb_column][\/et_pb_row][\/et_pb_section]<\/p>","_et_gb_content_width":"","footnotes":""},"project_category":[],"project_tag":[],"class_list":["post-3831","project","type-project","status-publish","has-post-thumbnail","hentry"],"yoast_head":"<!-- This site is optimized with the Yoast SEO plugin v27.4 - https:\/\/yoast.com\/product\/yoast-seo-wordpress\/ -->\n<title>REVITAS EXPANDE: un projet de transformation sociale - Koine<\/title>\n<meta name=\"robots\" content=\"index, follow, max-snippet:-1, max-image-preview:large, max-video-preview:-1\" \/>\n<link rel=\"canonical\" href=\"https:\/\/www.koine-aequalitas.org\/fr\/project\/revitas-expande-un-projet-de-transformation-sociale\/\" \/>\n<meta property=\"og:locale\" content=\"fr_FR\" \/>\n<meta property=\"og:type\" content=\"article\" \/>\n<meta property=\"og:title\" content=\"REVITAS EXPANDE: un projet de transformation sociale - Koine\" \/>\n<meta property=\"og:description\" content=\"REVITAS EXPANDE est un projet de transformation sociale financ\u00e9 par le Plan de Relance, de Transformation et de R\u00e9silience \u00e0 travers le Minist\u00e8re du Travail et de l\u2019\u00c9conomie Sociale, dont les axes fondamentaux sont l\u2019\u00e9conomie sociale, l\u2019inclusion sociale et la r\u00e9habilitation des zones rurales. Ce projet vise \u00e0 d\u00e9finir, tester et valider une strat\u00e9gie participative [&hellip;]\" \/>\n<meta property=\"og:url\" content=\"https:\/\/www.koine-aequalitas.org\/fr\/project\/revitas-expande-un-projet-de-transformation-sociale\/\" \/>\n<meta property=\"og:site_name\" content=\"Koine\" \/>\n<meta property=\"article:modified_time\" content=\"2025-06-18T10:38:10+00:00\" \/>\n<meta property=\"og:image\" content=\"https:\/\/www.koine-aequalitas.org\/wp-content\/uploads\/2025\/05\/486522385_641429785192648_8057005649001039452_n-e1748351172539.jpg\" \/>\n\t<meta property=\"og:image:width\" content=\"1638\" \/>\n\t<meta property=\"og:image:height\" content=\"2048\" \/>\n\t<meta property=\"og:image:type\" content=\"image\/jpeg\" \/>\n<meta name=\"twitter:card\" content=\"summary_large_image\" \/>\n<meta name=\"twitter:label1\" content=\"Dur\u00e9e de lecture estim\u00e9e\" \/>\n\t<meta name=\"twitter:data1\" content=\"3 minutes\" \/>\n<script type=\"application\/ld+json\" class=\"yoast-schema-graph\">{\"@context\":\"https:\\\/\\\/schema.org\",\"@graph\":[{\"@type\":\"WebPage\",\"@id\":\"https:\\\/\\\/www.koine-aequalitas.org\\\/fr\\\/project\\\/revitas-expande-un-projet-de-transformation-sociale\\\/\",\"url\":\"https:\\\/\\\/www.koine-aequalitas.org\\\/fr\\\/project\\\/revitas-expande-un-projet-de-transformation-sociale\\\/\",\"name\":\"REVITAS EXPANDE: un projet de transformation sociale - Koine\",\"isPartOf\":{\"@id\":\"https:\\\/\\\/www.koine-aequalitas.org\\\/#website\"},\"primaryImageOfPage\":{\"@id\":\"https:\\\/\\\/www.koine-aequalitas.org\\\/fr\\\/project\\\/revitas-expande-un-projet-de-transformation-sociale\\\/#primaryimage\"},\"image\":{\"@id\":\"https:\\\/\\\/www.koine-aequalitas.org\\\/fr\\\/project\\\/revitas-expande-un-projet-de-transformation-sociale\\\/#primaryimage\"},\"thumbnailUrl\":\"https:\\\/\\\/www.koine-aequalitas.org\\\/wp-content\\\/uploads\\\/2025\\\/05\\\/486522385_641429785192648_8057005649001039452_n-e1748351172539.jpg\",\"datePublished\":\"2025-06-18T10:38:07+00:00\",\"dateModified\":\"2025-06-18T10:38:10+00:00\",\"breadcrumb\":{\"@id\":\"https:\\\/\\\/www.koine-aequalitas.org\\\/fr\\\/project\\\/revitas-expande-un-projet-de-transformation-sociale\\\/#breadcrumb\"},\"inLanguage\":\"fr-FR\",\"potentialAction\":[{\"@type\":\"ReadAction\",\"target\":[\"https:\\\/\\\/www.koine-aequalitas.org\\\/fr\\\/project\\\/revitas-expande-un-projet-de-transformation-sociale\\\/\"]}]},{\"@type\":\"ImageObject\",\"inLanguage\":\"fr-FR\",\"@id\":\"https:\\\/\\\/www.koine-aequalitas.org\\\/fr\\\/project\\\/revitas-expande-un-projet-de-transformation-sociale\\\/#primaryimage\",\"url\":\"https:\\\/\\\/www.koine-aequalitas.org\\\/wp-content\\\/uploads\\\/2025\\\/05\\\/486522385_641429785192648_8057005649001039452_n-e1748351172539.jpg\",\"contentUrl\":\"https:\\\/\\\/www.koine-aequalitas.org\\\/wp-content\\\/uploads\\\/2025\\\/05\\\/486522385_641429785192648_8057005649001039452_n-e1748351172539.jpg\",\"width\":1638,\"height\":2048},{\"@type\":\"BreadcrumbList\",\"@id\":\"https:\\\/\\\/www.koine-aequalitas.org\\\/fr\\\/project\\\/revitas-expande-un-projet-de-transformation-sociale\\\/#breadcrumb\",\"itemListElement\":[{\"@type\":\"ListItem\",\"position\":1,\"name\":\"Portada\",\"item\":\"https:\\\/\\\/www.koine-aequalitas.org\\\/fr\\\/\"},{\"@type\":\"ListItem\",\"position\":2,\"name\":\"Proyectos\",\"item\":\"https:\\\/\\\/www.koine-aequalitas.org\\\/project\\\/\"},{\"@type\":\"ListItem\",\"position\":3,\"name\":\"REVITAS EXPANDE: un projet de transformation sociale\"}]},{\"@type\":\"WebSite\",\"@id\":\"https:\\\/\\\/www.koine-aequalitas.org\\\/#website\",\"url\":\"https:\\\/\\\/www.koine-aequalitas.org\\\/\",\"name\":\"Koine\",\"description\":\"Fundaci\u00f3n para la promoci\u00b4no de derechos de las personas con discapacidad y\\\/o riesgo de exclusi\u00f3n social\",\"potentialAction\":[{\"@type\":\"SearchAction\",\"target\":{\"@type\":\"EntryPoint\",\"urlTemplate\":\"https:\\\/\\\/www.koine-aequalitas.org\\\/?s={search_term_string}\"},\"query-input\":{\"@type\":\"PropertyValueSpecification\",\"valueRequired\":true,\"valueName\":\"search_term_string\"}}],\"inLanguage\":\"fr-FR\"}]}<\/script>\n<!-- \/ Yoast SEO plugin. -->","yoast_head_json":{"title":"REVITAS EXPANDE: un projet de transformation sociale - Koine","robots":{"index":"index","follow":"follow","max-snippet":"max-snippet:-1","max-image-preview":"max-image-preview:large","max-video-preview":"max-video-preview:-1"},"canonical":"https:\/\/www.koine-aequalitas.org\/fr\/project\/revitas-expande-un-projet-de-transformation-sociale\/","og_locale":"fr_FR","og_type":"article","og_title":"REVITAS EXPANDE: un projet de transformation sociale - Koine","og_description":"REVITAS EXPANDE est un projet de transformation sociale financ\u00e9 par le Plan de Relance, de Transformation et de R\u00e9silience \u00e0 travers le Minist\u00e8re du Travail et de l\u2019\u00c9conomie Sociale, dont les axes fondamentaux sont l\u2019\u00e9conomie sociale, l\u2019inclusion sociale et la r\u00e9habilitation des zones rurales. Ce projet vise \u00e0 d\u00e9finir, tester et valider une strat\u00e9gie participative [&hellip;]","og_url":"https:\/\/www.koine-aequalitas.org\/fr\/project\/revitas-expande-un-projet-de-transformation-sociale\/","og_site_name":"Koine","article_modified_time":"2025-06-18T10:38:10+00:00","og_image":[{"width":1638,"height":2048,"url":"https:\/\/www.koine-aequalitas.org\/wp-content\/uploads\/2025\/05\/486522385_641429785192648_8057005649001039452_n-e1748351172539.jpg","type":"image\/jpeg"}],"twitter_card":"summary_large_image","twitter_misc":{"Dur\u00e9e de lecture estim\u00e9e":"3 minutes"},"schema":{"@context":"https:\/\/schema.org","@graph":[{"@type":"WebPage","@id":"https:\/\/www.koine-aequalitas.org\/fr\/project\/revitas-expande-un-projet-de-transformation-sociale\/","url":"https:\/\/www.koine-aequalitas.org\/fr\/project\/revitas-expande-un-projet-de-transformation-sociale\/","name":"REVITAS EXPANDE: un projet de transformation sociale - Koine","isPartOf":{"@id":"https:\/\/www.koine-aequalitas.org\/#website"},"primaryImageOfPage":{"@id":"https:\/\/www.koine-aequalitas.org\/fr\/project\/revitas-expande-un-projet-de-transformation-sociale\/#primaryimage"},"image":{"@id":"https:\/\/www.koine-aequalitas.org\/fr\/project\/revitas-expande-un-projet-de-transformation-sociale\/#primaryimage"},"thumbnailUrl":"https:\/\/www.koine-aequalitas.org\/wp-content\/uploads\/2025\/05\/486522385_641429785192648_8057005649001039452_n-e1748351172539.jpg","datePublished":"2025-06-18T10:38:07+00:00","dateModified":"2025-06-18T10:38:10+00:00","breadcrumb":{"@id":"https:\/\/www.koine-aequalitas.org\/fr\/project\/revitas-expande-un-projet-de-transformation-sociale\/#breadcrumb"},"inLanguage":"fr-FR","potentialAction":[{"@type":"ReadAction","target":["https:\/\/www.koine-aequalitas.org\/fr\/project\/revitas-expande-un-projet-de-transformation-sociale\/"]}]},{"@type":"ImageObject","inLanguage":"fr-FR","@id":"https:\/\/www.koine-aequalitas.org\/fr\/project\/revitas-expande-un-projet-de-transformation-sociale\/#primaryimage","url":"https:\/\/www.koine-aequalitas.org\/wp-content\/uploads\/2025\/05\/486522385_641429785192648_8057005649001039452_n-e1748351172539.jpg","contentUrl":"https:\/\/www.koine-aequalitas.org\/wp-content\/uploads\/2025\/05\/486522385_641429785192648_8057005649001039452_n-e1748351172539.jpg","width":1638,"height":2048},{"@type":"BreadcrumbList","@id":"https:\/\/www.koine-aequalitas.org\/fr\/project\/revitas-expande-un-projet-de-transformation-sociale\/#breadcrumb","itemListElement":[{"@type":"ListItem","position":1,"name":"Portada","item":"https:\/\/www.koine-aequalitas.org\/fr\/"},{"@type":"ListItem","position":2,"name":"Proyectos","item":"https:\/\/www.koine-aequalitas.org\/project\/"},{"@type":"ListItem","position":3,"name":"REVITAS EXPANDE: un projet de transformation sociale"}]},{"@type":"WebSite","@id":"https:\/\/www.koine-aequalitas.org\/#website","url":"https:\/\/www.koine-aequalitas.org\/","name":"Koine","description":"Fundaci\u00f3n para la promoci\u00b4no de derechos de las personas con discapacidad y\/o riesgo de exclusi\u00f3n social","potentialAction":[{"@type":"SearchAction","target":{"@type":"EntryPoint","urlTemplate":"https:\/\/www.koine-aequalitas.org\/?s={search_term_string}"},"query-input":{"@type":"PropertyValueSpecification","valueRequired":true,"valueName":"search_term_string"}}],"inLanguage":"fr-FR"}]}},"_links":{"self":[{"href":"https:\/\/www.koine-aequalitas.org\/fr\/wp-json\/wp\/v2\/project\/3831","targetHints":{"allow":["GET"]}}],"collection":[{"href":"https:\/\/www.koine-aequalitas.org\/fr\/wp-json\/wp\/v2\/project"}],"about":[{"href":"https:\/\/www.koine-aequalitas.org\/fr\/wp-json\/wp\/v2\/types\/project"}],"author":[{"embeddable":true,"href":"https:\/\/www.koine-aequalitas.org\/fr\/wp-json\/wp\/v2\/users\/4"}],"replies":[{"embeddable":true,"href":"https:\/\/www.koine-aequalitas.org\/fr\/wp-json\/wp\/v2\/comments?post=3831"}],"version-history":[{"count":13,"href":"https:\/\/www.koine-aequalitas.org\/fr\/wp-json\/wp\/v2\/project\/3831\/revisions"}],"predecessor-version":[{"id":3849,"href":"https:\/\/www.koine-aequalitas.org\/fr\/wp-json\/wp\/v2\/project\/3831\/revisions\/3849"}],"wp:featuredmedia":[{"embeddable":true,"href":"https:\/\/www.koine-aequalitas.org\/fr\/wp-json\/wp\/v2\/media\/3743"}],"wp:attachment":[{"href":"https:\/\/www.koine-aequalitas.org\/fr\/wp-json\/wp\/v2\/media?parent=3831"}],"wp:term":[{"taxonomy":"project_category","embeddable":true,"href":"https:\/\/www.koine-aequalitas.org\/fr\/wp-json\/wp\/v2\/project_category?post=3831"},{"taxonomy":"project_tag","embeddable":true,"href":"https:\/\/www.koine-aequalitas.org\/fr\/wp-json\/wp\/v2\/project_tag?post=3831"}],"curies":[{"name":"wp","href":"https:\/\/api.w.org\/{rel}","templated":true}]}}