{"id":3218,"date":"2019-11-16T19:04:43","date_gmt":"2019-11-16T19:04:43","guid":{"rendered":"https:\/\/www.koine-aequalitas.org\/project\/escuela-artesania-inclusiva\/"},"modified":"2025-05-21T09:44:02","modified_gmt":"2025-05-21T09:44:02","slug":"escuela-artesania-inclusiva","status":"publish","type":"project","link":"https:\/\/www.koine-aequalitas.org\/fr\/project\/escuela-artesania-inclusiva\/","title":{"rendered":"\u00c9COLE D&rsquo;ARTISANAT INCLUSIF"},"content":{"rendered":"<p>[et_pb_section fb_built=\u00a0\u00bb1&Prime; fullwidth=\u00a0\u00bbon\u00a0\u00bb _builder_version=\u00a0\u00bb4.24.0&Prime; global_colors_info=\u00a0\u00bb{}\u00a0\u00bb][et_pb_fullwidth_slider admin_label=\u00a0\u00bbGENYOUTH\u00a0\u00bb _builder_version=\u00a0\u00bb4.27.0&Prime; global_colors_info=\u00a0\u00bb{}\u00a0\u00bb button_text_size__hover_enabled=\u00a0\u00bboff\u00a0\u00bb button_one_text_size__hover_enabled=\u00a0\u00bboff\u00a0\u00bb button_two_text_size__hover_enabled=\u00a0\u00bboff\u00a0\u00bb button_text_color__hover_enabled=\u00a0\u00bboff\u00a0\u00bb button_one_text_color__hover_enabled=\u00a0\u00bboff\u00a0\u00bb button_two_text_color__hover_enabled=\u00a0\u00bboff\u00a0\u00bb button_border_width__hover_enabled=\u00a0\u00bboff\u00a0\u00bb button_one_border_width__hover_enabled=\u00a0\u00bboff\u00a0\u00bb button_two_border_width__hover_enabled=\u00a0\u00bboff\u00a0\u00bb button_border_color__hover_enabled=\u00a0\u00bboff\u00a0\u00bb button_one_border_color__hover_enabled=\u00a0\u00bboff\u00a0\u00bb button_two_border_color__hover_enabled=\u00a0\u00bboff\u00a0\u00bb button_border_radius__hover_enabled=\u00a0\u00bboff\u00a0\u00bb button_one_border_radius__hover_enabled=\u00a0\u00bboff\u00a0\u00bb button_two_border_radius__hover_enabled=\u00a0\u00bboff\u00a0\u00bb button_letter_spacing__hover_enabled=\u00a0\u00bboff\u00a0\u00bb button_one_letter_spacing__hover_enabled=\u00a0\u00bboff\u00a0\u00bb button_two_letter_spacing__hover_enabled=\u00a0\u00bboff\u00a0\u00bb button_bg_color__hover_enabled=\u00a0\u00bboff\u00a0\u00bb button_one_bg_color__hover_enabled=\u00a0\u00bboff\u00a0\u00bb button_two_bg_color__hover_enabled=\u00a0\u00bboff\u00a0\u00bb][et_pb_slide heading=\u00a0\u00bb\u00c9COLE D&rsquo;ARTISANAT INCLUSIF\u00a0\u00bb use_bg_overlay=\u00a0\u00bboff\u00a0\u00bb use_text_overlay=\u00a0\u00bboff\u00a0\u00bb _builder_version=\u00a0\u00bb4.27.0&Prime; background_image=\u00a0\u00bbhttps:\/\/www.koine-aequalitas.org\/wp-content\/uploads\/2024\/05\/Artesania_Inclusiva.jpg\u00a0\u00bb background_enable_image=\u00a0\u00bbon\u00a0\u00bb background_position=\u00a0\u00bbbottom_center\u00a0\u00bb button_on_hover=\u00a0\u00bbon\u00a0\u00bb global_colors_info=\u00a0\u00bb{}\u00a0\u00bb button_text_size__hover_enabled=\u00a0\u00bboff\u00a0\u00bb button_one_text_size__hover_enabled=\u00a0\u00bboff\u00a0\u00bb button_two_text_size__hover_enabled=\u00a0\u00bboff\u00a0\u00bb button_text_color__hover_enabled=\u00a0\u00bboff\u00a0\u00bb button_one_text_color__hover_enabled=\u00a0\u00bboff\u00a0\u00bb button_two_text_color__hover_enabled=\u00a0\u00bboff\u00a0\u00bb button_border_width__hover_enabled=\u00a0\u00bboff\u00a0\u00bb button_one_border_width__hover_enabled=\u00a0\u00bboff\u00a0\u00bb button_two_border_width__hover_enabled=\u00a0\u00bboff\u00a0\u00bb button_border_color__hover_enabled=\u00a0\u00bboff\u00a0\u00bb button_one_border_color__hover_enabled=\u00a0\u00bboff\u00a0\u00bb button_two_border_color__hover_enabled=\u00a0\u00bboff\u00a0\u00bb button_border_radius__hover_enabled=\u00a0\u00bboff\u00a0\u00bb button_one_border_radius__hover_enabled=\u00a0\u00bboff\u00a0\u00bb button_two_border_radius__hover_enabled=\u00a0\u00bboff\u00a0\u00bb button_letter_spacing__hover_enabled=\u00a0\u00bboff\u00a0\u00bb button_one_letter_spacing__hover_enabled=\u00a0\u00bboff\u00a0\u00bb button_two_letter_spacing__hover_enabled=\u00a0\u00bboff\u00a0\u00bb button_bg_color__hover_enabled=\u00a0\u00bboff\u00a0\u00bb button_one_bg_color__hover_enabled=\u00a0\u00bboff\u00a0\u00bb button_two_bg_color__hover_enabled=\u00a0\u00bboff\u00a0\u00bb sticky_transition=\u00a0\u00bbon\u00a0\u00bb][\/et_pb_slide][\/et_pb_fullwidth_slider][\/et_pb_section][et_pb_section fb_built=\u00a0\u00bb1&Prime; _builder_version=\u00a0\u00bb4.24.0&Prime; global_colors_info=\u00a0\u00bb{}\u00a0\u00bb][et_pb_row module_class=\u00a0\u00bb et_pb_row_fullwidth\u00a0\u00bb _builder_version=\u00a0\u00bb4.24.0&Prime; background_size=\u00a0\u00bbinitial\u00a0\u00bb background_position=\u00a0\u00bbtop_left\u00a0\u00bb background_repeat=\u00a0\u00bbrepeat\u00a0\u00bb width=\u00a0\u00bb89%\u00a0\u00bb width_tablet=\u00a0\u00bb80%\u00a0\u00bb width_phone=\u00a0\u00bb80%\u00a0\u00bb width_last_edited=\u00a0\u00bbon|desktop\u00a0\u00bb max_width=\u00a0\u00bb89%\u00a0\u00bb max_width_tablet=\u00a0\u00bb80%\u00a0\u00bb max_width_phone=\u00a0\u00bb80%\u00a0\u00bb max_width_last_edited=\u00a0\u00bbon|desktop\u00a0\u00bb make_fullwidth=\u00a0\u00bbon\u00a0\u00bb global_colors_info=\u00a0\u00bb{}\u00a0\u00bb][et_pb_column type=\u00a0\u00bb4_4&Prime; _builder_version=\u00a0\u00bb4.16&Prime; custom_padding=\u00a0\u00bb|||\u00a0\u00bb global_colors_info=\u00a0\u00bb{}\u00a0\u00bb custom_padding__hover=\u00a0\u00bb|||\u00a0\u00bb][et_pb_text admin_label=\u00a0\u00bbDescripci\u00f3n proyecto\u00a0\u00bb _builder_version=\u00a0\u00bb4.27.0&Prime; global_colors_info=\u00a0\u00bb{}\u00a0\u00bb]<\/p>\n<p>L&rsquo;\u00c9cole d&rsquo;Artisanat Inclusif est un projet d&rsquo;entrepreneuriat social collaboratif qui s&rsquo;inscrit dans les programmes d&rsquo;\u00e9coles-atelier et d&rsquo;ateliers d&#8217;emploi.<\/p>\n<p>Ce programme repose sur la formation en alternance du m\u00e9tier d&rsquo;artisan et des comp\u00e9tences entrepreneuriales et d&rsquo;entrepreneuriat.<\/p>\n<p>[\/et_pb_text][\/et_pb_column][\/et_pb_row][et_pb_row module_class=\u00a0\u00bb et_pb_row_fullwidth\u00a0\u00bb _builder_version=\u00a0\u00bb4.16&Prime; background_color=\u00a0\u00bb#cccc00&Prime; width=\u00a0\u00bb89%\u00a0\u00bb width_tablet=\u00a0\u00bb80%\u00a0\u00bb width_phone=\u00a0\u00bb80%\u00a0\u00bb width_last_edited=\u00a0\u00bbon|desktop\u00a0\u00bb max_width=\u00a0\u00bb89%\u00a0\u00bb max_width_tablet=\u00a0\u00bb80%\u00a0\u00bb max_width_phone=\u00a0\u00bb80%\u00a0\u00bb max_width_last_edited=\u00a0\u00bbon|desktop\u00a0\u00bb custom_padding=\u00a0\u00bb16px||8px\u00a0\u00bb make_fullwidth=\u00a0\u00bbon\u00a0\u00bb global_colors_info=\u00a0\u00bb{}\u00a0\u00bb][et_pb_column type=\u00a0\u00bb4_4&Prime; _builder_version=\u00a0\u00bb4.16&Prime; custom_padding=\u00a0\u00bb|||\u00a0\u00bb global_colors_info=\u00a0\u00bb{}\u00a0\u00bb custom_padding__hover=\u00a0\u00bb|||\u00a0\u00bb][et_pb_text _builder_version=\u00a0\u00bb4.27.0&Prime; custom_margin=\u00a0\u00bb|||50px\u00a0\u00bb global_colors_info=\u00a0\u00bb{}\u00a0\u00bb]<\/p>\n<h2>OBJECTIFS DU PROJET<\/h2>\n<p>[\/et_pb_text][\/et_pb_column][\/et_pb_row][et_pb_row module_class=\u00a0\u00bb et_pb_row_fullwidth\u00a0\u00bb _builder_version=\u00a0\u00bb4.16&Prime; width=\u00a0\u00bb89%\u00a0\u00bb width_tablet=\u00a0\u00bb80%\u00a0\u00bb width_phone=\u00a0\u00bb80%\u00a0\u00bb width_last_edited=\u00a0\u00bbon|desktop\u00a0\u00bb max_width=\u00a0\u00bb89%\u00a0\u00bb max_width_tablet=\u00a0\u00bb80%\u00a0\u00bb max_width_phone=\u00a0\u00bb80%\u00a0\u00bb max_width_last_edited=\u00a0\u00bbon|desktop\u00a0\u00bb make_fullwidth=\u00a0\u00bbon\u00a0\u00bb global_colors_info=\u00a0\u00bb{}\u00a0\u00bb][et_pb_column type=\u00a0\u00bb4_4&Prime; _builder_version=\u00a0\u00bb4.16&Prime; custom_padding=\u00a0\u00bb|||\u00a0\u00bb global_colors_info=\u00a0\u00bb{}\u00a0\u00bb custom_padding__hover=\u00a0\u00bb|||\u00a0\u00bb][et_pb_text admin_label=\u00a0\u00bbDescripci\u00f3n proyecto\u00a0\u00bb _builder_version=\u00a0\u00bb4.27.0&Prime; global_colors_info=\u00a0\u00bb{}\u00a0\u00bb]<\/p>\n<p>L&rsquo;objectif principal de l&rsquo;\u00c9cole d&rsquo;Artisanat Inclusif est de promouvoir l&rsquo;insertion socioprofessionnelle et l&rsquo;entrepreneuriat social dans de nouveaux cr\u00e9neaux commerciaux li\u00e9s \u00e0 l&rsquo;artisanat.<\/p>\n<p>Pour cela, un mod\u00e8le de formation \u00e0 l&#8217;emploi est utilis\u00e9, bas\u00e9 sur l&rsquo;exp\u00e9rimentation de l&rsquo;apprentissage et de l&rsquo;entrepreneuriat.<\/p>\n<p>L&rsquo;id\u00e9e est que l&rsquo;apprentissage de l&rsquo;artisanat repose sur la pratique, permettant aux \u00e9tudiants de d\u00e9velopper parall\u00e8lement leur formation dans un m\u00e9tier artisanal et de tester l&rsquo;entrepreneuriat social collaboratif.<\/p>\n<p>[\/et_pb_text][\/et_pb_column][\/et_pb_row][et_pb_row module_class=\u00a0\u00bb et_pb_row_fullwidth\u00a0\u00bb _builder_version=\u00a0\u00bb4.16&Prime; background_color=\u00a0\u00bb#cccc00&Prime; width=\u00a0\u00bb89%\u00a0\u00bb width_tablet=\u00a0\u00bb80%\u00a0\u00bb width_phone=\u00a0\u00bb80%\u00a0\u00bb width_last_edited=\u00a0\u00bbon|desktop\u00a0\u00bb max_width=\u00a0\u00bb89%\u00a0\u00bb max_width_tablet=\u00a0\u00bb80%\u00a0\u00bb max_width_phone=\u00a0\u00bb80%\u00a0\u00bb max_width_last_edited=\u00a0\u00bbon|desktop\u00a0\u00bb custom_padding=\u00a0\u00bb16px||8px\u00a0\u00bb make_fullwidth=\u00a0\u00bbon\u00a0\u00bb global_colors_info=\u00a0\u00bb{}\u00a0\u00bb][et_pb_column type=\u00a0\u00bb4_4&Prime; _builder_version=\u00a0\u00bb4.16&Prime; custom_padding=\u00a0\u00bb|||\u00a0\u00bb global_colors_info=\u00a0\u00bb{}\u00a0\u00bb custom_padding__hover=\u00a0\u00bb|||\u00a0\u00bb][et_pb_text _builder_version=\u00a0\u00bb4.27.0&Prime; custom_margin=\u00a0\u00bb|||50px\u00a0\u00bb global_colors_info=\u00a0\u00bb{}\u00a0\u00bb]<\/p>\n<h2>PARTICIPANTS<\/h2>\n<p>[\/et_pb_text][\/et_pb_column][\/et_pb_row][et_pb_row module_class=\u00a0\u00bb et_pb_row_fullwidth\u00a0\u00bb _builder_version=\u00a0\u00bb4.16&Prime; width=\u00a0\u00bb89%\u00a0\u00bb width_tablet=\u00a0\u00bb80%\u00a0\u00bb width_phone=\u00a0\u00bb80%\u00a0\u00bb width_last_edited=\u00a0\u00bbon|desktop\u00a0\u00bb max_width=\u00a0\u00bb89%\u00a0\u00bb max_width_tablet=\u00a0\u00bb80%\u00a0\u00bb max_width_phone=\u00a0\u00bb80%\u00a0\u00bb max_width_last_edited=\u00a0\u00bbon|desktop\u00a0\u00bb make_fullwidth=\u00a0\u00bbon\u00a0\u00bb global_colors_info=\u00a0\u00bb{}\u00a0\u00bb][et_pb_column type=\u00a0\u00bb4_4&Prime; _builder_version=\u00a0\u00bb4.16&Prime; custom_padding=\u00a0\u00bb|||\u00a0\u00bb global_colors_info=\u00a0\u00bb{}\u00a0\u00bb custom_padding__hover=\u00a0\u00bb|||\u00a0\u00bb][et_pb_text admin_label=\u00a0\u00bbDescripci\u00f3n proyecto\u00a0\u00bb _builder_version=\u00a0\u00bb4.27.0&Prime; global_colors_info=\u00a0\u00bb{}\u00a0\u00bb]<\/p>\n<p>L&rsquo;\u00c9cole d&rsquo;Artisanat Inclusif s&rsquo;adresse \u00e0 toutes les personnes souhaitant cr\u00e9er leurs propres produits et mod\u00e8les commerciaux, leur permettant d&rsquo;acc\u00e9der au march\u00e9 du travail par le biais de l&rsquo;entrepreneuriat social.<\/p>\n<p>Parmi les b\u00e9n\u00e9ficiaires de ce projet, la priorit\u00e9 est donn\u00e9e \u00e0 celles issues des Unit\u00e9s de Quartier et des services sociaux, ainsi qu&rsquo;\u00e0 celles qui per\u00e7oivent le Revenu de Garantie (RG) ou le Revenu Minimum Vital.<\/p>\n<p>[\/et_pb_text][\/et_pb_column][\/et_pb_row][et_pb_row module_class=\u00a0\u00bb et_pb_row_fullwidth\u00a0\u00bb _builder_version=\u00a0\u00bb4.16&Prime; background_color=\u00a0\u00bb#cccc00&Prime; width=\u00a0\u00bb89%\u00a0\u00bb width_tablet=\u00a0\u00bb80%\u00a0\u00bb width_phone=\u00a0\u00bb80%\u00a0\u00bb width_last_edited=\u00a0\u00bbon|desktop\u00a0\u00bb max_width=\u00a0\u00bb89%\u00a0\u00bb max_width_tablet=\u00a0\u00bb80%\u00a0\u00bb max_width_phone=\u00a0\u00bb80%\u00a0\u00bb max_width_last_edited=\u00a0\u00bbon|desktop\u00a0\u00bb custom_padding=\u00a0\u00bb16px||8px\u00a0\u00bb make_fullwidth=\u00a0\u00bbon\u00a0\u00bb global_colors_info=\u00a0\u00bb{}\u00a0\u00bb][et_pb_column type=\u00a0\u00bb4_4&Prime; _builder_version=\u00a0\u00bb4.16&Prime; custom_padding=\u00a0\u00bb|||\u00a0\u00bb global_colors_info=\u00a0\u00bb{}\u00a0\u00bb custom_padding__hover=\u00a0\u00bb|||\u00a0\u00bb][et_pb_text _builder_version=\u00a0\u00bb4.27.0&Prime; custom_margin=\u00a0\u00bb|||50px\u00a0\u00bb global_colors_info=\u00a0\u00bb{}\u00a0\u00bb]<\/p>\n<h2>ACTIVIT\u00c9S<\/h2>\n<p>[\/et_pb_text][\/et_pb_column][\/et_pb_row][et_pb_row module_class=\u00a0\u00bb et_pb_row_fullwidth\u00a0\u00bb _builder_version=\u00a0\u00bb4.16&Prime; width=\u00a0\u00bb89%\u00a0\u00bb width_tablet=\u00a0\u00bb80%\u00a0\u00bb width_phone=\u00a0\u00bb80%\u00a0\u00bb width_last_edited=\u00a0\u00bbon|desktop\u00a0\u00bb max_width=\u00a0\u00bb89%\u00a0\u00bb max_width_tablet=\u00a0\u00bb80%\u00a0\u00bb max_width_phone=\u00a0\u00bb80%\u00a0\u00bb max_width_last_edited=\u00a0\u00bbon|desktop\u00a0\u00bb make_fullwidth=\u00a0\u00bbon\u00a0\u00bb global_colors_info=\u00a0\u00bb{}\u00a0\u00bb][et_pb_column type=\u00a0\u00bb4_4&Prime; _builder_version=\u00a0\u00bb4.16&Prime; custom_padding=\u00a0\u00bb|||\u00a0\u00bb global_colors_info=\u00a0\u00bb{}\u00a0\u00bb custom_padding__hover=\u00a0\u00bb|||\u00a0\u00bb][et_pb_text admin_label=\u00a0\u00bbDescripci\u00f3n proyecto\u00a0\u00bb _builder_version=\u00a0\u00bb4.27.0&Prime; global_colors_info=\u00a0\u00bb{}\u00a0\u00bb]<\/p>\n<p>L&rsquo;\u00c9cole d&rsquo;Artisanat Inclusif est bas\u00e9e sur la m\u00e9thodologie d&rsquo;enseignement \u00ablearning by doing\u00bb de l&rsquo;Universit\u00e9 de Mondrag\u00f3n, qui sera d\u00e9ploy\u00e9e pour le d\u00e9veloppement des activit\u00e9s en classe.<\/p>\n<p>La formation repose sur la pratique et l&rsquo;exp\u00e9rimentation, et est con\u00e7ue pour que les \u00e9tudiants apprennent de mani\u00e8re pratique, tant dans le domaine de l&rsquo;artisanat que dans celui des affaires.<\/p>\n<p>Au cours de l&rsquo;ann\u00e9e, diverses activit\u00e9s seront men\u00e9es, telles que : des ateliers d&rsquo;artisanat, des sessions d&rsquo;entrepreneuriat, de l&rsquo;orientation socioprofessionnelle, des tests de march\u00e9 et la vente de produits, ainsi que la collaboration avec diff\u00e9rents projets sociaux.<\/p>\n<p>[\/et_pb_text][\/et_pb_column][\/et_pb_row][et_pb_row module_class=\u00a0\u00bb et_pb_row_fullwidth\u00a0\u00bb _builder_version=\u00a0\u00bb4.16&Prime; background_color=\u00a0\u00bb#cccc00&Prime; width=\u00a0\u00bb89%\u00a0\u00bb width_tablet=\u00a0\u00bb80%\u00a0\u00bb width_phone=\u00a0\u00bb80%\u00a0\u00bb width_last_edited=\u00a0\u00bbon|desktop\u00a0\u00bb max_width=\u00a0\u00bb89%\u00a0\u00bb max_width_tablet=\u00a0\u00bb80%\u00a0\u00bb max_width_phone=\u00a0\u00bb80%\u00a0\u00bb max_width_last_edited=\u00a0\u00bbon|desktop\u00a0\u00bb custom_padding=\u00a0\u00bb16px||8px\u00a0\u00bb make_fullwidth=\u00a0\u00bbon\u00a0\u00bb global_colors_info=\u00a0\u00bb{}\u00a0\u00bb][et_pb_column type=\u00a0\u00bb4_4&Prime; _builder_version=\u00a0\u00bb4.16&Prime; custom_padding=\u00a0\u00bb|||\u00a0\u00bb global_colors_info=\u00a0\u00bb{}\u00a0\u00bb custom_padding__hover=\u00a0\u00bb|||\u00a0\u00bb][et_pb_text _builder_version=\u00a0\u00bb4.27.0&Prime; custom_margin=\u00a0\u00bb|||50px\u00a0\u00bb global_colors_info=\u00a0\u00bb{}\u00a0\u00bb]<\/p>\n<h2>COLLABORATEURS<\/h2>\n<p>[\/et_pb_text][\/et_pb_column][\/et_pb_row][et_pb_row module_class=\u00a0\u00bb et_pb_row_fullwidth\u00a0\u00bb _builder_version=\u00a0\u00bb4.16&Prime; width=\u00a0\u00bb89%\u00a0\u00bb width_tablet=\u00a0\u00bb80%\u00a0\u00bb width_phone=\u00a0\u00bb80%\u00a0\u00bb width_last_edited=\u00a0\u00bbon|desktop\u00a0\u00bb max_width=\u00a0\u00bb89%\u00a0\u00bb max_width_tablet=\u00a0\u00bb80%\u00a0\u00bb max_width_phone=\u00a0\u00bb80%\u00a0\u00bb max_width_last_edited=\u00a0\u00bbon|desktop\u00a0\u00bb make_fullwidth=\u00a0\u00bbon\u00a0\u00bb global_colors_info=\u00a0\u00bb{}\u00a0\u00bb][et_pb_column type=\u00a0\u00bb4_4&Prime; _builder_version=\u00a0\u00bb4.16&Prime; custom_padding=\u00a0\u00bb|||\u00a0\u00bb global_colors_info=\u00a0\u00bb{}\u00a0\u00bb custom_padding__hover=\u00a0\u00bb|||\u00a0\u00bb][et_pb_text admin_label=\u00a0\u00bbDescripci\u00f3n proyecto\u00a0\u00bb _builder_version=\u00a0\u00bb4.27.0&Prime; global_colors_info=\u00a0\u00bb{}\u00a0\u00bb]<\/p>\n<p>L&rsquo;\u00c9cole d&rsquo;Artisanat Inclusif est un projet d\u00e9velopp\u00e9 par la Fondation Koine-Aequalitas en collaboration avec l&rsquo;Universit\u00e9 de Mondrag\u00f3n.<\/p>\n<p>Le projet a \u00e9t\u00e9 financ\u00e9 par la Fondation La Caixa et la Fondation Caja Navarra \u00e0 travers leur appel \u00e0 projets Innova Social 2022, ainsi que par le D\u00e9partement des Droits Sociaux du Gouvernement de Navarre. De plus, la collaboration des Unit\u00e9s de Quartier et des services sociaux est \u00e9galement impliqu\u00e9e pour la r\u00e9orientation des participants.<\/p>\n<p>[\/et_pb_text][\/et_pb_column][\/et_pb_row][et_pb_row module_class=\u00a0\u00bb et_pb_row_fullwidth\u00a0\u00bb _builder_version=\u00a0\u00bb4.16&Prime; background_color=\u00a0\u00bb#cccc00&Prime; width=\u00a0\u00bb89%\u00a0\u00bb width_tablet=\u00a0\u00bb80%\u00a0\u00bb width_phone=\u00a0\u00bb80%\u00a0\u00bb width_last_edited=\u00a0\u00bbon|desktop\u00a0\u00bb max_width=\u00a0\u00bb89%\u00a0\u00bb max_width_tablet=\u00a0\u00bb80%\u00a0\u00bb max_width_phone=\u00a0\u00bb80%\u00a0\u00bb max_width_last_edited=\u00a0\u00bbon|desktop\u00a0\u00bb custom_padding=\u00a0\u00bb16px||8px\u00a0\u00bb make_fullwidth=\u00a0\u00bbon\u00a0\u00bb global_colors_info=\u00a0\u00bb{}\u00a0\u00bb][et_pb_column type=\u00a0\u00bb4_4&Prime; _builder_version=\u00a0\u00bb4.16&Prime; custom_padding=\u00a0\u00bb|||\u00a0\u00bb global_colors_info=\u00a0\u00bb{}\u00a0\u00bb custom_padding__hover=\u00a0\u00bb|||\u00a0\u00bb][et_pb_text _builder_version=\u00a0\u00bb4.27.0&Prime; custom_margin=\u00a0\u00bb|||50px\u00a0\u00bb global_colors_info=\u00a0\u00bb{}\u00a0\u00bb]<\/p>\n<h2>GUIDE EN LIGNE<\/h2>\n<p>[\/et_pb_text][\/et_pb_column][\/et_pb_row][et_pb_row module_class=\u00a0\u00bb et_pb_row_fullwidth\u00a0\u00bb _builder_version=\u00a0\u00bb4.27.0&Prime; width=\u00a0\u00bb89%\u00a0\u00bb width_tablet=\u00a0\u00bb80%\u00a0\u00bb width_phone=\u00a0\u00bb80%\u00a0\u00bb width_last_edited=\u00a0\u00bbon|desktop\u00a0\u00bb max_width=\u00a0\u00bb89%\u00a0\u00bb max_width_tablet=\u00a0\u00bb80%\u00a0\u00bb max_width_phone=\u00a0\u00bb80%\u00a0\u00bb max_width_last_edited=\u00a0\u00bbon|desktop\u00a0\u00bb module_alignment=\u00a0\u00bbcenter\u00a0\u00bb make_fullwidth=\u00a0\u00bbon\u00a0\u00bb global_colors_info=\u00a0\u00bb{}\u00a0\u00bb][et_pb_column type=\u00a0\u00bb4_4&Prime; _builder_version=\u00a0\u00bb4.27.0&Prime; custom_padding=\u00a0\u00bb|||\u00a0\u00bb global_colors_info=\u00a0\u00bb{}\u00a0\u00bb custom_padding__hover=\u00a0\u00bb|||\u00a0\u00bb][et_pb_image src=\u00a0\u00bbhttps:\/\/www.koine-aequalitas.org\/wp-content\/uploads\/2024\/08\/Guia-Online-Escuela-de-Artesania-300&#215;177.png\u00a0\u00bb title_text=\u00a0\u00bbGuia-Online-Escuela-de-Artesania\u00a0\u00bb url=\u00a0\u00bbhttps:\/\/drive.google.com\/file\/d\/1IEknCwf47EV3-Wei46ckzEF6W1c0kUuZ\/view\u00a0\u00bb url_new_window=\u00a0\u00bbon\u00a0\u00bb align=\u00a0\u00bbcenter\u00a0\u00bb _builder_version=\u00a0\u00bb4.27.0&Prime; _module_preset=\u00a0\u00bbdefault\u00a0\u00bb width=\u00a0\u00bb100%\u00a0\u00bb global_colors_info=\u00a0\u00bb{}\u00a0\u00bb][\/et_pb_image][\/et_pb_column][\/et_pb_row][et_pb_row module_class=\u00a0\u00bb et_pb_row_fullwidth\u00a0\u00bb _builder_version=\u00a0\u00bb4.16&Prime; background_color=\u00a0\u00bb#cccc00&Prime; width=\u00a0\u00bb89%\u00a0\u00bb width_tablet=\u00a0\u00bb80%\u00a0\u00bb width_phone=\u00a0\u00bb80%\u00a0\u00bb width_last_edited=\u00a0\u00bbon|desktop\u00a0\u00bb max_width=\u00a0\u00bb89%\u00a0\u00bb max_width_tablet=\u00a0\u00bb80%\u00a0\u00bb max_width_phone=\u00a0\u00bb80%\u00a0\u00bb max_width_last_edited=\u00a0\u00bbon|desktop\u00a0\u00bb custom_padding=\u00a0\u00bb16px||8px\u00a0\u00bb make_fullwidth=\u00a0\u00bbon\u00a0\u00bb global_colors_info=\u00a0\u00bb{}\u00a0\u00bb][et_pb_column type=\u00a0\u00bb4_4&Prime; _builder_version=\u00a0\u00bb4.16&Prime; custom_padding=\u00a0\u00bb|||\u00a0\u00bb global_colors_info=\u00a0\u00bb{}\u00a0\u00bb custom_padding__hover=\u00a0\u00bb|||\u00a0\u00bb][et_pb_text _builder_version=\u00a0\u00bb4.27.0&Prime; custom_margin=\u00a0\u00bb|||50px\u00a0\u00bb global_colors_info=\u00a0\u00bb{}\u00a0\u00bb]<\/p>\n<h2>DOCUMENTAIRE<\/h2>\n<p>[\/et_pb_text][\/et_pb_column][\/et_pb_row][et_pb_row module_class=\u00a0\u00bb et_pb_row_fullwidth\u00a0\u00bb _builder_version=\u00a0\u00bb4.16&Prime; width=\u00a0\u00bb89%\u00a0\u00bb width_tablet=\u00a0\u00bb80%\u00a0\u00bb width_phone=\u00a0\u00bb80%\u00a0\u00bb width_last_edited=\u00a0\u00bbon|desktop\u00a0\u00bb max_width=\u00a0\u00bb89%\u00a0\u00bb max_width_tablet=\u00a0\u00bb80%\u00a0\u00bb max_width_phone=\u00a0\u00bb80%\u00a0\u00bb max_width_last_edited=\u00a0\u00bbon|desktop\u00a0\u00bb make_fullwidth=\u00a0\u00bbon\u00a0\u00bb global_colors_info=\u00a0\u00bb{}\u00a0\u00bb][et_pb_column type=\u00a0\u00bb4_4&Prime; _builder_version=\u00a0\u00bb4.16&Prime; custom_padding=\u00a0\u00bb|||\u00a0\u00bb global_colors_info=\u00a0\u00bb{}\u00a0\u00bb custom_padding__hover=\u00a0\u00bb|||\u00a0\u00bb][et_pb_text admin_label=\u00a0\u00bbDescripci\u00f3n proyecto\u00a0\u00bb _builder_version=\u00a0\u00bb4.24.0&Prime; global_colors_info=\u00a0\u00bb{}\u00a0\u00bb]<\/p>\n<p><iframe loading=\"lazy\" title=\"VIDAS ARTESANAS\" src=\"https:\/\/player.vimeo.com\/video\/943572781?dnt=1&amp;app_id=122963\" width=\"1080\" height=\"608\" frameborder=\"0\" allow=\"autoplay; fullscreen; picture-in-picture; clipboard-write; encrypted-media\"><\/iframe><\/p>\n<p>[\/et_pb_text][\/et_pb_column][\/et_pb_row][\/et_pb_section]<\/p>\n","protected":false},"excerpt":{"rendered":"<p>L&rsquo;\u00c9cole d&rsquo;Artisanat Inclusif est un projet d&rsquo;entrepreneuriat social collaboratif qui s&rsquo;inscrit dans les programmes d&rsquo;\u00e9coles-atelier et d&rsquo;ateliers d&#8217;emploi. Ce programme repose sur la formation en alternance du m\u00e9tier d&rsquo;artisan et des comp\u00e9tences entrepreneuriales et d&rsquo;entrepreneuriat.OBJECTIFS DU PROJETL&rsquo;objectif principal de l&rsquo;\u00c9cole d&rsquo;Artisanat Inclusif est de promouvoir l&rsquo;insertion socioprofessionnelle et l&rsquo;entrepreneuriat social dans de nouveaux cr\u00e9neaux commerciaux [&hellip;]<\/p>\n","protected":false},"author":4,"featured_media":2638,"comment_status":"open","ping_status":"closed","template":"","meta":{"_et_pb_use_builder":"on","_et_pb_old_content":"","_et_gb_content_width":"","footnotes":""},"project_category":[],"project_tag":[],"class_list":["post-3218","project","type-project","status-publish","has-post-thumbnail","hentry"],"yoast_head":"<!-- This site is optimized with the Yoast SEO plugin v27.4 - https:\/\/yoast.com\/product\/yoast-seo-wordpress\/ -->\n<title>Tejiendo Comunidades de Apoyo para Personas Mayores: Proyecto Piloto<\/title>\n<meta name=\"description\" content=\"Presentamos el Proyecto piloto de resiliencia comunitaria, grupal e individual: TEJIENDO COMUNIDADES DE APOYO PARA PERSONAS MAYORES\" \/>\n<meta name=\"robots\" content=\"index, follow, max-snippet:-1, max-image-preview:large, max-video-preview:-1\" \/>\n<link rel=\"canonical\" href=\"https:\/\/www.koine-aequalitas.org\/fr\/project\/escuela-artesania-inclusiva\/\" \/>\n<meta property=\"og:locale\" content=\"fr_FR\" \/>\n<meta property=\"og:type\" content=\"article\" \/>\n<meta property=\"og:title\" content=\"Tejiendo Comunidades de Apoyo para Personas Mayores: Proyecto Piloto\" \/>\n<meta property=\"og:description\" content=\"Presentamos el Proyecto piloto de resiliencia comunitaria, grupal e individual: TEJIENDO COMUNIDADES DE APOYO PARA PERSONAS MAYORES\" \/>\n<meta property=\"og:url\" content=\"https:\/\/www.koine-aequalitas.org\/fr\/project\/escuela-artesania-inclusiva\/\" \/>\n<meta property=\"og:site_name\" content=\"Koine\" \/>\n<meta property=\"article:modified_time\" content=\"2025-05-21T09:44:02+00:00\" \/>\n<meta property=\"og:image\" content=\"https:\/\/www.koine-aequalitas.org\/wp-content\/uploads\/2024\/05\/Artesania_Inclusiva.jpg\" \/>\n\t<meta property=\"og:image:width\" content=\"2048\" \/>\n\t<meta property=\"og:image:height\" content=\"1919\" \/>\n\t<meta property=\"og:image:type\" content=\"image\/jpeg\" \/>\n<meta name=\"twitter:card\" content=\"summary_large_image\" \/>\n<meta name=\"twitter:label1\" content=\"Dur\u00e9e de lecture estim\u00e9e\" \/>\n\t<meta name=\"twitter:data1\" content=\"2 minutes\" \/>\n<script type=\"application\/ld+json\" class=\"yoast-schema-graph\">{\"@context\":\"https:\\\/\\\/schema.org\",\"@graph\":[{\"@type\":\"WebPage\",\"@id\":\"https:\\\/\\\/www.koine-aequalitas.org\\\/fr\\\/project\\\/escuela-artesania-inclusiva\\\/\",\"url\":\"https:\\\/\\\/www.koine-aequalitas.org\\\/fr\\\/project\\\/escuela-artesania-inclusiva\\\/\",\"name\":\"Tejiendo Comunidades de Apoyo para Personas Mayores: Proyecto Piloto\",\"isPartOf\":{\"@id\":\"https:\\\/\\\/www.koine-aequalitas.org\\\/#website\"},\"primaryImageOfPage\":{\"@id\":\"https:\\\/\\\/www.koine-aequalitas.org\\\/fr\\\/project\\\/escuela-artesania-inclusiva\\\/#primaryimage\"},\"image\":{\"@id\":\"https:\\\/\\\/www.koine-aequalitas.org\\\/fr\\\/project\\\/escuela-artesania-inclusiva\\\/#primaryimage\"},\"thumbnailUrl\":\"https:\\\/\\\/www.koine-aequalitas.org\\\/wp-content\\\/uploads\\\/2024\\\/05\\\/Artesania_Inclusiva.jpg\",\"datePublished\":\"2019-11-16T19:04:43+00:00\",\"dateModified\":\"2025-05-21T09:44:02+00:00\",\"description\":\"Presentamos el Proyecto piloto de resiliencia comunitaria, grupal e individual: TEJIENDO COMUNIDADES DE APOYO PARA PERSONAS MAYORES\",\"breadcrumb\":{\"@id\":\"https:\\\/\\\/www.koine-aequalitas.org\\\/fr\\\/project\\\/escuela-artesania-inclusiva\\\/#breadcrumb\"},\"inLanguage\":\"fr-FR\",\"potentialAction\":[{\"@type\":\"ReadAction\",\"target\":[\"https:\\\/\\\/www.koine-aequalitas.org\\\/fr\\\/project\\\/escuela-artesania-inclusiva\\\/\"]}]},{\"@type\":\"ImageObject\",\"inLanguage\":\"fr-FR\",\"@id\":\"https:\\\/\\\/www.koine-aequalitas.org\\\/fr\\\/project\\\/escuela-artesania-inclusiva\\\/#primaryimage\",\"url\":\"https:\\\/\\\/www.koine-aequalitas.org\\\/wp-content\\\/uploads\\\/2024\\\/05\\\/Artesania_Inclusiva.jpg\",\"contentUrl\":\"https:\\\/\\\/www.koine-aequalitas.org\\\/wp-content\\\/uploads\\\/2024\\\/05\\\/Artesania_Inclusiva.jpg\",\"width\":2048,\"height\":1919,\"caption\":\"Artesania_Inclusiva\"},{\"@type\":\"BreadcrumbList\",\"@id\":\"https:\\\/\\\/www.koine-aequalitas.org\\\/fr\\\/project\\\/escuela-artesania-inclusiva\\\/#breadcrumb\",\"itemListElement\":[{\"@type\":\"ListItem\",\"position\":1,\"name\":\"Portada\",\"item\":\"https:\\\/\\\/www.koine-aequalitas.org\\\/fr\\\/\"},{\"@type\":\"ListItem\",\"position\":2,\"name\":\"Proyectos\",\"item\":\"https:\\\/\\\/www.koine-aequalitas.org\\\/project\\\/\"},{\"@type\":\"ListItem\",\"position\":3,\"name\":\"\u00c9COLE D&#8217;ARTISANAT INCLUSIF\"}]},{\"@type\":\"WebSite\",\"@id\":\"https:\\\/\\\/www.koine-aequalitas.org\\\/#website\",\"url\":\"https:\\\/\\\/www.koine-aequalitas.org\\\/\",\"name\":\"Koine\",\"description\":\"Fundaci\u00f3n para la promoci\u00b4no de derechos de las personas con discapacidad y\\\/o riesgo de exclusi\u00f3n social\",\"potentialAction\":[{\"@type\":\"SearchAction\",\"target\":{\"@type\":\"EntryPoint\",\"urlTemplate\":\"https:\\\/\\\/www.koine-aequalitas.org\\\/?s={search_term_string}\"},\"query-input\":{\"@type\":\"PropertyValueSpecification\",\"valueRequired\":true,\"valueName\":\"search_term_string\"}}],\"inLanguage\":\"fr-FR\"}]}<\/script>\n<!-- \/ Yoast SEO plugin. -->","yoast_head_json":{"title":"Tejiendo Comunidades de Apoyo para Personas Mayores: Proyecto Piloto","description":"Presentamos el Proyecto piloto de resiliencia comunitaria, grupal e individual: TEJIENDO COMUNIDADES DE APOYO PARA PERSONAS MAYORES","robots":{"index":"index","follow":"follow","max-snippet":"max-snippet:-1","max-image-preview":"max-image-preview:large","max-video-preview":"max-video-preview:-1"},"canonical":"https:\/\/www.koine-aequalitas.org\/fr\/project\/escuela-artesania-inclusiva\/","og_locale":"fr_FR","og_type":"article","og_title":"Tejiendo Comunidades de Apoyo para Personas Mayores: Proyecto Piloto","og_description":"Presentamos el Proyecto piloto de resiliencia comunitaria, grupal e individual: TEJIENDO COMUNIDADES DE APOYO PARA PERSONAS MAYORES","og_url":"https:\/\/www.koine-aequalitas.org\/fr\/project\/escuela-artesania-inclusiva\/","og_site_name":"Koine","article_modified_time":"2025-05-21T09:44:02+00:00","og_image":[{"width":2048,"height":1919,"url":"https:\/\/www.koine-aequalitas.org\/wp-content\/uploads\/2024\/05\/Artesania_Inclusiva.jpg","type":"image\/jpeg"}],"twitter_card":"summary_large_image","twitter_misc":{"Dur\u00e9e de lecture estim\u00e9e":"2 minutes"},"schema":{"@context":"https:\/\/schema.org","@graph":[{"@type":"WebPage","@id":"https:\/\/www.koine-aequalitas.org\/fr\/project\/escuela-artesania-inclusiva\/","url":"https:\/\/www.koine-aequalitas.org\/fr\/project\/escuela-artesania-inclusiva\/","name":"Tejiendo Comunidades de Apoyo para Personas Mayores: Proyecto Piloto","isPartOf":{"@id":"https:\/\/www.koine-aequalitas.org\/#website"},"primaryImageOfPage":{"@id":"https:\/\/www.koine-aequalitas.org\/fr\/project\/escuela-artesania-inclusiva\/#primaryimage"},"image":{"@id":"https:\/\/www.koine-aequalitas.org\/fr\/project\/escuela-artesania-inclusiva\/#primaryimage"},"thumbnailUrl":"https:\/\/www.koine-aequalitas.org\/wp-content\/uploads\/2024\/05\/Artesania_Inclusiva.jpg","datePublished":"2019-11-16T19:04:43+00:00","dateModified":"2025-05-21T09:44:02+00:00","description":"Presentamos el Proyecto piloto de resiliencia comunitaria, grupal e individual: TEJIENDO COMUNIDADES DE APOYO PARA PERSONAS MAYORES","breadcrumb":{"@id":"https:\/\/www.koine-aequalitas.org\/fr\/project\/escuela-artesania-inclusiva\/#breadcrumb"},"inLanguage":"fr-FR","potentialAction":[{"@type":"ReadAction","target":["https:\/\/www.koine-aequalitas.org\/fr\/project\/escuela-artesania-inclusiva\/"]}]},{"@type":"ImageObject","inLanguage":"fr-FR","@id":"https:\/\/www.koine-aequalitas.org\/fr\/project\/escuela-artesania-inclusiva\/#primaryimage","url":"https:\/\/www.koine-aequalitas.org\/wp-content\/uploads\/2024\/05\/Artesania_Inclusiva.jpg","contentUrl":"https:\/\/www.koine-aequalitas.org\/wp-content\/uploads\/2024\/05\/Artesania_Inclusiva.jpg","width":2048,"height":1919,"caption":"Artesania_Inclusiva"},{"@type":"BreadcrumbList","@id":"https:\/\/www.koine-aequalitas.org\/fr\/project\/escuela-artesania-inclusiva\/#breadcrumb","itemListElement":[{"@type":"ListItem","position":1,"name":"Portada","item":"https:\/\/www.koine-aequalitas.org\/fr\/"},{"@type":"ListItem","position":2,"name":"Proyectos","item":"https:\/\/www.koine-aequalitas.org\/project\/"},{"@type":"ListItem","position":3,"name":"\u00c9COLE D&#8217;ARTISANAT INCLUSIF"}]},{"@type":"WebSite","@id":"https:\/\/www.koine-aequalitas.org\/#website","url":"https:\/\/www.koine-aequalitas.org\/","name":"Koine","description":"Fundaci\u00f3n para la promoci\u00b4no de derechos de las personas con discapacidad y\/o riesgo de exclusi\u00f3n social","potentialAction":[{"@type":"SearchAction","target":{"@type":"EntryPoint","urlTemplate":"https:\/\/www.koine-aequalitas.org\/?s={search_term_string}"},"query-input":{"@type":"PropertyValueSpecification","valueRequired":true,"valueName":"search_term_string"}}],"inLanguage":"fr-FR"}]}},"_links":{"self":[{"href":"https:\/\/www.koine-aequalitas.org\/fr\/wp-json\/wp\/v2\/project\/3218","targetHints":{"allow":["GET"]}}],"collection":[{"href":"https:\/\/www.koine-aequalitas.org\/fr\/wp-json\/wp\/v2\/project"}],"about":[{"href":"https:\/\/www.koine-aequalitas.org\/fr\/wp-json\/wp\/v2\/types\/project"}],"author":[{"embeddable":true,"href":"https:\/\/www.koine-aequalitas.org\/fr\/wp-json\/wp\/v2\/users\/4"}],"replies":[{"embeddable":true,"href":"https:\/\/www.koine-aequalitas.org\/fr\/wp-json\/wp\/v2\/comments?post=3218"}],"version-history":[{"count":4,"href":"https:\/\/www.koine-aequalitas.org\/fr\/wp-json\/wp\/v2\/project\/3218\/revisions"}],"predecessor-version":[{"id":3712,"href":"https:\/\/www.koine-aequalitas.org\/fr\/wp-json\/wp\/v2\/project\/3218\/revisions\/3712"}],"wp:featuredmedia":[{"embeddable":true,"href":"https:\/\/www.koine-aequalitas.org\/fr\/wp-json\/wp\/v2\/media\/2638"}],"wp:attachment":[{"href":"https:\/\/www.koine-aequalitas.org\/fr\/wp-json\/wp\/v2\/media?parent=3218"}],"wp:term":[{"taxonomy":"project_category","embeddable":true,"href":"https:\/\/www.koine-aequalitas.org\/fr\/wp-json\/wp\/v2\/project_category?post=3218"},{"taxonomy":"project_tag","embeddable":true,"href":"https:\/\/www.koine-aequalitas.org\/fr\/wp-json\/wp\/v2\/project_tag?post=3218"}],"curies":[{"name":"wp","href":"https:\/\/api.w.org\/{rel}","templated":true}]}}