{"id":399,"date":"2018-07-30T18:27:25","date_gmt":"2018-07-30T18:27:25","guid":{"rendered":"https:\/\/www.koine-aequalitas.org\/servicios\/"},"modified":"2024-11-27T11:07:03","modified_gmt":"2024-11-27T11:07:03","slug":"services-de-la-fondation","status":"publish","type":"page","link":"https:\/\/www.koine-aequalitas.org\/fr\/services-de-la-fondation\/","title":{"rendered":"Services"},"content":{"rendered":"<p>[et_pb_section fb_built=\u00a0\u00bb1&Prime; fullwidth=\u00a0\u00bbon\u00a0\u00bb _builder_version=\u00a0\u00bb4.16&Prime; global_colors_info=\u00a0\u00bb{}\u00a0\u00bb][et_pb_fullwidth_header title=\u00a0\u00bbServices de la Fondation\u00a0\u00bb text_orientation=\u00a0\u00bbcenter\u00a0\u00bb _builder_version=\u00a0\u00bb4.16&Prime; custom_padding=\u00a0\u00bb1em||1em|\u00a0\u00bb text_shadow_style=\u00a0\u00bbpreset1&Prime; global_colors_info=\u00a0\u00bb{}\u00a0\u00bb button_one_text_size__hover_enabled=\u00a0\u00bboff\u00a0\u00bb button_two_text_size__hover_enabled=\u00a0\u00bboff\u00a0\u00bb button_one_text_color__hover_enabled=\u00a0\u00bboff\u00a0\u00bb button_two_text_color__hover_enabled=\u00a0\u00bboff\u00a0\u00bb button_one_border_width__hover_enabled=\u00a0\u00bboff\u00a0\u00bb button_two_border_width__hover_enabled=\u00a0\u00bboff\u00a0\u00bb button_one_border_color__hover_enabled=\u00a0\u00bboff\u00a0\u00bb button_two_border_color__hover_enabled=\u00a0\u00bboff\u00a0\u00bb button_one_border_radius__hover_enabled=\u00a0\u00bboff\u00a0\u00bb button_two_border_radius__hover_enabled=\u00a0\u00bboff\u00a0\u00bb button_one_letter_spacing__hover_enabled=\u00a0\u00bboff\u00a0\u00bb button_two_letter_spacing__hover_enabled=\u00a0\u00bboff\u00a0\u00bb button_one_bg_color__hover_enabled=\u00a0\u00bboff\u00a0\u00bb button_two_bg_color__hover_enabled=\u00a0\u00bboff\u00a0\u00bb][\/et_pb_fullwidth_header][\/et_pb_section][et_pb_section fb_built=\u00a0\u00bb1&Prime; _builder_version=\u00a0\u00bb4.16&Prime; global_colors_info=\u00a0\u00bb{}\u00a0\u00bb][et_pb_row _builder_version=\u00a0\u00bb4.16&Prime; background_size=\u00a0\u00bbinitial\u00a0\u00bb background_position=\u00a0\u00bbtop_left\u00a0\u00bb background_repeat=\u00a0\u00bbrepeat\u00a0\u00bb global_colors_info=\u00a0\u00bb{}\u00a0\u00bb column_structure=\u00a0\u00bb1_4,1_4,1_4,1_4&Prime;][et_pb_column type=\u00a0\u00bb1_4&Prime; _builder_version=\u00a0\u00bb4.16&Prime; custom_padding=\u00a0\u00bb|||\u00a0\u00bb global_colors_info=\u00a0\u00bb{}\u00a0\u00bb custom_padding__hover=\u00a0\u00bb|||\u00a0\u00bb][et_pb_blurb title=\u00a0\u00bbServices de prise en charge\u00a0\u00bb image=\u00a0\u00bbhttps:\/\/www.koine-aequalitas.org\/wp-content\/uploads\/2018\/09\/shutterstock_631902332.jpg\u00a0\u00bb admin_label=\u00a0\u00bbServicios Asistenciales\u00a0\u00bb _builder_version=\u00a0\u00bb4.27.2&Prime; header_level=\u00a0\u00bbh2&Prime; header_text_align=\u00a0\u00bbcenter\u00a0\u00bb hover_enabled=\u00a0\u00bb0&Prime; global_colors_info=\u00a0\u00bb{}\u00a0\u00bb sticky_enabled=\u00a0\u00bb0&Prime;]<\/p>\n<ul>\n<li><span style=\"font-size: 16px;\">Service d\u2019orientation professionnelle.<\/span><\/li>\n<li>Service de r\u00e9affectation professionnelle.<\/li>\n<li>Service d&rsquo;insertion socio-professionnelle pour les immigrants.<\/li>\n<li>Service d&rsquo;accompagnement pour le repeuplement en milieu rural.<\/li>\n<\/ul>\n<p>&nbsp;<\/p>\n<p>[\/et_pb_blurb][\/et_pb_column][et_pb_column type=\u00a0\u00bb1_4&Prime; _builder_version=\u00a0\u00bb4.16&Prime; custom_padding=\u00a0\u00bb|||\u00a0\u00bb global_colors_info=\u00a0\u00bb{}\u00a0\u00bb custom_padding__hover=\u00a0\u00bb|||\u00a0\u00bb][et_pb_blurb title=\u00a0\u00bbGestion de projets\u00a0\u00bb image=\u00a0\u00bbhttps:\/\/www.koine-aequalitas.org\/wp-content\/uploads\/2018\/10\/shutterstock_562747135_crop.jpg\u00a0\u00bb admin_label=\u00a0\u00bbGesti\u00f3n de proyectos\u00a0\u00bb _builder_version=\u00a0\u00bb4.16&Prime; header_level=\u00a0\u00bbh2&Prime; header_text_align=\u00a0\u00bbcenter\u00a0\u00bb global_colors_info=\u00a0\u00bb{}\u00a0\u00bb]<\/p>\n<ul>\n<li>Gestion de projet: diagnostic, conception, mise en place et \u00e9<\/li>\n<li>Conception\/r\u00e9daction de projets.<\/li>\n<li>Consultation pour demandes de financement sp\u00e9cifiques<\/li>\n<li>Diagnostic pr\u00e9alable\/\u00e9valuation interm\u00e9diaire ou finale.<\/li>\n<li>\u00c9valuation d\u2019impact social.<\/li>\n<li>Entrepreneuriat social\/plan de viabilit\u00e9.<\/li>\n<li>Pr\u00e9paration de concours publics et appels d\u2019offre.<\/li>\n<\/ul>\n<p>[\/et_pb_blurb][\/et_pb_column][et_pb_column type=\u00a0\u00bb1_4&Prime; _builder_version=\u00a0\u00bb4.16&Prime; custom_padding=\u00a0\u00bb|||\u00a0\u00bb global_colors_info=\u00a0\u00bb{}\u00a0\u00bb custom_padding__hover=\u00a0\u00bb|||\u00a0\u00bb][et_pb_blurb title=\u00a0\u00bbGestion du savoir\u00a0\u00bb image=\u00a0\u00bbhttps:\/\/www.koine-aequalitas.org\/wp-content\/uploads\/2018\/10\/shutterstock_642228268_crop.jpg\u00a0\u00bb admin_label=\u00a0\u00bbGesti\u00f3n del conocimiento\u00a0\u00bb _builder_version=\u00a0\u00bb4.16&Prime; header_level=\u00a0\u00bbh2&Prime; header_text_align=\u00a0\u00bbcenter\u00a0\u00bb global_colors_info=\u00a0\u00bb{}\u00a0\u00bb]<\/p>\n<ul>\n<li>\u00c9tude appliqu\u00e9<\/li>\n<li>Assistance technique pour la publication et r\u00e9daction de documents th\u00e9oriques.<\/li>\n<li>Formation sp\u00e9cifique en gestion d\u2019associations sociales et intervention avec des groupes en situation de plus grande vuln\u00e9rabilit\u00e9.<\/li>\n<\/ul>\n<p>[\/et_pb_blurb][\/et_pb_column][et_pb_column type=\u00a0\u00bb1_4&Prime; _builder_version=\u00a0\u00bb4.16&Prime; custom_padding=\u00a0\u00bb|||\u00a0\u00bb global_colors_info=\u00a0\u00bb{}\u00a0\u00bb custom_padding__hover=\u00a0\u00bb|||\u00a0\u00bb][et_pb_blurb title=\u00a0\u00bbD\u00e9veloppement organisationnel\u00a0\u00bb image=\u00a0\u00bbhttps:\/\/www.koine-aequalitas.org\/wp-content\/uploads\/2018\/10\/shutterstock_592565951_crop.jpg\u00a0\u00bb admin_label=\u00a0\u00bbDesarrollo Organizacional\u00a0\u00bb _builder_version=\u00a0\u00bb4.16&Prime; header_level=\u00a0\u00bbh2&Prime; header_text_align=\u00a0\u00bbcenter\u00a0\u00bb global_colors_info=\u00a0\u00bb{}\u00a0\u00bb]<\/p>\n<ul>\n<li>Gestion strat\u00e9<\/li>\n<li>Soutien \u00e0 la mise en place d\u2019un mod\u00e8le de qualit\u00e9\u00a0EFQM.<\/li>\n<li>Planification en collecte de fonds.<\/li>\n<li>Projets innovants.<\/li>\n<li>Plans d\u2019\u00e9galit\u00e9 d\u2019opportunit\u00e9s et de conciliation.<\/li>\n<li>Plans de langue basque dans les organisations.<\/li>\n<li>Plans de communication.<\/li>\n<li>Gestion externe \/ externalisation de la gestion.<\/li>\n<\/ul>\n<p>[\/et_pb_blurb][\/et_pb_column][\/et_pb_row][\/et_pb_section][et_pb_section fb_built=\u00a0\u00bb1&Prime; _builder_version=\u00a0\u00bb4.16&Prime; background_color=\u00a0\u00bbrgba(0,0,0,0.04)\u00a0\u00bb global_colors_info=\u00a0\u00bb{}\u00a0\u00bb][et_pb_row _builder_version=\u00a0\u00bb4.16&Prime; background_size=\u00a0\u00bbinitial\u00a0\u00bb background_position=\u00a0\u00bbtop_left\u00a0\u00bb background_repeat=\u00a0\u00bbrepeat\u00a0\u00bb global_colors_info=\u00a0\u00bb{}\u00a0\u00bb][et_pb_column type=\u00a0\u00bb4_4&Prime; _builder_version=\u00a0\u00bb4.16&Prime; custom_padding=\u00a0\u00bb|||\u00a0\u00bb global_colors_info=\u00a0\u00bb{}\u00a0\u00bb custom_padding__hover=\u00a0\u00bb|||\u00a0\u00bb][et_pb_blurb title=\u00a0\u00bbNotre Charte de services\u00a0\u00bb url=\u00a0\u00bbhttps:\/\/www.koine-aequalitas.org\/wp-content\/uploads\/2018\/10\/DIPTICO-KOINE.pdf\u00a0\u00bb url_new_window=\u00a0\u00bbon\u00a0\u00bb use_icon=\u00a0\u00bbon\u00a0\u00bb font_icon=\u00a0\u00bb&#xe004;||divi||400&Prime; _builder_version=\u00a0\u00bb4.16&Prime; text_orientation=\u00a0\u00bbcenter\u00a0\u00bb global_colors_info=\u00a0\u00bb{}\u00a0\u00bb][\/et_pb_blurb][\/et_pb_column][\/et_pb_row][\/et_pb_section][et_pb_section fb_built=\u00a0\u00bb1&Prime; _builder_version=\u00a0\u00bb4.16&Prime; global_colors_info=\u00a0\u00bb{}\u00a0\u00bb][et_pb_row _builder_version=\u00a0\u00bb4.16&Prime; background_size=\u00a0\u00bbinitial\u00a0\u00bb background_position=\u00a0\u00bbtop_left\u00a0\u00bb background_repeat=\u00a0\u00bbrepeat\u00a0\u00bb global_colors_info=\u00a0\u00bb{}\u00a0\u00bb][et_pb_column type=\u00a0\u00bb4_4&Prime; _builder_version=\u00a0\u00bb4.16&Prime; custom_padding=\u00a0\u00bb|||\u00a0\u00bb global_colors_info=\u00a0\u00bb{}\u00a0\u00bb custom_padding__hover=\u00a0\u00bb|||\u00a0\u00bb][et_pb_text _builder_version=\u00a0\u00bb4.16&Prime; global_colors_info=\u00a0\u00bb{}\u00a0\u00bb]<\/p>\n<h2>Travaux r\u00e9alis\u00e9s les plus importants<\/h2>\n<p>[\/et_pb_text][et_pb_accordion _builder_version=\u00a0\u00bb4.16&Prime; global_colors_info=\u00a0\u00bb{}\u00a0\u00bb][et_pb_accordion_item title=\u00a0\u00bbASSISTANCE TECHNIQUE POUR LA PR\u00c9SENTATION DE DEMANDES DE SUBVENTION D\u2019ASSOCIATIONS SOCIALES\u00a0\u00bb open=\u00a0\u00bbon\u00a0\u00bb _builder_version=\u00a0\u00bb4.16&Prime; global_colors_info=\u00a0\u00bb{}\u00a0\u00bb]<\/p>\n<p>La Fondation KOINE AEQUALITAS a offert des t\u00e2ches d\u2019assistance technique pour soutenir diverses organisations dans l\u2019\u00e9laboration de demandes de subvention publiques ou priv\u00e9es parmi lesquelles nous pouvons souligner:<\/p>\n<p>ASPACE, Asociaci\u00f3n Humanitaria Ni\u00f1os del Choc\u00f3, Ibili, XILEMA, ADACEN\u2026<\/p>\n<p>[\/et_pb_accordion_item][et_pb_accordion_item title=\u00a0\u00bbSOUTIEN AU D\u00c9VELOPPEMENT DE PROJETS SOCIAUX\u00a0\u00bb _builder_version=\u00a0\u00bb4.16&Prime; global_colors_info=\u00a0\u00bb{}\u00a0\u00bb open=\u00a0\u00bboff\u00a0\u00bb]<\/p>\n<p>La Fondation Koine Aequalitas a apport\u00e9 une assistance technique pour l&rsquo;accompagnement dans la r\u00e9alisation de projets sociaux d&rsquo;entit\u00e9s r\u00e9gionales et nationales, parmi lesquels on peut souligner: Projet Femmes et Egalit\u00e9 d&rsquo;Acodifna, Secr\u00e9taire Technique au II Congr\u00e8s National du Droit du Handicap organis\u00e9 par la Fondation Droit et Handicap, CERMI et Fondation Caja Navarra, Projet de M\u00e9diation dans le domaine de la d\u00e9pendance Ibili, Projet de coresponsabilit\u00e9 dans le Soins Adacen\u2026<\/p>\n<p>[\/et_pb_accordion_item][et_pb_accordion_item title=\u00a0\u00bbAPPUI AU D\u00c9VELOPPEMENT ORGANISATIONNEL DES ENTIT\u00c9S SOCIALES\u00a0\u00bb _builder_version=\u00a0\u00bb4.16&Prime; global_colors_info=\u00a0\u00bb{}\u00a0\u00bb open=\u00a0\u00bboff\u00a0\u00bb]<\/p>\n<p>La Fondation Koine Aequalitas a fourni une assistance technique pour la promotion du d\u00e9veloppement organisationnel de diverses entit\u00e9s sociales. Cet accompagnement a \u00e9t\u00e9 r\u00e9alis\u00e9 tant dans le domaine de la formation sp\u00e9cialis\u00e9e que dans la conduite de diagnostics participatifs ou de plans strat\u00e9giques. Nous pouvons mettre en \u00e9vidence les projets suivants: Plan strat\u00e9gique Acodifna, Plan strat\u00e9gique Amimet, Plan strat\u00e9gique Ibili, Diagnostic de l&rsquo;Association Aralar, Formation sp\u00e9cialis\u00e9e Scl\u00e9rose en plaques Navarre,&#8230;<\/p>\n<p>[\/et_pb_accordion_item][et_pb_accordion_item title=\u00a0\u00bb\u00c9LABORATION DE PLANS D\u2019\u00c9GALIT\u00c9 DANS DES ASSOCIATIONS SOCIALES DIFF\u00c9RENTES\u00a0\u00bb _builder_version=\u00a0\u00bb4.16&Prime; global_colors_info=\u00a0\u00bb{}\u00a0\u00bb open=\u00a0\u00bboff\u00a0\u00bb]<\/p>\n<p>La Fondation KOINE AEQUALITAS a offert des services d\u2019assistante technique pour l\u2019\u00e9laboration de plusieurs plans d\u2019\u00e9galit\u00e9 dans des associations sociales, parmi lesquelles nous pouvons souligner:<\/p>\n<ul>\n<li>UGT CATALUNYA (UNI\u00d3N GENERAL DE TRABAJADORES DE CATALUNYA)<\/li>\n<li>ATADES HUESCA (ASOCIACI\u00d3N TUTELAR ASISTENCIAL\u00a0DE DISCAPACITADOS INTELECTUALES)<\/li>\n<li>ASPANIAS BURGOS.<\/li>\n<li>ACODIFNA<\/li>\n<\/ul>\n<p>[\/et_pb_accordion_item][et_pb_accordion_item title=\u00a0\u00bbSERVICE D\u2019ASSISTANCE T\u00c9L\u00c9PHONIQUE AU GOUVERNEMENT DE NAVARRE\u00a0\u00bb _builder_version=\u00a0\u00bb4.16&Prime; global_colors_info=\u00a0\u00bb{}\u00a0\u00bb open=\u00a0\u00bboff\u00a0\u00bb]<\/p>\n<p>Pendant plusieurs ann\u00e9es, entre 2015 et 2017, la Fondation KOINE AEQUALITAS a pr\u00eat\u00e9 ses services d\u2019information et d\u2019assistance t\u00e9l\u00e9phonique du D\u00e9partement de Droits Sociaux, qui inclut l\u2019assistance d\u2019appels rentrants, la r\u00e9alisation d\u2019appels sortants et des t\u00e2ches de soutien \u00e0 l\u2019information.<\/p>\n<p>[\/et_pb_accordion_item][et_pb_accordion_item title=\u00a0\u00bb\u00c9VALUATION DE LA CAPACIT\u00c9 \u00c9CONOMIQUE D\u2019UNIT\u00c9S FAMILIALES\u00a0\u00bb _builder_version=\u00a0\u00bb4.16&Prime; global_colors_info=\u00a0\u00bb{}\u00a0\u00bb open=\u00a0\u00bboff\u00a0\u00bb]<\/p>\n<p>Pendant les ann\u00e9es 2012 et 2015, la Fondation KOINE AEQUALITAS a effectu\u00e9 l\u2019\u00e9valuation de la capacit\u00e9 \u00e9conomique d\u2019unit\u00e9s familiales pour l\u2019Agence Navarre pour l\u2019Autonomie des Personnes \u00e0 travers la r\u00e9alisation de rapports qui analysent et \u00e9valuent les revenus par habitant, le patrimoine mobilier et immobilier, et les droits r\u00e9els susceptibles d\u2019\u00e9valuation \u00e9conomique et transmissions.<\/p>\n<p>[\/et_pb_accordion_item][et_pb_accordion_item title=\u00a0\u00bbSERVICE DE PRISE EN CHARGE SOCIALE POUR LA FONDATION PROTECTION SOCIALE DE L\u2019ORGANISATION M\u00c9DICALE COLL\u00c9GIALE\u00a0\u00bb _builder_version=\u00a0\u00bb4.16&Prime; global_colors_info=\u00a0\u00bb{}\u00a0\u00bb open=\u00a0\u00bboff\u00a0\u00bb]<\/p>\n<p>La Fondation KOINE AEQUALITAS prend en charge le collectif de m\u00e9decins et leurs familles en mati\u00e8re d\u2019orientation sociale, psychologique et nutritionnelle. De plus, le service d\u2019\u00e9valuation de la Situation de D\u00e9pendance dans lequel les d\u00e9cisions des diff\u00e9rents Organismes Publics comp\u00e9tents est offert et compl\u00e9ment\u00e9 par les \u00e9valuations effectu\u00e9es par le R\u00e9seau de Prise en Charge Sociale.<\/p>\n<p>[\/et_pb_accordion_item][\/et_pb_accordion][\/et_pb_column][\/et_pb_row][\/et_pb_section]<\/p>\n","protected":false},"excerpt":{"rendered":"<p>Service d\u2019orientation professionnelle. Service de r\u00e9affectation professionnelle. Service d&rsquo;insertion socio-professionnelle pour les immigrants. Service d&rsquo;accompagnement pour le repeuplement en milieu rural. &nbsp; Gestion de projet: diagnostic, conception, mise en place et \u00e9 Conception\/r\u00e9daction de projets. Consultation pour demandes de financement sp\u00e9cifiques Diagnostic pr\u00e9alable\/\u00e9valuation interm\u00e9diaire ou finale. \u00c9valuation d\u2019impact social. Entrepreneuriat social\/plan de viabilit\u00e9. Pr\u00e9paration de [&hellip;]<\/p>\n","protected":false},"author":1,"featured_media":0,"parent":0,"menu_order":0,"comment_status":"closed","ping_status":"closed","template":"","meta":{"_et_pb_use_builder":"on","_et_pb_old_content":"","_et_gb_content_width":"","footnotes":""},"class_list":["post-399","page","type-page","status-publish","hentry"],"yoast_head":"<!-- This site is optimized with the Yoast SEO plugin v27.4 - https:\/\/yoast.com\/product\/yoast-seo-wordpress\/ -->\n<title>Services - Koine<\/title>\n<meta name=\"robots\" content=\"index, follow, max-snippet:-1, max-image-preview:large, max-video-preview:-1\" \/>\n<link rel=\"canonical\" href=\"https:\/\/www.koine-aequalitas.org\/fr\/services-de-la-fondation\/\" \/>\n<meta property=\"og:locale\" content=\"fr_FR\" \/>\n<meta property=\"og:type\" content=\"article\" \/>\n<meta property=\"og:title\" content=\"Services - Koine\" \/>\n<meta property=\"og:description\" content=\"Service d\u2019orientation professionnelle. Service de r\u00e9affectation professionnelle. Service d&#039;insertion socio-professionnelle pour les immigrants. Service d&#039;accompagnement pour le repeuplement en milieu rural. &nbsp; Gestion de projet: diagnostic, conception, mise en place et \u00e9 Conception\/r\u00e9daction de projets. Consultation pour demandes de financement sp\u00e9cifiques Diagnostic pr\u00e9alable\/\u00e9valuation interm\u00e9diaire ou finale. \u00c9valuation d\u2019impact social. Entrepreneuriat social\/plan de viabilit\u00e9. Pr\u00e9paration de [&hellip;]\" \/>\n<meta property=\"og:url\" content=\"https:\/\/www.koine-aequalitas.org\/fr\/services-de-la-fondation\/\" \/>\n<meta property=\"og:site_name\" content=\"Koine\" \/>\n<meta property=\"article:modified_time\" content=\"2024-11-27T11:07:03+00:00\" \/>\n<meta name=\"twitter:card\" content=\"summary_large_image\" \/>\n<meta name=\"twitter:label1\" content=\"Dur\u00e9e de lecture estim\u00e9e\" \/>\n\t<meta name=\"twitter:data1\" content=\"4 minutes\" \/>\n<script type=\"application\/ld+json\" class=\"yoast-schema-graph\">{\"@context\":\"https:\\\/\\\/schema.org\",\"@graph\":[{\"@type\":\"WebPage\",\"@id\":\"https:\\\/\\\/www.koine-aequalitas.org\\\/fr\\\/services-de-la-fondation\\\/\",\"url\":\"https:\\\/\\\/www.koine-aequalitas.org\\\/fr\\\/services-de-la-fondation\\\/\",\"name\":\"Services - Koine\",\"isPartOf\":{\"@id\":\"https:\\\/\\\/www.koine-aequalitas.org\\\/#website\"},\"datePublished\":\"2018-07-30T18:27:25+00:00\",\"dateModified\":\"2024-11-27T11:07:03+00:00\",\"breadcrumb\":{\"@id\":\"https:\\\/\\\/www.koine-aequalitas.org\\\/fr\\\/services-de-la-fondation\\\/#breadcrumb\"},\"inLanguage\":\"fr-FR\",\"potentialAction\":[{\"@type\":\"ReadAction\",\"target\":[\"https:\\\/\\\/www.koine-aequalitas.org\\\/fr\\\/services-de-la-fondation\\\/\"]}]},{\"@type\":\"BreadcrumbList\",\"@id\":\"https:\\\/\\\/www.koine-aequalitas.org\\\/fr\\\/services-de-la-fondation\\\/#breadcrumb\",\"itemListElement\":[{\"@type\":\"ListItem\",\"position\":1,\"name\":\"Portada\",\"item\":\"https:\\\/\\\/www.koine-aequalitas.org\\\/fr\\\/\"},{\"@type\":\"ListItem\",\"position\":2,\"name\":\"Services\"}]},{\"@type\":\"WebSite\",\"@id\":\"https:\\\/\\\/www.koine-aequalitas.org\\\/#website\",\"url\":\"https:\\\/\\\/www.koine-aequalitas.org\\\/\",\"name\":\"Koine\",\"description\":\"Fundaci\u00f3n para la promoci\u00b4no de derechos de las personas con discapacidad y\\\/o riesgo de exclusi\u00f3n social\",\"potentialAction\":[{\"@type\":\"SearchAction\",\"target\":{\"@type\":\"EntryPoint\",\"urlTemplate\":\"https:\\\/\\\/www.koine-aequalitas.org\\\/?s={search_term_string}\"},\"query-input\":{\"@type\":\"PropertyValueSpecification\",\"valueRequired\":true,\"valueName\":\"search_term_string\"}}],\"inLanguage\":\"fr-FR\"}]}<\/script>\n<!-- \/ Yoast SEO plugin. -->","yoast_head_json":{"title":"Services - Koine","robots":{"index":"index","follow":"follow","max-snippet":"max-snippet:-1","max-image-preview":"max-image-preview:large","max-video-preview":"max-video-preview:-1"},"canonical":"https:\/\/www.koine-aequalitas.org\/fr\/services-de-la-fondation\/","og_locale":"fr_FR","og_type":"article","og_title":"Services - Koine","og_description":"Service d\u2019orientation professionnelle. Service de r\u00e9affectation professionnelle. Service d'insertion socio-professionnelle pour les immigrants. Service d'accompagnement pour le repeuplement en milieu rural. &nbsp; Gestion de projet: diagnostic, conception, mise en place et \u00e9 Conception\/r\u00e9daction de projets. Consultation pour demandes de financement sp\u00e9cifiques Diagnostic pr\u00e9alable\/\u00e9valuation interm\u00e9diaire ou finale. \u00c9valuation d\u2019impact social. Entrepreneuriat social\/plan de viabilit\u00e9. Pr\u00e9paration de [&hellip;]","og_url":"https:\/\/www.koine-aequalitas.org\/fr\/services-de-la-fondation\/","og_site_name":"Koine","article_modified_time":"2024-11-27T11:07:03+00:00","twitter_card":"summary_large_image","twitter_misc":{"Dur\u00e9e de lecture estim\u00e9e":"4 minutes"},"schema":{"@context":"https:\/\/schema.org","@graph":[{"@type":"WebPage","@id":"https:\/\/www.koine-aequalitas.org\/fr\/services-de-la-fondation\/","url":"https:\/\/www.koine-aequalitas.org\/fr\/services-de-la-fondation\/","name":"Services - Koine","isPartOf":{"@id":"https:\/\/www.koine-aequalitas.org\/#website"},"datePublished":"2018-07-30T18:27:25+00:00","dateModified":"2024-11-27T11:07:03+00:00","breadcrumb":{"@id":"https:\/\/www.koine-aequalitas.org\/fr\/services-de-la-fondation\/#breadcrumb"},"inLanguage":"fr-FR","potentialAction":[{"@type":"ReadAction","target":["https:\/\/www.koine-aequalitas.org\/fr\/services-de-la-fondation\/"]}]},{"@type":"BreadcrumbList","@id":"https:\/\/www.koine-aequalitas.org\/fr\/services-de-la-fondation\/#breadcrumb","itemListElement":[{"@type":"ListItem","position":1,"name":"Portada","item":"https:\/\/www.koine-aequalitas.org\/fr\/"},{"@type":"ListItem","position":2,"name":"Services"}]},{"@type":"WebSite","@id":"https:\/\/www.koine-aequalitas.org\/#website","url":"https:\/\/www.koine-aequalitas.org\/","name":"Koine","description":"Fundaci\u00f3n para la promoci\u00b4no de derechos de las personas con discapacidad y\/o riesgo de exclusi\u00f3n social","potentialAction":[{"@type":"SearchAction","target":{"@type":"EntryPoint","urlTemplate":"https:\/\/www.koine-aequalitas.org\/?s={search_term_string}"},"query-input":{"@type":"PropertyValueSpecification","valueRequired":true,"valueName":"search_term_string"}}],"inLanguage":"fr-FR"}]}},"_links":{"self":[{"href":"https:\/\/www.koine-aequalitas.org\/fr\/wp-json\/wp\/v2\/pages\/399","targetHints":{"allow":["GET"]}}],"collection":[{"href":"https:\/\/www.koine-aequalitas.org\/fr\/wp-json\/wp\/v2\/pages"}],"about":[{"href":"https:\/\/www.koine-aequalitas.org\/fr\/wp-json\/wp\/v2\/types\/page"}],"author":[{"embeddable":true,"href":"https:\/\/www.koine-aequalitas.org\/fr\/wp-json\/wp\/v2\/users\/1"}],"replies":[{"embeddable":true,"href":"https:\/\/www.koine-aequalitas.org\/fr\/wp-json\/wp\/v2\/comments?post=399"}],"version-history":[{"count":9,"href":"https:\/\/www.koine-aequalitas.org\/fr\/wp-json\/wp\/v2\/pages\/399\/revisions"}],"predecessor-version":[{"id":3308,"href":"https:\/\/www.koine-aequalitas.org\/fr\/wp-json\/wp\/v2\/pages\/399\/revisions\/3308"}],"wp:attachment":[{"href":"https:\/\/www.koine-aequalitas.org\/fr\/wp-json\/wp\/v2\/media?parent=399"}],"curies":[{"name":"wp","href":"https:\/\/api.w.org\/{rel}","templated":true}]}}