{"id":394,"date":"2018-07-30T19:11:33","date_gmt":"2018-07-30T19:11:33","guid":{"rendered":"https:\/\/www.koine-aequalitas.org\/recolocacion\/"},"modified":"2020-12-19T08:23:46","modified_gmt":"2020-12-19T08:23:46","slug":"recolocacion","status":"publish","type":"page","link":"https:\/\/www.koine-aequalitas.org\/fr\/recolocacion\/","title":{"rendered":"Recolocaci\u00f3n"},"content":{"rendered":"<p>[et_pb_section fb_built=\u00a0\u00bb1&Prime; fullwidth=\u00a0\u00bbon\u00a0\u00bb _builder_version=\u00a0\u00bb3.0.47&Prime;][et_pb_fullwidth_header title=\u00a0\u00bbR\u00e9affectation professionnelle\u00a0\u00bb text_orientation=\u00a0\u00bbcenter\u00a0\u00bb _builder_version=\u00a0\u00bb3.18.7&Prime; custom_padding=\u00a0\u00bb1em||1em|\u00a0\u00bb button_one_text_size__hover_enabled=\u00a0\u00bboff\u00a0\u00bb button_two_text_size__hover_enabled=\u00a0\u00bboff\u00a0\u00bb button_one_text_color__hover_enabled=\u00a0\u00bboff\u00a0\u00bb button_two_text_color__hover_enabled=\u00a0\u00bboff\u00a0\u00bb button_one_border_width__hover_enabled=\u00a0\u00bboff\u00a0\u00bb button_two_border_width__hover_enabled=\u00a0\u00bboff\u00a0\u00bb button_one_border_color__hover_enabled=\u00a0\u00bboff\u00a0\u00bb button_two_border_color__hover_enabled=\u00a0\u00bboff\u00a0\u00bb button_one_border_radius__hover_enabled=\u00a0\u00bboff\u00a0\u00bb button_two_border_radius__hover_enabled=\u00a0\u00bboff\u00a0\u00bb button_one_letter_spacing__hover_enabled=\u00a0\u00bboff\u00a0\u00bb button_two_letter_spacing__hover_enabled=\u00a0\u00bboff\u00a0\u00bb button_one_bg_color__hover_enabled=\u00a0\u00bboff\u00a0\u00bb button_two_bg_color__hover_enabled=\u00a0\u00bboff\u00a0\u00bb][\/et_pb_fullwidth_header][\/et_pb_section][et_pb_section fb_built=\u00a0\u00bb1&Prime; _builder_version=\u00a0\u00bb3.0.47&Prime; custom_padding=\u00a0\u00bb38.125px|0px|38.125px|0px|true|false\u00a0\u00bb][et_pb_row _builder_version=\u00a0\u00bb3.0.48&Prime; background_size=\u00a0\u00bbinitial\u00a0\u00bb background_position=\u00a0\u00bbtop_left\u00a0\u00bb background_repeat=\u00a0\u00bbrepeat\u00a0\u00bb][et_pb_column type=\u00a0\u00bb4_4&Prime; _builder_version=\u00a0\u00bb3.0.47&Prime; parallax=\u00a0\u00bboff\u00a0\u00bb parallax_method=\u00a0\u00bbon\u00a0\u00bb][et_pb_text _builder_version=\u00a0\u00bb3.18.7&Prime;]<\/p>\n<h2><span lang=\"FR\">En quoi consiste la r<\/span><span lang=\"FR\">\u00e9<\/span><span lang=\"FR\">affectation professionnelle?<\/span><\/h2>\n<p><span lang=\"FR\">Il s<\/span><span lang=\"FR\">\u2019<\/span><span lang=\"FR\">agit d<\/span><span lang=\"FR\">\u2019<\/span><span lang=\"FR\">un service de la <strong>Fondation KOINE AEQUALITAS<\/strong> dans le but de donner une r<\/span><span lang=\"FR\">\u00e9<\/span><span lang=\"FR\">ponse pratique, efficace et continue aux besoins de d<\/span><span lang=\"FR\">\u00e9<\/span><span lang=\"FR\">veloppement des <strong>entreprises<\/strong> et\u00a0<\/span><span lang=\"FR\">\u00e0<\/span><span lang=\"FR\">\u00a0<\/span><span lang=\"FR\">la recherche d<\/span><span lang=\"FR\">\u2019<\/span><span lang=\"FR\">opportunit<\/span><span lang=\"FR\">\u00e9<\/span><span lang=\"FR\">s <strong>professionnelles des particuliers et des travailleurs en activit<\/strong><\/span><strong><span lang=\"FR\">\u00e9<\/span><\/strong><span lang=\"FR\">.<\/span><\/p>\n<p><span lang=\"FR\">Il propose une m<\/span><span lang=\"FR\">\u00e9<\/span><span lang=\"FR\">thode qui offre des garanties, la s<\/span><span lang=\"FR\">\u00e9<\/span><span lang=\"FR\">curit<\/span><span lang=\"FR\">\u00e9<\/span><span lang=\"FR\">\u00a0<\/span><span lang=\"FR\">et la stabilit<\/span><span lang=\"FR\">\u00e9<\/span><span lang=\"FR\">\u00a0<\/span><span lang=\"FR\">dans le d<\/span><span lang=\"FR\">\u00e9<\/span><span lang=\"FR\">veloppement de professionnels et d<\/span><span lang=\"FR\">\u2019<\/span><span lang=\"FR\">entreprises et qui encourage par la m<\/span><span lang=\"FR\">\u00ea<\/span><span lang=\"FR\">me occasion l<\/span><span lang=\"FR\">\u2019<\/span><span lang=\"FR\">interaction entre <strong>l<\/strong><\/span><strong><span lang=\"FR\">\u2019<\/span><span lang=\"FR\">entreprise et le march<\/span><span lang=\"FR\">\u00e9<\/span><span lang=\"FR\">\u00a0<\/span><\/strong><span lang=\"FR\"><strong>du travail<\/strong>.\u00a0<\/span><span lang=\"FR\">\u00ab\u00a0<\/span><span lang=\"FR\">Un circuit infini et en mouvement qui d<\/span><span lang=\"FR\">\u00e9<\/span><span lang=\"FR\">bouche sur <strong>le d<\/strong><\/span><strong><span lang=\"FR\">\u00e9<\/span><\/strong><span lang=\"FR\"><strong>veloppement professionnel des personnes et la gestion de leur talent<\/strong>.<\/span><span lang=\"FR\">\u201d<\/span><\/p>\n<p><strong><span lang=\"FR\">B<\/span><span lang=\"FR\">\u00e9<\/span><span lang=\"FR\">n<\/span><span lang=\"FR\">\u00e9<\/span><span lang=\"FR\">fices pour les entreprises<\/span><\/strong><br \/><span lang=\"FR\">Nous savons que d<\/span><span lang=\"FR\">\u00e9<\/span><span lang=\"FR\">nicher le candidat id<\/span><span lang=\"FR\">\u00e9<\/span><span lang=\"FR\">al peut s<\/span><span lang=\"FR\">\u2019<\/span><span lang=\"FR\">av<\/span><span lang=\"FR\">\u00e9<\/span><span lang=\"FR\">rer compliqu<\/span><span lang=\"FR\">\u00e9<\/span><span lang=\"FR\">. A maintes reprises, vous ne disposez ni du temps ni des ressources suffisantes pour ajuster la s<\/span><span lang=\"FR\">\u00e9<\/span><span lang=\"FR\">lection du personnel au besoin de votre entreprise. Dans le m<\/span><span lang=\"FR\">\u00ea<\/span><span lang=\"FR\">me temps, pouvoir recruter des employ<\/span><span lang=\"FR\">\u00e9<\/span><span lang=\"FR\">s motiv<\/span><span lang=\"FR\">\u00e9<\/span><span lang=\"FR\">s et en ad<\/span><span lang=\"FR\">\u00e9<\/span><span lang=\"FR\">quation avec la culture et la strat<\/span><span lang=\"FR\">\u00e9<\/span><span lang=\"FR\">gie de votre organisation requiert une grande part de votre implication. A travers ce service, nous mettons\u00a0<\/span><span lang=\"FR\">\u00e0<\/span><span lang=\"FR\">\u00a0<\/span><span lang=\"FR\">votre disposition une\u00a0<\/span><span lang=\"FR\">\u00e9<\/span><span lang=\"FR\">quipe d<\/span><span lang=\"FR\">\u2019<\/span><span lang=\"FR\">experts qui vous aideront\u00a0<\/span><span lang=\"FR\">\u00e0<\/span><span lang=\"FR\">\u00a0<\/span><span lang=\"FR\">renforcer le talent de votre organisation et\u00a0<\/span><span lang=\"FR\">\u00e0<\/span><span lang=\"FR\">\u00a0<\/span><span lang=\"FR\">obtenir une plus grande comp<\/span><span lang=\"FR\">\u00e9<\/span><span lang=\"FR\">titivit<\/span><span lang=\"FR\">\u00e9<\/span><span lang=\"FR\">.<\/span><\/p>\n<h2><u><span lang=\"FR\">B<\/span><\/u><u><span lang=\"FR\">\u00e9<\/span><\/u><u><span lang=\"FR\">n<\/span><\/u><u><span lang=\"FR\">\u00e9<\/span><\/u><u><span lang=\"FR\">fices pour les professionnels et les personnes sans emploi<\/span><\/u><\/h2>\n<p><span lang=\"FR\">La seule chose dont vous avez besoin pour atteindre vos objectifs professionnels est une carte qui vous indique quel chemin choisir et ce dont vous avez besoin pour le parcourir et y parvenir.<\/span><\/p>\n<p><span lang=\"FR\">Nous vous proposons un suivi individuel et personnalis<\/span><span lang=\"FR\">\u00e9<\/span><span lang=\"FR\">\u00a0<\/span><span lang=\"FR\">afin de vous aider\u00a0<\/span><span lang=\"FR\">\u00e0<\/span><span lang=\"FR\">\u00a0<\/span><span lang=\"FR\">identifier vos forces, vous conseiller dans les diff<\/span><span lang=\"FR\">\u00e9<\/span><span lang=\"FR\">rentes\u00a0<\/span><span lang=\"FR\">\u00e9<\/span><span lang=\"FR\">tapes de votre recherche d<\/span><span lang=\"FR\">\u2019<\/span><span lang=\"FR\">emploi ou renforcer votre profil et votre situation professionnelle, et cr<\/span><span lang=\"FR\">\u00e9<\/span><span lang=\"FR\">er conjointement le programme d<\/span><span lang=\"FR\">\u2019<\/span><span lang=\"FR\">actions qui vous aidera\u00a0<\/span><span lang=\"FR\">\u00e0<\/span><span lang=\"FR\">\u00a0<\/span><span lang=\"FR\">d<\/span><span lang=\"FR\">\u00e9<\/span><span lang=\"FR\">velopper vos comp<\/span><span lang=\"FR\">\u00e9<\/span><span lang=\"FR\">tences professionnelles dans le but d<\/span><span lang=\"FR\">\u2019<\/span><span lang=\"FR\">accro<\/span><span lang=\"FR\">\u00ee<\/span><span lang=\"FR\">tre vos possibilit<\/span><span lang=\"FR\">\u00e9<\/span><span lang=\"FR\">s de succ<\/span><span lang=\"FR\">\u00e8<\/span><span lang=\"FR\">s en relation\u00a0<\/span><span lang=\"FR\">\u00e0<\/span><span lang=\"FR\">\u00a0<\/span><span lang=\"FR\">vos objectifs.<\/span><\/p>\n<p><strong><u><span lang=\"FR\">M<\/span><\/u><u><span lang=\"FR\">\u00e9<\/span><\/u><u><span lang=\"FR\">thodologie du service de r<\/span><\/u><u><span lang=\"FR\">\u00e9<\/span><\/u><u><span lang=\"FR\">affectation professionnelle:<\/span><\/u><\/strong><\/p>\n<p><span lang=\"FR\">Adress<\/span><span lang=\"FR\">\u00e9<\/span><span lang=\"FR\">\u00a0<\/span><span lang=\"FR\">\u00e0<\/span><span lang=\"FR\">\u00a0<\/span><span lang=\"FR\">des <strong>professionnels qualifi<\/strong><\/span><strong><span lang=\"FR\">\u00e9<\/span><span lang=\"FR\">s et poss<\/span><span lang=\"FR\">\u00e9<\/span><span lang=\"FR\">dant certaines responsabilit<\/span><span lang=\"FR\">\u00e9<\/span><\/strong><span lang=\"FR\"><strong>s<\/strong> qui se situent\u00a0<\/span><span lang=\"FR\">\u00e0<\/span><span lang=\"FR\">\u00a0<\/span><span lang=\"FR\">un moment de transition professionnelle et qui sont confront<\/span><span lang=\"FR\">\u00e9<\/span><span lang=\"FR\">s\u00a0<\/span><span lang=\"FR\">\u00e0<\/span><span lang=\"FR\">\u00a0<\/span><span lang=\"FR\">la recherche d<\/span><span lang=\"FR\">\u2019<\/span><span lang=\"FR\">un nouveau projet.<\/span><\/p>\n<p><span lang=\"FR\">Caract<\/span><span lang=\"FR\">\u00e9<\/span><span lang=\"FR\">ristiques du service:<\/span><\/p>\n<ul>\n<li><span lang=\"FR\">D<\/span><span lang=\"FR\">\u00e9<\/span><span lang=\"FR\">finit la strat<\/span><span lang=\"FR\">\u00e9<\/span><span lang=\"FR\">gie d<\/span><span lang=\"FR\">\u2019<\/span><span lang=\"FR\">insertion dans le march<\/span><span lang=\"FR\">\u00e9<\/span><span lang=\"FR\">\u00a0<\/span><span lang=\"FR\">du travail (recherche d<\/span><span lang=\"FR\">\u2019<\/span><span lang=\"FR\">emploi).<\/span><\/li>\n<li><span lang=\"FR\">Am<\/span><span lang=\"FR\">\u00e9<\/span><span lang=\"FR\">liore le niveau d<\/span><span lang=\"FR\">\u2019<\/span><span lang=\"FR\">employabilit<\/span><span lang=\"FR\">\u00e9<\/span><span lang=\"FR\">\u00a0<\/span><span lang=\"FR\">du professionnel.<\/span><\/li>\n<li><span lang=\"FR\">Pr<\/span><span lang=\"FR\">\u00e9<\/span><span lang=\"FR\">pare la personne du point de vue de l<\/span><span lang=\"FR\">\u2019<\/span><span lang=\"FR\">attitude et des techniques dans la recherche d<\/span><span lang=\"FR\">\u2019<\/span><span lang=\"FR\">emploi et la prise de d<\/span><span lang=\"FR\">\u00e9<\/span><span lang=\"FR\">cision.<\/span><\/li>\n<li><span lang=\"FR\">Sert de guide, de conseil et d<\/span><span lang=\"FR\">\u2019<\/span><span lang=\"FR\">encouragement dans le processus de recherche d<\/span><span lang=\"FR\">\u2019<\/span><span lang=\"FR\">un nouvel emploi.<\/span><\/li>\n<\/ul>\n<p><span lang=\"FR\">La dur<\/span><span lang=\"FR\">\u00e9<\/span><span lang=\"FR\">e moyenne de ce type de services est g<\/span><span lang=\"FR\">\u00e9<\/span><span lang=\"FR\">n<\/span><span lang=\"FR\">\u00e9<\/span><span lang=\"FR\">ralement de 6 mois et la m<\/span><span lang=\"FR\">\u00e9<\/span><span lang=\"FR\">thodologie de travail est la suivante:<\/span><\/p>\n<p style=\"padding-left: 30px;\"><strong><span lang=\"FR\">Premi<\/span><span lang=\"FR\">\u00e8<\/span><span lang=\"FR\">re phase: Identification du point de d<\/span><span lang=\"FR\">\u00e9<\/span><span lang=\"FR\">part.<\/span><\/strong><\/p>\n<p style=\"padding-left: 30px;\"><span lang=\"FR\">Analyse du point de d<\/span><span lang=\"FR\">\u00e9<\/span><span lang=\"FR\">part en employabilit<\/span><span lang=\"FR\">\u00e9<\/span><span lang=\"FR\">\u00a0<\/span><span lang=\"FR\">(CV, tests de personnalit<\/span><span lang=\"FR\">\u00e9<\/span><span lang=\"FR\">\u00a0<\/span><span lang=\"FR\">et de comp<\/span><span lang=\"FR\">\u00e9<\/span><span lang=\"FR\">tences, entretien de parcours professionnel et d<\/span><span lang=\"FR\">\u2019<\/span><span lang=\"FR\">aspirations).<\/span><\/p>\n<p style=\"padding-left: 30px;\"><strong><span lang=\"FR\">Deuxi<\/span><span lang=\"FR\">\u00e8<\/span><span lang=\"FR\">me phase: D<\/span><span lang=\"FR\">\u00e9<\/span><span lang=\"FR\">finition concert<\/span><span lang=\"FR\">\u00e9<\/span><span lang=\"FR\">e d<\/span><span lang=\"FR\">\u2019<\/span><span lang=\"FR\">un plan d<\/span><span lang=\"FR\">\u2019<\/span><span lang=\"FR\">action.<\/span><\/strong><\/p>\n<p style=\"padding-left: 30px;\"><span lang=\"FR\">Analyse du rapport initial et entretien sur les points critiques afin de d<\/span><span lang=\"FR\">\u00e9<\/span><span lang=\"FR\">finir un plan d<\/span><span lang=\"FR\">\u2019<\/span><span lang=\"FR\">action pour renforcer vos comp<\/span><span lang=\"FR\">\u00e9<\/span><span lang=\"FR\">tences et capacit<\/span><span lang=\"FR\">\u00e9<\/span><span lang=\"FR\">s sur la base d<\/span><span lang=\"FR\">\u2019<\/span><span lang=\"FR\">identification d<\/span><span lang=\"FR\">\u2019<\/span><span lang=\"FR\">action de formation et d<\/span><span lang=\"FR\">\u2019<\/span><span lang=\"FR\">am<\/span><span lang=\"FR\">\u00e9<\/span><span lang=\"FR\">liorations imm<\/span><span lang=\"FR\">\u00e9<\/span><span lang=\"FR\">diates.<\/span><\/p>\n<p style=\"padding-left: 30px;\"><strong><span lang=\"FR\">Troisi<\/span><span lang=\"FR\">\u00e8<\/span><span lang=\"FR\">me phase: Identification des entreprises, des secteurs\u00a0<\/span><span lang=\"FR\">\u00e9<\/span><span lang=\"FR\">conomiques, des institutions ou des offres d<\/span><span lang=\"FR\">\u2019<\/span><span lang=\"FR\">int<\/span><span lang=\"FR\">\u00e9<\/span><span lang=\"FR\">r<\/span><span lang=\"FR\">\u00ea<\/span><span lang=\"FR\">t.<\/span><\/strong><\/p>\n<p style=\"padding-left: 30px;\"><span lang=\"FR\">Identification des entreprises et des secteurs d<\/span><span lang=\"FR\">\u2019<\/span><span lang=\"FR\">int<\/span><span lang=\"FR\">\u00e9<\/span><span lang=\"FR\">r<\/span><span lang=\"FR\">\u00ea<\/span><span lang=\"FR\">t sur le march<\/span><span lang=\"FR\">\u00e9<\/span><span lang=\"FR\">\u00a0<\/span><span lang=\"FR\">du travail et des alternatives de formation.<\/span><\/p>\n<p style=\"padding-left: 30px;\"><strong><span lang=\"FR\">Quatri<\/span><span lang=\"FR\">\u00e8<\/span><span lang=\"FR\">me phase: Adaptation du CV et pr<\/span><span lang=\"FR\">\u00e9<\/span><span lang=\"FR\">paration en vue des entretiens de s<\/span><span lang=\"FR\">\u00e9<\/span><span lang=\"FR\">lection.<\/span><\/strong><\/p>\n<p style=\"padding-left: 30px;\"><span lang=\"FR\">Pr<\/span><span lang=\"FR\">\u00e9<\/span><span lang=\"FR\">paration de la candidature pour la recherche d<\/span><span lang=\"FR\">\u2019<\/span><span lang=\"FR\">emploi dont pr<\/span><span lang=\"FR\">\u00e9<\/span><span lang=\"FR\">paration d<\/span><span lang=\"FR\">\u2019<\/span><span lang=\"FR\">entretien, adaptation de CV<\/span><span lang=\"FR\">\u2026<\/span><\/p>\n<p style=\"padding-left: 30px;\"><strong><span lang=\"FR\">Cinqui<\/span><span lang=\"FR\">\u00e8<\/span><span lang=\"FR\">me phase: Suivi, adaptation et\u00a0<\/span><span lang=\"FR\">\u00e9<\/span><span lang=\"FR\">valuation du plan.<\/span><\/strong><\/p>\n<p style=\"padding-left: 30px;\"><span lang=\"FR\">Sessions ponctuelles pour pr<\/span><span lang=\"FR\">\u00e9<\/span><span lang=\"FR\">parer et\/ou adapter son CV et si besoin entretien selon l<\/span><span lang=\"FR\">\u2019<\/span><span lang=\"FR\">offre s<\/span><span lang=\"FR\">\u00e9<\/span><span lang=\"FR\">lectionn<\/span><span lang=\"FR\">\u00e9<\/span><span lang=\"FR\">e.<\/span><\/p>\n<p><span lang=\"FR\">La <strong>m<\/strong><\/span><strong><span lang=\"FR\">\u00e9<\/span><span lang=\"FR\">thodologie suivie par la Fondation KOINE AEQUALITAS<\/span><span lang=\"FR\">\u00a0<\/span><span lang=\"FR\">permet de:<\/span><\/strong><\/p>\n<ol>\n<li><span lang=\"FR\">Analyser la situation dans laquelle se trouve la personne en recherche de renforcement attitudinal pour se confronter au changement.<\/span><\/li>\n<li><span lang=\"FR\">Responsabiliser la personne int<\/span><span lang=\"FR\">\u00e9<\/span><span lang=\"FR\">ress<\/span><span lang=\"FR\">\u00e9<\/span><span lang=\"FR\">e par l<\/span><span lang=\"FR\">\u2019<\/span><span lang=\"FR\">am<\/span><span lang=\"FR\">\u00e9<\/span><span lang=\"FR\">lioration de sa situation.<\/span><\/li>\n<li>Analyser le profil interne : professionnel, forces, r<span lang=\"FR\">\u00e9<\/span><span lang=\"FR\">ussites, faiblesses.<\/span><\/li>\n<li>Analyser l<span lang=\"FR\">\u2019<\/span><span lang=\"FR\">environnement : r<\/span><span lang=\"FR\">\u00e9<\/span><span lang=\"FR\">affectation, march<\/span><span lang=\"FR\">\u00e9<\/span><span lang=\"FR\">, alternatives professionnelles, d<\/span><span lang=\"FR\">\u00e9<\/span><span lang=\"FR\">finition de l<\/span><span lang=\"FR\">\u2019<\/span><span lang=\"FR\">objectif.<\/span><\/li>\n<li>D<span lang=\"FR\">\u00e9<\/span><span lang=\"FR\">finir la strat<\/span><span lang=\"FR\">\u00e9<\/span><span lang=\"FR\">gie pour atteindre l<\/span><span lang=\"FR\">\u2019<\/span><span lang=\"FR\">objectif : formation\/r<\/span><span lang=\"FR\">\u00e9<\/span><span lang=\"FR\">orientation professionnelle<\/span><\/li>\n<li>Orienter, conseiller et soutenir de mani<span lang=\"FR\">\u00e8<\/span><span lang=\"FR\">re continue\u00a0<\/span><span lang=\"FR\">\u00e0<\/span><span lang=\"FR\">\u00a0<\/span><span lang=\"FR\">travers la strat<\/span><span lang=\"FR\">\u00e9<\/span><span lang=\"FR\">gie d<\/span><span lang=\"FR\">\u00e9<\/span><span lang=\"FR\">finie pour la r<\/span><span lang=\"FR\">\u00e9<\/span><span lang=\"FR\">alisation de l<\/span><span lang=\"FR\">\u2019<\/span><span lang=\"FR\">objectif<\/span>\n<p>&nbsp;<\/p>\n<\/li>\n<\/ol>\n<p>[\/et_pb_text][\/et_pb_column][\/et_pb_row][\/et_pb_section][et_pb_section fb_built=\u00a0\u00bb1&Prime; _builder_version=\u00a0\u00bb3.18.7&Prime; custom_margin=\u00a0\u00bb0px||0px\u00a0\u00bb custom_padding=\u00a0\u00bb38px||0px||false|false\u00a0\u00bb][et_pb_row custom_padding=\u00a0\u00bb0px||0px\u00a0\u00bb custom_margin=\u00a0\u00bb0px||0px|\u00a0\u00bb make_equal=\u00a0\u00bbon\u00a0\u00bb padding_top_1=\u00a0\u00bb0px\u00a0\u00bb padding_top_2=\u00a0\u00bb0px\u00a0\u00bb padding_bottom_1=\u00a0\u00bb0px\u00a0\u00bb padding_bottom_2=\u00a0\u00bb0px\u00a0\u00bb custom_css_main_2=\u00a0\u00bb display: flex;|| flex-direction: column;|| justify-content: center;\u00a0\u00bb _builder_version=\u00a0\u00bb3.18.7&Prime;][et_pb_column type=\u00a0\u00bb4_4&Prime; _builder_version=\u00a0\u00bb3.18.7&Prime; padding_bottom=\u00a0\u00bb0px\u00a0\u00bb padding_top=\u00a0\u00bb0px\u00a0\u00bb parallax=\u00a0\u00bboff\u00a0\u00bb parallax_method=\u00a0\u00bbon\u00a0\u00bb][et_pb_text _builder_version=\u00a0\u00bb3.18.7&Prime;]<\/p>\n<h2 style=\"text-align: left;\">T\u00c9MOIGNAGES DE NOTRE TRAVAIL<\/h2>\n<p>[\/et_pb_text][\/et_pb_column][\/et_pb_row][et_pb_row custom_padding=\u00a0\u00bb0px||0px\u00a0\u00bb custom_margin=\u00a0\u00bb0px||0px|\u00a0\u00bb make_equal=\u00a0\u00bbon\u00a0\u00bb padding_top_1=\u00a0\u00bb0px\u00a0\u00bb padding_top_2=\u00a0\u00bb0px\u00a0\u00bb padding_bottom_1=\u00a0\u00bb0px\u00a0\u00bb padding_bottom_2=\u00a0\u00bb0px\u00a0\u00bb custom_css_main_2=\u00a0\u00bb display: flex;|| flex-direction: column;|| justify-content: center;\u00a0\u00bb _builder_version=\u00a0\u00bb3.18.7&Prime;][et_pb_column type=\u00a0\u00bb3_5&Prime; _builder_version=\u00a0\u00bb3.18.7&Prime; padding_bottom=\u00a0\u00bb0px\u00a0\u00bb padding_top=\u00a0\u00bb0px\u00a0\u00bb parallax=\u00a0\u00bboff\u00a0\u00bb parallax_method=\u00a0\u00bbon\u00a0\u00bb][et_pb_text _builder_version=\u00a0\u00bb3.18.7&Prime;]<\/p>\n<p><strong>JAVIER GALINDO<\/strong><\/p>\n<blockquote>\n<p>J&rsquo;ai trouv\u00e9 l&rsquo;itin\u00e9raire \u00e0 suivre tr\u00e8s utile pour trouver des offres d&#8217;emploi.<\/p>\n<p>Sur le plan personnel, le traitement et l&rsquo;attention \u00e9taient imbattables.<\/p>\n<p><span style=\"font-size: 16px;\">Merci.<\/span><\/p>\n<\/blockquote>\n<p>[\/et_pb_text][\/et_pb_column][et_pb_column type=\u00a0\u00bb2_5&Prime; _builder_version=\u00a0\u00bb3.18.7&Prime; padding_bottom=\u00a0\u00bb0px\u00a0\u00bb padding_top=\u00a0\u00bb0px\u00a0\u00bb parallax=\u00a0\u00bboff\u00a0\u00bb parallax_method=\u00a0\u00bbon\u00a0\u00bb custom_css_main=\u00a0\u00bb display: flex;|| flex-direction: column;|| justify-content: center;\u00a0\u00bb][et_pb_image src=\u00a0\u00bbhttps:\/\/www.koine-aequalitas.org\/wp-content\/uploads\/2020\/12\/Javier-Galindo.jpg\u00a0\u00bb _builder_version=\u00a0\u00bb3.18.7&Prime; border_radii=\u00a0\u00bbon|90px|90px|90px|90px\u00a0\u00bb custom_padding=\u00a0\u00bb0px||0px\u00a0\u00bb][\/et_pb_image][\/et_pb_column][\/et_pb_row][et_pb_row custom_padding=\u00a0\u00bb0px||0px\u00a0\u00bb custom_margin=\u00a0\u00bb0px||0px|\u00a0\u00bb make_equal=\u00a0\u00bbon\u00a0\u00bb padding_top_1=\u00a0\u00bb0px\u00a0\u00bb padding_top_2=\u00a0\u00bb0px\u00a0\u00bb padding_bottom_1=\u00a0\u00bb0px\u00a0\u00bb padding_bottom_2=\u00a0\u00bb0px\u00a0\u00bb custom_css_main_2=\u00a0\u00bb display: flex;|| flex-direction: column;|| justify-content: center;\u00a0\u00bb _builder_version=\u00a0\u00bb3.18.7&Prime;][et_pb_column type=\u00a0\u00bb3_5&Prime; _builder_version=\u00a0\u00bb3.18.7&Prime; padding_bottom=\u00a0\u00bb0px\u00a0\u00bb padding_top=\u00a0\u00bb0px\u00a0\u00bb parallax=\u00a0\u00bboff\u00a0\u00bb parallax_method=\u00a0\u00bbon\u00a0\u00bb][et_pb_text _builder_version=\u00a0\u00bb3.18.7&Prime;]<\/p>\n<p><strong>ALFA LIRIANO<\/strong><\/p>\n<blockquote>\n<p>Bonjour, j&rsquo;ai ador\u00e9 le traitement que j&rsquo;ai eu avec les filles de l&rsquo;agence pour l&#8217;emploi, elles m&rsquo;ont appris \u00e0 am\u00e9liorer la pr\u00e9sentation et la conception de mon CV.<\/p>\n<p><span style=\"font-size: 16px;\">Merci beaucoup.<\/span><\/p>\n<\/blockquote>\n<p>[\/et_pb_text][\/et_pb_column][et_pb_column type=\u00a0\u00bb2_5&Prime; _builder_version=\u00a0\u00bb3.18.7&Prime; padding_bottom=\u00a0\u00bb0px\u00a0\u00bb padding_top=\u00a0\u00bb0px\u00a0\u00bb parallax=\u00a0\u00bboff\u00a0\u00bb parallax_method=\u00a0\u00bbon\u00a0\u00bb custom_css_main=\u00a0\u00bb display: flex;|| flex-direction: column;|| justify-content: center;\u00a0\u00bb][et_pb_image src=\u00a0\u00bbhttps:\/\/www.koine-aequalitas.org\/wp-content\/uploads\/2020\/12\/Alfa-Liriano.jpg\u00a0\u00bb _builder_version=\u00a0\u00bb3.18.7&Prime; border_radii=\u00a0\u00bbon|90px|90px|90px|90px\u00a0\u00bb custom_padding=\u00a0\u00bb0px||0px\u00a0\u00bb][\/et_pb_image][\/et_pb_column][\/et_pb_row][et_pb_row custom_padding=\u00a0\u00bb0px||0px\u00a0\u00bb custom_margin=\u00a0\u00bb0px||0px|\u00a0\u00bb make_equal=\u00a0\u00bbon\u00a0\u00bb padding_top_1=\u00a0\u00bb0px\u00a0\u00bb padding_top_2=\u00a0\u00bb0px\u00a0\u00bb padding_bottom_1=\u00a0\u00bb0px\u00a0\u00bb padding_bottom_2=\u00a0\u00bb0px\u00a0\u00bb custom_css_main_2=\u00a0\u00bb display: flex;|| flex-direction: column;|| justify-content: center;\u00a0\u00bb _builder_version=\u00a0\u00bb3.18.7&Prime;][et_pb_column type=\u00a0\u00bb3_5&Prime; _builder_version=\u00a0\u00bb3.18.7&Prime; padding_bottom=\u00a0\u00bb0px\u00a0\u00bb padding_top=\u00a0\u00bb0px\u00a0\u00bb parallax=\u00a0\u00bboff\u00a0\u00bb parallax_method=\u00a0\u00bbon\u00a0\u00bb][et_pb_text _builder_version=\u00a0\u00bb3.18.7&Prime;]<\/p>\n<p><strong>TATIANA MAVRODI<\/strong><\/p>\n<blockquote>\n<p>Mon opinion sur le service d&rsquo;orientation est tr\u00e8s bonne, beaucoup d&rsquo;informations importantes, toutes tr\u00e8s bien expliqu\u00e9es et inform\u00e9es sur diverses choses comme trouver un emploi. De nombreuses explications comme la recherche d&rsquo;offres d&#8217;emploi sur Internet. Ils m&rsquo;ont aid\u00e9 \u00e0 faire un bon CV.<\/p>\n<\/blockquote>\n<p>[\/et_pb_text][\/et_pb_column][et_pb_column type=\u00a0\u00bb2_5&Prime; _builder_version=\u00a0\u00bb3.18.7&Prime; padding_bottom=\u00a0\u00bb0px\u00a0\u00bb padding_top=\u00a0\u00bb0px\u00a0\u00bb parallax=\u00a0\u00bboff\u00a0\u00bb parallax_method=\u00a0\u00bbon\u00a0\u00bb custom_css_main=\u00a0\u00bb display: flex;|| flex-direction: column;|| justify-content: center;\u00a0\u00bb][et_pb_image src=\u00a0\u00bbhttps:\/\/www.koine-aequalitas.org\/wp-content\/uploads\/2020\/12\/TATIANA-MAVRODI-koine.jpg\u00a0\u00bb _builder_version=\u00a0\u00bb3.18.7&Prime; border_radii=\u00a0\u00bbon|90px|90px|90px|90px\u00a0\u00bb max_width=\u00a0\u00bb31%\u00a0\u00bb custom_padding=\u00a0\u00bb0px||0px\u00a0\u00bb][\/et_pb_image][\/et_pb_column][\/et_pb_row][\/et_pb_section]<\/p>\n","protected":false},"excerpt":{"rendered":"<p>En quoi consiste la r\u00e9affectation professionnelle? Il s\u2019agit d\u2019un service de la Fondation KOINE AEQUALITAS dans le but de donner une r\u00e9ponse pratique, efficace et continue aux besoins de d\u00e9veloppement des entreprises et\u00a0\u00e0\u00a0la recherche d\u2019opportunit\u00e9s professionnelles des particuliers et des travailleurs en activit\u00e9. Il propose une m\u00e9thode qui offre des garanties, la s\u00e9curit\u00e9\u00a0et la stabilit\u00e9\u00a0dans [&hellip;]<\/p>\n","protected":false},"author":1,"featured_media":0,"parent":0,"menu_order":0,"comment_status":"closed","ping_status":"closed","template":"","meta":{"_et_pb_use_builder":"on","_et_pb_old_content":"","_et_gb_content_width":"","footnotes":""},"class_list":["post-394","page","type-page","status-publish","hentry"],"yoast_head":"<!-- This site is optimized with the Yoast SEO plugin v27.5 - https:\/\/yoast.com\/product\/yoast-seo-wordpress\/ -->\n<title>Recolocaci\u00f3n - Koine<\/title>\n<meta name=\"robots\" content=\"index, follow, max-snippet:-1, max-image-preview:large, max-video-preview:-1\" \/>\n<link rel=\"canonical\" href=\"https:\/\/www.koine-aequalitas.org\/servicio-de-recolocacion-para-empresas-ere\/\" \/>\n<meta property=\"og:locale\" content=\"fr_FR\" \/>\n<meta property=\"og:type\" content=\"article\" \/>\n<meta property=\"og:title\" content=\"Recolocaci\u00f3n - Koine\" \/>\n<meta property=\"og:description\" content=\"En quoi consiste la r\u00e9affectation professionnelle? Il s\u2019agit d\u2019un service de la Fondation KOINE AEQUALITAS dans le but de donner une r\u00e9ponse pratique, efficace et continue aux besoins de d\u00e9veloppement des entreprises et\u00a0\u00e0\u00a0la recherche d\u2019opportunit\u00e9s professionnelles des particuliers et des travailleurs en activit\u00e9. Il propose une m\u00e9thode qui offre des garanties, la s\u00e9curit\u00e9\u00a0et la stabilit\u00e9\u00a0dans [&hellip;]\" \/>\n<meta property=\"og:url\" content=\"https:\/\/www.koine-aequalitas.org\/servicio-de-recolocacion-para-empresas-ere\/\" \/>\n<meta property=\"og:site_name\" content=\"Koine\" \/>\n<meta property=\"article:modified_time\" content=\"2020-12-19T08:23:46+00:00\" \/>\n<meta name=\"twitter:card\" content=\"summary_large_image\" \/>\n<meta name=\"twitter:label1\" content=\"Dur\u00e9e de lecture estim\u00e9e\" \/>\n\t<meta name=\"twitter:data1\" content=\"8 minutes\" \/>\n<script type=\"application\/ld+json\" class=\"yoast-schema-graph\">{\"@context\":\"https:\\\/\\\/schema.org\",\"@graph\":[{\"@type\":\"WebPage\",\"@id\":\"https:\\\/\\\/www.koine-aequalitas.org\\\/servicio-de-recolocacion-para-empresas-ere\\\/\",\"url\":\"https:\\\/\\\/www.koine-aequalitas.org\\\/servicio-de-recolocacion-para-empresas-ere\\\/\",\"name\":\"Recolocaci\u00f3n - Koine\",\"isPartOf\":{\"@id\":\"https:\\\/\\\/www.koine-aequalitas.org\\\/#website\"},\"datePublished\":\"2018-07-30T19:11:33+00:00\",\"dateModified\":\"2020-12-19T08:23:46+00:00\",\"breadcrumb\":{\"@id\":\"https:\\\/\\\/www.koine-aequalitas.org\\\/servicio-de-recolocacion-para-empresas-ere\\\/#breadcrumb\"},\"inLanguage\":\"fr-FR\",\"potentialAction\":[{\"@type\":\"ReadAction\",\"target\":[\"https:\\\/\\\/www.koine-aequalitas.org\\\/servicio-de-recolocacion-para-empresas-ere\\\/\"]}]},{\"@type\":\"BreadcrumbList\",\"@id\":\"https:\\\/\\\/www.koine-aequalitas.org\\\/servicio-de-recolocacion-para-empresas-ere\\\/#breadcrumb\",\"itemListElement\":[{\"@type\":\"ListItem\",\"position\":1,\"name\":\"Portada\",\"item\":\"https:\\\/\\\/www.koine-aequalitas.org\\\/fr\\\/\"},{\"@type\":\"ListItem\",\"position\":2,\"name\":\"Recolocaci\u00f3n\"}]},{\"@type\":\"WebSite\",\"@id\":\"https:\\\/\\\/www.koine-aequalitas.org\\\/#website\",\"url\":\"https:\\\/\\\/www.koine-aequalitas.org\\\/\",\"name\":\"Koine\",\"description\":\"Fundaci\u00f3n para la promoci\u00b4no de derechos de las personas con discapacidad y\\\/o riesgo de exclusi\u00f3n social\",\"potentialAction\":[{\"@type\":\"SearchAction\",\"target\":{\"@type\":\"EntryPoint\",\"urlTemplate\":\"https:\\\/\\\/www.koine-aequalitas.org\\\/?s={search_term_string}\"},\"query-input\":{\"@type\":\"PropertyValueSpecification\",\"valueRequired\":true,\"valueName\":\"search_term_string\"}}],\"inLanguage\":\"fr-FR\"}]}<\/script>\n<!-- \/ Yoast SEO plugin. -->","yoast_head_json":{"title":"Recolocaci\u00f3n - Koine","robots":{"index":"index","follow":"follow","max-snippet":"max-snippet:-1","max-image-preview":"max-image-preview:large","max-video-preview":"max-video-preview:-1"},"canonical":"https:\/\/www.koine-aequalitas.org\/servicio-de-recolocacion-para-empresas-ere\/","og_locale":"fr_FR","og_type":"article","og_title":"Recolocaci\u00f3n - Koine","og_description":"En quoi consiste la r\u00e9affectation professionnelle? Il s\u2019agit d\u2019un service de la Fondation KOINE AEQUALITAS dans le but de donner une r\u00e9ponse pratique, efficace et continue aux besoins de d\u00e9veloppement des entreprises et\u00a0\u00e0\u00a0la recherche d\u2019opportunit\u00e9s professionnelles des particuliers et des travailleurs en activit\u00e9. Il propose une m\u00e9thode qui offre des garanties, la s\u00e9curit\u00e9\u00a0et la stabilit\u00e9\u00a0dans [&hellip;]","og_url":"https:\/\/www.koine-aequalitas.org\/servicio-de-recolocacion-para-empresas-ere\/","og_site_name":"Koine","article_modified_time":"2020-12-19T08:23:46+00:00","twitter_card":"summary_large_image","twitter_misc":{"Dur\u00e9e de lecture estim\u00e9e":"8 minutes"},"schema":{"@context":"https:\/\/schema.org","@graph":[{"@type":"WebPage","@id":"https:\/\/www.koine-aequalitas.org\/servicio-de-recolocacion-para-empresas-ere\/","url":"https:\/\/www.koine-aequalitas.org\/servicio-de-recolocacion-para-empresas-ere\/","name":"Recolocaci\u00f3n - Koine","isPartOf":{"@id":"https:\/\/www.koine-aequalitas.org\/#website"},"datePublished":"2018-07-30T19:11:33+00:00","dateModified":"2020-12-19T08:23:46+00:00","breadcrumb":{"@id":"https:\/\/www.koine-aequalitas.org\/servicio-de-recolocacion-para-empresas-ere\/#breadcrumb"},"inLanguage":"fr-FR","potentialAction":[{"@type":"ReadAction","target":["https:\/\/www.koine-aequalitas.org\/servicio-de-recolocacion-para-empresas-ere\/"]}]},{"@type":"BreadcrumbList","@id":"https:\/\/www.koine-aequalitas.org\/servicio-de-recolocacion-para-empresas-ere\/#breadcrumb","itemListElement":[{"@type":"ListItem","position":1,"name":"Portada","item":"https:\/\/www.koine-aequalitas.org\/fr\/"},{"@type":"ListItem","position":2,"name":"Recolocaci\u00f3n"}]},{"@type":"WebSite","@id":"https:\/\/www.koine-aequalitas.org\/#website","url":"https:\/\/www.koine-aequalitas.org\/","name":"Koine","description":"Fundaci\u00f3n para la promoci\u00b4no de derechos de las personas con discapacidad y\/o riesgo de exclusi\u00f3n social","potentialAction":[{"@type":"SearchAction","target":{"@type":"EntryPoint","urlTemplate":"https:\/\/www.koine-aequalitas.org\/?s={search_term_string}"},"query-input":{"@type":"PropertyValueSpecification","valueRequired":true,"valueName":"search_term_string"}}],"inLanguage":"fr-FR"}]}},"_links":{"self":[{"href":"https:\/\/www.koine-aequalitas.org\/fr\/wp-json\/wp\/v2\/pages\/394","targetHints":{"allow":["GET"]}}],"collection":[{"href":"https:\/\/www.koine-aequalitas.org\/fr\/wp-json\/wp\/v2\/pages"}],"about":[{"href":"https:\/\/www.koine-aequalitas.org\/fr\/wp-json\/wp\/v2\/types\/page"}],"author":[{"embeddable":true,"href":"https:\/\/www.koine-aequalitas.org\/fr\/wp-json\/wp\/v2\/users\/1"}],"replies":[{"embeddable":true,"href":"https:\/\/www.koine-aequalitas.org\/fr\/wp-json\/wp\/v2\/comments?post=394"}],"version-history":[{"count":6,"href":"https:\/\/www.koine-aequalitas.org\/fr\/wp-json\/wp\/v2\/pages\/394\/revisions"}],"predecessor-version":[{"id":1654,"href":"https:\/\/www.koine-aequalitas.org\/fr\/wp-json\/wp\/v2\/pages\/394\/revisions\/1654"}],"wp:attachment":[{"href":"https:\/\/www.koine-aequalitas.org\/fr\/wp-json\/wp\/v2\/media?parent=394"}],"curies":[{"name":"wp","href":"https:\/\/api.w.org\/{rel}","templated":true}]}}