{"id":383,"date":"2018-07-30T18:28:14","date_gmt":"2018-07-30T18:28:14","guid":{"rendered":"https:\/\/www.koine-aequalitas.org\/estudios\/"},"modified":"2024-10-30T11:53:35","modified_gmt":"2024-10-30T11:53:35","slug":"etudes","status":"publish","type":"page","link":"https:\/\/www.koine-aequalitas.org\/fr\/etudes\/","title":{"rendered":"\u00c9tudes"},"content":{"rendered":"<p>[et_pb_section fb_built=\u00a0\u00bb1&Prime; fullwidth=\u00a0\u00bbon\u00a0\u00bb _builder_version=\u00a0\u00bb4.16&Prime; global_colors_info=\u00a0\u00bb{}\u00a0\u00bb][et_pb_fullwidth_header title=\u00a0\u00bb\u00c9tudes r\u00e9alis\u00e9es les plus importantes\u00a0\u00bb text_orientation=\u00a0\u00bbcenter\u00a0\u00bb admin_label=\u00a0\u00bbIntroducci\u00f3n\u00a0\u00bb _builder_version=\u00a0\u00bb4.16&Prime; custom_padding=\u00a0\u00bb1em||1em|\u00a0\u00bb text_shadow_style=\u00a0\u00bbpreset1&Prime; global_colors_info=\u00a0\u00bb{}\u00a0\u00bb button_one_text_size__hover_enabled=\u00a0\u00bboff\u00a0\u00bb button_two_text_size__hover_enabled=\u00a0\u00bboff\u00a0\u00bb button_one_text_color__hover_enabled=\u00a0\u00bboff\u00a0\u00bb button_two_text_color__hover_enabled=\u00a0\u00bboff\u00a0\u00bb button_one_border_width__hover_enabled=\u00a0\u00bboff\u00a0\u00bb button_two_border_width__hover_enabled=\u00a0\u00bboff\u00a0\u00bb button_one_border_color__hover_enabled=\u00a0\u00bboff\u00a0\u00bb button_two_border_color__hover_enabled=\u00a0\u00bboff\u00a0\u00bb button_one_border_radius__hover_enabled=\u00a0\u00bboff\u00a0\u00bb button_two_border_radius__hover_enabled=\u00a0\u00bboff\u00a0\u00bb button_one_letter_spacing__hover_enabled=\u00a0\u00bboff\u00a0\u00bb button_two_letter_spacing__hover_enabled=\u00a0\u00bboff\u00a0\u00bb button_one_bg_color__hover_enabled=\u00a0\u00bboff\u00a0\u00bb button_two_bg_color__hover_enabled=\u00a0\u00bboff\u00a0\u00bb][\/et_pb_fullwidth_header][\/et_pb_section][et_pb_section fb_built=\u00a0\u00bb1&Prime; _builder_version=\u00a0\u00bb4.16&Prime; background_color=\u00a0\u00bb#fafafa\u00a0\u00bb global_colors_info=\u00a0\u00bb{}\u00a0\u00bb][et_pb_row _builder_version=\u00a0\u00bb4.16&Prime; global_colors_info=\u00a0\u00bb{}\u00a0\u00bb][et_pb_column type=\u00a0\u00bb4_4&Prime; _builder_version=\u00a0\u00bb4.16&Prime; custom_padding=\u00a0\u00bb|||\u00a0\u00bb global_colors_info=\u00a0\u00bb{}\u00a0\u00bb custom_padding__hover=\u00a0\u00bb|||\u00a0\u00bb][et_pb_text admin_label=\u00a0\u00bbIntroducci\u00f3n\u00a0\u00bb _builder_version=\u00a0\u00bb4.16&Prime; text_orientation=\u00a0\u00bbjustified\u00a0\u00bb global_colors_info=\u00a0\u00bb{}\u00a0\u00bb]<\/p>\n<div class=\"gmail_default\" style=\"text-align: left;\">\u00c9tudes r\u00e9alis\u00e9es les plus importantes<\/div>\n<p>[\/et_pb_text][\/et_pb_column][\/et_pb_row][\/et_pb_section][et_pb_section fb_built=\u00a0\u00bb1&Prime; _builder_version=\u00a0\u00bb4.16&Prime; global_colors_info=\u00a0\u00bb{}\u00a0\u00bb][et_pb_row _builder_version=\u00a0\u00bb4.16&Prime; background_size=\u00a0\u00bbinitial\u00a0\u00bb background_position=\u00a0\u00bbtop_left\u00a0\u00bb background_repeat=\u00a0\u00bbrepeat\u00a0\u00bb global_colors_info=\u00a0\u00bb{}\u00a0\u00bb column_structure=\u00a0\u00bb1_2,1_2&Prime;][et_pb_column type=\u00a0\u00bb1_2&Prime; _builder_version=\u00a0\u00bb4.16&Prime; custom_padding=\u00a0\u00bb|||\u00a0\u00bb global_colors_info=\u00a0\u00bb{}\u00a0\u00bb custom_padding__hover=\u00a0\u00bb|||\u00a0\u00bb][et_pb_text admin_label=\u00a0\u00bbEVALUACI\u00d3N DE CONVOCATORIAS\u00a0\u00bb _builder_version=\u00a0\u00bb4.27.2&Prime; hover_enabled=\u00a0\u00bb0&Prime; global_colors_info=\u00a0\u00bb{}\u00a0\u00bb sticky_enabled=\u00a0\u00bb0&Prime;]<\/p>\n<h2>FORUM DE RENCONTRE ET D&rsquo;EMPOWERMENT DES ORGANISATIONS SOCIALES<\/h2>\n<p>Initiative visant \u00e0 renforcer l&rsquo;associativit\u00e9 et la coh\u00e9sion sociale en soutenant les personnes impliqu\u00e9es, directement ou indirectement, dans des organisations sociales. Elle promeut l&rsquo;am\u00e9lioration de la gestion et de la participation sociale au sein de ces organisations, tout en favorisant la cr\u00e9ation de r\u00e9seaux collaboratifs entre elles. <strong>Des Forums de Rencontre, des Actions de Formation Continue, des Actions de Mentorat Social et des Actions de Transfert de Connaissances ont \u00e9t\u00e9 mis en place<\/strong>.<\/p>\n<p>[\/et_pb_text][\/et_pb_column][et_pb_column type=\u00a0\u00bb1_2&Prime; _builder_version=\u00a0\u00bb4.16&Prime; custom_padding=\u00a0\u00bb|||\u00a0\u00bb global_colors_info=\u00a0\u00bb{}\u00a0\u00bb custom_padding__hover=\u00a0\u00bb|||\u00a0\u00bb][et_pb_image src=\u00a0\u00bbhttps:\/\/www.koine-aequalitas.org\/wp-content\/uploads\/2019\/11\/Foro-de-encuentro-organizaciones-sociales-Koine-Aequalitas.jpg\u00a0\u00bb align_tablet=\u00a0\u00bbcenter\u00a0\u00bb align_last_edited=\u00a0\u00bbon|desktop\u00a0\u00bb _builder_version=\u00a0\u00bb4.27.2&Prime; hover_enabled=\u00a0\u00bb0&Prime; global_colors_info=\u00a0\u00bb{}\u00a0\u00bb alt=\u00a0\u00bbForo de encuentro organizaciones sociales Koine Aequalitas\u00a0\u00bb title_text=\u00a0\u00bbForo de encuentro organizaciones sociales Koine Aequalitas\u00a0\u00bb sticky_enabled=\u00a0\u00bb0&Prime; align_phone=\u00a0\u00bbcenter\u00a0\u00bb][\/et_pb_image][\/et_pb_column][\/et_pb_row][\/et_pb_section][et_pb_section fb_built=\u00a0\u00bb1&Prime; _builder_version=\u00a0\u00bb4.16&Prime; global_colors_info=\u00a0\u00bb{}\u00a0\u00bb][et_pb_row _builder_version=\u00a0\u00bb4.16&Prime; background_size=\u00a0\u00bbinitial\u00a0\u00bb background_position=\u00a0\u00bbtop_left\u00a0\u00bb background_repeat=\u00a0\u00bbrepeat\u00a0\u00bb global_colors_info=\u00a0\u00bb{}\u00a0\u00bb column_structure=\u00a0\u00bb1_2,1_2&Prime;][et_pb_column type=\u00a0\u00bb1_2&Prime; _builder_version=\u00a0\u00bb4.16&Prime; custom_padding=\u00a0\u00bb|||\u00a0\u00bb global_colors_info=\u00a0\u00bb{}\u00a0\u00bb custom_padding__hover=\u00a0\u00bb|||\u00a0\u00bb][et_pb_image src=\u00a0\u00bbhttps:\/\/www.koine-aequalitas.org\/wp-content\/uploads\/2018\/09\/shutterstock_95506066.jpg\u00a0\u00bb align_tablet=\u00a0\u00bbcenter\u00a0\u00bb align_last_edited=\u00a0\u00bbon|desktop\u00a0\u00bb _builder_version=\u00a0\u00bb4.27.2&Prime; hover_enabled=\u00a0\u00bb0&Prime; global_colors_info=\u00a0\u00bb{}\u00a0\u00bb title_text=\u00a0\u00bbshutterstock_95506066&Prime; sticky_enabled=\u00a0\u00bb0&Prime; align_phone=\u00a0\u00bbcenter\u00a0\u00bb][\/et_pb_image][\/et_pb_column][et_pb_column type=\u00a0\u00bb1_2&Prime; _builder_version=\u00a0\u00bb4.16&Prime; custom_padding=\u00a0\u00bb|||\u00a0\u00bb global_colors_info=\u00a0\u00bb{}\u00a0\u00bb custom_padding__hover=\u00a0\u00bb|||\u00a0\u00bb][et_pb_text admin_label=\u00a0\u00bbEVALUACI\u00d3N DE CONVOCATORIAS\u00a0\u00bb _builder_version=\u00a0\u00bb4.27.2&Prime; hover_enabled=\u00a0\u00bb0&Prime; global_colors_info=\u00a0\u00bb{}\u00a0\u00bb sticky_enabled=\u00a0\u00bb0&Prime;]<\/p>\n<h2>CLUSTER TECHNOLOGIES INNOVANTES POUR L&rsquo;AM\u00c9LIORATION DE LA QUALIT\u00c9 DE VIE<\/h2>\n<p><span style=\"font-size: 16px;\">Nous participons depuis le d\u00e9but \u00e0 la cr\u00e9ation du cluster aux c\u00f4t\u00e9s d&rsquo;organisations de diverses natures telles qu&rsquo;ADACEN, ASPACE, la CLINIQUE PADRE MENNI, la MUTUA NAVARRA, l&rsquo;Universit\u00e9 Publique de Navarre (UPNA) et NAVARRABIOMED. De plus, des entreprises comme ALDAKIN, MOVALSYS, OSF, PHARMAMODELLING et TESICNOR se sont \u00e9galement impliqu\u00e9es.<\/span><\/p>\n<p><span style=\"font-size: 16px;\">Parmi ses objectifs, il vise \u00e0 faciliter et \u00e0 obtenir le soutien des administrations publiques pour des mod\u00e8les de pr\u00e9vention et de prise en charge du vieillissement, du handicap et de la qualit\u00e9 de vie, int\u00e9grant l&rsquo;innovation, la technologie et g\u00e9n\u00e9rant un impact social<br \/>.<\/span><\/p>\n<p>[\/et_pb_text][\/et_pb_column][\/et_pb_row][\/et_pb_section][et_pb_section fb_built=\u00a0\u00bb1&Prime; _builder_version=\u00a0\u00bb4.16&Prime; global_colors_info=\u00a0\u00bb{}\u00a0\u00bb][et_pb_row _builder_version=\u00a0\u00bb4.16&Prime; background_size=\u00a0\u00bbinitial\u00a0\u00bb background_position=\u00a0\u00bbtop_left\u00a0\u00bb background_repeat=\u00a0\u00bbrepeat\u00a0\u00bb global_colors_info=\u00a0\u00bb{}\u00a0\u00bb column_structure=\u00a0\u00bb1_2,1_2&Prime;][et_pb_column type=\u00a0\u00bb1_2&Prime; _builder_version=\u00a0\u00bb4.16&Prime; custom_padding=\u00a0\u00bb|||\u00a0\u00bb global_colors_info=\u00a0\u00bb{}\u00a0\u00bb custom_padding__hover=\u00a0\u00bb|||\u00a0\u00bb][et_pb_text admin_label=\u00a0\u00bbEVALUACI\u00d3N DE CONVOCATORIAS\u00a0\u00bb _builder_version=\u00a0\u00bb4.16&Prime; global_colors_info=\u00a0\u00bb{}\u00a0\u00bb]<\/p>\n<h2>BESOIN DE DIAGNOSTIC DES FEMMES AUTONOMES EN NAVARREEN MATERIA DE CONCILIATION FAMILIALE, TRAVAIL\u00a0 ET PERSONNEL<\/h2>\n<p><span style=\"font-size: 16px;\">L&rsquo;objectif de l&rsquo;\u00e9tude financ\u00e9e par le service d&#8217;emploi de Navarre \u00e9tait de faire une approche des besoins des femmes de Navarre qui travaillent comme ind\u00e9pendantes afin d&rsquo;\u00e9tablir et de planifier des ressources et des soutiens qui r\u00e9pondraient de mani\u00e8re efficace, efficiente et pertinente \u00e0 leurs besoins de conciliation de la vie personnelle, familiale et professionnelle, en promouvant l&rsquo;\u00e9galit\u00e9 des sexes dans le cadre du travail autonome.<\/span><\/p>\n<p>[\/et_pb_text][\/et_pb_column][et_pb_column type=\u00a0\u00bb1_2&Prime; _builder_version=\u00a0\u00bb4.16&Prime; custom_padding=\u00a0\u00bb|||\u00a0\u00bb global_colors_info=\u00a0\u00bb{}\u00a0\u00bb custom_padding__hover=\u00a0\u00bb|||\u00a0\u00bb][et_pb_image src=\u00a0\u00bbhttps:\/\/www.koine-aequalitas.org\/wp-content\/uploads\/2019\/11\/Necesidades-de-mujeres-autonomas-en-Navarra.jpg\u00a0\u00bb align_tablet=\u00a0\u00bbcenter\u00a0\u00bb align_last_edited=\u00a0\u00bbon|desktop\u00a0\u00bb _builder_version=\u00a0\u00bb4.16&Prime; global_colors_info=\u00a0\u00bb{}\u00a0\u00bb align_phone=\u00a0\u00bbcenter\u00a0\u00bb][\/et_pb_image][\/et_pb_column][\/et_pb_row][\/et_pb_section][et_pb_section fb_built=\u00a0\u00bb1&Prime; _builder_version=\u00a0\u00bb4.16&Prime; background_color=\u00a0\u00bb#fafafa\u00a0\u00bb global_colors_info=\u00a0\u00bb{}\u00a0\u00bb][et_pb_row _builder_version=\u00a0\u00bb4.16&Prime; background_size=\u00a0\u00bbinitial\u00a0\u00bb background_position=\u00a0\u00bbtop_left\u00a0\u00bb background_repeat=\u00a0\u00bbrepeat\u00a0\u00bb global_colors_info=\u00a0\u00bb{}\u00a0\u00bb column_structure=\u00a0\u00bb1_2,1_2&Prime;][et_pb_column type=\u00a0\u00bb1_2&Prime; _builder_version=\u00a0\u00bb4.16&Prime; custom_padding=\u00a0\u00bb|||\u00a0\u00bb global_colors_info=\u00a0\u00bb{}\u00a0\u00bb custom_padding__hover=\u00a0\u00bb|||\u00a0\u00bb][et_pb_image src=\u00a0\u00bbhttps:\/\/www.koine-aequalitas.org\/wp-content\/uploads\/2019\/11\/Brecha-digital-en-mayores-en-Navarra-Koine-Aequalitas.jpg\u00a0\u00bb align_tablet=\u00a0\u00bbcenter\u00a0\u00bb align_last_edited=\u00a0\u00bbon|desktop\u00a0\u00bb _builder_version=\u00a0\u00bb4.16&Prime; global_colors_info=\u00a0\u00bb{}\u00a0\u00bb align_phone=\u00a0\u00bbcenter\u00a0\u00bb][\/et_pb_image][\/et_pb_column][et_pb_column type=\u00a0\u00bb1_2&Prime; _builder_version=\u00a0\u00bb4.16&Prime; custom_padding=\u00a0\u00bb|||\u00a0\u00bb global_colors_info=\u00a0\u00bb{}\u00a0\u00bb custom_padding__hover=\u00a0\u00bb|||\u00a0\u00bb][et_pb_text admin_label=\u00a0\u00bbEL ABORDAJE DE LA VIOLENCIA\u00a0\u00bb _builder_version=\u00a0\u00bb4.16&Prime; global_colors_info=\u00a0\u00bb{}\u00a0\u00bb]<\/p>\n<h2>DIAGNOSTIC ECART NUM\u00c9RIQUE DANS LES PERSONNES \u00c2G\u00c9ES DE LA COMMUNAUT\u00c9 FORAL DE NAVARRA<\/h2>\n<p><span>Le gouvernement de Navarre, par le biais de l&rsquo;Observatoire de la r\u00e9alit\u00e9 sociale, a \u00e9labor\u00e9 une \u00e9tude sur \u00abl\u00b4ecart num\u00e9rique chez les personnes \u00e2g\u00e9es dans la communaut\u00e9 r\u00e9gionale de Navarre\u00bb avec l&rsquo;assistance technique de la Fondation Koin\u00e9 Aequalitas. L&rsquo;objectif de cette \u00e9tude \u00e9tait d&rsquo;appr\u00e9hender les difficult\u00e9s rencontr\u00e9es par les personnes de plus de 70 ans issues de la transformation num\u00e9rique de notre environnement, ainsi que de d\u00e9tecter les actions que pouvant \u00eatre d\u00e9velopp\u00e9es par l&rsquo;administration pour surmonter ces obstacles.<\/span><\/p>\n<p>[\/et_pb_text][\/et_pb_column][\/et_pb_row][\/et_pb_section][et_pb_section fb_built=\u00a0\u00bb1&Prime; _builder_version=\u00a0\u00bb4.16&Prime; global_colors_info=\u00a0\u00bb{}\u00a0\u00bb][et_pb_row _builder_version=\u00a0\u00bb4.16&Prime; background_size=\u00a0\u00bbinitial\u00a0\u00bb background_position=\u00a0\u00bbtop_left\u00a0\u00bb background_repeat=\u00a0\u00bbrepeat\u00a0\u00bb global_colors_info=\u00a0\u00bb{}\u00a0\u00bb column_structure=\u00a0\u00bb1_2,1_2&Prime;][et_pb_column type=\u00a0\u00bb1_2&Prime; _builder_version=\u00a0\u00bb4.16&Prime; custom_padding=\u00a0\u00bb|||\u00a0\u00bb global_colors_info=\u00a0\u00bb{}\u00a0\u00bb custom_padding__hover=\u00a0\u00bb|||\u00a0\u00bb][et_pb_text admin_label=\u00a0\u00bbEVALUACI\u00d3N DE CONVOCATORIAS\u00a0\u00bb _builder_version=\u00a0\u00bb4.16&Prime; global_colors_info=\u00a0\u00bb{}\u00a0\u00bb]<\/p>\n<h2>PROPOSITION DE DIAGNOSTIC SOCIAL DE LA POPULATION ROUMAINE GYPSY \u00c0 MILAGROSA<\/h2>\n<p><span style=\"font-size: 16px;\">Avec l&rsquo;aide technique de la Fondation Koine Aequalitas, la Mairie de Pampelune a r\u00e9alis\u00e9 un diagnostic social sur la situation de la communaut\u00e9 roumaine-rom dans le quartier de La Milagrosa, int\u00e9grant \u00e9galement une cartographie des acteurs sociaux. Avec ce projet, une image r\u00e9elle a \u00e9t\u00e9 obtenue de la population roumaine d&rsquo;ethnie gitane (leurs conditions de vie, besoins, mod\u00e8les culturels, etc.), de la situation de coexistence interculturelle avec le collectif de La Milagrosa ainsi que des acteurs sociaux pr\u00e9sents.<\/span><\/p>\n<p>[\/et_pb_text][\/et_pb_column][et_pb_column type=\u00a0\u00bb1_2&Prime; _builder_version=\u00a0\u00bb4.16&Prime; custom_padding=\u00a0\u00bb|||\u00a0\u00bb global_colors_info=\u00a0\u00bb{}\u00a0\u00bb custom_padding__hover=\u00a0\u00bb|||\u00a0\u00bb][et_pb_image src=\u00a0\u00bbhttps:\/\/www.koine-aequalitas.org\/wp-content\/uploads\/2021\/01\/Barrio-Milagrosa-Pamplona.jpg\u00a0\u00bb align_tablet=\u00a0\u00bbcenter\u00a0\u00bb align_last_edited=\u00a0\u00bbon|desktop\u00a0\u00bb _builder_version=\u00a0\u00bb4.16&Prime; global_colors_info=\u00a0\u00bb{}\u00a0\u00bb align_phone=\u00a0\u00bbcenter\u00a0\u00bb][\/et_pb_image][\/et_pb_column][\/et_pb_row][\/et_pb_section][et_pb_section fb_built=\u00a0\u00bb1&Prime; _builder_version=\u00a0\u00bb4.16&Prime; background_color=\u00a0\u00bb#fafafa\u00a0\u00bb global_colors_info=\u00a0\u00bb{}\u00a0\u00bb][et_pb_row _builder_version=\u00a0\u00bb4.16&Prime; background_size=\u00a0\u00bbinitial\u00a0\u00bb background_position=\u00a0\u00bbtop_left\u00a0\u00bb background_repeat=\u00a0\u00bbrepeat\u00a0\u00bb global_colors_info=\u00a0\u00bb{}\u00a0\u00bb column_structure=\u00a0\u00bb1_2,1_2&Prime;][et_pb_column type=\u00a0\u00bb1_2&Prime; _builder_version=\u00a0\u00bb4.16&Prime; custom_padding=\u00a0\u00bb|||\u00a0\u00bb global_colors_info=\u00a0\u00bb{}\u00a0\u00bb custom_padding__hover=\u00a0\u00bb|||\u00a0\u00bb][et_pb_image src=\u00a0\u00bbhttps:\/\/www.koine-aequalitas.org\/wp-content\/uploads\/2018\/09\/shutterstock_637882639.jpg\u00a0\u00bb align_tablet=\u00a0\u00bbcenter\u00a0\u00bb align_last_edited=\u00a0\u00bbon|desktop\u00a0\u00bb _builder_version=\u00a0\u00bb4.16&Prime; global_colors_info=\u00a0\u00bb{}\u00a0\u00bb align_phone=\u00a0\u00bbcenter\u00a0\u00bb][\/et_pb_image][\/et_pb_column][et_pb_column type=\u00a0\u00bb1_2&Prime; _builder_version=\u00a0\u00bb4.16&Prime; custom_padding=\u00a0\u00bb|||\u00a0\u00bb global_colors_info=\u00a0\u00bb{}\u00a0\u00bb custom_padding__hover=\u00a0\u00bb|||\u00a0\u00bb][et_pb_text admin_label=\u00a0\u00bbEL ABORDAJE DE LA VIOLENCIA\u00a0\u00bb _builder_version=\u00a0\u00bb4.16&Prime; global_colors_info=\u00a0\u00bb{}\u00a0\u00bb]<\/p>\n<h2>L\u2019APPROCHE DE LA VIOLENCE LI\u00c9E AU GENRE DANS LE SERVICE DE SANT\u00c9 NAVARRAIS<\/h2>\n<p>Pendant l\u2019ann\u00e9e 2018, la\u00a0Fondation KOINE AEQUALITAS\u00a0collabore \u00e0 cette recherche, command\u00e9e par le Service de Sant\u00e9 Navarrais et \u00e0 laquelle participe l\u2019Universit\u00e9 Publique de Navarre, dont l\u2019objectif est d\u2019analyser les services et les ressources socio-sanitaires disponibles en Navarre afin de d\u00e9tecter et d\u2019aborder la violence li\u00e9e au genre, en comptant sur la perception et l\u2019exp\u00e9rience\u00a0 de tous les agents impliqu\u00e9s (professionnels socio-sanitaires du SNS-O et professionnels externes au SNS-O) et des femmes rescap\u00e9es \u00e9ligibles ou b\u00e9n\u00e9ficiaires de ces ressources. En outre, il essaie d\u2019\u00e9laborer des propositions d\u2019outils (protocoles), de m\u00e9thodologies (codifications explicites) et des ressources (indicateurs r\u00e9currents) pour am\u00e9liorer les degr\u00e9s d\u2019action relatifs au d\u00e9pistage et aux prises en charge, en partant de l\u2019analyse pr\u00e9alable et des bonnes pratiques existantes en mati\u00e8re de violence li\u00e9e au genre au niveau national et international.<\/p>\n<p>[\/et_pb_text][\/et_pb_column][\/et_pb_row][\/et_pb_section][et_pb_section fb_built=\u00a0\u00bb1&Prime; _builder_version=\u00a0\u00bb4.16&Prime; global_colors_info=\u00a0\u00bb{}\u00a0\u00bb][et_pb_row _builder_version=\u00a0\u00bb4.16&Prime; background_size=\u00a0\u00bbinitial\u00a0\u00bb background_position=\u00a0\u00bbtop_left\u00a0\u00bb background_repeat=\u00a0\u00bbrepeat\u00a0\u00bb global_colors_info=\u00a0\u00bb{}\u00a0\u00bb column_structure=\u00a0\u00bb1_2,1_2&Prime;][et_pb_column type=\u00a0\u00bb1_2&Prime; _builder_version=\u00a0\u00bb4.16&Prime; custom_padding=\u00a0\u00bb|||\u00a0\u00bb global_colors_info=\u00a0\u00bb{}\u00a0\u00bb custom_padding__hover=\u00a0\u00bb|||\u00a0\u00bb][et_pb_text admin_label=\u00a0\u00bbAULA INDUSTRIA 4.0&Prime; _builder_version=\u00a0\u00bb4.16&Prime; global_colors_info=\u00a0\u00bb{}\u00a0\u00bb]<\/p>\n<h2>LA R\u00c9PONSE DE SOLIDARIT\u00c9 DES CITOYENS DE NAVARRA EN TEMPS DE COVID-19. R\u00c9SEAUX DE SOLIDARIT\u00c9.<\/h2>\n<p>Ce \u00e9tude a d\u00e9but\u00e9 en mars et s\u00b4est poursuivie tout au long de le p\u00e9riode de d\u00e9tention. C\u00e9st le r\u00e9sultat de l\u00b4observation et de l\u00b4analyse de la r\u00e9ponse des citoyens navarrais au momento o\u00e8 nous vivions en tant que soci\u00e9t\u00e9.<\/p>\n<p>D\u00b4une part, nous avons cherch\u00e9 \u00e0 valoriser et \u00e0 enregistrer tout ce que la socie\u00e9t\u00e9 civile navarraise apportait \u00e0 ce moment historique, qu\u00b4il s\u00b4agisse d\u00b4individus ou d\u00b4associations, d\u00b4entit\u00e9s ou d\u00b4entreprises. D\u00b4autre part, les initiatives d\u00e9velop\u00e9es pour mesurer leur intensit\u00e9, l\u00b4agilit\u00e9 de la population \u00e0 s\u00b4adapter et \u00e0 innover et la capacit\u00e9 de r\u00e9ponse du local au global ont \u00e9t\u00e9 analys\u00e9es en profondeur. De plus, le retour social sur investissement, \u00e0 la fois \u00e9conomique et en temps et en effort, que ces r\u00e9seaux de solidarit\u00e9 ont engendr\u00e9 et les \u00e9conomies qu\u00b4ils ont apport\u00e9es aux caisses navarraise et nationale ont \u00e9t\u00e9 calcul\u00e9s.<\/p>\n<p>En outre, une autre partie tr\u00e8s importante du projet a \u00e9t\u00e9 de mettre en \u00e9vidence les le\u00e7cons apprises gr\u00e2ce \u00e0 la r\u00e9ponse citoyenne et \u00e0 sa difusi\u00f3n afin de partager les connaissaces et les strat\u00e9gies pour soutenir la soci\u00e9t\u00e9 civile.<\/p>\n<p>Plus de 200 initiatives ont \u00e9t\u00e9 analys\u00e9es, d\u00e9tectant plus de 4000 b\u00e9n\u00e9voles et plus de 360 organisations impliqu\u00e9es. Le plus grand nombre d\u00b4initiatives ont \u00e9t\u00e9 li\u00e9es \u00e0 la fabrication et \u00e0 la distribution de produits sanitaires (52,54%) et en deuxi\u00e8me lieu ont \u00e9t\u00e9 des initiatives li\u00e9es \u00e0 l\u00b4alimentation (20,34%).<\/p>\n<p>Il est \u00e0 noter que ces initiatives de solidarit\u00e9 ont impliqu\u00e9 plus de 5 millions d\u00b4euros d\u00b4aide mat\u00e9rielle et immat\u00e9rielle.<\/p>\n<p>[\/et_pb_text][\/et_pb_column][et_pb_column type=\u00a0\u00bb1_2&Prime; _builder_version=\u00a0\u00bb4.16&Prime; custom_padding=\u00a0\u00bb|||\u00a0\u00bb global_colors_info=\u00a0\u00bb{}\u00a0\u00bb custom_padding__hover=\u00a0\u00bb|||\u00a0\u00bb][et_pb_image src=\u00a0\u00bbhttps:\/\/www.koine-aequalitas.org\/wp-content\/uploads\/2020\/12\/Respuesta-solidaria-Navarra-covid19.jpg\u00a0\u00bb align_tablet=\u00a0\u00bbcenter\u00a0\u00bb align_last_edited=\u00a0\u00bbon|desktop\u00a0\u00bb _builder_version=\u00a0\u00bb4.16&Prime; global_colors_info=\u00a0\u00bb{}\u00a0\u00bb align_phone=\u00a0\u00bbcenter\u00a0\u00bb][\/et_pb_image][\/et_pb_column][\/et_pb_row][\/et_pb_section][et_pb_section fb_built=\u00a0\u00bb1&Prime; _builder_version=\u00a0\u00bb4.16&Prime; background_color=\u00a0\u00bb#fafafa\u00a0\u00bb global_colors_info=\u00a0\u00bb{}\u00a0\u00bb][et_pb_row _builder_version=\u00a0\u00bb4.16&Prime; background_size=\u00a0\u00bbinitial\u00a0\u00bb background_position=\u00a0\u00bbtop_left\u00a0\u00bb background_repeat=\u00a0\u00bbrepeat\u00a0\u00bb global_colors_info=\u00a0\u00bb{}\u00a0\u00bb column_structure=\u00a0\u00bb1_2,1_2&Prime;][et_pb_column type=\u00a0\u00bb1_2&Prime; _builder_version=\u00a0\u00bb4.16&Prime; custom_padding=\u00a0\u00bb|||\u00a0\u00bb global_colors_info=\u00a0\u00bb{}\u00a0\u00bb custom_padding__hover=\u00a0\u00bb|||\u00a0\u00bb][et_pb_image src=\u00a0\u00bbhttps:\/\/www.koine-aequalitas.org\/wp-content\/uploads\/2018\/09\/shutterstock_95506066.jpg\u00a0\u00bb align_tablet=\u00a0\u00bbcenter\u00a0\u00bb align_last_edited=\u00a0\u00bbon|desktop\u00a0\u00bb _builder_version=\u00a0\u00bb4.16&Prime; global_colors_info=\u00a0\u00bb{}\u00a0\u00bb align_phone=\u00a0\u00bbcenter\u00a0\u00bb][\/et_pb_image][\/et_pb_column][et_pb_column type=\u00a0\u00bb1_2&Prime; _builder_version=\u00a0\u00bb4.16&Prime; custom_padding=\u00a0\u00bb|||\u00a0\u00bb global_colors_info=\u00a0\u00bb{}\u00a0\u00bb custom_padding__hover=\u00a0\u00bb|||\u00a0\u00bb][et_pb_text admin_label=\u00a0\u00bbESCLEROSIS M\u00daLTIPLE\u00a0\u00bb _builder_version=\u00a0\u00bb4.16&Prime; global_colors_info=\u00a0\u00bb{}\u00a0\u00bb]<\/p>\n<h2>SCLEROSE MULTIPLE EN ESPAGNE : R\u00c9ALIT\u00c9, BESOINS SOCIAUX ET QUALIT\u00c9 DE VIE<\/h2>\n<p>Projet de recherche de domaine \u00e9tatique promu par la F\u00e9d\u00e9ration Espagnole pour la Lutte contre la Scl\u00e9rose Multiple (FELEM) et r\u00e9alis\u00e9 avec le soutien de toutes les associations de diverses communaut\u00e9s autonomes. La recherche d\u00e9velopp\u00e9e avait pour objectif la conception de nouvelles actions qui faciliteront une plus grande participation ainsi qu\u2019autonomie des personnes atteintes de scl\u00e9rose multiple (EM), pour \u00e9viter la d\u00e9gradation de leur qualit\u00e9 de vie et le risque de discrimination, et promouvoir une meilleure disponibilit\u00e9 des ressources et des syst\u00e8mes de soutien.<\/p>\n<p>[\/et_pb_text][\/et_pb_column][\/et_pb_row][\/et_pb_section][et_pb_section fb_built=\u00a0\u00bb1&Prime; _builder_version=\u00a0\u00bb4.16&Prime; global_colors_info=\u00a0\u00bb{}\u00a0\u00bb][et_pb_row _builder_version=\u00a0\u00bb4.16&Prime; background_size=\u00a0\u00bbinitial\u00a0\u00bb background_position=\u00a0\u00bbtop_left\u00a0\u00bb background_repeat=\u00a0\u00bbrepeat\u00a0\u00bb global_colors_info=\u00a0\u00bb{}\u00a0\u00bb column_structure=\u00a0\u00bb1_2,1_2&Prime;][et_pb_column type=\u00a0\u00bb1_2&Prime; _builder_version=\u00a0\u00bb4.16&Prime; custom_padding=\u00a0\u00bb|||\u00a0\u00bb global_colors_info=\u00a0\u00bb{}\u00a0\u00bb custom_padding__hover=\u00a0\u00bb|||\u00a0\u00bb][et_pb_text admin_label=\u00a0\u00bbVALORACIONES SOBRE LA RAZONABILIDAD\u00a0\u00bb _builder_version=\u00a0\u00bb4.16&Prime; global_colors_info=\u00a0\u00bb{}\u00a0\u00bb]<\/p>\n<h2>ESTIMATION DU CARACT\u00c8RE RAISONNABLE \u00c9CONOMIQUE DE LA DEMANDE DE QUALIFICATION EN TANT QUE C.E.E POUR LE SERVICE D\u2019EMPLOI NAVARRAIS<\/h2>\n<p>Diff\u00e9rents rapports ont \u00e9t\u00e9 r\u00e9alis\u00e9s pour le Service d\u2019Emploi Navarrais sur le caract\u00e8re raisonnable de la M\u00e9moire et des Pr\u00e9visions \u00e9conomiques et financi\u00e8res contenues dans la Demande de qualification et Inscription comme Centre Sp\u00e9cial d\u2019emploi pr\u00e9sent\u00e9s par diff\u00e9rentes institutions\/entreprises afin d\u2019\u00eatre \u00e9valu\u00e9s en tant que Centre sp\u00e9cial pour l\u2019Emploi.<\/p>\n<p>[\/et_pb_text][\/et_pb_column][et_pb_column type=\u00a0\u00bb1_2&Prime; _builder_version=\u00a0\u00bb4.16&Prime; custom_padding=\u00a0\u00bb|||\u00a0\u00bb global_colors_info=\u00a0\u00bb{}\u00a0\u00bb custom_padding__hover=\u00a0\u00bb|||\u00a0\u00bb][et_pb_image src=\u00a0\u00bbhttps:\/\/www.koine-aequalitas.org\/wp-content\/uploads\/2018\/09\/shutterstock_139928539.jpg\u00a0\u00bb align_tablet=\u00a0\u00bbcenter\u00a0\u00bb align_last_edited=\u00a0\u00bbon|desktop\u00a0\u00bb _builder_version=\u00a0\u00bb4.16&Prime; global_colors_info=\u00a0\u00bb{}\u00a0\u00bb align_phone=\u00a0\u00bbcenter\u00a0\u00bb][\/et_pb_image][\/et_pb_column][\/et_pb_row][\/et_pb_section][et_pb_section fb_built=\u00a0\u00bb1&Prime; _builder_version=\u00a0\u00bb4.16&Prime; background_color=\u00a0\u00bb#fafafa\u00a0\u00bb global_colors_info=\u00a0\u00bb{}\u00a0\u00bb][et_pb_row _builder_version=\u00a0\u00bb4.16&Prime; background_size=\u00a0\u00bbinitial\u00a0\u00bb background_position=\u00a0\u00bbtop_left\u00a0\u00bb background_repeat=\u00a0\u00bbrepeat\u00a0\u00bb global_colors_info=\u00a0\u00bb{}\u00a0\u00bb column_structure=\u00a0\u00bb1_2,1_2&Prime;][et_pb_column type=\u00a0\u00bb1_2&Prime; _builder_version=\u00a0\u00bb4.16&Prime; custom_padding=\u00a0\u00bb|||\u00a0\u00bb global_colors_info=\u00a0\u00bb{}\u00a0\u00bb custom_padding__hover=\u00a0\u00bb|||\u00a0\u00bb][et_pb_image src=\u00a0\u00bbhttps:\/\/www.koine-aequalitas.org\/wp-content\/uploads\/2018\/09\/shutterstock_657589543.jpg\u00a0\u00bb align_tablet=\u00a0\u00bbcenter\u00a0\u00bb align_last_edited=\u00a0\u00bbon|desktop\u00a0\u00bb _builder_version=\u00a0\u00bb4.16&Prime; global_colors_info=\u00a0\u00bb{}\u00a0\u00bb align_phone=\u00a0\u00bbcenter\u00a0\u00bb][\/et_pb_image][\/et_pb_column][et_pb_column type=\u00a0\u00bb1_2&Prime; _builder_version=\u00a0\u00bb4.16&Prime; custom_padding=\u00a0\u00bb|||\u00a0\u00bb global_colors_info=\u00a0\u00bb{}\u00a0\u00bb custom_padding__hover=\u00a0\u00bb|||\u00a0\u00bb][et_pb_text admin_label=\u00a0\u00bbEVALUACI\u00d3N DE CONVOCATORIAS\u00a0\u00bb _builder_version=\u00a0\u00bb4.16&Prime; global_colors_info=\u00a0\u00bb{}\u00a0\u00bb]<\/p>\n<h2>\u00c9VALUATION D\u2019APPEL AU FINANCEMENT \u00c0 DES ORGANISMES D\u2019ENTREPRISE SOCIALE<\/h2>\n<p>La\u00a0Fondation KOINE AEQUALITAS\u00a0a r\u00e9alis\u00e9 en 2017 l\u2019\u00e9valuation des subventions aux organismes d\u2019entreprise sociale dans le domaine des personnes en situation de handicap g\u00e9r\u00e9es par l\u2019Agence Navarraise d\u2019Autonomie et de D\u00e9veloppement des Personnes (ANADP).<\/p>\n<p>L\u2019\u00e9valuation des appels des ann\u00e9es 2015 et 2016 a \u00e9t\u00e9 r\u00e9alis\u00e9 concernant les subventions aux organismes d\u2019entreprise sociale dans le domaine de la situation de handicap qui comprennent deux formes de financement\u00a0: la promotion \u00e0 l\u2019esprit associatif et le d\u00e9veloppement de programmes de promotion de l\u2019autonomie et la pr\u00e9vention de la d\u00e9pendance.\u00a0<\/p>\n<p><span style=\"font-size: 16px;\">Le but g\u00e9n\u00e9ral \u00e9tait d\u2019\u00e9valuer la conception, la gestion, les r\u00e9sultats et les impacts atteints par les appels de 2015 et 2016 des financements aux organismes d\u2019entreprise sociale domicili\u00e9s en Navarre.<\/span><\/p>\n<p>[\/et_pb_text][\/et_pb_column][\/et_pb_row][\/et_pb_section][et_pb_section fb_built=\u00a0\u00bb1&Prime; _builder_version=\u00a0\u00bb4.16&Prime; global_colors_info=\u00a0\u00bb{}\u00a0\u00bb][et_pb_row _builder_version=\u00a0\u00bb4.16&Prime; background_size=\u00a0\u00bbinitial\u00a0\u00bb background_position=\u00a0\u00bbtop_left\u00a0\u00bb background_repeat=\u00a0\u00bbrepeat\u00a0\u00bb custom_padding=\u00a0\u00bb26.9688px|0px|26.9688px|0|false|false\u00a0\u00bb global_colors_info=\u00a0\u00bb{}\u00a0\u00bb column_structure=\u00a0\u00bb1_2,1_2&Prime;][et_pb_column type=\u00a0\u00bb1_2&Prime; _builder_version=\u00a0\u00bb4.16&Prime; custom_padding=\u00a0\u00bb|||\u00a0\u00bb global_colors_info=\u00a0\u00bb{}\u00a0\u00bb custom_padding__hover=\u00a0\u00bb|||\u00a0\u00bb][et_pb_text admin_label=\u00a0\u00bbENVEJECIMIENTO Y DETERIORO DE LAS PERSONAS\u00a0\u00bb _builder_version=\u00a0\u00bb4.16&Prime; global_colors_info=\u00a0\u00bb{}\u00a0\u00bb]<\/p>\n<h2>VIEILLISSEMENT ET D\u00c9CLIN DES PERSONNES EN SITUATION DE HANDICAP MENTAL DANS LA COMMUNAUT\u00c9 DE NAVARRE<\/h2>\n<p>La recherche, r\u00e9alis\u00e9e par Plena Inclusi\u00f3n Navarra avait pour objectif de favoriser une meilleure compr\u00e9hension du sens du processus de vieillissement de la population en situation de handicap mental.<\/p>\n<p><span style=\"font-size: 16px;\">En outre, elle a permis de se rapprocher des personnes en situation de handicap et, notamment, du collectif de personnes atteintes de maladie mentale en ce qui concerne leur qualit\u00e9 de vie, aussi bien dans le contexte espagnol qu\u2019en Navarre.<\/span><\/p>\n<p>[\/et_pb_text][\/et_pb_column][et_pb_column type=\u00a0\u00bb1_2&Prime; _builder_version=\u00a0\u00bb4.16&Prime; custom_padding=\u00a0\u00bb|||\u00a0\u00bb global_colors_info=\u00a0\u00bb{}\u00a0\u00bb custom_padding__hover=\u00a0\u00bb|||\u00a0\u00bb][et_pb_image src=\u00a0\u00bbhttps:\/\/www.koine-aequalitas.org\/wp-content\/uploads\/2018\/10\/shutterstock_318091970.jpg\u00a0\u00bb align_tablet=\u00a0\u00bbcenter\u00a0\u00bb align_last_edited=\u00a0\u00bbon|desktop\u00a0\u00bb _builder_version=\u00a0\u00bb4.16&Prime; global_colors_info=\u00a0\u00bb{}\u00a0\u00bb align_phone=\u00a0\u00bbcenter\u00a0\u00bb][\/et_pb_image][\/et_pb_column][\/et_pb_row][\/et_pb_section][et_pb_section fb_built=\u00a0\u00bb1&Prime; _builder_version=\u00a0\u00bb4.16&Prime; background_color=\u00a0\u00bb#fafafa\u00a0\u00bb custom_padding=\u00a0\u00bb40px|0px|40.4688px|0px|false|false\u00a0\u00bb global_colors_info=\u00a0\u00bb{}\u00a0\u00bb][et_pb_row _builder_version=\u00a0\u00bb4.16&Prime; background_size=\u00a0\u00bbinitial\u00a0\u00bb background_position=\u00a0\u00bbtop_left\u00a0\u00bb background_repeat=\u00a0\u00bbrepeat\u00a0\u00bb global_colors_info=\u00a0\u00bb{}\u00a0\u00bb column_structure=\u00a0\u00bb1_2,1_2&Prime;][et_pb_column type=\u00a0\u00bb1_2&Prime; _builder_version=\u00a0\u00bb4.16&Prime; custom_padding=\u00a0\u00bb|||\u00a0\u00bb global_colors_info=\u00a0\u00bb{}\u00a0\u00bb custom_padding__hover=\u00a0\u00bb|||\u00a0\u00bb][et_pb_image src=\u00a0\u00bbhttps:\/\/www.koine-aequalitas.org\/wp-content\/uploads\/2019\/11\/libro-orientaci\u00f3n.jpg\u00a0\u00bb align_tablet=\u00a0\u00bbcenter\u00a0\u00bb align_last_edited=\u00a0\u00bbon|desktop\u00a0\u00bb _builder_version=\u00a0\u00bb4.16&Prime; global_colors_info=\u00a0\u00bb{}\u00a0\u00bb align_phone=\u00a0\u00bbcenter\u00a0\u00bb][\/et_pb_image][\/et_pb_column][et_pb_column type=\u00a0\u00bb1_2&Prime; _builder_version=\u00a0\u00bb4.16&Prime; custom_padding=\u00a0\u00bb|||\u00a0\u00bb global_colors_info=\u00a0\u00bb{}\u00a0\u00bb custom_padding__hover=\u00a0\u00bb|||\u00a0\u00bb][et_pb_text admin_label=\u00a0\u00bbENVEJECIMIENTO Y DETERIORO DE LAS PERSONAS\u00a0\u00bb _builder_version=\u00a0\u00bb4.16&Prime; global_colors_info=\u00a0\u00bb{}\u00a0\u00bb]<\/p>\n<h2>PARRAINAGE DU LIVRE S\u00c9CURIS\u00c9 GUIDE PRATIQUE D&rsquo;ORIENTATION PROFESSIONNELLE AX\u00c9 SUR L&rsquo;EMPLOI ET LA PERSONNE DE FERNANDO TER\u00c9<\/h2>\n<p><span style=\"font-size: 16px;\">De la Fondation Koine Aequalitas, nous avons soutenu Fernando Ter\u00e9 Iriarte dans la publication de son premier ouvrage Guide pratique pour l&#8217;emploi et l&rsquo;orientation du personnel. L&rsquo;auteur, qui poss\u00e8de une vaste exp\u00e9rience \u00e0 la fois dans la prise en charge des personnes et dans la gestion et le d\u00e9veloppement de programmes d&rsquo;orientation professionnelle des services publics de l&#8217;emploi, s&rsquo;appuie sur sa longue et professionnelle carri\u00e8re pour r\u00e9diger ce manuel qui est propos\u00e9 en tant que guide de consultation du personnel d&rsquo;orientation socio-professionnelle.<\/span><\/p>\n<p>[\/et_pb_text][\/et_pb_column][\/et_pb_row][\/et_pb_section][et_pb_section fb_built=\u00a0\u00bb1&Prime; _builder_version=\u00a0\u00bb4.16&Prime; global_colors_info=\u00a0\u00bb{}\u00a0\u00bb][et_pb_row _builder_version=\u00a0\u00bb4.16&Prime; background_size=\u00a0\u00bbinitial\u00a0\u00bb background_position=\u00a0\u00bbtop_left\u00a0\u00bb background_repeat=\u00a0\u00bbrepeat\u00a0\u00bb custom_padding=\u00a0\u00bb26.9688px|0px|26.9688px|0|false|false\u00a0\u00bb global_colors_info=\u00a0\u00bb{}\u00a0\u00bb column_structure=\u00a0\u00bb1_2,1_2&Prime;][et_pb_column type=\u00a0\u00bb1_2&Prime; _builder_version=\u00a0\u00bb4.16&Prime; custom_padding=\u00a0\u00bb|||\u00a0\u00bb global_colors_info=\u00a0\u00bb{}\u00a0\u00bb custom_padding__hover=\u00a0\u00bb|||\u00a0\u00bb][et_pb_text admin_label=\u00a0\u00bbENVEJECIMIENTO Y DETERIORO DE LAS PERSONAS\u00a0\u00bb _builder_version=\u00a0\u00bb4.16&Prime; global_colors_info=\u00a0\u00bb{}\u00a0\u00bb]<\/p>\n<h2>PLUSD\u00b4ACC<\/h2>\n<p>Le projet PLUSD&rsquo;ACC : Am\u00e9lioration de l&rsquo;accessibilit\u00e9 au patrimoine culturel de la nouvelle Euror\u00e9gion Aquitaine-Euskadi-Navarra vise \u00e0 favoriser les \u00e9changes professionnels entre les entit\u00e9s sociales et les administrations publiques en mati\u00e8re d&rsquo;accessibilit\u00e9 au patrimoine artistique, \u00e0 la culture et, par cons\u00e9quent, au tourisme g\u00e9n\u00e9r\u00e9 par ces \u00e9l\u00e9ments.<\/p>\n<p>Gr\u00e2ce \u00e0 cet \u00e9change d&rsquo;exp\u00e9riences et aux bonnes pratiques des entit\u00e9s participantes, ainsi qu&rsquo;aux contributions de professionnels, d&rsquo;experts et d&rsquo;entit\u00e9s de r\u00e9f\u00e9rence dans le domaine dans chacun des territoires concern\u00e9s, les difficult\u00e9s d&rsquo;accessibilit\u00e9 au patrimoine artistique, \u00e0 la culture et au tourisme seront \u00e9tudi\u00e9es, analys\u00e9es et approfondies, ainsi que la disponibilit\u00e9 de diff\u00e9rents outils et m\u00e9thodologies pouvant \u00eatre mis en \u0153uvre pour \u00e9liminer les diff\u00e9rentes barri\u00e8res existantes<span style=\"font-size: 16px;\">.<\/span><\/p>\n<p>[\/et_pb_text][\/et_pb_column][et_pb_column type=\u00a0\u00bb1_2&Prime; _builder_version=\u00a0\u00bb4.16&Prime; custom_padding=\u00a0\u00bb|||\u00a0\u00bb global_colors_info=\u00a0\u00bb{}\u00a0\u00bb custom_padding__hover=\u00a0\u00bb|||\u00a0\u00bb][et_pb_image src=\u00a0\u00bbhttps:\/\/www.koine-aequalitas.org\/wp-content\/uploads\/2018\/07\/EXPOSICI\u00d3N-ACCESIBLE-PAMPLONA-106-BN.jpg\u00a0\u00bb align_tablet=\u00a0\u00bbcenter\u00a0\u00bb align_last_edited=\u00a0\u00bbon|desktop\u00a0\u00bb _builder_version=\u00a0\u00bb4.16&Prime; global_colors_info=\u00a0\u00bb{}\u00a0\u00bb align_phone=\u00a0\u00bbcenter\u00a0\u00bb][\/et_pb_image][\/et_pb_column][\/et_pb_row][\/et_pb_section][et_pb_section fb_built=\u00a0\u00bb1&Prime; _builder_version=\u00a0\u00bb4.16&Prime; background_color=\u00a0\u00bb#fafafa\u00a0\u00bb custom_padding=\u00a0\u00bb40px|0px|40.4688px|0px|false|false\u00a0\u00bb global_colors_info=\u00a0\u00bb{}\u00a0\u00bb][et_pb_row _builder_version=\u00a0\u00bb4.16&Prime; background_size=\u00a0\u00bbinitial\u00a0\u00bb background_position=\u00a0\u00bbtop_left\u00a0\u00bb background_repeat=\u00a0\u00bbrepeat\u00a0\u00bb global_colors_info=\u00a0\u00bb{}\u00a0\u00bb column_structure=\u00a0\u00bb1_2,1_2&Prime;][et_pb_column type=\u00a0\u00bb1_2&Prime; _builder_version=\u00a0\u00bb4.16&Prime; custom_padding=\u00a0\u00bb|||\u00a0\u00bb global_colors_info=\u00a0\u00bb{}\u00a0\u00bb custom_padding__hover=\u00a0\u00bb|||\u00a0\u00bb][et_pb_image src=\u00a0\u00bbhttps:\/\/www.koine-aequalitas.org\/wp-content\/uploads\/2021\/01\/Yo-tambien-puedo-Koine-Aequalitas.jpg\u00a0\u00bb align_tablet=\u00a0\u00bbcenter\u00a0\u00bb align_last_edited=\u00a0\u00bbon|desktop\u00a0\u00bb _builder_version=\u00a0\u00bb4.16&Prime; global_colors_info=\u00a0\u00bb{}\u00a0\u00bb align_phone=\u00a0\u00bbcenter\u00a0\u00bb][\/et_pb_image][\/et_pb_column][et_pb_column type=\u00a0\u00bb1_2&Prime; _builder_version=\u00a0\u00bb4.16&Prime; custom_padding=\u00a0\u00bb|||\u00a0\u00bb global_colors_info=\u00a0\u00bb{}\u00a0\u00bb custom_padding__hover=\u00a0\u00bb|||\u00a0\u00bb][et_pb_text admin_label=\u00a0\u00bbENVEJECIMIENTO Y DETERIORO DE LAS PERSONAS\u00a0\u00bb _builder_version=\u00a0\u00bb4.16&Prime; global_colors_info=\u00a0\u00bb{}\u00a0\u00bb]<\/p>\n<h2>YO TAMBI\u00c9N PUEDO<\/h2>\n<p>L&rsquo;objectif g\u00e9n\u00e9ral de ce projet est de permettre aux personnes handicap\u00e9es mentales de Navarre de s&rsquo;int\u00e9grer dans la soci\u00e9t\u00e9, de pr\u00e9venir leur exclusion num\u00e9rique, d&rsquo;am\u00e9liorer leur qualit\u00e9 de vie et de parvenir effectivement \u00e0 l&rsquo;\u00e9galit\u00e9 des chances dans les diff\u00e9rents domaines essentiels \u00e0 leur plein d\u00e9veloppement et plus particuli\u00e8rement dans le domaine de l&#8217;emploi et de la formation.<\/p>\n<p>Le projet consiste \u00e0 maintenir et \u00e0 actualiser une plateforme d&rsquo;information num\u00e9rique accessible aux personnes handicap\u00e9es mentales sur les ressources pour la formation professionnelle et l&#8217;emploi en Navarre.<\/p>\n<p>Il propose des activit\u00e9s d&rsquo;information, de conseil, d&rsquo;accompagnement et d&rsquo;orientation professionnelle et sociale par des moyens t\u00e9l\u00e9matiques ou en personne dans le cadre de sessions individuelles.<\/p>\n<p>[\/et_pb_text][\/et_pb_column][\/et_pb_row][\/et_pb_section][et_pb_section fb_built=\u00a0\u00bb1&Prime; fullwidth=\u00a0\u00bbon\u00a0\u00bb _builder_version=\u00a0\u00bb4.16&Prime; global_colors_info=\u00a0\u00bb{}\u00a0\u00bb][et_pb_fullwidth_header title=\u00a0\u00bbSi vous souhaitez acc\u00e9der \u00e0 l&rsquo;un de nos studios, n&rsquo;h\u00e9sitez pas \u00e0 nous contacter\u00a0\u00bb text_orientation=\u00a0\u00bbcenter\u00a0\u00bb admin_label=\u00a0\u00bbIntroducci\u00f3n\u00a0\u00bb _builder_version=\u00a0\u00bb4.16&Prime; custom_padding=\u00a0\u00bb1em||1em|\u00a0\u00bb text_shadow_style=\u00a0\u00bbpreset1&Prime; global_colors_info=\u00a0\u00bb{}\u00a0\u00bb button_one_text_size__hover_enabled=\u00a0\u00bboff\u00a0\u00bb button_two_text_size__hover_enabled=\u00a0\u00bboff\u00a0\u00bb button_one_text_color__hover_enabled=\u00a0\u00bboff\u00a0\u00bb button_two_text_color__hover_enabled=\u00a0\u00bboff\u00a0\u00bb button_one_border_width__hover_enabled=\u00a0\u00bboff\u00a0\u00bb button_two_border_width__hover_enabled=\u00a0\u00bboff\u00a0\u00bb button_one_border_color__hover_enabled=\u00a0\u00bboff\u00a0\u00bb button_two_border_color__hover_enabled=\u00a0\u00bboff\u00a0\u00bb button_one_border_radius__hover_enabled=\u00a0\u00bboff\u00a0\u00bb button_two_border_radius__hover_enabled=\u00a0\u00bboff\u00a0\u00bb button_one_letter_spacing__hover_enabled=\u00a0\u00bboff\u00a0\u00bb button_two_letter_spacing__hover_enabled=\u00a0\u00bboff\u00a0\u00bb button_one_bg_color__hover_enabled=\u00a0\u00bboff\u00a0\u00bb button_two_bg_color__hover_enabled=\u00a0\u00bboff\u00a0\u00bb][\/et_pb_fullwidth_header][\/et_pb_section]<\/p>\n","protected":false},"excerpt":{"rendered":"<p>\u00c9tudes r\u00e9alis\u00e9es les plus importantesFORUM DE RENCONTRE ET D&rsquo;EMPOWERMENT DES ORGANISATIONS SOCIALES Initiative visant \u00e0 renforcer l&rsquo;associativit\u00e9 et la coh\u00e9sion sociale en soutenant les personnes impliqu\u00e9es, directement ou indirectement, dans des organisations sociales. Elle promeut l&rsquo;am\u00e9lioration de la gestion et de la participation sociale au sein de ces organisations, tout en favorisant la cr\u00e9ation de [&hellip;]<\/p>\n","protected":false},"author":1,"featured_media":0,"parent":0,"menu_order":0,"comment_status":"closed","ping_status":"closed","template":"","meta":{"_et_pb_use_builder":"on","_et_pb_old_content":"","_et_gb_content_width":"","footnotes":""},"class_list":["post-383","page","type-page","status-publish","hentry"],"yoast_head":"<!-- This site is optimized with the Yoast SEO plugin v27.4 - https:\/\/yoast.com\/product\/yoast-seo-wordpress\/ -->\n<title>\u00c9tudes - Koine<\/title>\n<meta name=\"robots\" content=\"index, follow, max-snippet:-1, max-image-preview:large, max-video-preview:-1\" \/>\n<link rel=\"canonical\" href=\"https:\/\/www.koine-aequalitas.org\/fr\/etudes\/\" \/>\n<meta property=\"og:locale\" content=\"fr_FR\" \/>\n<meta property=\"og:type\" content=\"article\" \/>\n<meta property=\"og:title\" content=\"\u00c9tudes - Koine\" \/>\n<meta property=\"og:description\" content=\"\u00c9tudes r\u00e9alis\u00e9es les plus importantesFORUM DE RENCONTRE ET D&#039;EMPOWERMENT DES ORGANISATIONS SOCIALES Initiative visant \u00e0 renforcer l&#039;associativit\u00e9 et la coh\u00e9sion sociale en soutenant les personnes impliqu\u00e9es, directement ou indirectement, dans des organisations sociales. Elle promeut l&#039;am\u00e9lioration de la gestion et de la participation sociale au sein de ces organisations, tout en favorisant la cr\u00e9ation de [&hellip;]\" \/>\n<meta property=\"og:url\" content=\"https:\/\/www.koine-aequalitas.org\/fr\/etudes\/\" \/>\n<meta property=\"og:site_name\" content=\"Koine\" \/>\n<meta property=\"article:modified_time\" content=\"2024-10-30T11:53:35+00:00\" \/>\n<meta name=\"twitter:card\" content=\"summary_large_image\" \/>\n<meta name=\"twitter:label1\" content=\"Dur\u00e9e de lecture estim\u00e9e\" \/>\n\t<meta name=\"twitter:data1\" content=\"11 minutes\" \/>\n<script type=\"application\/ld+json\" class=\"yoast-schema-graph\">{\"@context\":\"https:\\\/\\\/schema.org\",\"@graph\":[{\"@type\":\"WebPage\",\"@id\":\"https:\\\/\\\/www.koine-aequalitas.org\\\/fr\\\/etudes\\\/\",\"url\":\"https:\\\/\\\/www.koine-aequalitas.org\\\/fr\\\/etudes\\\/\",\"name\":\"\u00c9tudes - Koine\",\"isPartOf\":{\"@id\":\"https:\\\/\\\/www.koine-aequalitas.org\\\/#website\"},\"datePublished\":\"2018-07-30T18:28:14+00:00\",\"dateModified\":\"2024-10-30T11:53:35+00:00\",\"breadcrumb\":{\"@id\":\"https:\\\/\\\/www.koine-aequalitas.org\\\/fr\\\/etudes\\\/#breadcrumb\"},\"inLanguage\":\"fr-FR\",\"potentialAction\":[{\"@type\":\"ReadAction\",\"target\":[\"https:\\\/\\\/www.koine-aequalitas.org\\\/fr\\\/etudes\\\/\"]}]},{\"@type\":\"BreadcrumbList\",\"@id\":\"https:\\\/\\\/www.koine-aequalitas.org\\\/fr\\\/etudes\\\/#breadcrumb\",\"itemListElement\":[{\"@type\":\"ListItem\",\"position\":1,\"name\":\"Portada\",\"item\":\"https:\\\/\\\/www.koine-aequalitas.org\\\/fr\\\/\"},{\"@type\":\"ListItem\",\"position\":2,\"name\":\"\u00c9tudes\"}]},{\"@type\":\"WebSite\",\"@id\":\"https:\\\/\\\/www.koine-aequalitas.org\\\/#website\",\"url\":\"https:\\\/\\\/www.koine-aequalitas.org\\\/\",\"name\":\"Koine\",\"description\":\"Fundaci\u00f3n para la promoci\u00b4no de derechos de las personas con discapacidad y\\\/o riesgo de exclusi\u00f3n social\",\"potentialAction\":[{\"@type\":\"SearchAction\",\"target\":{\"@type\":\"EntryPoint\",\"urlTemplate\":\"https:\\\/\\\/www.koine-aequalitas.org\\\/?s={search_term_string}\"},\"query-input\":{\"@type\":\"PropertyValueSpecification\",\"valueRequired\":true,\"valueName\":\"search_term_string\"}}],\"inLanguage\":\"fr-FR\"}]}<\/script>\n<!-- \/ Yoast SEO plugin. -->","yoast_head_json":{"title":"\u00c9tudes - Koine","robots":{"index":"index","follow":"follow","max-snippet":"max-snippet:-1","max-image-preview":"max-image-preview:large","max-video-preview":"max-video-preview:-1"},"canonical":"https:\/\/www.koine-aequalitas.org\/fr\/etudes\/","og_locale":"fr_FR","og_type":"article","og_title":"\u00c9tudes - Koine","og_description":"\u00c9tudes r\u00e9alis\u00e9es les plus importantesFORUM DE RENCONTRE ET D'EMPOWERMENT DES ORGANISATIONS SOCIALES Initiative visant \u00e0 renforcer l'associativit\u00e9 et la coh\u00e9sion sociale en soutenant les personnes impliqu\u00e9es, directement ou indirectement, dans des organisations sociales. Elle promeut l'am\u00e9lioration de la gestion et de la participation sociale au sein de ces organisations, tout en favorisant la cr\u00e9ation de [&hellip;]","og_url":"https:\/\/www.koine-aequalitas.org\/fr\/etudes\/","og_site_name":"Koine","article_modified_time":"2024-10-30T11:53:35+00:00","twitter_card":"summary_large_image","twitter_misc":{"Dur\u00e9e de lecture estim\u00e9e":"11 minutes"},"schema":{"@context":"https:\/\/schema.org","@graph":[{"@type":"WebPage","@id":"https:\/\/www.koine-aequalitas.org\/fr\/etudes\/","url":"https:\/\/www.koine-aequalitas.org\/fr\/etudes\/","name":"\u00c9tudes - Koine","isPartOf":{"@id":"https:\/\/www.koine-aequalitas.org\/#website"},"datePublished":"2018-07-30T18:28:14+00:00","dateModified":"2024-10-30T11:53:35+00:00","breadcrumb":{"@id":"https:\/\/www.koine-aequalitas.org\/fr\/etudes\/#breadcrumb"},"inLanguage":"fr-FR","potentialAction":[{"@type":"ReadAction","target":["https:\/\/www.koine-aequalitas.org\/fr\/etudes\/"]}]},{"@type":"BreadcrumbList","@id":"https:\/\/www.koine-aequalitas.org\/fr\/etudes\/#breadcrumb","itemListElement":[{"@type":"ListItem","position":1,"name":"Portada","item":"https:\/\/www.koine-aequalitas.org\/fr\/"},{"@type":"ListItem","position":2,"name":"\u00c9tudes"}]},{"@type":"WebSite","@id":"https:\/\/www.koine-aequalitas.org\/#website","url":"https:\/\/www.koine-aequalitas.org\/","name":"Koine","description":"Fundaci\u00f3n para la promoci\u00b4no de derechos de las personas con discapacidad y\/o riesgo de exclusi\u00f3n social","potentialAction":[{"@type":"SearchAction","target":{"@type":"EntryPoint","urlTemplate":"https:\/\/www.koine-aequalitas.org\/?s={search_term_string}"},"query-input":{"@type":"PropertyValueSpecification","valueRequired":true,"valueName":"search_term_string"}}],"inLanguage":"fr-FR"}]}},"_links":{"self":[{"href":"https:\/\/www.koine-aequalitas.org\/fr\/wp-json\/wp\/v2\/pages\/383","targetHints":{"allow":["GET"]}}],"collection":[{"href":"https:\/\/www.koine-aequalitas.org\/fr\/wp-json\/wp\/v2\/pages"}],"about":[{"href":"https:\/\/www.koine-aequalitas.org\/fr\/wp-json\/wp\/v2\/types\/page"}],"author":[{"embeddable":true,"href":"https:\/\/www.koine-aequalitas.org\/fr\/wp-json\/wp\/v2\/users\/1"}],"replies":[{"embeddable":true,"href":"https:\/\/www.koine-aequalitas.org\/fr\/wp-json\/wp\/v2\/comments?post=383"}],"version-history":[{"count":12,"href":"https:\/\/www.koine-aequalitas.org\/fr\/wp-json\/wp\/v2\/pages\/383\/revisions"}],"predecessor-version":[{"id":3260,"href":"https:\/\/www.koine-aequalitas.org\/fr\/wp-json\/wp\/v2\/pages\/383\/revisions\/3260"}],"wp:attachment":[{"href":"https:\/\/www.koine-aequalitas.org\/fr\/wp-json\/wp\/v2\/media?parent=383"}],"curies":[{"name":"wp","href":"https:\/\/api.w.org\/{rel}","templated":true}]}}