{"id":372,"date":"2018-10-17T18:13:04","date_gmt":"2018-10-17T18:13:04","guid":{"rendered":"https:\/\/www.koine-aequalitas.org\/conocenos\/mision-vision-y-valores\/"},"modified":"2024-08-14T09:51:41","modified_gmt":"2024-08-14T09:51:41","slug":"mission-vision-et-valeurs","status":"publish","type":"page","link":"https:\/\/www.koine-aequalitas.org\/fr\/conocenos\/mission-vision-et-valeurs\/","title":{"rendered":"Mission, vision et valeurs"},"content":{"rendered":"<p>[et_pb_section fb_built=\u00a0\u00bb1&Prime; fullwidth=\u00a0\u00bbon\u00a0\u00bb _builder_version=\u00a0\u00bb4.16&Prime; global_colors_info=\u00a0\u00bb{}\u00a0\u00bb][et_pb_fullwidth_header title=\u00a0\u00bbMission, vision et valeurs\u00a0\u00bb text_orientation=\u00a0\u00bbcenter\u00a0\u00bb _builder_version=\u00a0\u00bb4.16&Prime; custom_padding=\u00a0\u00bb1em||1em|\u00a0\u00bb global_colors_info=\u00a0\u00bb{}\u00a0\u00bb button_one_text_size__hover_enabled=\u00a0\u00bboff\u00a0\u00bb button_two_text_size__hover_enabled=\u00a0\u00bboff\u00a0\u00bb button_one_text_color__hover_enabled=\u00a0\u00bboff\u00a0\u00bb button_two_text_color__hover_enabled=\u00a0\u00bboff\u00a0\u00bb button_one_border_width__hover_enabled=\u00a0\u00bboff\u00a0\u00bb button_two_border_width__hover_enabled=\u00a0\u00bboff\u00a0\u00bb button_one_border_color__hover_enabled=\u00a0\u00bboff\u00a0\u00bb button_two_border_color__hover_enabled=\u00a0\u00bboff\u00a0\u00bb button_one_border_radius__hover_enabled=\u00a0\u00bboff\u00a0\u00bb button_two_border_radius__hover_enabled=\u00a0\u00bboff\u00a0\u00bb button_one_letter_spacing__hover_enabled=\u00a0\u00bboff\u00a0\u00bb button_two_letter_spacing__hover_enabled=\u00a0\u00bboff\u00a0\u00bb button_one_bg_color__hover_enabled=\u00a0\u00bboff\u00a0\u00bb button_two_bg_color__hover_enabled=\u00a0\u00bboff\u00a0\u00bb][\/et_pb_fullwidth_header][\/et_pb_section][et_pb_section fb_built=\u00a0\u00bb1&Prime; _builder_version=\u00a0\u00bb4.16&Prime; global_colors_info=\u00a0\u00bb{}\u00a0\u00bb][et_pb_row _builder_version=\u00a0\u00bb4.16&Prime; background_size=\u00a0\u00bbinitial\u00a0\u00bb background_position=\u00a0\u00bbtop_left\u00a0\u00bb background_repeat=\u00a0\u00bbrepeat\u00a0\u00bb global_colors_info=\u00a0\u00bb{}\u00a0\u00bb column_structure=\u00a0\u00bb1_3,1_3,1_3&Prime;][et_pb_column type=\u00a0\u00bb1_3&Prime; _builder_version=\u00a0\u00bb4.16&Prime; custom_padding=\u00a0\u00bb|||\u00a0\u00bb global_colors_info=\u00a0\u00bb{}\u00a0\u00bb custom_padding__hover=\u00a0\u00bb|||\u00a0\u00bb][et_pb_image src=\u00a0\u00bbhttps:\/\/www.koine-aequalitas.org\/wp-content\/uploads\/2018\/09\/shutterstock_552274333.jpg\u00a0\u00bb align_tablet=\u00a0\u00bbcenter\u00a0\u00bb align_last_edited=\u00a0\u00bbon|desktop\u00a0\u00bb _builder_version=\u00a0\u00bb4.16&Prime; global_colors_info=\u00a0\u00bb{}\u00a0\u00bb align_phone=\u00a0\u00bbcenter\u00a0\u00bb][\/et_pb_image][et_pb_text admin_label=\u00a0\u00bbMisi\u00f3n\u00a0\u00bb _builder_version=\u00a0\u00bb4.27.0&Prime; hover_enabled=\u00a0\u00bb0&Prime; global_colors_info=\u00a0\u00bb{}\u00a0\u00bb sticky_enabled=\u00a0\u00bb0&Prime;]<\/p>\n<h3>Mission<\/h3>\n<p>La Fondation Koine-Aequalitas est une entit\u00e9 priv\u00e9e \u00e0 but non lucratif qui travaille dans une perspective interdisciplinaire pour am\u00e9liorer la qualit\u00e9 de vie, le d\u00e9veloppement social et l&rsquo;\u00e9galit\u00e9 des chances des citoyens et en particulier des personnes handicap\u00e9es\/d\u00e9pendance et\/ou exclusion sociale.<\/p>\n<p>[\/et_pb_text][\/et_pb_column][et_pb_column type=\u00a0\u00bb1_3&Prime; _builder_version=\u00a0\u00bb4.16&Prime; custom_padding=\u00a0\u00bb|||\u00a0\u00bb global_colors_info=\u00a0\u00bb{}\u00a0\u00bb custom_padding__hover=\u00a0\u00bb|||\u00a0\u00bb][et_pb_image src=\u00a0\u00bbhttps:\/\/www.koine-aequalitas.org\/wp-content\/uploads\/2018\/09\/shutterstock_504128887.jpg\u00a0\u00bb align_tablet=\u00a0\u00bbcenter\u00a0\u00bb align_last_edited=\u00a0\u00bbon|desktop\u00a0\u00bb _builder_version=\u00a0\u00bb4.16&Prime; global_colors_info=\u00a0\u00bb{}\u00a0\u00bb align_phone=\u00a0\u00bbcenter\u00a0\u00bb][\/et_pb_image][et_pb_text admin_label=\u00a0\u00bbVisi\u00f3n\u00a0\u00bb _builder_version=\u00a0\u00bb4.27.0&Prime; hover_enabled=\u00a0\u00bb0&Prime; global_colors_info=\u00a0\u00bb{}\u00a0\u00bb sticky_enabled=\u00a0\u00bb0&Prime;]<\/p>\n<h3>Vision<\/h3>\n<p>\u00catre consid\u00e9r\u00e9 dans chaque domaine d&rsquo;action comme l&rsquo;entit\u00e9 qui apporte la r\u00e9ponse la plus efficace aux besoins existants, \u00e0 travers l&rsquo;optimisation des ressources disponibles, le comportement \u00e9thique, l&rsquo;innovation, la qualit\u00e9, la synergie et la durabilit\u00e9 des projets et des services.<\/p>\n<p>[\/et_pb_text][\/et_pb_column][et_pb_column type=\u00a0\u00bb1_3&Prime; _builder_version=\u00a0\u00bb4.16&Prime; custom_padding=\u00a0\u00bb|||\u00a0\u00bb global_colors_info=\u00a0\u00bb{}\u00a0\u00bb custom_padding__hover=\u00a0\u00bb|||\u00a0\u00bb][et_pb_image src=\u00a0\u00bbhttps:\/\/www.koine-aequalitas.org\/wp-content\/uploads\/2018\/09\/shutterstock_459229504.jpg\u00a0\u00bb align_tablet=\u00a0\u00bbcenter\u00a0\u00bb align_last_edited=\u00a0\u00bbon|desktop\u00a0\u00bb _builder_version=\u00a0\u00bb4.16&Prime; global_colors_info=\u00a0\u00bb{}\u00a0\u00bb align_phone=\u00a0\u00bbcenter\u00a0\u00bb][\/et_pb_image][et_pb_text admin_label=\u00a0\u00bbValores\u00a0\u00bb _builder_version=\u00a0\u00bb4.27.0&Prime; hover_enabled=\u00a0\u00bb0&Prime; global_colors_info=\u00a0\u00bb{}\u00a0\u00bb sticky_enabled=\u00a0\u00bb0&Prime;]<\/p>\n<h3>Valeurs<\/h3>\n<p><strong>VALEURS ou convictions qui identifient, orientent et d\u00e9terminent les actions de la Fondation:<\/strong><\/p>\n<ul>\n<li>Respect de la dignit\u00e9 de la personne, pleine consid\u00e9ration de la personne et de sa situation individuelle, de sa responsabilit\u00e9 et de sa propre capacit\u00e9 de d\u00e9cision.<\/li>\n<li>Elle s\u2019engage \u00e0 d\u00e9fendre l\u2019\u00e9galit\u00e9 de tous et \u00e0 promouvoir les droits des personnes les plus vuln\u00e9rables.<\/li>\n<li>Engagement, envers les personnes qui nous font confiance et envers les organisations qui nous confient des t\u00e2ches de support.<\/li>\n<li>Travail collaboratif et en r\u00e9seau, g\u00e9n\u00e9rant des synergies avec d&rsquo;autres organisations au b\u00e9n\u00e9fice d&rsquo;objectifs communs.<\/li>\n<li>Professionnalisme, nous tenir au courant de tout nouveau d\u00e9veloppement, ne pas l\u00e9siner sur notre d\u00e9vouement et rechercher une efficacit\u00e9 maximale dans nos actions.<\/li>\n<li>Recherche d&rsquo;innovation et d&rsquo;am\u00e9lioration permanente, et le d\u00e9fi qui accompagne la collaboration et le r\u00e9seautage<\/li>\n<\/ul>\n<p>[\/et_pb_text][\/et_pb_column][\/et_pb_row][\/et_pb_section]<\/p>\n","protected":false},"excerpt":{"rendered":"<p>Mission La Fondation Koine-Aequalitas est une entit\u00e9 priv\u00e9e \u00e0 but non lucratif qui travaille dans une perspective interdisciplinaire pour am\u00e9liorer la qualit\u00e9 de vie, le d\u00e9veloppement social et l&rsquo;\u00e9galit\u00e9 des chances des citoyens et en particulier des personnes handicap\u00e9es\/d\u00e9pendance et\/ou exclusion sociale.Vision \u00catre consid\u00e9r\u00e9 dans chaque domaine d&rsquo;action comme l&rsquo;entit\u00e9 qui apporte la r\u00e9ponse la [&hellip;]<\/p>\n","protected":false},"author":1,"featured_media":0,"parent":354,"menu_order":0,"comment_status":"closed","ping_status":"closed","template":"","meta":{"_et_pb_use_builder":"on","_et_pb_old_content":"","_et_gb_content_width":"","footnotes":""},"class_list":["post-372","page","type-page","status-publish","hentry"],"yoast_head":"<!-- This site is optimized with the Yoast SEO plugin v27.4 - https:\/\/yoast.com\/product\/yoast-seo-wordpress\/ -->\n<title>Mission, vision et valeurs - Koine<\/title>\n<meta name=\"robots\" content=\"index, follow, max-snippet:-1, max-image-preview:large, max-video-preview:-1\" \/>\n<link rel=\"canonical\" href=\"https:\/\/www.koine-aequalitas.org\/fr\/conocenos\/mission-vision-et-valeurs\/\" \/>\n<meta property=\"og:locale\" content=\"fr_FR\" \/>\n<meta property=\"og:type\" content=\"article\" \/>\n<meta property=\"og:title\" content=\"Mission, vision et valeurs - Koine\" \/>\n<meta property=\"og:description\" content=\"Mission La Fondation Koine-Aequalitas est une entit\u00e9 priv\u00e9e \u00e0 but non lucratif qui travaille dans une perspective interdisciplinaire pour am\u00e9liorer la qualit\u00e9 de vie, le d\u00e9veloppement social et l&#039;\u00e9galit\u00e9 des chances des citoyens et en particulier des personnes handicap\u00e9es\/d\u00e9pendance et\/ou exclusion sociale.Vision \u00catre consid\u00e9r\u00e9 dans chaque domaine d&#039;action comme l&#039;entit\u00e9 qui apporte la r\u00e9ponse la [&hellip;]\" \/>\n<meta property=\"og:url\" content=\"https:\/\/www.koine-aequalitas.org\/fr\/conocenos\/mission-vision-et-valeurs\/\" \/>\n<meta property=\"og:site_name\" content=\"Koine\" \/>\n<meta property=\"article:modified_time\" content=\"2024-08-14T09:51:41+00:00\" \/>\n<meta name=\"twitter:card\" content=\"summary_large_image\" \/>\n<meta name=\"twitter:label1\" content=\"Dur\u00e9e de lecture estim\u00e9e\" \/>\n\t<meta name=\"twitter:data1\" content=\"2 minutes\" \/>\n<script type=\"application\/ld+json\" class=\"yoast-schema-graph\">{\"@context\":\"https:\\\/\\\/schema.org\",\"@graph\":[{\"@type\":\"WebPage\",\"@id\":\"https:\\\/\\\/www.koine-aequalitas.org\\\/fr\\\/conocenos\\\/mission-vision-et-valeurs\\\/\",\"url\":\"https:\\\/\\\/www.koine-aequalitas.org\\\/fr\\\/conocenos\\\/mission-vision-et-valeurs\\\/\",\"name\":\"Mission, vision et valeurs - Koine\",\"isPartOf\":{\"@id\":\"https:\\\/\\\/www.koine-aequalitas.org\\\/#website\"},\"datePublished\":\"2018-10-17T18:13:04+00:00\",\"dateModified\":\"2024-08-14T09:51:41+00:00\",\"breadcrumb\":{\"@id\":\"https:\\\/\\\/www.koine-aequalitas.org\\\/fr\\\/conocenos\\\/mission-vision-et-valeurs\\\/#breadcrumb\"},\"inLanguage\":\"fr-FR\",\"potentialAction\":[{\"@type\":\"ReadAction\",\"target\":[\"https:\\\/\\\/www.koine-aequalitas.org\\\/fr\\\/conocenos\\\/mission-vision-et-valeurs\\\/\"]}]},{\"@type\":\"BreadcrumbList\",\"@id\":\"https:\\\/\\\/www.koine-aequalitas.org\\\/fr\\\/conocenos\\\/mission-vision-et-valeurs\\\/#breadcrumb\",\"itemListElement\":[{\"@type\":\"ListItem\",\"position\":1,\"name\":\"Portada\",\"item\":\"https:\\\/\\\/www.koine-aequalitas.org\\\/fr\\\/\"},{\"@type\":\"ListItem\",\"position\":2,\"name\":\"Con\u00f3cenos\",\"item\":\"https:\\\/\\\/www.koine-aequalitas.org\\\/conocenos\\\/\"},{\"@type\":\"ListItem\",\"position\":3,\"name\":\"Mission, vision et valeurs\"}]},{\"@type\":\"WebSite\",\"@id\":\"https:\\\/\\\/www.koine-aequalitas.org\\\/#website\",\"url\":\"https:\\\/\\\/www.koine-aequalitas.org\\\/\",\"name\":\"Koine\",\"description\":\"Fundaci\u00f3n para la promoci\u00b4no de derechos de las personas con discapacidad y\\\/o riesgo de exclusi\u00f3n social\",\"potentialAction\":[{\"@type\":\"SearchAction\",\"target\":{\"@type\":\"EntryPoint\",\"urlTemplate\":\"https:\\\/\\\/www.koine-aequalitas.org\\\/?s={search_term_string}\"},\"query-input\":{\"@type\":\"PropertyValueSpecification\",\"valueRequired\":true,\"valueName\":\"search_term_string\"}}],\"inLanguage\":\"fr-FR\"}]}<\/script>\n<!-- \/ Yoast SEO plugin. -->","yoast_head_json":{"title":"Mission, vision et valeurs - Koine","robots":{"index":"index","follow":"follow","max-snippet":"max-snippet:-1","max-image-preview":"max-image-preview:large","max-video-preview":"max-video-preview:-1"},"canonical":"https:\/\/www.koine-aequalitas.org\/fr\/conocenos\/mission-vision-et-valeurs\/","og_locale":"fr_FR","og_type":"article","og_title":"Mission, vision et valeurs - Koine","og_description":"Mission La Fondation Koine-Aequalitas est une entit\u00e9 priv\u00e9e \u00e0 but non lucratif qui travaille dans une perspective interdisciplinaire pour am\u00e9liorer la qualit\u00e9 de vie, le d\u00e9veloppement social et l'\u00e9galit\u00e9 des chances des citoyens et en particulier des personnes handicap\u00e9es\/d\u00e9pendance et\/ou exclusion sociale.Vision \u00catre consid\u00e9r\u00e9 dans chaque domaine d'action comme l'entit\u00e9 qui apporte la r\u00e9ponse la [&hellip;]","og_url":"https:\/\/www.koine-aequalitas.org\/fr\/conocenos\/mission-vision-et-valeurs\/","og_site_name":"Koine","article_modified_time":"2024-08-14T09:51:41+00:00","twitter_card":"summary_large_image","twitter_misc":{"Dur\u00e9e de lecture estim\u00e9e":"2 minutes"},"schema":{"@context":"https:\/\/schema.org","@graph":[{"@type":"WebPage","@id":"https:\/\/www.koine-aequalitas.org\/fr\/conocenos\/mission-vision-et-valeurs\/","url":"https:\/\/www.koine-aequalitas.org\/fr\/conocenos\/mission-vision-et-valeurs\/","name":"Mission, vision et valeurs - Koine","isPartOf":{"@id":"https:\/\/www.koine-aequalitas.org\/#website"},"datePublished":"2018-10-17T18:13:04+00:00","dateModified":"2024-08-14T09:51:41+00:00","breadcrumb":{"@id":"https:\/\/www.koine-aequalitas.org\/fr\/conocenos\/mission-vision-et-valeurs\/#breadcrumb"},"inLanguage":"fr-FR","potentialAction":[{"@type":"ReadAction","target":["https:\/\/www.koine-aequalitas.org\/fr\/conocenos\/mission-vision-et-valeurs\/"]}]},{"@type":"BreadcrumbList","@id":"https:\/\/www.koine-aequalitas.org\/fr\/conocenos\/mission-vision-et-valeurs\/#breadcrumb","itemListElement":[{"@type":"ListItem","position":1,"name":"Portada","item":"https:\/\/www.koine-aequalitas.org\/fr\/"},{"@type":"ListItem","position":2,"name":"Con\u00f3cenos","item":"https:\/\/www.koine-aequalitas.org\/conocenos\/"},{"@type":"ListItem","position":3,"name":"Mission, vision et valeurs"}]},{"@type":"WebSite","@id":"https:\/\/www.koine-aequalitas.org\/#website","url":"https:\/\/www.koine-aequalitas.org\/","name":"Koine","description":"Fundaci\u00f3n para la promoci\u00b4no de derechos de las personas con discapacidad y\/o riesgo de exclusi\u00f3n social","potentialAction":[{"@type":"SearchAction","target":{"@type":"EntryPoint","urlTemplate":"https:\/\/www.koine-aequalitas.org\/?s={search_term_string}"},"query-input":{"@type":"PropertyValueSpecification","valueRequired":true,"valueName":"search_term_string"}}],"inLanguage":"fr-FR"}]}},"_links":{"self":[{"href":"https:\/\/www.koine-aequalitas.org\/fr\/wp-json\/wp\/v2\/pages\/372","targetHints":{"allow":["GET"]}}],"collection":[{"href":"https:\/\/www.koine-aequalitas.org\/fr\/wp-json\/wp\/v2\/pages"}],"about":[{"href":"https:\/\/www.koine-aequalitas.org\/fr\/wp-json\/wp\/v2\/types\/page"}],"author":[{"embeddable":true,"href":"https:\/\/www.koine-aequalitas.org\/fr\/wp-json\/wp\/v2\/users\/1"}],"replies":[{"embeddable":true,"href":"https:\/\/www.koine-aequalitas.org\/fr\/wp-json\/wp\/v2\/comments?post=372"}],"version-history":[{"count":6,"href":"https:\/\/www.koine-aequalitas.org\/fr\/wp-json\/wp\/v2\/pages\/372\/revisions"}],"predecessor-version":[{"id":3047,"href":"https:\/\/www.koine-aequalitas.org\/fr\/wp-json\/wp\/v2\/pages\/372\/revisions\/3047"}],"up":[{"embeddable":true,"href":"https:\/\/www.koine-aequalitas.org\/fr\/wp-json\/wp\/v2\/pages\/354"}],"wp:attachment":[{"href":"https:\/\/www.koine-aequalitas.org\/fr\/wp-json\/wp\/v2\/media?parent=372"}],"curies":[{"name":"wp","href":"https:\/\/api.w.org\/{rel}","templated":true}]}}