{"id":3114,"date":"2024-09-11T14:23:51","date_gmt":"2024-09-11T14:23:51","guid":{"rendered":"https:\/\/www.koine-aequalitas.org\/?page_id=3114"},"modified":"2025-04-11T10:28:32","modified_gmt":"2025-04-11T10:28:32","slug":"repeuplement","status":"publish","type":"page","link":"https:\/\/www.koine-aequalitas.org\/fr\/repeuplement\/","title":{"rendered":"Repeuplement"},"content":{"rendered":"<p>[et_pb_section fb_built=\u00a0\u00bb1&Prime; fullwidth=\u00a0\u00bbon\u00a0\u00bb _builder_version=\u00a0\u00bb4.16&Prime; global_colors_info=\u00a0\u00bb{}\u00a0\u00bb][et_pb_fullwidth_header title=\u00a0\u00bbREVITAS &#8211; Service Int\u00e9gral de Repeuplement\u00a0\u00bb text_orientation=\u00a0\u00bbcenter\u00a0\u00bb admin_label=\u00a0\u00bbT\u00edtulo de anchura completa\u00a0\u00bb _builder_version=\u00a0\u00bb4.27.0&Prime; custom_margin=\u00a0\u00bb||\u00a0\u00bb custom_padding=\u00a0\u00bb0em||0em|\u00a0\u00bb global_colors_info=\u00a0\u00bb{}\u00a0\u00bb button_one_text_size__hover_enabled=\u00a0\u00bboff\u00a0\u00bb button_two_text_size__hover_enabled=\u00a0\u00bboff\u00a0\u00bb button_one_text_color__hover_enabled=\u00a0\u00bboff\u00a0\u00bb button_two_text_color__hover_enabled=\u00a0\u00bboff\u00a0\u00bb button_one_border_width__hover_enabled=\u00a0\u00bboff\u00a0\u00bb button_two_border_width__hover_enabled=\u00a0\u00bboff\u00a0\u00bb button_one_border_color__hover_enabled=\u00a0\u00bboff\u00a0\u00bb button_two_border_color__hover_enabled=\u00a0\u00bboff\u00a0\u00bb button_one_border_radius__hover_enabled=\u00a0\u00bboff\u00a0\u00bb button_two_border_radius__hover_enabled=\u00a0\u00bboff\u00a0\u00bb button_one_letter_spacing__hover_enabled=\u00a0\u00bboff\u00a0\u00bb button_two_letter_spacing__hover_enabled=\u00a0\u00bboff\u00a0\u00bb button_one_bg_color__hover_enabled=\u00a0\u00bboff\u00a0\u00bb button_two_bg_color__hover_enabled=\u00a0\u00bboff\u00a0\u00bb]<\/p>\n<h4 style=\"text-align: center;\"><em>948 199 775 &#8211; <span style=\"color: #ffffff;\"><a style=\"color: #ffffff;\" href=\"mailto:fundacion@koine-aequalitas.org\"><strong>fundacion@koine-aequalitas.org<\/strong><\/a><\/span><\/em><\/h4>\n<p>[\/et_pb_fullwidth_header][\/et_pb_section][et_pb_section fb_built=\u00a0\u00bb1&Prime; _builder_version=\u00a0\u00bb4.16&Prime; custom_padding=\u00a0\u00bb0px||0px\u00a0\u00bb global_colors_info=\u00a0\u00bb{}\u00a0\u00bb][et_pb_row _builder_version=\u00a0\u00bb4.16&Prime; background_size=\u00a0\u00bbinitial\u00a0\u00bb background_position=\u00a0\u00bbtop_left\u00a0\u00bb background_repeat=\u00a0\u00bbrepeat\u00a0\u00bb global_colors_info=\u00a0\u00bb{}\u00a0\u00bb][et_pb_column type=\u00a0\u00bb4_4&Prime; _builder_version=\u00a0\u00bb4.16&Prime; custom_padding=\u00a0\u00bb|||\u00a0\u00bb global_colors_info=\u00a0\u00bb{}\u00a0\u00bb custom_padding__hover=\u00a0\u00bb|||\u00a0\u00bb][et_pb_image src=\u00a0\u00bbhttps:\/\/www.koine-aequalitas.org\/wp-content\/uploads\/2023\/11\/REVITAS_LOGO.png\u00a0\u00bb title_text=\u00a0\u00bbREVITAS_LOGO\u00a0\u00bb _builder_version=\u00a0\u00bb4.22.2&Prime; _module_preset=\u00a0\u00bbdefault\u00a0\u00bb width=\u00a0\u00bb40%\u00a0\u00bb module_alignment=\u00a0\u00bbcenter\u00a0\u00bb global_colors_info=\u00a0\u00bb{}\u00a0\u00bb][\/et_pb_image][et_pb_text _builder_version=\u00a0\u00bb4.27.0&Prime; global_colors_info=\u00a0\u00bb{}\u00a0\u00bb]<\/p>\n<p style=\"text-align: center;\">Cette proposition vise \u00e0 r\u00e9pondre aux diff\u00e9rentes besoins li\u00e9s au repeuplement des espaces ruraux en tenant compte des sp\u00e9cificit\u00e9s de chaque territoire.<\/p>\n<p>[\/et_pb_text][et_pb_text _builder_version=\u00a0\u00bb4.27.2&Prime; _module_preset=\u00a0\u00bbdefault\u00a0\u00bb hover_enabled=\u00a0\u00bb0&Prime; global_colors_info=\u00a0\u00bb{}\u00a0\u00bb sticky_enabled=\u00a0\u00bb0&Prime;]<\/p>\n<p style=\"text-align: center;\"><iframe loading=\"lazy\" title=\"YouTube video player\" src=\"https:\/\/www.youtube.com\/embed\/rwExqIQ67NI?si=X_XoC_LHYD1xPeIK\" width=\"800\" height=\"450\" frameborder=\"0\" allowfullscreen=\"allowfullscreen\"><\/iframe><\/p>\n<p>[\/et_pb_text][\/et_pb_column][\/et_pb_row][\/et_pb_section][et_pb_section fb_built=\u00a0\u00bb1&Prime; fullwidth=\u00a0\u00bbon\u00a0\u00bb admin_label=\u00a0\u00bbSection\u00a0\u00bb _builder_version=\u00a0\u00bb4.16&Prime; custom_padding=\u00a0\u00bb0px||0px\u00a0\u00bb collapsed=\u00a0\u00bboff\u00a0\u00bb global_colors_info=\u00a0\u00bb{}\u00a0\u00bb][et_pb_fullwidth_header title=\u00a0\u00bbDemandez-nous plus d&rsquo;informations\u00a0\u00bb text_orientation=\u00a0\u00bbcenter\u00a0\u00bb _builder_version=\u00a0\u00bb4.27.0&Prime; custom_margin=\u00a0\u00bb||\u00a0\u00bb custom_padding=\u00a0\u00bb0em||0em|\u00a0\u00bb global_colors_info=\u00a0\u00bb{}\u00a0\u00bb button_one_text_size__hover_enabled=\u00a0\u00bboff\u00a0\u00bb button_two_text_size__hover_enabled=\u00a0\u00bboff\u00a0\u00bb button_one_text_color__hover_enabled=\u00a0\u00bboff\u00a0\u00bb button_two_text_color__hover_enabled=\u00a0\u00bboff\u00a0\u00bb button_one_border_width__hover_enabled=\u00a0\u00bboff\u00a0\u00bb button_two_border_width__hover_enabled=\u00a0\u00bboff\u00a0\u00bb button_one_border_color__hover_enabled=\u00a0\u00bboff\u00a0\u00bb button_two_border_color__hover_enabled=\u00a0\u00bboff\u00a0\u00bb button_one_border_radius__hover_enabled=\u00a0\u00bboff\u00a0\u00bb button_two_border_radius__hover_enabled=\u00a0\u00bboff\u00a0\u00bb button_one_letter_spacing__hover_enabled=\u00a0\u00bboff\u00a0\u00bb button_two_letter_spacing__hover_enabled=\u00a0\u00bboff\u00a0\u00bb button_one_bg_color__hover_enabled=\u00a0\u00bboff\u00a0\u00bb button_two_bg_color__hover_enabled=\u00a0\u00bboff\u00a0\u00bb]<\/p>\n<h4 style=\"text-align: center;\"><em>948 199 775 &#8211; <span style=\"color: #ffffff;\"><a style=\"color: #ffffff;\" href=\"mailto:fundacion@koine-aequalitas.org\"><strong>fundacion@koine-aequalitas.org<\/strong><\/a><\/span><\/em><\/h4>\n<p>[\/et_pb_fullwidth_header][\/et_pb_section][et_pb_section fb_built=\u00a0\u00bb1&Prime; _builder_version=\u00a0\u00bb4.16&Prime; custom_margin=\u00a0\u00bb0px||0px|\u00a0\u00bb custom_padding=\u00a0\u00bb0px||0px\u00a0\u00bb global_colors_info=\u00a0\u00bb{}\u00a0\u00bb][et_pb_row _builder_version=\u00a0\u00bb4.16&Prime; background_size=\u00a0\u00bbinitial\u00a0\u00bb background_position=\u00a0\u00bbtop_left\u00a0\u00bb background_repeat=\u00a0\u00bbrepeat\u00a0\u00bb global_colors_info=\u00a0\u00bb{}\u00a0\u00bb][et_pb_column type=\u00a0\u00bb4_4&Prime; _builder_version=\u00a0\u00bb4.16&Prime; custom_padding=\u00a0\u00bb|||\u00a0\u00bb global_colors_info=\u00a0\u00bb{}\u00a0\u00bb custom_padding__hover=\u00a0\u00bb|||\u00a0\u00bb][et_pb_text _builder_version=\u00a0\u00bb4.27.0&Prime; global_colors_info=\u00a0\u00bb{}\u00a0\u00bb]<\/p>\n<h3><strong>OBJECTIFS<\/strong><\/h3>\n<p><strong>Objectif G\u00e9n\u00e9ral<\/strong><\/p>\n<ul>\n<li>Stimuler les processus de repeuplement dans les zones rurales de Navarre en d\u00e9finissant, testant et validant une strat\u00e9gie m\u00e9thodologique (institutionnelle, communautaire et individuelle) bas\u00e9e sur l&rsquo;inclusion socioprofessionnelle des groupes en situation de vuln\u00e9rabilit\u00e9 sociale dans les domaines des industries cr\u00e9atives (tourisme durable) \u00e0 travers diverses formes de l&rsquo;\u00e9conomie sociale.<\/li>\n<\/ul>\n<p><strong>Objectifs Sp\u00e9cifiques<\/strong><\/p>\n<ul>\n<li>Stimuler le d\u00e9veloppement socio\u00e9conomique des localit\u00e9s concern\u00e9es \u00e0 travers une strat\u00e9gie de repeuplement participative qui exploite les opportunit\u00e9s et minimise les obstacles pour le maintien et l&rsquo;int\u00e9gration de la population.<\/li>\n<li>Favoriser l&rsquo;insertion socioprofessionnelle des personnes en situation de vuln\u00e9rabilit\u00e9 sociale en milieu rural \u00e0 travers la cr\u00e9ation d&#8217;emplois et d&rsquo;entreprises dans le secteur du tourisme durable.<\/li>\n<li>Renforcer l&rsquo;inclusion sociale des personnes en situation de vuln\u00e9rabilit\u00e9 sociale en g\u00e9n\u00e9rant des opportunit\u00e9s pour le d\u00e9veloppement de leur projet de vie (individuel, familial, social et professionnel) dans les zones rurales d\u00e9peupl\u00e9es.<\/li>\n<li>Encourager la reproductibilit\u00e9 et la durabilit\u00e9 du projet \u00e0 travers une tra\u00e7abilit\u00e9, une \u00e9valuation et une communication optimales.<\/li>\n<\/ul>\n<p>[\/et_pb_text][et_pb_image src=\u00a0\u00bbhttps:\/\/www.koine-aequalitas.org\/wp-content\/uploads\/2024\/08\/REVITAS_COMECOCOS-1024&#215;1024.jpg\u00a0\u00bb title_text=\u00a0\u00bbREVITAS_COMECOCOS\u00a0\u00bb align=\u00a0\u00bbcenter\u00a0\u00bb _builder_version=\u00a0\u00bb4.24.0&Prime; _module_preset=\u00a0\u00bbdefault\u00a0\u00bb width=\u00a0\u00bb70%\u00a0\u00bb global_colors_info=\u00a0\u00bb{}\u00a0\u00bb][\/et_pb_image][et_pb_text _builder_version=\u00a0\u00bb4.27.0&Prime; global_colors_info=\u00a0\u00bb{}\u00a0\u00bb]<\/p>\n<p>Le projet b\u00e9n\u00e9ficie du soutien du programme Innova.<\/p>\n<p>[\/et_pb_text][et_pb_image src=\u00a0\u00bbhttps:\/\/www.koine-aequalitas.org\/wp-content\/uploads\/2024\/08\/InnovaFund-Horiz.png\u00a0\u00bb title_text=\u00a0\u00bbInnova+Fund-Horiz\u00a0\u00bb align=\u00a0\u00bbcenter\u00a0\u00bb _builder_version=\u00a0\u00bb4.27.0&Prime; _module_preset=\u00a0\u00bbdefault\u00a0\u00bb width=\u00a0\u00bb70%\u00a0\u00bb global_colors_info=\u00a0\u00bb{}\u00a0\u00bb][\/et_pb_image][\/et_pb_column][\/et_pb_row][\/et_pb_section][et_pb_section fb_built=\u00a0\u00bb1&Prime; fullwidth=\u00a0\u00bbon\u00a0\u00bb _builder_version=\u00a0\u00bb4.16&Prime; custom_padding=\u00a0\u00bb0px||0px\u00a0\u00bb global_colors_info=\u00a0\u00bb{}\u00a0\u00bb][et_pb_fullwidth_header title=\u00a0\u00bbDemandez-nous plus d&rsquo;informations\u00a0\u00bb text_orientation=\u00a0\u00bbcenter\u00a0\u00bb _builder_version=\u00a0\u00bb4.27.0&Prime; custom_margin=\u00a0\u00bb||\u00a0\u00bb custom_padding=\u00a0\u00bb0em||0em|\u00a0\u00bb global_colors_info=\u00a0\u00bb{}\u00a0\u00bb button_one_text_size__hover_enabled=\u00a0\u00bboff\u00a0\u00bb button_two_text_size__hover_enabled=\u00a0\u00bboff\u00a0\u00bb button_one_text_color__hover_enabled=\u00a0\u00bboff\u00a0\u00bb button_two_text_color__hover_enabled=\u00a0\u00bboff\u00a0\u00bb button_one_border_width__hover_enabled=\u00a0\u00bboff\u00a0\u00bb button_two_border_width__hover_enabled=\u00a0\u00bboff\u00a0\u00bb button_one_border_color__hover_enabled=\u00a0\u00bboff\u00a0\u00bb button_two_border_color__hover_enabled=\u00a0\u00bboff\u00a0\u00bb button_one_border_radius__hover_enabled=\u00a0\u00bboff\u00a0\u00bb button_two_border_radius__hover_enabled=\u00a0\u00bboff\u00a0\u00bb button_one_letter_spacing__hover_enabled=\u00a0\u00bboff\u00a0\u00bb button_two_letter_spacing__hover_enabled=\u00a0\u00bboff\u00a0\u00bb button_one_bg_color__hover_enabled=\u00a0\u00bboff\u00a0\u00bb button_two_bg_color__hover_enabled=\u00a0\u00bboff\u00a0\u00bb]<\/p>\n<h4 style=\"text-align: center;\"><em>948 199 775 &#8211; <span style=\"color: #ffffff;\"><a style=\"color: #ffffff;\" href=\"mailto:fundacion@koine-aequalitas.org\"><strong>fundacion@koine-aequalitas.org<\/strong><\/a><\/span><\/em><\/h4>\n<p>[\/et_pb_fullwidth_header][\/et_pb_section]<\/p>\n","protected":false},"excerpt":{"rendered":"<p>948 199 775 &#8211; fundacion@koine-aequalitas.orgCette proposition vise \u00e0 r\u00e9pondre aux diff\u00e9rentes besoins li\u00e9s au repeuplement des espaces ruraux en tenant compte des sp\u00e9cificit\u00e9s de chaque territoire.948 199 775 &#8211; fundacion@koine-aequalitas.orgOBJECTIFS Objectif G\u00e9n\u00e9ral Stimuler les processus de repeuplement dans les zones rurales de Navarre en d\u00e9finissant, testant et validant une strat\u00e9gie m\u00e9thodologique (institutionnelle, communautaire et individuelle) [&hellip;]<\/p>\n","protected":false},"author":4,"featured_media":0,"parent":0,"menu_order":0,"comment_status":"closed","ping_status":"closed","template":"","meta":{"_et_pb_use_builder":"on","_et_pb_old_content":"<p>[et_pb_section fb_built=\"1\" fullwidth=\"on\" _builder_version=\"4.16\" global_colors_info=\"{}\"][et_pb_fullwidth_header title=\"REVITAS - Servicio Integral de Repoblaci\u00f3n\" text_orientation=\"center\" admin_label=\"T\u00edtulo de anchura completa\" _builder_version=\"4.22.2\" custom_margin=\"||\" custom_padding=\"0em||0em|\" global_colors_info=\"{}\" button_one_text_size__hover_enabled=\"off\" button_two_text_size__hover_enabled=\"off\" button_one_text_color__hover_enabled=\"off\" button_two_text_color__hover_enabled=\"off\" button_one_border_width__hover_enabled=\"off\" button_two_border_width__hover_enabled=\"off\" button_one_border_color__hover_enabled=\"off\" button_two_border_color__hover_enabled=\"off\" button_one_border_radius__hover_enabled=\"off\" button_two_border_radius__hover_enabled=\"off\" button_one_letter_spacing__hover_enabled=\"off\" button_two_letter_spacing__hover_enabled=\"off\" button_one_bg_color__hover_enabled=\"off\" button_two_bg_color__hover_enabled=\"off\"]<\/p><h4 style=\"text-align: center;\"><em>948 199 775 - <span style=\"color: #ffffff;\"><a style=\"color: #ffffff;\" href=\"mailto:fundacion@koine-aequalitas.org\"><strong>fundacion@koine-aequalitas.org<\/strong><\/a><\/span><\/em><\/h4><p>[\/et_pb_fullwidth_header][\/et_pb_section][et_pb_section fb_built=\"1\" _builder_version=\"4.16\" custom_padding=\"0px||0px\" global_colors_info=\"{}\"][et_pb_row _builder_version=\"4.16\" background_size=\"initial\" background_position=\"top_left\" background_repeat=\"repeat\" global_colors_info=\"{}\"][et_pb_column type=\"4_4\" _builder_version=\"4.16\" custom_padding=\"|||\" global_colors_info=\"{}\" custom_padding__hover=\"|||\"][et_pb_image src=\"https:\/\/www.koine-aequalitas.org\/wp-content\/uploads\/2023\/11\/REVITAS_LOGO.png\" title_text=\"REVITAS_LOGO\" _builder_version=\"4.22.2\" _module_preset=\"default\" width=\"40%\" module_alignment=\"center\" global_colors_info=\"{}\"][\/et_pb_image][et_pb_text _builder_version=\"4.22.2\" global_colors_info=\"{}\"]<\/p><p style=\"text-align: center;\">Esta propuesta surge para dar respuesta a las diferentes necesidades relacionadas con la repoblaci\u00f3n de espacios rurales teniendo muy presente las especificidades de cada territorio.<\/p><p>[\/et_pb_text][et_pb_text _builder_version=\"4.22.2\" _module_preset=\"default\" global_colors_info=\"{}\"]<\/p><p>[embed]https:\/\/vimeo.com\/882931645[\/embed]<\/p><p>[\/et_pb_text][\/et_pb_column][\/et_pb_row][\/et_pb_section][et_pb_section fb_built=\"1\" fullwidth=\"on\" _builder_version=\"4.16\" custom_padding=\"0px||0px\" collapsed=\"off\" global_colors_info=\"{}\"][et_pb_fullwidth_header title=\"Solic\u00edtanos m\u00e1s informaci\u00f3n:\" text_orientation=\"center\" _builder_version=\"4.22.2\" custom_margin=\"||\" custom_padding=\"0em||0em|\" global_colors_info=\"{}\" button_one_text_size__hover_enabled=\"off\" button_two_text_size__hover_enabled=\"off\" button_one_text_color__hover_enabled=\"off\" button_two_text_color__hover_enabled=\"off\" button_one_border_width__hover_enabled=\"off\" button_two_border_width__hover_enabled=\"off\" button_one_border_color__hover_enabled=\"off\" button_two_border_color__hover_enabled=\"off\" button_one_border_radius__hover_enabled=\"off\" button_two_border_radius__hover_enabled=\"off\" button_one_letter_spacing__hover_enabled=\"off\" button_two_letter_spacing__hover_enabled=\"off\" button_one_bg_color__hover_enabled=\"off\" button_two_bg_color__hover_enabled=\"off\"]<\/p><h4 style=\"text-align: center;\"><em>948 199 775 - <span style=\"color: #ffffff;\"><a style=\"color: #ffffff;\" href=\"mailto:fundacion@koine-aequalitas.org\"><strong>fundacion@koine-aequalitas.org<\/strong><\/a><\/span><\/em><\/h4><p>[\/et_pb_fullwidth_header][\/et_pb_section][et_pb_section fb_built=\"1\" _builder_version=\"4.16\" custom_margin=\"0px||0px|\" custom_padding=\"0px||0px\" global_colors_info=\"{}\"][et_pb_row _builder_version=\"4.16\" background_size=\"initial\" background_position=\"top_left\" background_repeat=\"repeat\" global_colors_info=\"{}\"][et_pb_column type=\"4_4\" _builder_version=\"4.16\" custom_padding=\"|||\" global_colors_info=\"{}\" custom_padding__hover=\"|||\"][et_pb_text _builder_version=\"4.27.0\" hover_enabled=\"0\" global_colors_info=\"{}\" sticky_enabled=\"0\"]<\/p><h3><strong>OBJETIVOS<\/strong><\/h3><p><strong>Objetivo General<\/strong><\/p><ul><li>Impulsar los procesos de repoblaci\u00f3n en \u00e1reas rurales navarras a trav\u00e9s de la definici\u00f3n participada, testeo y validaci\u00f3n de una estrategia metodol\u00f3gica (institucional, comunitaria e individual) basada en la inclusi\u00f3n sociolaboral de colectivos en situaci\u00f3n de vulnerabilidad social en los \u00e1mbitos que componen las industrias creativas (turismo sostenible) a trav\u00e9s de diversas formas de la econom\u00eda social.<\/li><\/ul><p><strong>Objetivos Espec\u00edficos<\/strong><\/p><ul><li>Impulsar el desarrollo socioecon\u00f3mico de las localidades implicadas a trav\u00e9s de una estrategia de repoblaci\u00f3n participada que explote las oportunidades y minimice los obst\u00e1culos para el mantenimiento y la incorporaci\u00f3n de poblaci\u00f3n.<\/li><li>Favorecer la inserci\u00f3n sociolaboral de personas en situaci\u00f3n de vulnerabilidad social en \u00e1rea rural a trav\u00e9s de la generaci\u00f3n de empleo y emprendimiento en el sector del turismo sostenible.<\/li><li>Potenciar la inclusi\u00f3n social de personas en situaci\u00f3n de vulnerabilidad social generando oportunidades para el desarrollo de su proyecto vital (individual, familiar, social y laboral) en \u00e1reas rurales despobladas.<\/li><li>Favorecer la replicabilidad y sostenibilidad del proyecto a trav\u00e9s de una \u00f3ptima trazabilidad, evaluaci\u00f3n y comunicaci\u00f3n de este.<\/li><\/ul><p>[\/et_pb_text][et_pb_image src=\"https:\/\/www.koine-aequalitas.org\/wp-content\/uploads\/2024\/08\/REVITAS_COMECOCOS-1024x1024.jpg\" title_text=\"REVITAS_COMECOCOS\" align=\"center\" _builder_version=\"4.24.0\" _module_preset=\"default\" width=\"70%\" global_colors_info=\"{}\"][\/et_pb_image][et_pb_text _builder_version=\"4.27.0\" hover_enabled=\"0\" global_colors_info=\"{}\" sticky_enabled=\"0\"]<\/p><p>El Proyecto cuenta con el apoyo del Programa Innova.<\/p><p>[\/et_pb_text][et_pb_image src=\"https:\/\/www.koine-aequalitas.org\/wp-content\/uploads\/2024\/08\/InnovaFund-Horiz.png\" title_text=\"Innova+Fund-Horiz\" align=\"center\" _builder_version=\"4.27.0\" _module_preset=\"default\" width=\"70%\" hover_enabled=\"0\" global_colors_info=\"{}\" sticky_enabled=\"0\"][\/et_pb_image][\/et_pb_column][\/et_pb_row][\/et_pb_section][et_pb_section fb_built=\"1\" fullwidth=\"on\" _builder_version=\"4.16\" custom_padding=\"0px||0px\" global_colors_info=\"{}\"][et_pb_fullwidth_header title=\"Solic\u00edtanos m\u00e1s informaci\u00f3n:\" text_orientation=\"center\" _builder_version=\"4.22.2\" custom_margin=\"||\" custom_padding=\"0em||0em|\" hover_enabled=\"0\" global_colors_info=\"{}\" button_one_text_size__hover_enabled=\"off\" button_two_text_size__hover_enabled=\"off\" button_one_text_color__hover_enabled=\"off\" button_two_text_color__hover_enabled=\"off\" button_one_border_width__hover_enabled=\"off\" button_two_border_width__hover_enabled=\"off\" button_one_border_color__hover_enabled=\"off\" button_two_border_color__hover_enabled=\"off\" button_one_border_radius__hover_enabled=\"off\" button_two_border_radius__hover_enabled=\"off\" button_one_letter_spacing__hover_enabled=\"off\" button_two_letter_spacing__hover_enabled=\"off\" button_one_bg_color__hover_enabled=\"off\" button_two_bg_color__hover_enabled=\"off\" sticky_enabled=\"0\"]<\/p><h4 style=\"text-align: center;\"><em>948 199 775 - <span style=\"color: #ffffff;\"><a style=\"color: #ffffff;\" href=\"mailto:fundacion@koine-aequalitas.org\"><strong>fundacion@koine-aequalitas.org<\/strong><\/a><\/span><\/em><\/h4><p>[\/et_pb_fullwidth_header][\/et_pb_section]<\/p>","_et_gb_content_width":"","footnotes":""},"class_list":["post-3114","page","type-page","status-publish","hentry"],"yoast_head":"<!-- This site is optimized with the Yoast SEO plugin v27.4 - https:\/\/yoast.com\/product\/yoast-seo-wordpress\/ -->\n<title>Repeuplement - Koine<\/title>\n<meta name=\"robots\" content=\"index, follow, max-snippet:-1, max-image-preview:large, max-video-preview:-1\" \/>\n<link rel=\"canonical\" href=\"https:\/\/www.koine-aequalitas.org\/fr\/repeuplement\/\" \/>\n<meta property=\"og:locale\" content=\"fr_FR\" \/>\n<meta property=\"og:type\" content=\"article\" \/>\n<meta property=\"og:title\" content=\"Repeuplement - Koine\" \/>\n<meta property=\"og:description\" content=\"948 199 775 - fundacion@koine-aequalitas.orgCette proposition vise \u00e0 r\u00e9pondre aux diff\u00e9rentes besoins li\u00e9s au repeuplement des espaces ruraux en tenant compte des sp\u00e9cificit\u00e9s de chaque territoire.948 199 775 - fundacion@koine-aequalitas.orgOBJECTIFS Objectif G\u00e9n\u00e9ral Stimuler les processus de repeuplement dans les zones rurales de Navarre en d\u00e9finissant, testant et validant une strat\u00e9gie m\u00e9thodologique (institutionnelle, communautaire et individuelle) [&hellip;]\" \/>\n<meta property=\"og:url\" content=\"https:\/\/www.koine-aequalitas.org\/fr\/repeuplement\/\" \/>\n<meta property=\"og:site_name\" content=\"Koine\" \/>\n<meta property=\"article:modified_time\" content=\"2025-04-11T10:28:32+00:00\" \/>\n<meta name=\"twitter:card\" content=\"summary_large_image\" \/>\n<meta name=\"twitter:label1\" content=\"Dur\u00e9e de lecture estim\u00e9e\" \/>\n\t<meta name=\"twitter:data1\" content=\"2 minutes\" \/>\n<script type=\"application\/ld+json\" class=\"yoast-schema-graph\">{\"@context\":\"https:\\\/\\\/schema.org\",\"@graph\":[{\"@type\":\"WebPage\",\"@id\":\"https:\\\/\\\/www.koine-aequalitas.org\\\/fr\\\/repeuplement\\\/\",\"url\":\"https:\\\/\\\/www.koine-aequalitas.org\\\/fr\\\/repeuplement\\\/\",\"name\":\"Repeuplement - Koine\",\"isPartOf\":{\"@id\":\"https:\\\/\\\/www.koine-aequalitas.org\\\/#website\"},\"datePublished\":\"2024-09-11T14:23:51+00:00\",\"dateModified\":\"2025-04-11T10:28:32+00:00\",\"breadcrumb\":{\"@id\":\"https:\\\/\\\/www.koine-aequalitas.org\\\/fr\\\/repeuplement\\\/#breadcrumb\"},\"inLanguage\":\"fr-FR\",\"potentialAction\":[{\"@type\":\"ReadAction\",\"target\":[\"https:\\\/\\\/www.koine-aequalitas.org\\\/fr\\\/repeuplement\\\/\"]}]},{\"@type\":\"BreadcrumbList\",\"@id\":\"https:\\\/\\\/www.koine-aequalitas.org\\\/fr\\\/repeuplement\\\/#breadcrumb\",\"itemListElement\":[{\"@type\":\"ListItem\",\"position\":1,\"name\":\"Portada\",\"item\":\"https:\\\/\\\/www.koine-aequalitas.org\\\/fr\\\/\"},{\"@type\":\"ListItem\",\"position\":2,\"name\":\"Repeuplement\"}]},{\"@type\":\"WebSite\",\"@id\":\"https:\\\/\\\/www.koine-aequalitas.org\\\/#website\",\"url\":\"https:\\\/\\\/www.koine-aequalitas.org\\\/\",\"name\":\"Koine\",\"description\":\"Fundaci\u00f3n para la promoci\u00b4no de derechos de las personas con discapacidad y\\\/o riesgo de exclusi\u00f3n social\",\"potentialAction\":[{\"@type\":\"SearchAction\",\"target\":{\"@type\":\"EntryPoint\",\"urlTemplate\":\"https:\\\/\\\/www.koine-aequalitas.org\\\/?s={search_term_string}\"},\"query-input\":{\"@type\":\"PropertyValueSpecification\",\"valueRequired\":true,\"valueName\":\"search_term_string\"}}],\"inLanguage\":\"fr-FR\"}]}<\/script>\n<!-- \/ Yoast SEO plugin. -->","yoast_head_json":{"title":"Repeuplement - Koine","robots":{"index":"index","follow":"follow","max-snippet":"max-snippet:-1","max-image-preview":"max-image-preview:large","max-video-preview":"max-video-preview:-1"},"canonical":"https:\/\/www.koine-aequalitas.org\/fr\/repeuplement\/","og_locale":"fr_FR","og_type":"article","og_title":"Repeuplement - Koine","og_description":"948 199 775 - fundacion@koine-aequalitas.orgCette proposition vise \u00e0 r\u00e9pondre aux diff\u00e9rentes besoins li\u00e9s au repeuplement des espaces ruraux en tenant compte des sp\u00e9cificit\u00e9s de chaque territoire.948 199 775 - fundacion@koine-aequalitas.orgOBJECTIFS Objectif G\u00e9n\u00e9ral Stimuler les processus de repeuplement dans les zones rurales de Navarre en d\u00e9finissant, testant et validant une strat\u00e9gie m\u00e9thodologique (institutionnelle, communautaire et individuelle) [&hellip;]","og_url":"https:\/\/www.koine-aequalitas.org\/fr\/repeuplement\/","og_site_name":"Koine","article_modified_time":"2025-04-11T10:28:32+00:00","twitter_card":"summary_large_image","twitter_misc":{"Dur\u00e9e de lecture estim\u00e9e":"2 minutes"},"schema":{"@context":"https:\/\/schema.org","@graph":[{"@type":"WebPage","@id":"https:\/\/www.koine-aequalitas.org\/fr\/repeuplement\/","url":"https:\/\/www.koine-aequalitas.org\/fr\/repeuplement\/","name":"Repeuplement - Koine","isPartOf":{"@id":"https:\/\/www.koine-aequalitas.org\/#website"},"datePublished":"2024-09-11T14:23:51+00:00","dateModified":"2025-04-11T10:28:32+00:00","breadcrumb":{"@id":"https:\/\/www.koine-aequalitas.org\/fr\/repeuplement\/#breadcrumb"},"inLanguage":"fr-FR","potentialAction":[{"@type":"ReadAction","target":["https:\/\/www.koine-aequalitas.org\/fr\/repeuplement\/"]}]},{"@type":"BreadcrumbList","@id":"https:\/\/www.koine-aequalitas.org\/fr\/repeuplement\/#breadcrumb","itemListElement":[{"@type":"ListItem","position":1,"name":"Portada","item":"https:\/\/www.koine-aequalitas.org\/fr\/"},{"@type":"ListItem","position":2,"name":"Repeuplement"}]},{"@type":"WebSite","@id":"https:\/\/www.koine-aequalitas.org\/#website","url":"https:\/\/www.koine-aequalitas.org\/","name":"Koine","description":"Fundaci\u00f3n para la promoci\u00b4no de derechos de las personas con discapacidad y\/o riesgo de exclusi\u00f3n social","potentialAction":[{"@type":"SearchAction","target":{"@type":"EntryPoint","urlTemplate":"https:\/\/www.koine-aequalitas.org\/?s={search_term_string}"},"query-input":{"@type":"PropertyValueSpecification","valueRequired":true,"valueName":"search_term_string"}}],"inLanguage":"fr-FR"}]}},"_links":{"self":[{"href":"https:\/\/www.koine-aequalitas.org\/fr\/wp-json\/wp\/v2\/pages\/3114","targetHints":{"allow":["GET"]}}],"collection":[{"href":"https:\/\/www.koine-aequalitas.org\/fr\/wp-json\/wp\/v2\/pages"}],"about":[{"href":"https:\/\/www.koine-aequalitas.org\/fr\/wp-json\/wp\/v2\/types\/page"}],"author":[{"embeddable":true,"href":"https:\/\/www.koine-aequalitas.org\/fr\/wp-json\/wp\/v2\/users\/4"}],"replies":[{"embeddable":true,"href":"https:\/\/www.koine-aequalitas.org\/fr\/wp-json\/wp\/v2\/comments?post=3114"}],"version-history":[{"count":13,"href":"https:\/\/www.koine-aequalitas.org\/fr\/wp-json\/wp\/v2\/pages\/3114\/revisions"}],"predecessor-version":[{"id":3569,"href":"https:\/\/www.koine-aequalitas.org\/fr\/wp-json\/wp\/v2\/pages\/3114\/revisions\/3569"}],"wp:attachment":[{"href":"https:\/\/www.koine-aequalitas.org\/fr\/wp-json\/wp\/v2\/media?parent=3114"}],"curies":[{"name":"wp","href":"https:\/\/api.w.org\/{rel}","templated":true}]}}