{"id":1128,"date":"2020-02-26T09:34:58","date_gmt":"2020-02-26T09:34:58","guid":{"rendered":"https:\/\/www.koine-aequalitas.org\/agenda-2030-desarrollo-sostenible\/"},"modified":"2020-12-19T08:20:38","modified_gmt":"2020-12-19T08:20:38","slug":"agenda-2030-desarrollo-sostenible","status":"publish","type":"page","link":"https:\/\/www.koine-aequalitas.org\/fr\/agenda-2030-desarrollo-sostenible\/","title":{"rendered":"Agenda 2030 para el Desarrollo Sostenible"},"content":{"rendered":"<p>[et_pb_section fb_built=\u00a0\u00bb1&Prime; fullwidth=\u00a0\u00bbon\u00a0\u00bb _builder_version=\u00a0\u00bb3.0.47&Prime;][et_pb_fullwidth_header title=\u00a0\u00bbAGENDA 2030&Prime; text_orientation=\u00a0\u00bbcenter\u00a0\u00bb admin_label=\u00a0\u00bbIntroducci\u00f3n\u00a0\u00bb _builder_version=\u00a0\u00bb3.16&Prime; custom_padding=\u00a0\u00bb1em||1em|\u00a0\u00bb text_shadow_style=\u00a0\u00bbpreset1&Prime; button_one_text_size__hover_enabled=\u00a0\u00bboff\u00a0\u00bb button_two_text_size__hover_enabled=\u00a0\u00bboff\u00a0\u00bb button_one_text_color__hover_enabled=\u00a0\u00bboff\u00a0\u00bb button_two_text_color__hover_enabled=\u00a0\u00bboff\u00a0\u00bb button_one_border_width__hover_enabled=\u00a0\u00bboff\u00a0\u00bb button_two_border_width__hover_enabled=\u00a0\u00bboff\u00a0\u00bb button_one_border_color__hover_enabled=\u00a0\u00bboff\u00a0\u00bb button_two_border_color__hover_enabled=\u00a0\u00bboff\u00a0\u00bb button_one_border_radius__hover_enabled=\u00a0\u00bboff\u00a0\u00bb button_two_border_radius__hover_enabled=\u00a0\u00bboff\u00a0\u00bb button_one_letter_spacing__hover_enabled=\u00a0\u00bboff\u00a0\u00bb button_two_letter_spacing__hover_enabled=\u00a0\u00bboff\u00a0\u00bb button_one_bg_color__hover_enabled=\u00a0\u00bboff\u00a0\u00bb button_two_bg_color__hover_enabled=\u00a0\u00bboff\u00a0\u00bb][\/et_pb_fullwidth_header][\/et_pb_section][et_pb_section fb_built=\u00a0\u00bb1&Prime; _builder_version=\u00a0\u00bb3.18.7&Prime; background_color=\u00a0\u00bb#ffffff\u00a0\u00bb][et_pb_row custom_padding=\u00a0\u00bb26.9688px|0px|0|0px|false|false\u00a0\u00bb _builder_version=\u00a0\u00bb3.12.1&Prime;][et_pb_column type=\u00a0\u00bb4_4&Prime; _builder_version=\u00a0\u00bb3.0.47&Prime; parallax=\u00a0\u00bboff\u00a0\u00bb parallax_method=\u00a0\u00bbon\u00a0\u00bb][et_pb_text admin_label=\u00a0\u00bbIntroducci\u00f3n\u00a0\u00bb _builder_version=\u00a0\u00bb3.18.7&Prime; text_orientation=\u00a0\u00bbjustified\u00a0\u00bb]<\/p>\n<h2 class=\"gmail_default\" style=\"text-align: left;\"><span style=\"font-family: verdana, sans-serif;\"><strong>QU&rsquo;EST QUE C&rsquo;EST L\u00b4AGENDA 2030<\/strong><\/span><\/h2>\n<div class=\"gmail_default\" style=\"text-align: left;\">\n<p>Le 25 septembre 2015, les Nations Unies ont adopt\u00e9 le Programme de d\u00e9veloppement durable \u00e0 l&rsquo;horizon 2030, une feuille de route universelle pour \u00e9liminer la pauvret\u00e9, lutter contre les in\u00e9galit\u00e9s et l&rsquo;injustice, le changement climatique et garantir \u00e0 tous la paix et prosp\u00e9rit\u00e9 d&rsquo;ici jusqu\u00b4\u00e0 2030 sous la devise globale de \u00ab\u00a0Ne laisser pas personne de c\u00f4t\u00e9\u00a0\u00bb.<\/p>\n<p><span style=\"font-size: 16px;\">Ce programme fixe 17 objectifs de d\u00e9veloppement durable (ODD) avec 169 objectifs \u00e0 atteindre en 2030 et un syst\u00e8me d&rsquo;indicateurs de suivi. Les 17 ODD sont int\u00e9gr\u00e9s, car ils reconnaissent que les interventions dans ce domaine affecteront les r\u00e9sultats des autres et que ce d\u00e9veloppement doit \u00eatre \u00e9quilibr\u00e9.<\/span><\/p>\n<p><img loading=\"lazy\" decoding=\"async\" src=\"https:\/\/www.koine-aequalitas.org\/wp-content\/uploads\/2020\/03\/Objetivos-de-desarrollo-sostenible-ODS-17.jpg\" width=\"1200\" height=\"595\" alt=\"Objetivos de desarrollo sostenible ODS 17\" class=\"wp-image-1150 alignnone size-full\" srcset=\"https:\/\/www.koine-aequalitas.org\/wp-content\/uploads\/2020\/03\/Objetivos-de-desarrollo-sostenible-ODS-17.jpg 1200w, https:\/\/www.koine-aequalitas.org\/wp-content\/uploads\/2020\/03\/Objetivos-de-desarrollo-sostenible-ODS-17-300x149.jpg 300w, https:\/\/www.koine-aequalitas.org\/wp-content\/uploads\/2020\/03\/Objetivos-de-desarrollo-sostenible-ODS-17-768x381.jpg 768w, https:\/\/www.koine-aequalitas.org\/wp-content\/uploads\/2020\/03\/Objetivos-de-desarrollo-sostenible-ODS-17-1024x508.jpg 1024w, https:\/\/www.koine-aequalitas.org\/wp-content\/uploads\/2020\/03\/Objetivos-de-desarrollo-sostenible-ODS-17-1080x536.jpg 1080w\" sizes=\"(max-width: 1200px) 100vw, 1200px\" \/><\/p>\n<p>Il s&rsquo;agit d&rsquo;un r\u00e9f\u00e9rentiel mondialement reconnu qui devra \u00eatre int\u00e9gr\u00e9 et adapt\u00e9 comme propre par chacun des diff\u00e9rents agents sociaux afin de favoriser les transformations n\u00e9cessaires \u00e0 sa r\u00e9alisation.<\/p>\n<p>Les objectifs de d\u00e9veloppement durable sont la reformulation des objectifs du Mill\u00e9naire pour le d\u00e9veloppement (OMD), qui entre 2000 et 2015, ont fourni un cadre articul\u00e9 des Nations Unies pour atteindre les objectifs mondiaux d&rsquo;am\u00e9lioration.<\/p>\n<p><span style=\"font-size: 16px;\">Mais alors que les OMD tentaient essentiellement de concentrer l&rsquo;aide au d\u00e9veloppement sur les personnes \u00a0plus pauvres et plus d\u00e9favoris\u00e9es dans quelques zones restreintes, il est d\u00e9sormais pr\u00e9vu que les nouveaux objectifs soient universels. Ainsi, la simple division entre pays \u00abd\u00e9velopp\u00e9s\u00bb et \u00aben d\u00e9veloppement\u00bb doit \u00eatre remplac\u00e9e par une r\u00e9partition plus complexe et progressive des responsabilit\u00e9s au niveau international.<\/span><\/p>\n<\/div>\n<p>[\/et_pb_text][\/et_pb_column][\/et_pb_row][\/et_pb_section][et_pb_section fb_built=\u00a0\u00bb1&Prime; _builder_version=\u00a0\u00bb3.12.1&Prime; background_color=\u00a0\u00bb#fafafa\u00a0\u00bb][et_pb_row custom_padding=\u00a0\u00bb4px|0px|26.9688px|0px|false|false\u00a0\u00bb _builder_version=\u00a0\u00bb3.12.1&Prime;][et_pb_column type=\u00a0\u00bb4_4&Prime; _builder_version=\u00a0\u00bb3.0.47&Prime; parallax=\u00a0\u00bboff\u00a0\u00bb parallax_method=\u00a0\u00bbon\u00a0\u00bb][et_pb_image src=\u00a0\u00bbhttps:\/\/www.koine-aequalitas.org\/wp-content\/uploads\/2020\/02\/Comprometidos-Agenda-Mundial-2030-de-Naciones-Unidas.png\u00a0\u00bb _builder_version=\u00a0\u00bb3.18.7&Prime; max_width=\u00a0\u00bb12%\u00a0\u00bb module_alignment=\u00a0\u00bbcenter\u00a0\u00bb][\/et_pb_image][et_pb_text _builder_version=\u00a0\u00bb3.18.7&Prime;]<\/p>\n<p style=\"text-align: center;\"><strong><span>Comprometidos con la Agenda Mundial 2030 de Naciones Unidas<\/span><\/strong><\/p>\n<p>[\/et_pb_text][et_pb_text admin_label=\u00a0\u00bbIntroducci\u00f3n\u00a0\u00bb _builder_version=\u00a0\u00bb3.18.7&Prime; text_orientation=\u00a0\u00bbjustified\u00a0\u00bb]<\/p>\n<div class=\"gmail_default\" style=\"text-align: left;\">\n<p><strong><\/strong><\/p>\n<h3 style=\"text-align: center;\"><strong>L\u00b4AGENDA 2030 DANS LA FONDATION KOINE-AEQUALITAS<\/strong><\/h3>\n<p><span style=\"font-size: 16px;\">La Fondation KOINE-AEQUALITAS \u0153uvre dans une perspective pluridisciplinaire \u00e0 l&rsquo;am\u00e9lioration de la qualit\u00e9 de vie, du d\u00e9veloppement social et de l&rsquo;\u00e9galit\u00e9 des chances de la citoyennet\u00e9 et notamment des personnes en situation de handicap \/ d\u00e9pendance et \/ ou d&rsquo;exclusion sociale:<\/span><\/p>\n<\/div>\n<p>[\/et_pb_text][\/et_pb_column][\/et_pb_row][\/et_pb_section][et_pb_section fb_built=\u00a0\u00bb1&Prime; _builder_version=\u00a0\u00bb3.0.47&Prime;][et_pb_row _builder_version=\u00a0\u00bb3.18.7&Prime;][et_pb_column type=\u00a0\u00bb4_4&Prime; _builder_version=\u00a0\u00bb3.18.7&Prime; parallax=\u00a0\u00bboff\u00a0\u00bb parallax_method=\u00a0\u00bbon\u00a0\u00bb][et_pb_accordion _builder_version=\u00a0\u00bb3.18.7&Prime; body_font=\u00a0\u00bb||||||||\u00a0\u00bb][et_pb_accordion_item title=\u00a0\u00bbODS 3: Permettre \u00e0 tous de vivre en bonne sant\u00e9 et promouvoir le bien-\u00eatre de tous \u00e0 tout \u00e2ge\u00a0\u00bb open=\u00a0\u00bbon\u00a0\u00bb _builder_version=\u00a0\u00bb3.18.7&Prime; title_text_shadow_horizontal_length=\u00a0\u00bb0em\u00a0\u00bb title_text_shadow_vertical_length=\u00a0\u00bb0em\u00a0\u00bb title_text_shadow_blur_strength=\u00a0\u00bb0em\u00a0\u00bb body_text_shadow_horizontal_length=\u00a0\u00bb0em\u00a0\u00bb body_text_shadow_vertical_length=\u00a0\u00bb0em\u00a0\u00bb body_text_shadow_blur_strength=\u00a0\u00bb0em\u00a0\u00bb]<\/p>\n<p><strong><img loading=\"lazy\" decoding=\"async\" src=\"https:\/\/www.koine-aequalitas.org\/wp-content\/uploads\/2020\/02\/S-WEB-Goal-03.jpg\" width=\"156\" height=\"156\" alt=\"S-WEB-Goal-03\" class=\"wp-image-1047 alignnone size-full\" srcset=\"https:\/\/www.koine-aequalitas.org\/wp-content\/uploads\/2020\/02\/S-WEB-Goal-03.jpg 500w, https:\/\/www.koine-aequalitas.org\/wp-content\/uploads\/2020\/02\/S-WEB-Goal-03-150x150.jpg 150w, https:\/\/www.koine-aequalitas.org\/wp-content\/uploads\/2020\/02\/S-WEB-Goal-03-300x300.jpg 300w\" sizes=\"(max-width: 156px) 100vw, 156px\" \/><\/strong><\/p>\n<p><span style=\"color: #cccc00;\"><strong>PROYECTO KOINE-AEQUALITAS<\/strong><\/span><\/p>\n<p><strong>L&rsquo;APPROCHE DE LA VIOLENCE DE GENRE DANS LE SERVICE NAVARRE DE SANT\u00c9, pour le Gouvernement de Navarre<\/strong>.<\/p>\n<p><span style=\"color: #cccc00;\"><strong>INDICADORES<\/strong><\/span><\/p>\n<p><img loading=\"lazy\" decoding=\"async\" src=\"https:\/\/www.koine-aequalitas.org\/wp-content\/uploads\/2020\/02\/tic-verde.jpg\" width=\"41\" height=\"37\" alt=\"\" class=\"wp-image-1096 alignnone size-full\" style=\"float: left;\" \/>Ce projet contribue \u00e0 am\u00e9liorer l&rsquo;approche et la d\u00e9tection de la violence de genre dans le service Navarre de sant\u00e9, des soins primaires aux soins sp\u00e9cialis\u00e9s.<\/p>\n<p><img loading=\"lazy\" decoding=\"async\" src=\"https:\/\/www.koine-aequalitas.org\/wp-content\/uploads\/2020\/02\/tic-verde.jpg\" width=\"41\" height=\"37\" alt=\"\" class=\"wp-image-1096 alignnone size-full\" style=\"float: left;\" \/>Participation de plus de 100 personnes \u00e0 l&rsquo;enqu\u00eate.<\/p>\n<p><img loading=\"lazy\" decoding=\"async\" src=\"https:\/\/www.koine-aequalitas.org\/wp-content\/uploads\/2020\/02\/tic-verde.jpg\" width=\"41\" height=\"37\" alt=\"\" class=\"wp-image-1096 alignnone size-full\" style=\"float: left;\" \/>Recopilation de 8 bonnes pratiques dans le domaine de la d\u00e9tection de la violence de genre dans les services de sant\u00e9.<\/p>\n<p><img loading=\"lazy\" decoding=\"async\" src=\"https:\/\/www.koine-aequalitas.org\/wp-content\/uploads\/2020\/02\/tic-verde.jpg\" width=\"41\" height=\"37\" alt=\"\" class=\"wp-image-1096 alignnone size-full\" style=\"float: left;\" \/>Proposition pour la mise en place d&rsquo;un test de d\u00e9pistage en soins primaires du SNS-O.<\/p>\n<p>[\/et_pb_accordion_item][et_pb_accordion_item title=\u00a0\u00bbODS 4: Assurer l\u2019acc\u00e8s de tous \u00e0 une \u00e9ducation de qualit\u00e9, sur un pied d\u2019\u00e9galit\u00e9, et promouvoir les possibilit\u00e9s d\u2019apprentissage tout au long de la vie\u00a0\u00bb open=\u00a0\u00bboff\u00a0\u00bb _builder_version=\u00a0\u00bb3.18.7&Prime; title_text_shadow_horizontal_length=\u00a0\u00bb0em\u00a0\u00bb title_text_shadow_vertical_length=\u00a0\u00bb0em\u00a0\u00bb title_text_shadow_blur_strength=\u00a0\u00bb0em\u00a0\u00bb body_text_shadow_horizontal_length=\u00a0\u00bb0em\u00a0\u00bb body_text_shadow_vertical_length=\u00a0\u00bb0em\u00a0\u00bb body_text_shadow_blur_strength=\u00a0\u00bb0em\u00a0\u00bb]<\/p>\n<p><img loading=\"lazy\" decoding=\"async\" src=\"https:\/\/www.koine-aequalitas.org\/wp-content\/uploads\/2020\/02\/S-WEB-Goal-04.jpg\" width=\"156\" height=\"156\" alt=\"S-WEB-Goal-04\" class=\"wp-image-1051 alignnone size-full\" srcset=\"https:\/\/www.koine-aequalitas.org\/wp-content\/uploads\/2020\/02\/S-WEB-Goal-04.jpg 500w, https:\/\/www.koine-aequalitas.org\/wp-content\/uploads\/2020\/02\/S-WEB-Goal-04-150x150.jpg 150w, https:\/\/www.koine-aequalitas.org\/wp-content\/uploads\/2020\/02\/S-WEB-Goal-04-300x300.jpg 300w\" sizes=\"(max-width: 156px) 100vw, 156px\" \/><\/p>\n<p><span style=\"color: #cccc00;\"><strong>PROYECTO KOINE-AEQUALITAS<\/strong><\/span><\/p>\n<p><strong>JACOBEMPLEO, un projet d&rsquo;orientation socio-professionnelle des personnes handicap\u00e9es dans le domaine culturel pour la Mairie de Pampelune.<\/strong><\/p>\n<p><span style=\"color: #cccc00;\"><strong>INDICADORES<\/strong><\/span><\/p>\n<p><img loading=\"lazy\" decoding=\"async\" src=\"https:\/\/www.koine-aequalitas.org\/wp-content\/uploads\/2020\/02\/tic-verde.jpg\" width=\"41\" height=\"37\" alt=\"\" class=\"wp-image-1096 alignnone size-full\" style=\"float: left;\" \/><span>Il contribue \u00e0 garantir l&rsquo;\u00e9galit\u00e9 d&rsquo;acc\u00e8s \u00e0 tous les niveaux d&rsquo;enseignement et de formation professionnelle pour les personnes vuln\u00e9rables<\/span>.<\/p>\n<p><img loading=\"lazy\" decoding=\"async\" src=\"https:\/\/www.koine-aequalitas.org\/wp-content\/uploads\/2020\/02\/tic-verde.jpg\" width=\"41\" height=\"37\" alt=\"\" class=\"wp-image-1096 alignnone size-full\" style=\"float: left;\" \/><span>R\u00e9alisation d&rsquo;itin\u00e9raires de formation complets et individualis\u00e9s pour le d\u00e9veloppement des comp\u00e9tences sociales et professionnelles en termes de dynamisation culturelle et touristique<\/span>.<\/p>\n<p><img loading=\"lazy\" decoding=\"async\" src=\"https:\/\/www.koine-aequalitas.org\/wp-content\/uploads\/2020\/02\/tic-verde.jpg\" width=\"41\" height=\"37\" alt=\"\" class=\"wp-image-1096 alignnone size-full\" style=\"float: left;\" \/><span>Cr\u00e9ation d&rsquo;un r\u00e9seau entrepreneurial requ\u00e9rant de travailleurs handicap\u00e9s et de formation<\/span>.<\/p>\n<p><img loading=\"lazy\" decoding=\"async\" src=\"https:\/\/www.koine-aequalitas.org\/wp-content\/uploads\/2020\/02\/tic-verde.jpg\" width=\"41\" height=\"37\" alt=\"\" class=\"wp-image-1096 alignnone size-full\" style=\"float: left;\" \/><span>Augmentation du nombre de personnes handicap\u00e9es form\u00e9es aux comp\u00e9tences techniques et professionnelles pour acc\u00e9der \u00e0 l&#8217;emploi, dans un travail d\u00e9cent et \u00e0 l&rsquo;esprit d&rsquo;entreprise<\/span>.<\/p>\n<p>[\/et_pb_accordion_item][et_pb_accordion_item title=\u00a0\u00bbODS 5: Parvenir \u00e0 l\u2019\u00e9galit\u00e9 des sexes et autonomiser toutes les femmes et les filles\u00a0\u00bb open=\u00a0\u00bboff\u00a0\u00bb _builder_version=\u00a0\u00bb3.18.7&Prime; title_text_shadow_horizontal_length=\u00a0\u00bb0em\u00a0\u00bb title_text_shadow_vertical_length=\u00a0\u00bb0em\u00a0\u00bb title_text_shadow_blur_strength=\u00a0\u00bb0em\u00a0\u00bb body_text_shadow_horizontal_length=\u00a0\u00bb0em\u00a0\u00bb body_text_shadow_vertical_length=\u00a0\u00bb0em\u00a0\u00bb body_text_shadow_blur_strength=\u00a0\u00bb0em\u00a0\u00bb]<\/p>\n<p><img loading=\"lazy\" decoding=\"async\" src=\"https:\/\/www.koine-aequalitas.org\/wp-content\/uploads\/2020\/02\/S-WEB-Goal-05.jpg\" width=\"156\" height=\"156\" alt=\"S-WEB-Goal-05\" class=\"wp-image-1055 alignnone size-full\" srcset=\"https:\/\/www.koine-aequalitas.org\/wp-content\/uploads\/2020\/02\/S-WEB-Goal-05.jpg 500w, https:\/\/www.koine-aequalitas.org\/wp-content\/uploads\/2020\/02\/S-WEB-Goal-05-150x150.jpg 150w, https:\/\/www.koine-aequalitas.org\/wp-content\/uploads\/2020\/02\/S-WEB-Goal-05-300x300.jpg 300w\" sizes=\"(max-width: 156px) 100vw, 156px\" \/><\/p>\n<p><span style=\"color: #cccc00;\"><strong>PROYECTO KOINE-AEQUALITAS<\/strong><\/span><\/p>\n<p><span><strong>GENYOUTH projet pour la d\u00e9finition d&rsquo;une m\u00e9thodologie de participation qui favorise la d\u00e9tection de la violence de genre chez les mineurs ( PROJET INNOVASOCIAL).<\/strong><\/span><\/p>\n<p><span style=\"color: #cccc00;\"><strong>INDICADORES<\/strong><\/span><\/p>\n<p><img loading=\"lazy\" decoding=\"async\" src=\"https:\/\/www.koine-aequalitas.org\/wp-content\/uploads\/2020\/02\/tic-verde.jpg\" width=\"41\" height=\"37\" alt=\"\" class=\"wp-image-1096 alignnone size-full\" style=\"float: left;\" \/><span>Formation de 150 professionnels \u00e0 la conception de la m\u00e9thodologie particip\u00e9e<\/span>.<\/p>\n<p><img loading=\"lazy\" decoding=\"async\" src=\"https:\/\/www.koine-aequalitas.org\/wp-content\/uploads\/2020\/02\/tic-verde.jpg\" width=\"41\" height=\"37\" alt=\"\" class=\"wp-image-1096 alignnone size-full\" style=\"float: left;\" \/><span>Participation active de 150 mineurs \u00e0 la d\u00e9finition et au test de la m\u00e9thodologie<\/span>.<\/p>\n<p><img loading=\"lazy\" decoding=\"async\" src=\"https:\/\/www.koine-aequalitas.org\/wp-content\/uploads\/2020\/02\/tic-verde.jpg\" width=\"41\" height=\"37\" alt=\"\" class=\"wp-image-1096 alignnone size-full\" style=\"float: left;\" \/><span>Cr\u00e9ation d&rsquo;un outil web avec la m\u00e9thodologie favorisant le processus de d\u00e9tection<\/span>.<\/p>\n<p><img loading=\"lazy\" decoding=\"async\" src=\"https:\/\/www.koine-aequalitas.org\/wp-content\/uploads\/2020\/02\/tic-verde.jpg\" width=\"41\" height=\"37\" alt=\"\" class=\"wp-image-1096 alignnone size-full\" style=\"float: left;\" \/><span>Conception d&rsquo;un guide sp\u00e9cifique incluant la m\u00e9thodologie et les ressources<\/span>.<\/p>\n<p><img loading=\"lazy\" decoding=\"async\" src=\"https:\/\/www.koine-aequalitas.org\/wp-content\/uploads\/2020\/02\/tic-verde.jpg\" width=\"41\" height=\"37\" alt=\"\" class=\"wp-image-1096 alignnone size-full\" style=\"float: left;\" \/><span>Recopilation de 10 bonnes pratiques dans le domaine de la d\u00e9tection de la violence de genre.<\/span><\/p>\n<p><span><\/span><\/p>\n<p><img loading=\"lazy\" decoding=\"async\" src=\"https:\/\/www.koine-aequalitas.org\/wp-content\/uploads\/2020\/02\/S-WEB-Goal-05.jpg\" width=\"156\" height=\"156\" alt=\"S-WEB-Goal-05\" class=\"wp-image-1055 alignnone size-full\" srcset=\"https:\/\/www.koine-aequalitas.org\/wp-content\/uploads\/2020\/02\/S-WEB-Goal-05.jpg 500w, https:\/\/www.koine-aequalitas.org\/wp-content\/uploads\/2020\/02\/S-WEB-Goal-05-150x150.jpg 150w, https:\/\/www.koine-aequalitas.org\/wp-content\/uploads\/2020\/02\/S-WEB-Goal-05-300x300.jpg 300w\" sizes=\"(max-width: 156px) 100vw, 156px\" \/><\/p>\n<p><span style=\"color: #cccc00;\"><strong>PROYECTO KOINE-AEQUALITAS<\/strong><\/span><\/p>\n<p><span><strong>D\u00e9veloppement de PLANS D&rsquo;\u00c9GALIT\u00c9 pour diff\u00e9rentes entit\u00e9s publiques et priv\u00e9es.<\/strong><\/span><\/p>\n<p><span style=\"color: #cccc00;\"><strong>INDICADORES<\/strong><\/span><\/p>\n<p><img loading=\"lazy\" decoding=\"async\" src=\"https:\/\/www.koine-aequalitas.org\/wp-content\/uploads\/2020\/02\/tic-verde.jpg\" width=\"41\" height=\"37\" alt=\"\" class=\"wp-image-1096 alignnone size-full\" style=\"float: left;\" \/><span>Formation et professionnalisation de plus de 40 professionnels dans la mise en \u0153uvre de l&rsquo;\u00e9galit\u00e9 dans leurs organisations<\/span>.<\/p>\n<p><img loading=\"lazy\" decoding=\"async\" src=\"https:\/\/www.koine-aequalitas.org\/wp-content\/uploads\/2020\/02\/tic-verde.jpg\" width=\"41\" height=\"37\" alt=\"\" class=\"wp-image-1096 alignnone size-full\" style=\"float: left;\" \/><span>Accompagnement de 5 entit\u00e9s sociales dans l&rsquo;\u00e9laboration de leur strat\u00e9gie d&rsquo;int\u00e9gration de la transversalit\u00e9 de genre \u00e0 partir de l&rsquo;approche ODS<\/span>.<\/p>\n<p><img loading=\"lazy\" decoding=\"async\" src=\"https:\/\/www.koine-aequalitas.org\/wp-content\/uploads\/2020\/02\/tic-verde.jpg\" width=\"41\" height=\"37\" alt=\"\" class=\"wp-image-1096 alignnone size-full\" style=\"float: left;\" \/><span>Am\u00e9lioration de 100% de la prestation de services gr\u00e2ce \u00e0 la mise en \u0153uvre de l&rsquo;\u00e9galit\u00e9<\/span>.<\/p>\n<p><img loading=\"lazy\" decoding=\"async\" src=\"https:\/\/www.koine-aequalitas.org\/wp-content\/uploads\/2020\/02\/tic-verde.jpg\" width=\"41\" height=\"37\" alt=\"\" class=\"wp-image-1096 alignnone size-full\" style=\"float: left;\" \/><span>100% d\u00b4Analyse des situations d&rsquo;in\u00e9galit\u00e9 ou de d\u00e9s\u00e9quilibre entre femmes et hommes dans les entit\u00e9s<\/span>.<\/p>\n<p><img loading=\"lazy\" decoding=\"async\" src=\"https:\/\/www.koine-aequalitas.org\/wp-content\/uploads\/2020\/02\/tic-verde.jpg\" width=\"41\" height=\"37\" alt=\"\" class=\"wp-image-1096 alignnone size-full\" style=\"float: left;\" \/><span>R\u00e9duction des \u00e9carts aux questions de genre dans ces organisations<\/span><\/p>\n<p>[\/et_pb_accordion_item][et_pb_accordion_item title=\u00a0\u00bbODS 8: Promouvoir une croissance \u00e9conomique soutenue, partag\u00e9e et durable, le plein emploi productif et un travail d\u00e9cent pour tous\u00a0\u00bb open=\u00a0\u00bboff\u00a0\u00bb _builder_version=\u00a0\u00bb3.18.7&Prime; title_text_shadow_horizontal_length=\u00a0\u00bb0em\u00a0\u00bb title_text_shadow_vertical_length=\u00a0\u00bb0em\u00a0\u00bb title_text_shadow_blur_strength=\u00a0\u00bb0em\u00a0\u00bb body_text_shadow_horizontal_length=\u00a0\u00bb0em\u00a0\u00bb body_text_shadow_vertical_length=\u00a0\u00bb0em\u00a0\u00bb body_text_shadow_blur_strength=\u00a0\u00bb0em\u00a0\u00bb]<\/p>\n<p><img loading=\"lazy\" decoding=\"async\" src=\"https:\/\/www.koine-aequalitas.org\/wp-content\/uploads\/2020\/02\/S-WEB-Goal-08.jpg\" width=\"156\" height=\"156\" alt=\"S-WEB-Goal-08\" class=\"wp-image-1059 alignnone size-full\" srcset=\"https:\/\/www.koine-aequalitas.org\/wp-content\/uploads\/2020\/02\/S-WEB-Goal-08.jpg 500w, https:\/\/www.koine-aequalitas.org\/wp-content\/uploads\/2020\/02\/S-WEB-Goal-08-150x150.jpg 150w, https:\/\/www.koine-aequalitas.org\/wp-content\/uploads\/2020\/02\/S-WEB-Goal-08-300x300.jpg 300w\" sizes=\"(max-width: 156px) 100vw, 156px\" \/><\/p>\n<p><span style=\"color: #cccc00;\"><strong>PROYECTO KOINE-AEQUALITAS<\/strong><\/span><\/p>\n<p><span><strong>\u00c9TUDE DES BESOINS DES FEMMES AUTONOMES EN NAVARRE, pour le Service Navarre d&#8217;emploi -Nafar Lansare (SNE-NL).<\/strong><\/span><\/p>\n<p><span style=\"color: #cccc00;\"><strong>INDICADORES<\/strong><\/span><\/p>\n<p><img loading=\"lazy\" decoding=\"async\" src=\"https:\/\/www.koine-aequalitas.org\/wp-content\/uploads\/2020\/02\/tic-verde.jpg\" width=\"41\" height=\"37\" alt=\"\" class=\"wp-image-1096 alignnone size-full\" style=\"float: left;\" \/><span>Soutien au d\u00e9veloppement de politiques orient\u00e9 au travail d\u00e9cent, l&rsquo;entrepreneuriat, la cr\u00e9ativit\u00e9 et l&rsquo;innovation<\/span>.<\/p>\n<p><img loading=\"lazy\" decoding=\"async\" src=\"https:\/\/www.koine-aequalitas.org\/wp-content\/uploads\/2020\/02\/tic-verde.jpg\" width=\"41\" height=\"37\" alt=\"\" class=\"wp-image-1096 alignnone size-full\" style=\"float: left;\" \/><span>Un diagnostic de situation concernant les besoins des femmes autonomes en Navarre en termes de conciliation de la vie familiale, personnelle et professionnelle avec une perspective de genre et une approche ODS<\/span>.<\/p>\n<p><img loading=\"lazy\" decoding=\"async\" src=\"https:\/\/www.koine-aequalitas.org\/wp-content\/uploads\/2020\/02\/tic-verde.jpg\" width=\"41\" height=\"37\" alt=\"\" class=\"wp-image-1096 alignnone size-full\" style=\"float: left;\" \/><span>Un document avec les besoins d\u00e9tect\u00e9s et les propositions faites par les femmes participantes<\/span>.<\/p>\n<p><img loading=\"lazy\" decoding=\"async\" src=\"https:\/\/www.koine-aequalitas.org\/wp-content\/uploads\/2020\/02\/tic-verde.jpg\" width=\"41\" height=\"37\" alt=\"\" class=\"wp-image-1096 alignnone size-full\" style=\"float: left;\" \/><span>Diffusion et communication con\u00e7ues pour le processus de socialisation du document avec une pr\u00e9sentation publique<\/span>.<\/p>\n<p><img loading=\"lazy\" decoding=\"async\" src=\"https:\/\/www.koine-aequalitas.org\/wp-content\/uploads\/2020\/02\/tic-verde.jpg\" width=\"41\" height=\"37\" alt=\"\" class=\"wp-image-1096 alignnone size-full\" style=\"float: left;\" \/><span>Adaptation de la r\u00e9glementation des aides publiques sur la base des r\u00e9sultats de l&rsquo;\u00e9tude<\/span><\/p>\n<div class=\"et_pb_module et_pb_blurb et_pb_blurb_18 et_pb_bg_layout_light  et_pb_text_align_left  et_pb_blurb_position_left\">\n<div class=\"et_pb_blurb_content\">\n<div class=\"et_pb_blurb_container\">\n<div class=\"et_pb_blurb_description\"><\/div>\n<\/div>\n<\/div>\n<\/div>\n<p>&nbsp;<\/p>\n<p><span><\/span><\/p>\n<p><img loading=\"lazy\" decoding=\"async\" src=\"https:\/\/www.koine-aequalitas.org\/wp-content\/uploads\/2020\/02\/S-WEB-Goal-08.jpg\" width=\"156\" height=\"156\" alt=\"S-WEB-Goal-08\" class=\"wp-image-1059 alignnone size-full\" srcset=\"https:\/\/www.koine-aequalitas.org\/wp-content\/uploads\/2020\/02\/S-WEB-Goal-08.jpg 500w, https:\/\/www.koine-aequalitas.org\/wp-content\/uploads\/2020\/02\/S-WEB-Goal-08-150x150.jpg 150w, https:\/\/www.koine-aequalitas.org\/wp-content\/uploads\/2020\/02\/S-WEB-Goal-08-300x300.jpg 300w\" sizes=\"(max-width: 156px) 100vw, 156px\" \/><\/p>\n<p><span style=\"color: #cccc00;\"><strong>PROYECTO KOINE-AEQUALITAS<\/strong><\/span><\/p>\n<p><span>Entidad colaboradora de Servicio Navarro de Empleo-SNE en el<strong>\u00a0Entit\u00e9 collaborant avec le Service Navarre d\u00b4emploi -Nafar Lansare (SNE-NL) dans l\u00b4accord-cadre D\u00b4ORIENTATION SOCIOLABORALE<\/strong>.<\/span><\/p>\n<p><span style=\"color: #cccc00;\"><strong>INDICADORES<\/strong><\/span><\/p>\n<p><img loading=\"lazy\" decoding=\"async\" src=\"https:\/\/www.koine-aequalitas.org\/wp-content\/uploads\/2020\/02\/tic-verde.jpg\" width=\"41\" height=\"37\" alt=\"\" class=\"wp-image-1096 alignnone size-full\" style=\"float: left;\" \/><span>Pr\u00e8s de 300 personnes participantes (personnes handicap\u00e9es et b\u00e9n\u00e9ficiaires d&rsquo;un revenu garanti)<\/span>.<\/p>\n<p><img loading=\"lazy\" decoding=\"async\" src=\"https:\/\/www.koine-aequalitas.org\/wp-content\/uploads\/2020\/02\/tic-verde.jpg\" width=\"41\" height=\"37\" alt=\"\" class=\"wp-image-1096 alignnone size-full\" style=\"float: left;\" \/><span>100% des participants ont \u00e9t\u00e9 activ\u00e9s dans la recherche d&#8217;emploi active<\/span>.<\/p>\n<p><img loading=\"lazy\" decoding=\"async\" src=\"https:\/\/www.koine-aequalitas.org\/wp-content\/uploads\/2020\/02\/tic-verde.jpg\" width=\"41\" height=\"37\" alt=\"\" class=\"wp-image-1096 alignnone size-full\" style=\"float: left;\" \/><span>Plus de la moiti\u00e9 des participants ont r\u00e9alis\u00e9 un entretien d&#8217;embauche dans une entreprise ordinaire<\/span>.<\/p>\n<p><img loading=\"lazy\" decoding=\"async\" src=\"https:\/\/www.koine-aequalitas.org\/wp-content\/uploads\/2020\/02\/tic-verde.jpg\" width=\"41\" height=\"37\" alt=\"\" class=\"wp-image-1096 alignnone size-full\" style=\"float: left;\" \/><span>Au moins 40% ont repris l&rsquo;\u00e9ducation formelle ou non formelle<\/span>.<\/p>\n<p><img loading=\"lazy\" decoding=\"async\" src=\"https:\/\/www.koine-aequalitas.org\/wp-content\/uploads\/2020\/02\/tic-verde.jpg\" width=\"41\" height=\"37\" alt=\"\" class=\"wp-image-1096 alignnone size-full\" style=\"float: left;\" \/><span>10% ont envisag\u00e9 de cr\u00e9er une entreprise.<\/span><\/p>\n<p>[\/et_pb_accordion_item][et_pb_accordion_item title=\u00a0\u00bbODS 9: B\u00e2tir une infrastructure r\u00e9siliente, promouvoir une industrialisation durable qui profite \u00e0 tous et encourager l\u2019innovation\u00a0\u00bb open=\u00a0\u00bboff\u00a0\u00bb _builder_version=\u00a0\u00bb3.18.7&Prime; title_text_shadow_horizontal_length=\u00a0\u00bb0em\u00a0\u00bb title_text_shadow_vertical_length=\u00a0\u00bb0em\u00a0\u00bb title_text_shadow_blur_strength=\u00a0\u00bb0em\u00a0\u00bb body_text_shadow_horizontal_length=\u00a0\u00bb0em\u00a0\u00bb body_text_shadow_vertical_length=\u00a0\u00bb0em\u00a0\u00bb body_text_shadow_blur_strength=\u00a0\u00bb0em\u00a0\u00bb]<\/p>\n<p><img loading=\"lazy\" decoding=\"async\" src=\"https:\/\/www.koine-aequalitas.org\/wp-content\/uploads\/2020\/02\/S-WEB-Goal-09.jpg\" width=\"156\" height=\"156\" alt=\"S-WEB-Goal-09\" class=\"wp-image-1063 alignnone size-full\" srcset=\"https:\/\/www.koine-aequalitas.org\/wp-content\/uploads\/2020\/02\/S-WEB-Goal-09.jpg 500w, https:\/\/www.koine-aequalitas.org\/wp-content\/uploads\/2020\/02\/S-WEB-Goal-09-150x150.jpg 150w, https:\/\/www.koine-aequalitas.org\/wp-content\/uploads\/2020\/02\/S-WEB-Goal-09-300x300.jpg 300w\" sizes=\"(max-width: 156px) 100vw, 156px\" \/><\/p>\n<p><span style=\"color: #cccc00;\"><strong>PROYECTO KOINE-AEQUALITAS<\/strong><\/span><\/p>\n<p><span><strong>D\u00e9veloppement des PLANS STRAT\u00c9GIQUES pour plusieurs organisations sociales.<\/strong><\/span><\/p>\n<p><span style=\"color: #cccc00;\"><strong>INDICADORES<\/strong><\/span><\/p>\n<p><img loading=\"lazy\" decoding=\"async\" src=\"https:\/\/www.koine-aequalitas.org\/wp-content\/uploads\/2020\/02\/tic-verde.jpg\" width=\"41\" height=\"37\" alt=\"\" class=\"wp-image-1096 alignnone size-full\" style=\"float: left;\" \/><span>Formation et professionnalisation de plus de 50 professionnels dans la gestion durable et innovante de leurs entit\u00e9s<\/span>.<\/p>\n<p><img loading=\"lazy\" decoding=\"async\" src=\"https:\/\/www.koine-aequalitas.org\/wp-content\/uploads\/2020\/02\/tic-verde.jpg\" width=\"41\" height=\"37\" alt=\"\" class=\"wp-image-1096 alignnone size-full\" style=\"float: left;\" \/><span>Accompagnement de 5 entit\u00e9s sociales dans l&rsquo;\u00e9laboration de leur strat\u00e9gie d&rsquo;entreprise \u00e0 partir de la d\u00e9marche ODS<\/span>.<\/p>\n<p><img loading=\"lazy\" decoding=\"async\" src=\"https:\/\/www.koine-aequalitas.org\/wp-content\/uploads\/2020\/02\/tic-verde.jpg\" width=\"41\" height=\"37\" alt=\"\" class=\"wp-image-1096 alignnone size-full\" style=\"float: left;\" \/><span>Am\u00e9lioration de 80% de la prestation de services gr\u00e2ce \u00e0 une r\u00e9flexion strat\u00e9gique<\/span>.<\/p>\n<p><img loading=\"lazy\" decoding=\"async\" src=\"https:\/\/www.koine-aequalitas.org\/wp-content\/uploads\/2020\/02\/tic-verde.jpg\" width=\"41\" height=\"37\" alt=\"\" class=\"wp-image-1096 alignnone size-full\" style=\"float: left;\" \/><span>Il contribue \u00e0 la modernisation du mod\u00e8le de d\u00e9veloppement organisationnel en favorisant l&rsquo;adoption de proc\u00e9d\u00e9s et technologies industriels propres et respectueux de l&rsquo;environnement<\/span>.<\/p>\n<p><img loading=\"lazy\" decoding=\"async\" src=\"https:\/\/www.koine-aequalitas.org\/wp-content\/uploads\/2020\/02\/tic-verde.jpg\" width=\"41\" height=\"37\" alt=\"\" class=\"wp-image-1096 alignnone size-full\" style=\"float: left;\" \/><span>100% de an\u00e1lisis de los recursos de las entidades participantes para su uso eficaz y sostenible.<\/span><\/p>\n<p><span><\/span><\/p>\n<p>[\/et_pb_accordion_item][et_pb_accordion_item title=\u00a0\u00bbODS 10: R\u00e9duire les in\u00e9galit\u00e9s dans les pays et d\u2019un pays \u00e0 l\u2019autre\u00a0\u00bb open=\u00a0\u00bboff\u00a0\u00bb _builder_version=\u00a0\u00bb3.18.7&Prime; title_text_shadow_horizontal_length=\u00a0\u00bb0em\u00a0\u00bb title_text_shadow_vertical_length=\u00a0\u00bb0em\u00a0\u00bb title_text_shadow_blur_strength=\u00a0\u00bb0em\u00a0\u00bb body_text_shadow_horizontal_length=\u00a0\u00bb0em\u00a0\u00bb body_text_shadow_vertical_length=\u00a0\u00bb0em\u00a0\u00bb body_text_shadow_blur_strength=\u00a0\u00bb0em\u00a0\u00bb]<\/p>\n<p><img loading=\"lazy\" decoding=\"async\" src=\"https:\/\/www.koine-aequalitas.org\/wp-content\/uploads\/2020\/02\/S-WEB-Goal-10.jpg\" width=\"156\" height=\"156\" alt=\"S-WEB-Goal-10\" class=\"wp-image-1067 alignnone size-full\" srcset=\"https:\/\/www.koine-aequalitas.org\/wp-content\/uploads\/2020\/02\/S-WEB-Goal-10.jpg 500w, https:\/\/www.koine-aequalitas.org\/wp-content\/uploads\/2020\/02\/S-WEB-Goal-10-150x150.jpg 150w, https:\/\/www.koine-aequalitas.org\/wp-content\/uploads\/2020\/02\/S-WEB-Goal-10-300x300.jpg 300w\" sizes=\"(max-width: 156px) 100vw, 156px\" \/><\/p>\n<p><span style=\"color: #cccc00;\"><strong>PROYECTO KOINE-AEQUALITAS<\/strong><\/span><\/p>\n<p><span><strong>TRASTON-ARTE, projet exp\u00e9rimental d&rsquo;orientation socio-professionnelle \u00e0 travers la m\u00e9thodologie des communaut\u00e9s d&rsquo;apprentissage. Mairie de Pampelune<\/strong><\/span><\/p>\n<p><span style=\"color: #cccc00;\"><strong>INDICADORES<\/strong><\/span><\/p>\n<p><img loading=\"lazy\" decoding=\"async\" src=\"https:\/\/www.koine-aequalitas.org\/wp-content\/uploads\/2020\/02\/tic-verde.jpg\" width=\"41\" height=\"37\" alt=\"\" class=\"wp-image-1096 alignnone size-full\" style=\"float: left;\" \/>Accompagnement des personnes handicap\u00e9es dans le domaine de l&#8217;emploi.<\/p>\n<p><img loading=\"lazy\" decoding=\"async\" src=\"https:\/\/www.koine-aequalitas.org\/wp-content\/uploads\/2020\/02\/tic-verde.jpg\" width=\"41\" height=\"37\" alt=\"\" class=\"wp-image-1096 alignnone size-full\" style=\"float: left;\" \/>Augmentation des revenus garantissant l&rsquo;\u00e9galit\u00e9 des chances en favorisant l&rsquo;inclusion sociale, \u00e9conomique et politique de tous.<\/p>\n<p><img loading=\"lazy\" decoding=\"async\" src=\"https:\/\/www.koine-aequalitas.org\/wp-content\/uploads\/2020\/02\/tic-verde.jpg\" width=\"41\" height=\"37\" alt=\"\" class=\"wp-image-1096 alignnone size-full\" style=\"float: left;\" \/>Attribution de r\u00f4les, activation dans la recherche d&#8217;emploi, conduite d&rsquo;entretiens, etc.<\/p>\n<p><img loading=\"lazy\" decoding=\"async\" src=\"https:\/\/www.koine-aequalitas.org\/wp-content\/uploads\/2020\/02\/tic-verde.jpg\" width=\"41\" height=\"37\" alt=\"\" class=\"wp-image-1096 alignnone size-full\" style=\"float: left;\" \/>100% des participants ont particip\u00e9 au syst\u00e8me de recherche active d&#8217;emploi ont envoy\u00e9 le CV \u00e0 au moins 5 offres d&#8217;emploi<\/p>\n<p><img loading=\"lazy\" decoding=\"async\" src=\"https:\/\/www.koine-aequalitas.org\/wp-content\/uploads\/2020\/02\/tic-verde.jpg\" width=\"41\" height=\"37\" alt=\"\" class=\"wp-image-1096 alignnone size-full\" style=\"float: left;\" \/>Participation de 50% aux processus de s\u00e9lection du personnel<\/p>\n<p><img loading=\"lazy\" decoding=\"async\" src=\"https:\/\/www.koine-aequalitas.org\/wp-content\/uploads\/2020\/02\/tic-verde.jpg\" width=\"41\" height=\"37\" alt=\"\" class=\"wp-image-1096 alignnone size-full\" style=\"float: left;\" \/>Am\u00e9lioration de 100% de leur autoperception de soi par rapport \u00e0 l&#8217;emploi<\/p>\n<p><span><\/span><\/p>\n<p><img loading=\"lazy\" decoding=\"async\" src=\"https:\/\/www.koine-aequalitas.org\/wp-content\/uploads\/2020\/02\/S-WEB-Goal-10.jpg\" width=\"156\" height=\"156\" alt=\"S-WEB-Goal-10\" class=\"wp-image-1067 alignnone size-full\" srcset=\"https:\/\/www.koine-aequalitas.org\/wp-content\/uploads\/2020\/02\/S-WEB-Goal-10.jpg 500w, https:\/\/www.koine-aequalitas.org\/wp-content\/uploads\/2020\/02\/S-WEB-Goal-10-150x150.jpg 150w, https:\/\/www.koine-aequalitas.org\/wp-content\/uploads\/2020\/02\/S-WEB-Goal-10-300x300.jpg 300w\" sizes=\"(max-width: 156px) 100vw, 156px\" \/><\/p>\n<p><span style=\"color: #cccc00;\"><strong>PROYECTO KOINE-AEQUALITAS<\/strong><\/span><\/p>\n<p><span><strong>DIAGNOSTIC DE L&rsquo;\u00c9CART NUM\u00c9RIQUE CHEZ LES PERSONNES DE PLUS DE 70 ANS EN NAVARRE, pour l&rsquo;Observatoire de la r\u00e9alit\u00e9 sociale du Gouvernement de Navarre.<\/strong><\/span><\/p>\n<p><span style=\"color: #cccc00;\"><strong>INDICADORES<\/strong><\/span><\/p>\n<p><img loading=\"lazy\" decoding=\"async\" src=\"https:\/\/www.koine-aequalitas.org\/wp-content\/uploads\/2020\/02\/tic-verde.jpg\" width=\"41\" height=\"37\" alt=\"\" class=\"wp-image-1096 alignnone size-full\" style=\"float: left;\" \/>Un diagnostic de la situation des besoins et des difficult\u00e9s des personnes de plus de 70 ans en relation avec les TIC et la soci\u00e9t\u00e9 de l&rsquo;information avec une perspective de genre et une approche ODS<\/p>\n<p><img loading=\"lazy\" decoding=\"async\" src=\"https:\/\/www.koine-aequalitas.org\/wp-content\/uploads\/2020\/02\/tic-verde.jpg\" width=\"41\" height=\"37\" alt=\"\" class=\"wp-image-1096 alignnone size-full\" style=\"float: left;\" \/>D\u00e9tection des besoins et formulation de propositions<\/p>\n<p><img loading=\"lazy\" decoding=\"async\" src=\"https:\/\/www.koine-aequalitas.org\/wp-content\/uploads\/2020\/02\/tic-verde.jpg\" width=\"41\" height=\"37\" alt=\"\" class=\"wp-image-1096 alignnone size-full\" style=\"float: left;\" \/>D\u00e9tection des bonnes pratiques en mati\u00e8re d&rsquo;inclusion num\u00e9rique<\/p>\n<p><img loading=\"lazy\" decoding=\"async\" src=\"https:\/\/www.koine-aequalitas.org\/wp-content\/uploads\/2020\/02\/tic-verde.jpg\" width=\"41\" height=\"37\" alt=\"\" class=\"wp-image-1096 alignnone size-full\" style=\"float: left;\" \/>Am\u00e9lioration de 100% de la compr\u00e9hension du ph\u00e9nom\u00e8ne de fracture num\u00e9rique par \u00e2ge par les agents impliqu\u00e9s dans le processus<\/p>\n<p><img loading=\"lazy\" decoding=\"async\" src=\"https:\/\/www.koine-aequalitas.org\/wp-content\/uploads\/2020\/02\/tic-verde.jpg\" width=\"41\" height=\"37\" alt=\"\" class=\"wp-image-1096 alignnone size-full\" style=\"float: left;\" \/>Le d\u00e9veloppement des politiques publiques visant l&rsquo;inclusion num\u00e9rique et la correction de la fracture num\u00e9rique par \u00e2ge est encourag\u00e9<\/p>\n<p>[\/et_pb_accordion_item][et_pb_accordion_item title=\u00a0\u00bbODS 11: Faire en sorte que les villes et les \u00e9tablissements humains soient ouverts \u00e0 tous, s\u00fbrs, r\u00e9silients et durables\u00a0\u00bb open=\u00a0\u00bboff\u00a0\u00bb _builder_version=\u00a0\u00bb3.18.7&Prime; title_text_shadow_horizontal_length=\u00a0\u00bb0em\u00a0\u00bb title_text_shadow_vertical_length=\u00a0\u00bb0em\u00a0\u00bb title_text_shadow_blur_strength=\u00a0\u00bb0em\u00a0\u00bb body_text_shadow_horizontal_length=\u00a0\u00bb0em\u00a0\u00bb body_text_shadow_vertical_length=\u00a0\u00bb0em\u00a0\u00bb body_text_shadow_blur_strength=\u00a0\u00bb0em\u00a0\u00bb]<\/p>\n<p><img loading=\"lazy\" decoding=\"async\" src=\"https:\/\/www.koine-aequalitas.org\/wp-content\/uploads\/2020\/02\/S-WEB-Goal-11.jpg\" width=\"156\" height=\"156\" alt=\"S-WEB-Goal-11\" class=\"wp-image-1071 alignnone size-full\" srcset=\"https:\/\/www.koine-aequalitas.org\/wp-content\/uploads\/2020\/02\/S-WEB-Goal-11.jpg 500w, https:\/\/www.koine-aequalitas.org\/wp-content\/uploads\/2020\/02\/S-WEB-Goal-11-150x150.jpg 150w, https:\/\/www.koine-aequalitas.org\/wp-content\/uploads\/2020\/02\/S-WEB-Goal-11-300x300.jpg 300w\" sizes=\"(max-width: 156px) 100vw, 156px\" \/><\/p>\n<p><span style=\"color: #cccc00;\"><strong>PROYECTO KOINE-AEQUALITAS<\/strong><\/span><\/p>\n<p><span><strong>JACOB@CCESS, projet transfrontalier pour promouvoir l&rsquo;accessibilit\u00e9 au rute de Santiago. (Projet POCTEFA-INTERREG).<\/strong><\/span><\/p>\n<p><span style=\"color: #cccc00;\"><strong>INDICADORES<\/strong><\/span><\/p>\n<p><img loading=\"lazy\" decoding=\"async\" src=\"https:\/\/www.koine-aequalitas.org\/wp-content\/uploads\/2020\/02\/tic-verde.jpg\" width=\"41\" height=\"37\" alt=\"\" class=\"wp-image-1096 alignnone size-full\" style=\"float: left;\" \/><span>Cr\u00e9ation d&rsquo;un r\u00e9seau transfrontalier pour promouvoir l&rsquo;accessibilit\u00e9 des personnes handicap\u00e9es au chemin de Jean-Jacques<\/span>.<\/p>\n<p><img loading=\"lazy\" decoding=\"async\" src=\"https:\/\/www.koine-aequalitas.org\/wp-content\/uploads\/2020\/02\/tic-verde.jpg\" width=\"41\" height=\"37\" alt=\"\" class=\"wp-image-1096 alignnone size-full\" style=\"float: left;\" \/><span>Cr\u00e9ation de 4 ressources socioculturelles accessibles autour du chemin de Jean-Jacques <\/span>.<\/p>\n<p><img loading=\"lazy\" decoding=\"async\" src=\"https:\/\/www.koine-aequalitas.org\/wp-content\/uploads\/2020\/02\/tic-verde.jpg\" width=\"41\" height=\"37\" alt=\"\" class=\"wp-image-1096 alignnone size-full\" style=\"float: left;\" \/><span>D\u00e9finition d&rsquo;une m\u00e9thodologie de travail collaboratif avec la participation de 20 agents institutionnels et sociaux<\/span>.<\/p>\n<p>[\/et_pb_accordion_item][et_pb_accordion_item title=\u00a0\u00bbODS 16: Promouvoir l\u2019av\u00e8nement de soci\u00e9t\u00e9s pacifiques et inclusives aux fins du d\u00e9veloppement durable, assurer l\u2019acc\u00e8s de tous \u00e0 la justice et mettre en place, \u00e0 tous les niveaux, des institutions efficaces, responsables et ouvertes \u00e0 tous\u00a0\u00bb open=\u00a0\u00bboff\u00a0\u00bb _builder_version=\u00a0\u00bb3.18.7&Prime; title_text_shadow_horizontal_length=\u00a0\u00bb0em\u00a0\u00bb title_text_shadow_vertical_length=\u00a0\u00bb0em\u00a0\u00bb title_text_shadow_blur_strength=\u00a0\u00bb0em\u00a0\u00bb body_text_shadow_horizontal_length=\u00a0\u00bb0em\u00a0\u00bb body_text_shadow_vertical_length=\u00a0\u00bb0em\u00a0\u00bb body_text_shadow_blur_strength=\u00a0\u00bb0em\u00a0\u00bb]<\/p>\n<p><img loading=\"lazy\" decoding=\"async\" src=\"https:\/\/www.koine-aequalitas.org\/wp-content\/uploads\/2020\/02\/S-WEB-Goal-16.jpg\" width=\"156\" height=\"156\" alt=\"S-WEB-Goal-16\" class=\"wp-image-1075 alignnone size-full\" srcset=\"https:\/\/www.koine-aequalitas.org\/wp-content\/uploads\/2020\/02\/S-WEB-Goal-16.jpg 500w, https:\/\/www.koine-aequalitas.org\/wp-content\/uploads\/2020\/02\/S-WEB-Goal-16-150x150.jpg 150w, https:\/\/www.koine-aequalitas.org\/wp-content\/uploads\/2020\/02\/S-WEB-Goal-16-300x300.jpg 300w\" sizes=\"(max-width: 156px) 100vw, 156px\" \/><\/p>\n<p><span style=\"color: #cccc00;\"><strong>PROYECTO KOINE-AEQUALITAS<\/strong><\/span><\/p>\n<p><strong>FORUM DE D\u00c9VELOPPEMENT SOCIAL<\/strong><\/p>\n<p><span style=\"color: #cccc00;\"><strong>INDICADORES<\/strong><\/span><\/p>\n<p><img loading=\"lazy\" decoding=\"async\" src=\"https:\/\/www.koine-aequalitas.org\/wp-content\/uploads\/2020\/02\/tic-verde.jpg\" width=\"41\" height=\"37\" alt=\"\" class=\"wp-image-1096 alignnone size-full\" style=\"float: left;\" \/>19 entit\u00e9s impliqu\u00e9es dans le projet dont le travail collaboratif est encourag\u00e9 avec la cr\u00e9ation d&rsquo;un R\u00e9seau con\u00e7u pour la mise en \u0153uvre de projets innovants et avec la r\u00e9alisation d&rsquo;un forum de rencontre entre entit\u00e9s sociales<\/p>\n<p><img loading=\"lazy\" decoding=\"async\" src=\"https:\/\/www.koine-aequalitas.org\/wp-content\/uploads\/2020\/02\/tic-verde.jpg\" width=\"41\" height=\"37\" alt=\"\" class=\"wp-image-1096 alignnone size-full\" style=\"float: left;\" \/><span>Formation de plus de 100 professionnels \u00e0 travers la mise \u00e0 disposition de capsules de formation sur les m\u00e9thodologies \u00ab\u00a0Living Lab\u00a0\u00bb, la mesure de l&rsquo;impact social, l&rsquo;innovation sociale et le gender mainstreaming, et \u00e0 travers des s\u00e9ances de r\u00e9unions participatives avec \u00e9change d&rsquo;exp\u00e9riences entre professionnels<\/span>.<\/p>\n<p><img loading=\"lazy\" decoding=\"async\" src=\"https:\/\/www.koine-aequalitas.org\/wp-content\/uploads\/2020\/02\/tic-verde.jpg\" width=\"41\" height=\"37\" alt=\"\" class=\"wp-image-1096 alignnone size-full\" style=\"float: left;\" \/><span>Permettre \u00e0 un canal de soutien volontaire de superviser l&rsquo;\u00e9laboration des projets et de leur promouvoir une perspective innovante dans laquelle ils collaborent. 70% des participants, \u00e0 travers la revue des projets<\/span>.<\/p>\n<p><img loading=\"lazy\" decoding=\"async\" src=\"https:\/\/www.koine-aequalitas.org\/wp-content\/uploads\/2020\/02\/tic-verde.jpg\" width=\"41\" height=\"37\" alt=\"\" class=\"wp-image-1096 alignnone size-full\" style=\"float: left;\" \/>Mentorat social de l&rsquo;intervention individuelle sous l&rsquo;angle des droits de l&rsquo;homme et de la paix sociale<\/p>\n<p><span><img loading=\"lazy\" decoding=\"async\" src=\"https:\/\/www.koine-aequalitas.org\/wp-content\/uploads\/2020\/02\/tic-verde.jpg\" width=\"41\" height=\"37\" alt=\"\" class=\"wp-image-1096 alignnone size-full\" style=\"float: left;\" \/><\/span>65% des participants ont lanc\u00e9 ou r\u00e9aliseront prochainement des projets collaboratifs<\/p>\n<p>[\/et_pb_accordion_item][et_pb_accordion_item title=\u00a0\u00bbODS 17: Renforcer les moyens de mettre en \u0153uvre le Partenariat mondial pour le d\u00e9veloppement et le revitaliser\u00a0\u00bb open=\u00a0\u00bboff\u00a0\u00bb _builder_version=\u00a0\u00bb3.18.7&Prime; title_text_shadow_horizontal_length=\u00a0\u00bb0em\u00a0\u00bb title_text_shadow_vertical_length=\u00a0\u00bb0em\u00a0\u00bb title_text_shadow_blur_strength=\u00a0\u00bb0em\u00a0\u00bb body_text_shadow_horizontal_length=\u00a0\u00bb0em\u00a0\u00bb body_text_shadow_vertical_length=\u00a0\u00bb0em\u00a0\u00bb body_text_shadow_blur_strength=\u00a0\u00bb0em\u00a0\u00bb]<\/p>\n<p><img loading=\"lazy\" decoding=\"async\" src=\"https:\/\/www.koine-aequalitas.org\/wp-content\/uploads\/2020\/02\/S-WEB-Goal-17.jpg\" width=\"156\" height=\"156\" alt=\"S-WEB-Goal-17\" class=\"wp-image-1079 alignnone size-full\" srcset=\"https:\/\/www.koine-aequalitas.org\/wp-content\/uploads\/2020\/02\/S-WEB-Goal-17.jpg 500w, https:\/\/www.koine-aequalitas.org\/wp-content\/uploads\/2020\/02\/S-WEB-Goal-17-150x150.jpg 150w, https:\/\/www.koine-aequalitas.org\/wp-content\/uploads\/2020\/02\/S-WEB-Goal-17-300x300.jpg 300w\" sizes=\"(max-width: 156px) 100vw, 156px\" \/><\/p>\n<p><span style=\"color: #cccc00;\"><strong>PROYECTO KOINE-AEQUALITAS<\/strong><\/span><\/p>\n<p><span><strong>TOURN\u00c9E FEMMES, un projet d&rsquo;entrepreneuriat f\u00e9minin en partenariat avec la Fondation Coca Cola et l&rsquo;entit\u00e9 sociale Dona Activa.<\/strong><\/span><\/p>\n<p><span style=\"color: #cccc00;\"><strong>INDICADORES<\/strong><\/span><\/p>\n<p><img loading=\"lazy\" decoding=\"async\" src=\"https:\/\/www.koine-aequalitas.org\/wp-content\/uploads\/2020\/02\/tic-verde.jpg\" width=\"41\" height=\"37\" alt=\"\" class=\"wp-image-1096 alignnone size-full\" style=\"float: left;\" \/>Formation personnelle et professionnelle des femmes pour am\u00e9liorer leur employabilit\u00e9.<\/p>\n<p><img loading=\"lazy\" decoding=\"async\" src=\"https:\/\/www.koine-aequalitas.org\/wp-content\/uploads\/2020\/02\/tic-verde.jpg\" width=\"41\" height=\"37\" alt=\"\" class=\"wp-image-1096 alignnone size-full\" style=\"float: left;\" \/>L&rsquo;autonomisation personnelle et collective des femmes est favoris\u00e9e par le soutien \u00e0 la conception d&rsquo;entreprise.<\/p>\n<p><img loading=\"lazy\" decoding=\"async\" src=\"https:\/\/www.koine-aequalitas.org\/wp-content\/uploads\/2020\/02\/tic-verde.jpg\" width=\"41\" height=\"37\" alt=\"\" class=\"wp-image-1096 alignnone size-full\" style=\"float: left;\" \/>G\u00e9n\u00e9ration d&rsquo;alliances strat\u00e9giques entre la soci\u00e9t\u00e9 civile et les entit\u00e9s sociales.<\/p>\n<p>&nbsp;<\/p>\n<p><span><\/span><\/p>\n<p><img loading=\"lazy\" decoding=\"async\" src=\"https:\/\/www.koine-aequalitas.org\/wp-content\/uploads\/2020\/02\/S-WEB-Goal-17.jpg\" width=\"156\" height=\"156\" alt=\"S-WEB-Goal-17\" class=\"wp-image-1079 alignnone size-full\" srcset=\"https:\/\/www.koine-aequalitas.org\/wp-content\/uploads\/2020\/02\/S-WEB-Goal-17.jpg 500w, https:\/\/www.koine-aequalitas.org\/wp-content\/uploads\/2020\/02\/S-WEB-Goal-17-150x150.jpg 150w, https:\/\/www.koine-aequalitas.org\/wp-content\/uploads\/2020\/02\/S-WEB-Goal-17-300x300.jpg 300w\" sizes=\"(max-width: 156px) 100vw, 156px\" \/><\/p>\n<p><span style=\"color: #cccc00;\"><strong>PROYECTO KOINE-AEQUALITAS<\/strong><\/span><\/p>\n<p><strong>PROJET D\u00b4INCLUSION SANS FRONTI\u00c8RES. Am\u00e9lioration de la capacit\u00e9 de l&rsquo;organisation FICE-Bulgarie \u00e0 fournir une formation de haute qualit\u00e9 aux adultes, conform\u00e9ment aux probl\u00e8mes sociaux actuels (ERASMUS +).<\/strong><\/p>\n<p><span style=\"color: #cccc00;\"><strong>INDICADORES<\/strong><\/span><\/p>\n<p><img loading=\"lazy\" decoding=\"async\" src=\"https:\/\/www.koine-aequalitas.org\/wp-content\/uploads\/2020\/02\/tic-verde.jpg\" width=\"41\" height=\"37\" alt=\"\" class=\"wp-image-1096 alignnone size-full\" style=\"float: left;\" \/>Accro\u00eetre les connaissances, les aptitudes et les comp\u00e9tences du personnel de formation.<\/p>\n<p><img loading=\"lazy\" decoding=\"async\" src=\"https:\/\/www.koine-aequalitas.org\/wp-content\/uploads\/2020\/02\/tic-verde.jpg\" width=\"41\" height=\"37\" alt=\"\" class=\"wp-image-1096 alignnone size-full\" style=\"float: left;\" \/>Aide \u00e0 l&rsquo;int\u00e9gration d&rsquo;un mod\u00e8le efficace de gestion de la qualit\u00e9 des activit\u00e9s de formation.<\/p>\n<p><img loading=\"lazy\" decoding=\"async\" src=\"https:\/\/www.koine-aequalitas.org\/wp-content\/uploads\/2020\/02\/tic-verde.jpg\" width=\"41\" height=\"37\" alt=\"\" class=\"wp-image-1096 alignnone size-full\" style=\"float: left;\" \/>Am\u00e9lioration de 80% des comp\u00e9tences linguistiques de l&rsquo;\u00e9quipe.<\/p>\n<p><img loading=\"lazy\" decoding=\"async\" src=\"https:\/\/www.koine-aequalitas.org\/wp-content\/uploads\/2020\/02\/tic-verde.jpg\" width=\"41\" height=\"37\" alt=\"\" class=\"wp-image-1096 alignnone size-full\" style=\"float: left;\" \/>Augmentation des strat\u00e9gies d&rsquo;internalisation de l&rsquo;organisation<\/p>\n<p>[\/et_pb_accordion_item][\/et_pb_accordion][\/et_pb_column][\/et_pb_row][\/et_pb_section][et_pb_section fb_built=\u00a0\u00bb1&Prime; _builder_version=\u00a0\u00bb3.12.1&Prime; background_color=\u00a0\u00bb#fafafa\u00a0\u00bb][et_pb_row custom_padding=\u00a0\u00bb26.9688px|0px|10px|0px|false|false\u00a0\u00bb _builder_version=\u00a0\u00bb3.0.48&Prime; background_size=\u00a0\u00bbinitial\u00a0\u00bb background_position=\u00a0\u00bbtop_left\u00a0\u00bb background_repeat=\u00a0\u00bbrepeat\u00a0\u00bb][et_pb_column type=\u00a0\u00bb4_4&Prime; _builder_version=\u00a0\u00bb3.0.47&Prime; parallax=\u00a0\u00bboff\u00a0\u00bb parallax_method=\u00a0\u00bbon\u00a0\u00bb][et_pb_text admin_label=\u00a0\u00bbESCLEROSIS M\u00daLTIPLE\u00a0\u00bb _builder_version=\u00a0\u00bb3.18.7&Prime;]<\/p>\n<h2><strong>COMMENT PEUT VOUS AIDER LA FONDATION KOINE AEQUALITAS \u00c0 CONTRIBUER \u00c0 L&rsquo;AVANCEMENT DE L&rsquo;AGENDA 2030? <\/strong><\/h2>\n<p>Le nouveau cadre mondial propos\u00e9 par l&rsquo;Agenda 2030 implique que la soci\u00e9t\u00e9 civile est un levier de changement, contribuant en tant q<span style=\"text-decoration: line-through;\">u<\/span>&lsquo;agent de transformation et catalyseur de la participation et de la sensibilisation de la soci\u00e9t\u00e9 au cycle des politiques publiques et \u00e0 la mise en \u0153uvre des solutions concret et innovant.<\/p>\n<p>En effet, de nombreuses organisations d\u00e9veloppent r\u00e9guli\u00e8rement des programmes ou initiatives li\u00e9s aux diff\u00e9rents ODS: elles travaillent \u00e0 \u00e9radiquer la pauvret\u00e9, dans la r\u00e9duction des in\u00e9galit\u00e9s, dans l&rsquo;accompagnement des groupes vuln\u00e9rables, dans la lutte contre le changement climatique, etc. qui, \u00e0 son tour, a conduit \u00e0 une grande exp\u00e9rience avec un fort potentiel de connaissances et de savoir-faire.<\/p>\n<p>Dans tous les cas, au-del\u00e0<span style=\"text-decoration: line-through;\"> <\/span>de la formalit\u00e9 de soutien aux objectifs et de leur reconnaissance, leur int\u00e9gration dans nos organisations demande un processus conscient et porteur que nous devons fournir en temps et en ressources pour le concr\u00e9tiser. Ce processus devrait impliquer, d&rsquo;une part, une analyse de la r\u00e9alit\u00e9, des relations, des espaces de collaboration, et d&rsquo;autre part, une r\u00e9flexion et une reformulation de nos priorit\u00e9s, pratiques et fa\u00e7ons de faire \u00e0 la lumi\u00e8re des ODS.<\/p>\n<p>Syst\u00e9matisant le processus, afin qu&rsquo;une organisation puisse collaborer \u00e0 la mise en \u0153uvre du Programme 2030, elle devrait passer par les \u00e9tapes suivantes:<\/p>\n<ol>\n<li>Conna\u00eetre, comprendre et approfondir les objectifs de d\u00e9veloppement durable<\/li>\n<li>Identifiez les ODS sur lesquels vous souhaitez travailler.<\/li>\n<li>Fixez des objectifs et des indicateurs au niveau de l&rsquo;organisation.<\/li>\n<li>D\u00e9velopper un ensemble d&rsquo;actions congruentes au jour le jour de l&rsquo;organisation.<\/li>\n<li>Rendre publiques les actions d\u00e9velopp\u00e9es et les impacts atteints.<\/li>\n<\/ol>\n<p>L\u2019un des points cl\u00e9s du succ\u00e8s de ce programme est pr\u00e9cis\u00e9ment la capacit\u00e9 d\u2019identifier et de mesurer les progr\u00e8s ou les reculs par rapport aux diff\u00e9rents objectifs. \u00c0 cet \u00e9gard, 232 indicateurs d&rsquo;\u00e9valuation ont \u00e9t\u00e9 \u00e9tablis puis mis en \u0153uvre aux niveaux international, national et local.<\/p>\n<p>Dans ce sens<strong>, l&rsquo;une des lignes d&rsquo;action de la Fondation consiste \u00e0 accompagner, conseiller et conseiller sp\u00e9cialis\u00e9 tous types d&rsquo;entit\u00e9s publiques et priv\u00e9es qui souhaitent aligner leur strat\u00e9gie et leurs projets sur les 17 ODS.<\/strong><\/p>\n<p>Pour cela, nous entretenons un r\u00e9seau de partenaires r\u00e9guliers avec lesquels nous travaillons en permanence au d\u00e9veloppement de projets au niveau national et europ\u00e9en, et avec lesquels nous avons \u00e9tabli une m\u00e9thodologie de travail bas\u00e9e sur le respect, l&rsquo;excellence, la qualit\u00e9 professionnelle et dans la satisfaction mutuelle. Ainsi, depuis la Fondation, nous avons promu et dirig\u00e9 des projets d&rsquo;innovation en collaboration avec d&rsquo;autres associations, fondations, universit\u00e9s et autres organisations sociales afin de g\u00e9n\u00e9rer une plus grande connaissance dans le d\u00e9veloppement de projets de conseil.<\/p>\n<p>Nous avons une \u00e9quipe multidisciplinaire exp\u00e9riment\u00e9e et un dossier d&rsquo;exp\u00e9riences r\u00e9ussies que nous mettons \u00e0 la disposition des organisations int\u00e9ress\u00e9es<\/p>\n<p>[\/et_pb_text][\/et_pb_column][\/et_pb_row][\/et_pb_section][et_pb_section fb_built=\u00a0\u00bb1&Prime; background_color=\u00a0\u00bbrgba(204,204,0,0.12)\u00a0\u00bb _builder_version=\u00a0\u00bb3.18.7&Prime;][et_pb_row _builder_version=\u00a0\u00bb3.18.7&Prime;][et_pb_column type=\u00a0\u00bb4_4&Prime; _builder_version=\u00a0\u00bb3.18.7&Prime; parallax=\u00a0\u00bboff\u00a0\u00bb parallax_method=\u00a0\u00bbon\u00a0\u00bb][et_pb_text _builder_version=\u00a0\u00bb3.18.7&Prime;]<\/p>\n<h2><strong>DES T\u00c9MOIGNAGES DE NOTRE SOUTIEN EN LA MATI\u00c8RE<\/strong><\/h2>\n<p><strong><\/strong><\/p>\n<p>[\/et_pb_text][\/et_pb_column][\/et_pb_row][et_pb_row _builder_version=\u00a0\u00bb3.18.7&Prime;][et_pb_column type=\u00a0\u00bb3_5&Prime; _builder_version=\u00a0\u00bb3.18.7&Prime; parallax=\u00a0\u00bboff\u00a0\u00bb parallax_method=\u00a0\u00bbon\u00a0\u00bb][et_pb_text _builder_version=\u00a0\u00bb3.18.7&Prime;]<\/p>\n<p><strong>T\u00c9MOIGNAGE ARET\u00c9 ACTIVA. Consultant en Organisation, Strat\u00e9gie et Personnes<\/strong><\/p>\n<blockquote>\n<p>Apr\u00e8s des ann\u00e9es de travail en parall\u00e8le avec diff\u00e9rents syst\u00e8mes d\u00b4organisation et de management de la qualit\u00e9, ainsi qu\u00b4avec des engagements de d\u00e9veloppement \u00e0 tous les niveaux (Nations Unies, \u00e9galit\u00e9 des chances, coop\u00e9ration\u2026), il a \u00e9t\u00e9 d\u00b4une grande aide de pouvoir inclure tous les travailles sous l\u00b4\u00e9gide mondiale des ODS de mani\u00e8re simple et agile en trois \u00e9tapes simples (v\u00e9rification, hi\u00e9rarchisation des objectifs, plan d\u00b4action). Cela nous a permis de valoriser en interne le travail et l\u00b4engagement comercial, la participation de toute l\u00b4\u00e9quipe et des secteurs de l\u00b4entreprise \u00e0 sa construction, et de partager une feuille de route align\u00e9e d\u00e9sormais sur les orientations mondiales. Merci!<\/p>\n<p><strong>Elizabeth Purroy, Direcci\u00f3n de Proyectos de Igualdad.<\/strong><\/p>\n<\/blockquote>\n<p>[\/et_pb_text][\/et_pb_column][et_pb_column type=\u00a0\u00bb2_5&Prime; _builder_version=\u00a0\u00bb3.18.7&Prime; parallax=\u00a0\u00bboff\u00a0\u00bb parallax_method=\u00a0\u00bbon\u00a0\u00bb][et_pb_image border_radii=\u00a0\u00bbon|90px|90px|90px|90px\u00a0\u00bb src=\u00a0\u00bbhttps:\/\/www.koine-aequalitas.org\/wp-content\/uploads\/2020\/12\/Elizabeth-Purroy.jpg\u00a0\u00bb _builder_version=\u00a0\u00bb3.18.7&Prime; custom_margin=\u00a0\u00bb75px||\u00a0\u00bb][\/et_pb_image][\/et_pb_column][\/et_pb_row][et_pb_row _builder_version=\u00a0\u00bb3.18.7&Prime;][et_pb_column type=\u00a0\u00bb3_5&Prime; _builder_version=\u00a0\u00bb3.18.7&Prime; parallax=\u00a0\u00bboff\u00a0\u00bb parallax_method=\u00a0\u00bbon\u00a0\u00bb][et_pb_text _builder_version=\u00a0\u00bb3.18.7&Prime;]<\/p>\n<p><strong>T\u00c9MOIGNAGE TASUBINSA, organisation \u00e0 but non lucrative pour la d\u00e9ficience intellectuelle et le d\u00e9veloppement. Navarre<\/strong><\/p>\n<blockquote>\n<p>Chez Tasubinsa, nous avons adhere aux ODS, les alignant sur notre Plan strat\u00e9gique 2021-2023, identifiant les points d\u00b4action les plus pertinents pour l\u00b4organisation et \u00e9tablissant des indicateurs pour mesurer toutes les actions que nous d\u00e9veloppons dans les diff\u00e9rents objectifs, dans le but de continuer \u00e0 travailler sur l\u00b4accomplissement de notre mission d\u00b4insertion sociale et professionnelle des personnes handicap\u00e9es.<\/p>\n<p><strong>Elena Mugueta Echarte, Directeur de la gestion des syst\u00e8mes.<\/strong><\/p>\n<\/blockquote>\n<p>[\/et_pb_text][\/et_pb_column][et_pb_column type=\u00a0\u00bb2_5&Prime; _builder_version=\u00a0\u00bb3.18.7&Prime; parallax=\u00a0\u00bboff\u00a0\u00bb parallax_method=\u00a0\u00bbon\u00a0\u00bb][et_pb_image border_radii=\u00a0\u00bbon|90px|90px|90px|90px\u00a0\u00bb src=\u00a0\u00bbhttps:\/\/www.koine-aequalitas.org\/wp-content\/uploads\/2020\/12\/Tasubinsa.jpg\u00a0\u00bb _builder_version=\u00a0\u00bb3.18.7&Prime; custom_margin=\u00a0\u00bb0px||\u00a0\u00bb][\/et_pb_image][\/et_pb_column][\/et_pb_row][et_pb_row _builder_version=\u00a0\u00bb3.18.7&Prime;][et_pb_column type=\u00a0\u00bb3_5&Prime; _builder_version=\u00a0\u00bb3.18.7&Prime; parallax=\u00a0\u00bboff\u00a0\u00bb parallax_method=\u00a0\u00bbon\u00a0\u00bb][et_pb_text _builder_version=\u00a0\u00bb3.18.7&Prime;]<\/p>\n<p><strong>T\u00c9MOIGNAGE AMIMET, Entit\u00e9 d\u00b4initiative sociale d\u00b4inclusion sociale des personnes handicap\u00e9es. Tudela, Navarre<\/strong><\/p>\n<blockquote>\n<p>Cela semblait \u00eatre un processus tr\u00e8s important et n\u00e9cessaire pour AMIMET. Nous a permis de render visibles beaucoup des choses que nous faisons au quotidien, que nous normalisons, msis qui contribuent sans nous en render compte \u00e0 la promotion des ODS, refl\u00e9tant \u00e9galement d\u00b4autres choses sur lesquelles nous devons am\u00e9liorer et continuer \u00e0 travailler. Nous avons la chance que la croissance de l\u00b4entit\u00e9 soit importante pour toute l\u00b4equipe et que nous travaillions en ligne avec les ODS, de la mani\u00e8re que chaque emploi le permet.<\/p>\n<p><strong>Mar\u00eda Enrique, psychologue participan tau processus.<\/strong><\/p>\n<\/blockquote>\n<p>[\/et_pb_text][\/et_pb_column][et_pb_column type=\u00a0\u00bb2_5&Prime; _builder_version=\u00a0\u00bb3.18.7&Prime; parallax=\u00a0\u00bboff\u00a0\u00bb parallax_method=\u00a0\u00bbon\u00a0\u00bb][et_pb_image border_radii=\u00a0\u00bbon|90px|90px|90px|90px\u00a0\u00bb max_width=\u00a0\u00bb65%\u00a0\u00bb src=\u00a0\u00bbhttps:\/\/www.koine-aequalitas.org\/wp-content\/uploads\/2020\/12\/AMIMET-testimonio-Koine.jpg\u00a0\u00bb _builder_version=\u00a0\u00bb3.18.7&Prime; custom_margin=\u00a0\u00bb0px||\u00a0\u00bb][\/et_pb_image][\/et_pb_column][\/et_pb_row][\/et_pb_section][et_pb_section fb_built=\u00a0\u00bb1&Prime; _builder_version=\u00a0\u00bb3.18.7&Prime; background_color=\u00a0\u00bb#cccc00&Prime; custom_padding=\u00a0\u00bb19px|0px|19px|0px|true|false\u00a0\u00bb][et_pb_row custom_padding=\u00a0\u00bb5px|0px|11px|0px|false|false\u00a0\u00bb _builder_version=\u00a0\u00bb3.0.48&Prime; background_size=\u00a0\u00bbinitial\u00a0\u00bb background_position=\u00a0\u00bbtop_left\u00a0\u00bb background_repeat=\u00a0\u00bbrepeat\u00a0\u00bb][et_pb_column type=\u00a0\u00bb4_4&Prime; _builder_version=\u00a0\u00bb3.0.47&Prime; parallax=\u00a0\u00bboff\u00a0\u00bb parallax_method=\u00a0\u00bbon\u00a0\u00bb][et_pb_text admin_label=\u00a0\u00bbESCLEROSIS M\u00daLTIPLE\u00a0\u00bb _builder_version=\u00a0\u00bb3.18.7&Prime;]<\/p>\n<h2 style=\"text-align: center;\"><strong>Si votre organisation a des inqui\u00e9tudes, n&rsquo;h\u00e9sitez pas \u00e0 contacter notre \u00e9quipe<\/strong><\/h2>\n<p><a href=\"https:\/\/ods-agenda2030.navarra.es\/\"><\/a><\/p>\n<p>[\/et_pb_text][et_pb_button button_url=\u00a0\u00bbhttps:\/\/www.koine-aequalitas.org\/contacto\/\u00a0\u00bb url_new_window=\u00a0\u00bbon\u00a0\u00bb button_text=\u00a0\u00bbContacta con nosotros\u00a0\u00bb button_alignment=\u00a0\u00bbcenter\u00a0\u00bb _builder_version=\u00a0\u00bb3.18.7&Prime; custom_button=\u00a0\u00bbon\u00a0\u00bb button_text_color=\u00a0\u00bb#ffffff\u00a0\u00bb button_bg_color=\u00a0\u00bb#000000&Prime; button_border_width=\u00a0\u00bb2px\u00a0\u00bb button_font=\u00a0\u00bb|600|||||||\u00a0\u00bb][\/et_pb_button][\/et_pb_column][\/et_pb_row][\/et_pb_section][et_pb_section fb_built=\u00a0\u00bb1&Prime; _builder_version=\u00a0\u00bb3.12.1&Prime; background_color=\u00a0\u00bb#fafafa\u00a0\u00bb][et_pb_row _builder_version=\u00a0\u00bb3.0.48&Prime; background_size=\u00a0\u00bbinitial\u00a0\u00bb background_position=\u00a0\u00bbtop_left\u00a0\u00bb background_repeat=\u00a0\u00bbrepeat\u00a0\u00bb][et_pb_column type=\u00a0\u00bb4_4&Prime; _builder_version=\u00a0\u00bb3.0.47&Prime; parallax=\u00a0\u00bboff\u00a0\u00bb parallax_method=\u00a0\u00bbon\u00a0\u00bb][et_pb_text admin_label=\u00a0\u00bbESCLEROSIS M\u00daLTIPLE\u00a0\u00bb _builder_version=\u00a0\u00bb3.18.7&Prime;]<\/p>\n<h2 style=\"text-align: center;\"><strong>AGENDA 2030 EN ESPAGNE<\/strong><\/h2>\n<p>Le gouvernement espagnol est l&rsquo;un des 192 pays signataires du Programme 2030. En cons\u00e9quence, le 29 juin 2018, le Conseil des ministres a approuv\u00e9 le plan d&rsquo;action pour la mise en \u0153uvre du programme de d\u00e9veloppement durable \u00e0 l&rsquo;horizon 2030, \u00e9labor\u00e9 \u00e0 travers un processus ouvert, participatif et transparent et avec l&rsquo;interlocution de tous les acteurs sociaux et les administrations territoriales.<\/p>\n<p>La gouvernance de l&rsquo;Agenda repose sur la cr\u00e9ation r\u00e9cente d&rsquo;un Haut Commissaire \u00e0 la Pr\u00e9sidence du Gouvernement, d&rsquo;un Conseil Consultatif de D\u00e9veloppement Durable, de l&rsquo;articulation entre les trois niveaux des administrations publiques et la mise en place d&rsquo;une Commission Congr\u00e8s-S\u00e9nat mixte pour le suivi. En outre, un secr\u00e9taire d&rsquo;\u00c9tat a \u00e9t\u00e9 cr\u00e9\u00e9 sp\u00e9cialement pour le programme 2030.<\/p>\n<h2 style=\"text-align: left;\"><span style=\"font-size: 16px;\">Il est particuli\u00e8rement important d&rsquo;inclure les engagements et les avanc\u00e9es des communaut\u00e9s autonomes, des gouvernements locaux \u00e0 travers les strat\u00e9gies convenues au sein de la FEMP et du reste des acteurs, de la soci\u00e9t\u00e9 civile, des entreprises, des syndicats, des universit\u00e9s et des associations professionnelles.<\/span><\/h2>\n<p><strong>\u00a0<\/strong><\/p>\n<h3 style=\"text-align: center;\"><strong>AGENDA 2030 EN NAVARRE<\/strong><\/h3>\n<p>Les institutions de Navarre ont rejoint le Programme 2030 et le Gouvernement de Navarre aligne ses politiques sociales, \u00e9conomiques et environnementales sur les 17 ODS.<\/p>\n<p>Dans le lien suivant, et afin de soutenir et diffuser les connaissances, vous pouvez v\u00e9rifier les progr\u00e8s accomplis dans la r\u00e9alisation des ODS dans notre communaut\u00e9 gr\u00e2ce a une s\u00e9rie de graphiques et d&rsquo;indicateurs: <a href=\"https:\/\/ods-agenda2030.navarra.es\/\">https:\/\/ods-agenda2030.navarra.es\/<\/a><\/p>\n<p>[\/et_pb_text][\/et_pb_column][\/et_pb_row][\/et_pb_section]<\/p>\n","protected":false},"excerpt":{"rendered":"<p>QU&rsquo;EST QUE C&rsquo;EST L\u00b4AGENDA 2030 Le 25 septembre 2015, les Nations Unies ont adopt\u00e9 le Programme de d\u00e9veloppement durable \u00e0 l&rsquo;horizon 2030, une feuille de route universelle pour \u00e9liminer la pauvret\u00e9, lutter contre les in\u00e9galit\u00e9s et l&rsquo;injustice, le changement climatique et garantir \u00e0 tous la paix et prosp\u00e9rit\u00e9 d&rsquo;ici jusqu\u00b4\u00e0 2030 sous la devise globale [&hellip;]<\/p>\n","protected":false},"author":2,"featured_media":0,"parent":0,"menu_order":0,"comment_status":"closed","ping_status":"closed","template":"","meta":{"_et_pb_use_builder":"on","_et_pb_old_content":"","_et_gb_content_width":"","footnotes":""},"class_list":["post-1128","page","type-page","status-publish","hentry"],"yoast_head":"<!-- This site is optimized with the Yoast SEO plugin v27.5 - https:\/\/yoast.com\/product\/yoast-seo-wordpress\/ -->\n<title>Qu\u00e9 es la Agenda 2030 para el Desarrollo Sostenible de Naciones Unidas<\/title>\n<meta name=\"description\" content=\"Esta agenda fija 17 Objetivos de Desarrollo Sostenible (ODS) con 169 metas a alcanzar en el a\u00f1o 2030 y un sistema de indicadores para su seguimiento.\" \/>\n<meta name=\"robots\" content=\"index, follow, max-snippet:-1, max-image-preview:large, max-video-preview:-1\" \/>\n<link rel=\"canonical\" href=\"https:\/\/www.koine-aequalitas.org\/agenda-2030-desarrollo-sostenible\/\" \/>\n<meta property=\"og:locale\" content=\"fr_FR\" \/>\n<meta property=\"og:type\" content=\"article\" \/>\n<meta property=\"og:title\" content=\"Qu\u00e9 es la Agenda 2030 para el Desarrollo Sostenible de Naciones Unidas\" \/>\n<meta property=\"og:description\" content=\"Esta agenda fija 17 Objetivos de Desarrollo Sostenible (ODS) con 169 metas a alcanzar en el a\u00f1o 2030 y un sistema de indicadores para su seguimiento.\" \/>\n<meta property=\"og:url\" content=\"https:\/\/www.koine-aequalitas.org\/agenda-2030-desarrollo-sostenible\/\" \/>\n<meta property=\"og:site_name\" content=\"Koine\" \/>\n<meta property=\"article:modified_time\" content=\"2020-12-19T08:20:38+00:00\" \/>\n<meta property=\"og:image\" content=\"https:\/\/www.koine-aequalitas.org\/wp-content\/uploads\/2020\/03\/Objetivos-de-desarrollo-sostenible-ODS-17.jpg\" \/>\n<meta name=\"twitter:card\" content=\"summary_large_image\" \/>\n<meta name=\"twitter:label1\" content=\"Dur\u00e9e de lecture estim\u00e9e\" \/>\n\t<meta name=\"twitter:data1\" content=\"21 minutes\" \/>\n<script type=\"application\/ld+json\" class=\"yoast-schema-graph\">{\"@context\":\"https:\\\/\\\/schema.org\",\"@graph\":[{\"@type\":\"WebPage\",\"@id\":\"https:\\\/\\\/www.koine-aequalitas.org\\\/agenda-2030-desarrollo-sostenible\\\/\",\"url\":\"https:\\\/\\\/www.koine-aequalitas.org\\\/agenda-2030-desarrollo-sostenible\\\/\",\"name\":\"Qu\u00e9 es la Agenda 2030 para el Desarrollo Sostenible de Naciones Unidas\",\"isPartOf\":{\"@id\":\"https:\\\/\\\/www.koine-aequalitas.org\\\/#website\"},\"primaryImageOfPage\":{\"@id\":\"https:\\\/\\\/www.koine-aequalitas.org\\\/agenda-2030-desarrollo-sostenible\\\/#primaryimage\"},\"image\":{\"@id\":\"https:\\\/\\\/www.koine-aequalitas.org\\\/agenda-2030-desarrollo-sostenible\\\/#primaryimage\"},\"thumbnailUrl\":\"https:\\\/\\\/www.koine-aequalitas.org\\\/wp-content\\\/uploads\\\/2020\\\/03\\\/Objetivos-de-desarrollo-sostenible-ODS-17.jpg\",\"datePublished\":\"2020-02-26T09:34:58+00:00\",\"dateModified\":\"2020-12-19T08:20:38+00:00\",\"description\":\"Esta agenda fija 17 Objetivos de Desarrollo Sostenible (ODS) con 169 metas a alcanzar en el a\u00f1o 2030 y un sistema de indicadores para su seguimiento.\",\"breadcrumb\":{\"@id\":\"https:\\\/\\\/www.koine-aequalitas.org\\\/agenda-2030-desarrollo-sostenible\\\/#breadcrumb\"},\"inLanguage\":\"fr-FR\",\"potentialAction\":[{\"@type\":\"ReadAction\",\"target\":[\"https:\\\/\\\/www.koine-aequalitas.org\\\/agenda-2030-desarrollo-sostenible\\\/\"]}]},{\"@type\":\"ImageObject\",\"inLanguage\":\"fr-FR\",\"@id\":\"https:\\\/\\\/www.koine-aequalitas.org\\\/agenda-2030-desarrollo-sostenible\\\/#primaryimage\",\"url\":\"https:\\\/\\\/www.koine-aequalitas.org\\\/wp-content\\\/uploads\\\/2020\\\/03\\\/Objetivos-de-desarrollo-sostenible-ODS-17.jpg\",\"contentUrl\":\"https:\\\/\\\/www.koine-aequalitas.org\\\/wp-content\\\/uploads\\\/2020\\\/03\\\/Objetivos-de-desarrollo-sostenible-ODS-17.jpg\"},{\"@type\":\"BreadcrumbList\",\"@id\":\"https:\\\/\\\/www.koine-aequalitas.org\\\/agenda-2030-desarrollo-sostenible\\\/#breadcrumb\",\"itemListElement\":[{\"@type\":\"ListItem\",\"position\":1,\"name\":\"Portada\",\"item\":\"https:\\\/\\\/www.koine-aequalitas.org\\\/fr\\\/\"},{\"@type\":\"ListItem\",\"position\":2,\"name\":\"Agenda 2030 para el Desarrollo Sostenible\"}]},{\"@type\":\"WebSite\",\"@id\":\"https:\\\/\\\/www.koine-aequalitas.org\\\/#website\",\"url\":\"https:\\\/\\\/www.koine-aequalitas.org\\\/\",\"name\":\"Koine\",\"description\":\"Fundaci\u00f3n para la promoci\u00b4no de derechos de las personas con discapacidad y\\\/o riesgo de exclusi\u00f3n social\",\"potentialAction\":[{\"@type\":\"SearchAction\",\"target\":{\"@type\":\"EntryPoint\",\"urlTemplate\":\"https:\\\/\\\/www.koine-aequalitas.org\\\/?s={search_term_string}\"},\"query-input\":{\"@type\":\"PropertyValueSpecification\",\"valueRequired\":true,\"valueName\":\"search_term_string\"}}],\"inLanguage\":\"fr-FR\"}]}<\/script>\n<!-- \/ Yoast SEO plugin. -->","yoast_head_json":{"title":"Qu\u00e9 es la Agenda 2030 para el Desarrollo Sostenible de Naciones Unidas","description":"Esta agenda fija 17 Objetivos de Desarrollo Sostenible (ODS) con 169 metas a alcanzar en el a\u00f1o 2030 y un sistema de indicadores para su seguimiento.","robots":{"index":"index","follow":"follow","max-snippet":"max-snippet:-1","max-image-preview":"max-image-preview:large","max-video-preview":"max-video-preview:-1"},"canonical":"https:\/\/www.koine-aequalitas.org\/agenda-2030-desarrollo-sostenible\/","og_locale":"fr_FR","og_type":"article","og_title":"Qu\u00e9 es la Agenda 2030 para el Desarrollo Sostenible de Naciones Unidas","og_description":"Esta agenda fija 17 Objetivos de Desarrollo Sostenible (ODS) con 169 metas a alcanzar en el a\u00f1o 2030 y un sistema de indicadores para su seguimiento.","og_url":"https:\/\/www.koine-aequalitas.org\/agenda-2030-desarrollo-sostenible\/","og_site_name":"Koine","article_modified_time":"2020-12-19T08:20:38+00:00","og_image":[{"url":"https:\/\/www.koine-aequalitas.org\/wp-content\/uploads\/2020\/03\/Objetivos-de-desarrollo-sostenible-ODS-17.jpg","type":"","width":"","height":""}],"twitter_card":"summary_large_image","twitter_misc":{"Dur\u00e9e de lecture estim\u00e9e":"21 minutes"},"schema":{"@context":"https:\/\/schema.org","@graph":[{"@type":"WebPage","@id":"https:\/\/www.koine-aequalitas.org\/agenda-2030-desarrollo-sostenible\/","url":"https:\/\/www.koine-aequalitas.org\/agenda-2030-desarrollo-sostenible\/","name":"Qu\u00e9 es la Agenda 2030 para el Desarrollo Sostenible de Naciones Unidas","isPartOf":{"@id":"https:\/\/www.koine-aequalitas.org\/#website"},"primaryImageOfPage":{"@id":"https:\/\/www.koine-aequalitas.org\/agenda-2030-desarrollo-sostenible\/#primaryimage"},"image":{"@id":"https:\/\/www.koine-aequalitas.org\/agenda-2030-desarrollo-sostenible\/#primaryimage"},"thumbnailUrl":"https:\/\/www.koine-aequalitas.org\/wp-content\/uploads\/2020\/03\/Objetivos-de-desarrollo-sostenible-ODS-17.jpg","datePublished":"2020-02-26T09:34:58+00:00","dateModified":"2020-12-19T08:20:38+00:00","description":"Esta agenda fija 17 Objetivos de Desarrollo Sostenible (ODS) con 169 metas a alcanzar en el a\u00f1o 2030 y un sistema de indicadores para su seguimiento.","breadcrumb":{"@id":"https:\/\/www.koine-aequalitas.org\/agenda-2030-desarrollo-sostenible\/#breadcrumb"},"inLanguage":"fr-FR","potentialAction":[{"@type":"ReadAction","target":["https:\/\/www.koine-aequalitas.org\/agenda-2030-desarrollo-sostenible\/"]}]},{"@type":"ImageObject","inLanguage":"fr-FR","@id":"https:\/\/www.koine-aequalitas.org\/agenda-2030-desarrollo-sostenible\/#primaryimage","url":"https:\/\/www.koine-aequalitas.org\/wp-content\/uploads\/2020\/03\/Objetivos-de-desarrollo-sostenible-ODS-17.jpg","contentUrl":"https:\/\/www.koine-aequalitas.org\/wp-content\/uploads\/2020\/03\/Objetivos-de-desarrollo-sostenible-ODS-17.jpg"},{"@type":"BreadcrumbList","@id":"https:\/\/www.koine-aequalitas.org\/agenda-2030-desarrollo-sostenible\/#breadcrumb","itemListElement":[{"@type":"ListItem","position":1,"name":"Portada","item":"https:\/\/www.koine-aequalitas.org\/fr\/"},{"@type":"ListItem","position":2,"name":"Agenda 2030 para el Desarrollo Sostenible"}]},{"@type":"WebSite","@id":"https:\/\/www.koine-aequalitas.org\/#website","url":"https:\/\/www.koine-aequalitas.org\/","name":"Koine","description":"Fundaci\u00f3n para la promoci\u00b4no de derechos de las personas con discapacidad y\/o riesgo de exclusi\u00f3n social","potentialAction":[{"@type":"SearchAction","target":{"@type":"EntryPoint","urlTemplate":"https:\/\/www.koine-aequalitas.org\/?s={search_term_string}"},"query-input":{"@type":"PropertyValueSpecification","valueRequired":true,"valueName":"search_term_string"}}],"inLanguage":"fr-FR"}]}},"_links":{"self":[{"href":"https:\/\/www.koine-aequalitas.org\/fr\/wp-json\/wp\/v2\/pages\/1128","targetHints":{"allow":["GET"]}}],"collection":[{"href":"https:\/\/www.koine-aequalitas.org\/fr\/wp-json\/wp\/v2\/pages"}],"about":[{"href":"https:\/\/www.koine-aequalitas.org\/fr\/wp-json\/wp\/v2\/types\/page"}],"author":[{"embeddable":true,"href":"https:\/\/www.koine-aequalitas.org\/fr\/wp-json\/wp\/v2\/users\/2"}],"replies":[{"embeddable":true,"href":"https:\/\/www.koine-aequalitas.org\/fr\/wp-json\/wp\/v2\/comments?post=1128"}],"version-history":[{"count":4,"href":"https:\/\/www.koine-aequalitas.org\/fr\/wp-json\/wp\/v2\/pages\/1128\/revisions"}],"predecessor-version":[{"id":1651,"href":"https:\/\/www.koine-aequalitas.org\/fr\/wp-json\/wp\/v2\/pages\/1128\/revisions\/1651"}],"wp:attachment":[{"href":"https:\/\/www.koine-aequalitas.org\/fr\/wp-json\/wp\/v2\/media?parent=1128"}],"curies":[{"name":"wp","href":"https:\/\/api.w.org\/{rel}","templated":true}]}}