{"id":946,"date":"2018-07-30T19:05:12","date_gmt":"2018-07-30T19:05:12","guid":{"rendered":"https:\/\/www.koine-aequalitas.org\/project\/genyouth-metodologia-prevencion-violencia-de-genero-menores-y-adolescentes\/"},"modified":"2025-05-15T14:29:21","modified_gmt":"2025-05-15T14:29:21","slug":"genyouth-genero-indarkeria-ume-eta-nerabeetan-prebenitzeko-metodologia-partizipatua","status":"publish","type":"project","link":"https:\/\/www.koine-aequalitas.org\/eu\/project\/genyouth-genero-indarkeria-ume-eta-nerabeetan-prebenitzeko-metodologia-partizipatua\/","title":{"rendered":"GENYOUTH &#8211; UME ETA NERABEETAN GENERO INDARKERIA DETEKTAZEKO METODOLOGIA PARTIZIPATUA"},"content":{"rendered":"<p>[et_pb_section fb_built=&#8221;1&#8243; fullwidth=&#8221;on&#8221; _builder_version=&#8221;4.16&#8243; global_colors_info=&#8221;{}&#8221;][et_pb_fullwidth_slider admin_label=&#8221;GENYOUTH&#8221; _builder_version=&#8221;4.16&#8243; global_colors_info=&#8221;{}&#8221; button_text_size__hover_enabled=&#8221;off&#8221; button_one_text_size__hover_enabled=&#8221;off&#8221; button_two_text_size__hover_enabled=&#8221;off&#8221; button_text_color__hover_enabled=&#8221;off&#8221; button_one_text_color__hover_enabled=&#8221;off&#8221; button_two_text_color__hover_enabled=&#8221;off&#8221; button_border_width__hover_enabled=&#8221;off&#8221; button_one_border_width__hover_enabled=&#8221;off&#8221; button_two_border_width__hover_enabled=&#8221;off&#8221; button_border_color__hover_enabled=&#8221;off&#8221; button_one_border_color__hover_enabled=&#8221;off&#8221; button_two_border_color__hover_enabled=&#8221;off&#8221; button_border_radius__hover_enabled=&#8221;off&#8221; button_one_border_radius__hover_enabled=&#8221;off&#8221; button_two_border_radius__hover_enabled=&#8221;off&#8221; button_letter_spacing__hover_enabled=&#8221;off&#8221; button_one_letter_spacing__hover_enabled=&#8221;off&#8221; button_two_letter_spacing__hover_enabled=&#8221;off&#8221; button_bg_color__hover_enabled=&#8221;off&#8221; button_one_bg_color__hover_enabled=&#8221;off&#8221; button_two_bg_color__hover_enabled=&#8221;off&#8221;][et_pb_slide heading=&#8221;GENYOUTH &#8211; UME ETA NERABEETAN GENERO INDARKERIA DETEKTAZEKO METODOLOGIA PARTIZIPATUA&#8221; use_bg_overlay=&#8221;off&#8221; use_text_overlay=&#8221;off&#8221; _builder_version=&#8221;4.16&#8243; background_image=&#8221;https:\/\/www.koine-aequalitas.org\/wp-content\/uploads\/2019\/11\/GENYOUTH-METODOLOG\u00cdA-PREVENCI\u00d3N-VIOLENCIA-DE-G\u00c9NERO-MENORES-Y-ADOLESCENTES.jpg&#8221; button_on_hover=&#8221;on&#8221; global_colors_info=&#8221;{}&#8221; button_text_size__hover_enabled=&#8221;off&#8221; button_one_text_size__hover_enabled=&#8221;off&#8221; button_two_text_size__hover_enabled=&#8221;off&#8221; button_text_color__hover_enabled=&#8221;off&#8221; button_one_text_color__hover_enabled=&#8221;off&#8221; button_two_text_color__hover_enabled=&#8221;off&#8221; button_border_width__hover_enabled=&#8221;off&#8221; button_one_border_width__hover_enabled=&#8221;off&#8221; button_two_border_width__hover_enabled=&#8221;off&#8221; button_border_color__hover_enabled=&#8221;off&#8221; button_one_border_color__hover_enabled=&#8221;off&#8221; button_two_border_color__hover_enabled=&#8221;off&#8221; button_border_radius__hover_enabled=&#8221;off&#8221; button_one_border_radius__hover_enabled=&#8221;off&#8221; button_two_border_radius__hover_enabled=&#8221;off&#8221; button_letter_spacing__hover_enabled=&#8221;off&#8221; button_one_letter_spacing__hover_enabled=&#8221;off&#8221; button_two_letter_spacing__hover_enabled=&#8221;off&#8221; button_bg_color__hover_enabled=&#8221;off&#8221; button_one_bg_color__hover_enabled=&#8221;off&#8221; button_two_bg_color__hover_enabled=&#8221;off&#8221; sticky_transition=&#8221;on&#8221;][\/et_pb_slide][\/et_pb_fullwidth_slider][\/et_pb_section][et_pb_section fb_built=&#8221;1&#8243; _builder_version=&#8221;4.16&#8243; global_colors_info=&#8221;{}&#8221;][et_pb_row _builder_version=&#8221;4.16&#8243; background_color=&#8221;#cccc00&#8243; custom_padding=&#8221;|30px||30px&#8221; border_width_all=&#8221;1px&#8221; box_shadow_style=&#8221;preset1&#8243; global_colors_info=&#8221;{}&#8221;][et_pb_column type=&#8221;4_4&#8243; _builder_version=&#8221;4.16&#8243; custom_padding=&#8221;|||&#8221; global_colors_info=&#8221;{}&#8221; custom_padding__hover=&#8221;|||&#8221;][et_pb_text _builder_version=&#8221;4.27.2&#8243; text_font=&#8221;|600|||||||&#8221; text_font_size=&#8221;18px&#8221; header_font=&#8221;||||||||&#8221; header_2_font=&#8221;||||||||&#8221; global_colors_info=&#8221;{}&#8221;]<\/p>\n<p><span style=\"color: #000000;\">GENYOUTH proiektuak 2020ko Nafarroako Gizarte Zerbitzuetako Gizarte Berrikuntzaren I. Saria jaso zuen, Nafarroako Gobernuak eta Tomas eta Lydia Recari Garcia Fundazioak emana.<\/span><\/p>\n<p style=\"text-align: center;\"><span style=\"color: #000000;\"><a href=\"https:\/\/www.navarra.es\/es\/noticias\/2020\/11\/04\/un-proyecto-para-detectar-violencia-de-genero-en-menores-entre-6-y-18-anos-de-la-fundacion-koine-aequalitas-recibe-el-i-premio-a-la-innovacion-social-del-departamento-de-derechos-sociales\" target=\"_blank\" rel=\"nofollow noopener noreferrer\" style=\"color: #000000;\"><strong>\u00a0<em>GEHIAGO IRAKURRI<\/em><\/strong><\/a><\/span><\/p>\n<p>[\/et_pb_text][\/et_pb_column][\/et_pb_row][\/et_pb_section][et_pb_section fb_built=&#8221;1&#8243; _builder_version=&#8221;4.16&#8243; global_colors_info=&#8221;{}&#8221;][et_pb_row module_class=&#8221; et_pb_row_fullwidth&#8221; _builder_version=&#8221;4.16&#8243; background_size=&#8221;initial&#8221; background_position=&#8221;top_left&#8221; background_repeat=&#8221;repeat&#8221; width=&#8221;89%&#8221; width_tablet=&#8221;80%&#8221; width_phone=&#8221;80%&#8221; width_last_edited=&#8221;on|desktop&#8221; max_width=&#8221;89%&#8221; max_width_tablet=&#8221;80%&#8221; max_width_phone=&#8221;80%&#8221; max_width_last_edited=&#8221;on|desktop&#8221; make_fullwidth=&#8221;on&#8221; global_colors_info=&#8221;{}&#8221;][et_pb_column type=&#8221;4_4&#8243; _builder_version=&#8221;4.16&#8243; custom_padding=&#8221;|||&#8221; global_colors_info=&#8221;{}&#8221; custom_padding__hover=&#8221;|||&#8221;][et_pb_text admin_label=&#8221;Descripci\u00f3n proyecto&#8221; _builder_version=&#8221;4.16&#8243; global_colors_info=&#8221;{}&#8221;]<\/p>\n<p>Europan probatu, baliozkotu, aplikatu eta transferitu daitekeen metodologia bat diseinatzea proiektuaren helburua da, metodologia horrek, besteak beste, indarkeria objektiboki detektatzeko tresna bat eta indarkeria horren arriskua jasoko ditu indarkeria jasatzen ari diren umeengan, hezkuntza-maila guztietako ikastetxeetan, esparru formalaren barruan eta hezkuntzaren eremu ez-formaleko hezkuntza-espazioetan.<\/p>\n<p>&nbsp;<\/p>\n<p><span style=\"font-size: 16px;\">Beharra sortu da, ez baitago Europan baliozkotutako tresna metodologikorik, hala nola osasunean aplikatzen dena (OME, AAS baheketa-probekin &#8211; Abuse Assessment Screen eta WAST &#8211; Women Abuse Screening Tool), hezkuntza eremu formal eta ez formalean aplikatzeko, zuzenean edo zeharka umeek jasandako genero indarkeria detektatzekoa.<\/span><\/p>\n<p>[\/et_pb_text][\/et_pb_column][\/et_pb_row][et_pb_row admin_label=&#8221;Titulo secci\u00f3n objetivos&#8221; module_class=&#8221; et_pb_row_fullwidth&#8221; _builder_version=&#8221;4.16&#8243; background_color=&#8221;#cccc00&#8243; background_size=&#8221;initial&#8221; background_position=&#8221;top_left&#8221; background_repeat=&#8221;repeat&#8221; width=&#8221;89%&#8221; width_tablet=&#8221;80%&#8221; width_phone=&#8221;80%&#8221; width_last_edited=&#8221;on|desktop&#8221; max_width=&#8221;89%&#8221; max_width_tablet=&#8221;80%&#8221; max_width_phone=&#8221;80%&#8221; max_width_last_edited=&#8221;on|desktop&#8221; custom_padding=&#8221;16px|0px|8px|0px|false|false&#8221; make_fullwidth=&#8221;on&#8221; global_colors_info=&#8221;{}&#8221;][et_pb_column type=&#8221;4_4&#8243; _builder_version=&#8221;4.16&#8243; custom_padding=&#8221;|||&#8221; global_colors_info=&#8221;{}&#8221; custom_padding__hover=&#8221;|||&#8221;][et_pb_text _builder_version=&#8221;4.16&#8243; custom_margin=&#8221;|||50px&#8221; global_colors_info=&#8221;{}&#8221;]<\/p>\n<h2><strong>PROIEKTUAREN HELBURUAK<\/strong><\/h2>\n<p>[\/et_pb_text][\/et_pb_column][\/et_pb_row][et_pb_row admin_label=&#8221;Objetivos del proyecto&#8221; module_class=&#8221; et_pb_row_fullwidth&#8221; _builder_version=&#8221;4.16&#8243; background_size=&#8221;initial&#8221; background_position=&#8221;top_left&#8221; background_repeat=&#8221;repeat&#8221; width=&#8221;89%&#8221; width_tablet=&#8221;80%&#8221; width_phone=&#8221;80%&#8221; width_last_edited=&#8221;on|desktop&#8221; max_width=&#8221;89%&#8221; max_width_tablet=&#8221;80%&#8221; max_width_phone=&#8221;80%&#8221; max_width_last_edited=&#8221;on|desktop&#8221; make_fullwidth=&#8221;on&#8221; global_colors_info=&#8221;{}&#8221;][et_pb_column type=&#8221;4_4&#8243; _builder_version=&#8221;4.16&#8243; custom_padding=&#8221;|||&#8221; global_colors_info=&#8221;{}&#8221; custom_padding__hover=&#8221;|||&#8221;][et_pb_blurb title=&#8221;Hezkuntzako profesionalen lana bultzatzea&#8221; use_icon=&#8221;on&#8221; font_icon=&#8221;&#x4e;||divi||400&#8243; icon_placement=&#8221;left&#8221; content_max_width=&#8221;1100px&#8221; admin_label=&#8221;Anuncio&#8221; _builder_version=&#8221;4.16&#8243; global_colors_info=&#8221;{}&#8221;]<\/p>\n<p>Hezkuntzako profesionalen lana bultzatzea, umeek eta gazteek jasaten duten genero indarkeria detektatzeko eta prebenitzeko funtsezko eragile gisa, bai familian, bai hezkuntzaren esparruan, bai zuzenean edo zeharka sozializazioko beste esparru batzuetan, indarkeria pairatzen duten umeei arreta goiztiarra, pertsonalizatua eta integrala ahalbidatzen.<\/p>\n<p>[\/et_pb_blurb][et_pb_blurb title=&#8221;Hezkuntza formala eta ez formalako ikastetxeei&#8221; use_icon=&#8221;on&#8221; font_icon=&#8221;&#x4e;||divi||400&#8243; icon_placement=&#8221;left&#8221; content_max_width=&#8221;1100px&#8221; admin_label=&#8221;Anuncio&#8221; _builder_version=&#8221;4.16&#8243; animation=&#8221;off&#8221; global_colors_info=&#8221;{}&#8221;]<\/p>\n<p>Hezkuntza formala eta ez formalako ikastetxeei, zuzenean edo zeharka umeek eta gazteek pairatzen duten genero indarkeria modu arin eta sistematikoan detektatzeko tresnak eman.<\/p>\n<p>[\/et_pb_blurb][et_pb_blurb title=&#8221;Umeek eta gazteek pairatzen duten genero indarkeriari garaiz aurrea hartzea&#8221; use_icon=&#8221;on&#8221; font_icon=&#8221;&#x4e;||divi||400&#8243; icon_placement=&#8221;left&#8221; content_max_width=&#8221;1100px&#8221; admin_label=&#8221;Anuncio&#8221; _builder_version=&#8221;4.16&#8243; animation=&#8221;off&#8221; global_colors_info=&#8221;{}&#8221;]<\/p>\n<p>Umeek eta gazteek pairatzen duten genero indarkeriari garaiz aurrea hartzea, zuzenean edo zeharka, hainbat hezkuntza esparrutan parte hartzen duen metodologia integratuaren bidez.<\/p>\n<p>[\/et_pb_blurb][\/et_pb_column][\/et_pb_row][et_pb_row admin_label=&#8221;Titulo secci\u00f3n grupos participantes&#8221; module_class=&#8221; et_pb_row_fullwidth&#8221; _builder_version=&#8221;4.16&#8243; background_color=&#8221;#cccc00&#8243; background_size=&#8221;initial&#8221; background_position=&#8221;top_left&#8221; background_repeat=&#8221;repeat&#8221; width=&#8221;89%&#8221; width_tablet=&#8221;80%&#8221; width_phone=&#8221;80%&#8221; width_last_edited=&#8221;on|desktop&#8221; max_width=&#8221;89%&#8221; max_width_tablet=&#8221;80%&#8221; max_width_phone=&#8221;80%&#8221; max_width_last_edited=&#8221;on|desktop&#8221; custom_padding=&#8221;12px|0px|7px|0px|false|false&#8221; make_fullwidth=&#8221;on&#8221; global_colors_info=&#8221;{}&#8221;][et_pb_column type=&#8221;4_4&#8243; _builder_version=&#8221;4.16&#8243; custom_padding=&#8221;|||&#8221; global_colors_info=&#8221;{}&#8221; custom_padding__hover=&#8221;|||&#8221;][et_pb_text _builder_version=&#8221;4.16&#8243; custom_margin=&#8221;|||50px&#8221; global_colors_info=&#8221;{}&#8221;]<\/p>\n<h2><strong>PARTE HARTZEN DUTEN TALDEAK<\/strong><\/h2>\n<p>[\/et_pb_text][\/et_pb_column][\/et_pb_row][et_pb_row column_structure=&#8221;1_2,1_2&#8243; admin_label=&#8221;Grupos participantes&#8221; _builder_version=&#8221;4.16&#8243; background_size=&#8221;initial&#8221; background_position=&#8221;top_left&#8221; background_repeat=&#8221;repeat&#8221; custom_padding=&#8221;25px|0px|26.9688px|0px|false|false&#8221; global_colors_info=&#8221;{}&#8221;][et_pb_column type=&#8221;1_2&#8243; _builder_version=&#8221;4.16&#8243; custom_padding=&#8221;|||&#8221; global_colors_info=&#8221;{}&#8221; custom_padding__hover=&#8221;|||&#8221;][et_pb_blurb title=&#8221;Hezkuntza sisteman 6 urtetik 18 urtera bitarteko umeak&#8221; use_icon=&#8221;on&#8221; font_icon=&#8221;&#xe0a1;||divi||400&#8243; content_max_width=&#8221;1100px&#8221; admin_label=&#8221;Anuncio&#8221; _builder_version=&#8221;4.16&#8243; animation=&#8221;off&#8221; global_colors_info=&#8221;{}&#8221;]<\/p>\n<p>Hezkuntza sisteman 6 urtetik 18 urtera bitarteko umeak, genero-indarkeriaren biktima izan daitezkeenak eta gizarte-aldaketako etorkizuneko eragileak.<\/p>\n<p>[\/et_pb_blurb][\/et_pb_column][et_pb_column type=&#8221;1_2&#8243; _builder_version=&#8221;4.16&#8243; custom_padding=&#8221;|||&#8221; global_colors_info=&#8221;{}&#8221; custom_padding__hover=&#8221;|||&#8221;][et_pb_blurb title=&#8221;Hezkuntzako profesionalak&#8221; use_icon=&#8221;on&#8221; font_icon=&#8221;&#xe0fc;||divi||400&#8243; content_max_width=&#8221;1100px&#8221; admin_label=&#8221;Anuncio&#8221; _builder_version=&#8221;4.16&#8243; animation=&#8221;off&#8221; global_colors_info=&#8221;{}&#8221;]<\/p>\n<p>Hezkuntzako profesionalak, erreferentzia moduan, sozializazio prozesuan eta genero indarkeria erreferenzia atzemateko eragile garrantzitsuak, xede-biztanleriarekin duten esku-hartzearen intentsitateagatik.<\/p>\n<p>[\/et_pb_blurb][\/et_pb_column][\/et_pb_row][et_pb_row admin_label=&#8221;Actividades&#8221; module_class=&#8221; et_pb_row_fullwidth&#8221; _builder_version=&#8221;4.16&#8243; background_color=&#8221;#cccc00&#8243; background_size=&#8221;initial&#8221; background_position=&#8221;top_left&#8221; background_repeat=&#8221;repeat&#8221; width=&#8221;89%&#8221; width_tablet=&#8221;80%&#8221; width_phone=&#8221;80%&#8221; width_last_edited=&#8221;on|desktop&#8221; max_width=&#8221;89%&#8221; max_width_tablet=&#8221;80%&#8221; max_width_phone=&#8221;80%&#8221; max_width_last_edited=&#8221;on|desktop&#8221; custom_padding=&#8221;10px|0px|2px|0px|false|false&#8221; make_fullwidth=&#8221;on&#8221; global_colors_info=&#8221;{}&#8221;][et_pb_column type=&#8221;4_4&#8243; _builder_version=&#8221;4.16&#8243; custom_padding=&#8221;|||&#8221; global_colors_info=&#8221;{}&#8221; custom_padding__hover=&#8221;|||&#8221;][et_pb_text _builder_version=&#8221;4.16&#8243; custom_margin=&#8221;|||50px&#8221; global_colors_info=&#8221;{}&#8221;]<\/p>\n<h2><strong>EKINTZAK<\/strong><\/h2>\n<p>[\/et_pb_text][\/et_pb_column][\/et_pb_row][et_pb_row _builder_version=&#8221;4.16&#8243; background_size=&#8221;initial&#8221; background_position=&#8221;top_left&#8221; background_repeat=&#8221;repeat&#8221; global_colors_info=&#8221;{}&#8221;][et_pb_column type=&#8221;4_4&#8243; _builder_version=&#8221;4.16&#8243; custom_padding=&#8221;|||&#8221; global_colors_info=&#8221;{}&#8221; custom_padding__hover=&#8221;|||&#8221;][et_pb_text _builder_version=&#8221;4.16&#8243; global_colors_info=&#8221;{}&#8221;]<\/p>\n<ol>\n<li>Umeen eta gazteen indarkeriaren prebentzio eta detekzio goiztiarrerako metodologiei buruzko hasierako egoeraren diagnostiko bat egitea, eta Europan eta nazioartean, hezkuntzaren esparruan eta beste esparru batzuetan (osasuna, esaterako) egindako praktika onak biltzea.<\/li>\n<li>Partekatua den metodologia diseinatzea, umeen eta gazteen artean zuzeneko eta zeharkako genero indarkeria garaiz atzemateko baliabide eta tresnak bilduko dituena. Metodologia probatu eta ebaluatzea, baliozkotzeko behar diren aldaketak barneratzen.<\/li>\n<li>Hezkuntza esparru guztietako profesionalentzako gaikuntza programak diseinatu eta abiaraztu, genero indarkeria goiz detektatzeko sortutako metodologian. Sortutako ezagutza transmititzea, proiektuaren eskalagarritasuna ahalbidetuz.<\/li>\n<\/ol>\n<p>[\/et_pb_text][\/et_pb_column][\/et_pb_row][et_pb_row column_structure=&#8221;1_3,1_3,1_3&#8243; _builder_version=&#8221;4.16&#8243; global_colors_info=&#8221;{}&#8221;][et_pb_column type=&#8221;1_3&#8243; _builder_version=&#8221;4.16&#8243; custom_padding=&#8221;|||&#8221; global_colors_info=&#8221;{}&#8221; custom_padding__hover=&#8221;|||&#8221;][et_pb_image src=&#8221;https:\/\/www.koine-aequalitas.org\/wp-content\/uploads\/2018\/07\/LogoFundacionCaixa.jpg&#8221; align_tablet=&#8221;center&#8221; align_phone=&#8221;center&#8221; align_last_edited=&#8221;on|desktop&#8221; _builder_version=&#8221;4.16&#8243; global_colors_info=&#8221;{}&#8221;][\/et_pb_image][\/et_pb_column][et_pb_column type=&#8221;1_3&#8243; _builder_version=&#8221;4.16&#8243; custom_padding=&#8221;|||&#8221; global_colors_info=&#8221;{}&#8221; custom_padding__hover=&#8221;|||&#8221;][et_pb_image src=&#8221;https:\/\/www.koine-aequalitas.org\/wp-content\/uploads\/2018\/07\/LogoFund.CAN_.jpg&#8221; align_tablet=&#8221;center&#8221; align_phone=&#8221;center&#8221; align_last_edited=&#8221;on|desktop&#8221; _builder_version=&#8221;4.16&#8243; global_colors_info=&#8221;{}&#8221;][\/et_pb_image][\/et_pb_column][et_pb_column type=&#8221;1_3&#8243; _builder_version=&#8221;4.16&#8243; custom_padding=&#8221;|||&#8221; global_colors_info=&#8221;{}&#8221; custom_padding__hover=&#8221;|||&#8221;][et_pb_image src=&#8221;https:\/\/www.koine-aequalitas.org\/wp-content\/uploads\/2018\/07\/Logo-Innovaci\u00f3n-social-Koine-Aequalitas.jpg&#8221; align_tablet=&#8221;center&#8221; align_phone=&#8221;center&#8221; align_last_edited=&#8221;on|desktop&#8221; _builder_version=&#8221;4.16&#8243; global_colors_info=&#8221;{}&#8221;][\/et_pb_image][\/et_pb_column][\/et_pb_row][\/et_pb_section]<\/p>\n","protected":false},"excerpt":{"rendered":"<p>GENYOUTH proiektuak 2020ko Nafarroako Gizarte Zerbitzuetako Gizarte Berrikuntzaren I. Saria jaso zuen, Nafarroako Gobernuak eta Tomas eta Lydia Recari Garcia Fundazioak emana. \u00a0GEHIAGO IRAKURRIEuropan probatu, baliozkotu, aplikatu eta transferitu daitekeen metodologia bat diseinatzea proiektuaren helburua da, metodologia horrek, besteak beste, indarkeria objektiboki detektatzeko tresna bat eta indarkeria horren arriskua jasoko ditu indarkeria jasatzen ari diren [&hellip;]<\/p>\n","protected":false},"author":2,"featured_media":867,"comment_status":"open","ping_status":"closed","template":"","meta":{"_et_pb_use_builder":"on","_et_pb_old_content":"","_et_gb_content_width":"","footnotes":""},"project_category":[],"project_tag":[],"class_list":["post-946","project","type-project","status-publish","has-post-thumbnail","hentry"],"yoast_head":"<!-- This site is optimized with the Yoast SEO plugin v27.4 - https:\/\/yoast.com\/product\/yoast-seo-wordpress\/ -->\n<title>GENYOUTH - UME ETA NERABEETAN GENERO INDARKERIA DETEKTAZEKO METODOLOGIA PARTIZIPATUA<\/title>\n<meta name=\"robots\" content=\"index, follow, max-snippet:-1, max-image-preview:large, max-video-preview:-1\" \/>\n<link rel=\"canonical\" href=\"https:\/\/www.koine-aequalitas.org\/eu\/project\/genyouth-genero-indarkeria-ume-eta-nerabeetan-prebenitzeko-metodologia-partizipatua\/\" \/>\n<meta property=\"og:locale\" content=\"eu_ES\" \/>\n<meta property=\"og:type\" content=\"article\" \/>\n<meta property=\"og:title\" content=\"GENYOUTH - UME ETA NERABEETAN GENERO INDARKERIA DETEKTAZEKO METODOLOGIA PARTIZIPATUA\" \/>\n<meta property=\"og:description\" content=\"GENYOUTH proiektuak 2020ko Nafarroako Gizarte Zerbitzuetako Gizarte Berrikuntzaren I. Saria jaso zuen, Nafarroako Gobernuak eta Tomas eta Lydia Recari Garcia Fundazioak emana. \u00a0GEHIAGO IRAKURRIEuropan probatu, baliozkotu, aplikatu eta transferitu daitekeen metodologia bat diseinatzea proiektuaren helburua da, metodologia horrek, besteak beste, indarkeria objektiboki detektatzeko tresna bat eta indarkeria horren arriskua jasoko ditu indarkeria jasatzen ari diren [&hellip;]\" \/>\n<meta property=\"og:url\" content=\"https:\/\/www.koine-aequalitas.org\/eu\/project\/genyouth-genero-indarkeria-ume-eta-nerabeetan-prebenitzeko-metodologia-partizipatua\/\" \/>\n<meta property=\"og:site_name\" content=\"Koine\" \/>\n<meta property=\"article:modified_time\" content=\"2025-05-15T14:29:21+00:00\" \/>\n<meta property=\"og:image\" content=\"https:\/\/www.koine-aequalitas.org\/wp-content\/uploads\/2019\/11\/GENYOUTH-METODOLOG\u00cdA-PREVENCI\u00d3N-VIOLENCIA-DE-G\u00c9NERO-MENORES-Y-ADOLESCENTES.jpg\" \/>\n\t<meta property=\"og:image:width\" content=\"1920\" \/>\n\t<meta property=\"og:image:height\" content=\"1281\" \/>\n\t<meta property=\"og:image:type\" content=\"image\/jpeg\" \/>\n<meta name=\"twitter:card\" content=\"summary_large_image\" \/>\n<meta name=\"twitter:label1\" content=\"Est. reading time\" \/>\n\t<meta name=\"twitter:data1\" content=\"3 minutes\" \/>\n<script type=\"application\/ld+json\" class=\"yoast-schema-graph\">{\"@context\":\"https:\\\/\\\/schema.org\",\"@graph\":[{\"@type\":\"WebPage\",\"@id\":\"https:\\\/\\\/www.koine-aequalitas.org\\\/eu\\\/project\\\/genyouth-genero-indarkeria-ume-eta-nerabeetan-prebenitzeko-metodologia-partizipatua\\\/\",\"url\":\"https:\\\/\\\/www.koine-aequalitas.org\\\/eu\\\/project\\\/genyouth-genero-indarkeria-ume-eta-nerabeetan-prebenitzeko-metodologia-partizipatua\\\/\",\"name\":\"GENYOUTH - UME ETA NERABEETAN GENERO INDARKERIA DETEKTAZEKO METODOLOGIA PARTIZIPATUA\",\"isPartOf\":{\"@id\":\"https:\\\/\\\/www.koine-aequalitas.org\\\/#website\"},\"primaryImageOfPage\":{\"@id\":\"https:\\\/\\\/www.koine-aequalitas.org\\\/eu\\\/project\\\/genyouth-genero-indarkeria-ume-eta-nerabeetan-prebenitzeko-metodologia-partizipatua\\\/#primaryimage\"},\"image\":{\"@id\":\"https:\\\/\\\/www.koine-aequalitas.org\\\/eu\\\/project\\\/genyouth-genero-indarkeria-ume-eta-nerabeetan-prebenitzeko-metodologia-partizipatua\\\/#primaryimage\"},\"thumbnailUrl\":\"https:\\\/\\\/www.koine-aequalitas.org\\\/wp-content\\\/uploads\\\/2019\\\/11\\\/GENYOUTH-METODOLOG\u00cdA-PREVENCI\u00d3N-VIOLENCIA-DE-G\u00c9NERO-MENORES-Y-ADOLESCENTES.jpg\",\"datePublished\":\"2018-07-30T19:05:12+00:00\",\"dateModified\":\"2025-05-15T14:29:21+00:00\",\"breadcrumb\":{\"@id\":\"https:\\\/\\\/www.koine-aequalitas.org\\\/eu\\\/project\\\/genyouth-genero-indarkeria-ume-eta-nerabeetan-prebenitzeko-metodologia-partizipatua\\\/#breadcrumb\"},\"inLanguage\":\"eu-ES\",\"potentialAction\":[{\"@type\":\"ReadAction\",\"target\":[\"https:\\\/\\\/www.koine-aequalitas.org\\\/eu\\\/project\\\/genyouth-genero-indarkeria-ume-eta-nerabeetan-prebenitzeko-metodologia-partizipatua\\\/\"]}]},{\"@type\":\"ImageObject\",\"inLanguage\":\"eu-ES\",\"@id\":\"https:\\\/\\\/www.koine-aequalitas.org\\\/eu\\\/project\\\/genyouth-genero-indarkeria-ume-eta-nerabeetan-prebenitzeko-metodologia-partizipatua\\\/#primaryimage\",\"url\":\"https:\\\/\\\/www.koine-aequalitas.org\\\/wp-content\\\/uploads\\\/2019\\\/11\\\/GENYOUTH-METODOLOG\u00cdA-PREVENCI\u00d3N-VIOLENCIA-DE-G\u00c9NERO-MENORES-Y-ADOLESCENTES.jpg\",\"contentUrl\":\"https:\\\/\\\/www.koine-aequalitas.org\\\/wp-content\\\/uploads\\\/2019\\\/11\\\/GENYOUTH-METODOLOG\u00cdA-PREVENCI\u00d3N-VIOLENCIA-DE-G\u00c9NERO-MENORES-Y-ADOLESCENTES.jpg\",\"width\":1920,\"height\":1281,\"caption\":\"GENYOUTH -METODOLOG\u00cdA PREVENCI\u00d3N VIOLENCIA DE G\u00c9NERO MENORES Y ADOLESCENTES\"},{\"@type\":\"BreadcrumbList\",\"@id\":\"https:\\\/\\\/www.koine-aequalitas.org\\\/eu\\\/project\\\/genyouth-genero-indarkeria-ume-eta-nerabeetan-prebenitzeko-metodologia-partizipatua\\\/#breadcrumb\",\"itemListElement\":[{\"@type\":\"ListItem\",\"position\":1,\"name\":\"Portada\",\"item\":\"https:\\\/\\\/www.koine-aequalitas.org\\\/eu\\\/\"},{\"@type\":\"ListItem\",\"position\":2,\"name\":\"Proyectos\",\"item\":\"https:\\\/\\\/www.koine-aequalitas.org\\\/project\\\/\"},{\"@type\":\"ListItem\",\"position\":3,\"name\":\"GENYOUTH &#8211; UME ETA NERABEETAN GENERO INDARKERIA DETEKTAZEKO METODOLOGIA PARTIZIPATUA\"}]},{\"@type\":\"WebSite\",\"@id\":\"https:\\\/\\\/www.koine-aequalitas.org\\\/#website\",\"url\":\"https:\\\/\\\/www.koine-aequalitas.org\\\/\",\"name\":\"Koine\",\"description\":\"Fundaci\u00f3n para la promoci\u00f3n de derechos de las personas con discapacidad y\\\/o riesgo de exclusi\u00f3n social\",\"potentialAction\":[{\"@type\":\"SearchAction\",\"target\":{\"@type\":\"EntryPoint\",\"urlTemplate\":\"https:\\\/\\\/www.koine-aequalitas.org\\\/?s={search_term_string}\"},\"query-input\":{\"@type\":\"PropertyValueSpecification\",\"valueRequired\":true,\"valueName\":\"search_term_string\"}}],\"inLanguage\":\"eu-ES\"}]}<\/script>\n<!-- \/ Yoast SEO plugin. -->","yoast_head_json":{"title":"GENYOUTH - UME ETA NERABEETAN GENERO INDARKERIA DETEKTAZEKO METODOLOGIA PARTIZIPATUA","robots":{"index":"index","follow":"follow","max-snippet":"max-snippet:-1","max-image-preview":"max-image-preview:large","max-video-preview":"max-video-preview:-1"},"canonical":"https:\/\/www.koine-aequalitas.org\/eu\/project\/genyouth-genero-indarkeria-ume-eta-nerabeetan-prebenitzeko-metodologia-partizipatua\/","og_locale":"eu_ES","og_type":"article","og_title":"GENYOUTH - UME ETA NERABEETAN GENERO INDARKERIA DETEKTAZEKO METODOLOGIA PARTIZIPATUA","og_description":"GENYOUTH proiektuak 2020ko Nafarroako Gizarte Zerbitzuetako Gizarte Berrikuntzaren I. Saria jaso zuen, Nafarroako Gobernuak eta Tomas eta Lydia Recari Garcia Fundazioak emana. \u00a0GEHIAGO IRAKURRIEuropan probatu, baliozkotu, aplikatu eta transferitu daitekeen metodologia bat diseinatzea proiektuaren helburua da, metodologia horrek, besteak beste, indarkeria objektiboki detektatzeko tresna bat eta indarkeria horren arriskua jasoko ditu indarkeria jasatzen ari diren [&hellip;]","og_url":"https:\/\/www.koine-aequalitas.org\/eu\/project\/genyouth-genero-indarkeria-ume-eta-nerabeetan-prebenitzeko-metodologia-partizipatua\/","og_site_name":"Koine","article_modified_time":"2025-05-15T14:29:21+00:00","og_image":[{"width":1920,"height":1281,"url":"https:\/\/www.koine-aequalitas.org\/wp-content\/uploads\/2019\/11\/GENYOUTH-METODOLOG\u00cdA-PREVENCI\u00d3N-VIOLENCIA-DE-G\u00c9NERO-MENORES-Y-ADOLESCENTES.jpg","type":"image\/jpeg"}],"twitter_card":"summary_large_image","twitter_misc":{"Est. reading time":"3 minutes"},"schema":{"@context":"https:\/\/schema.org","@graph":[{"@type":"WebPage","@id":"https:\/\/www.koine-aequalitas.org\/eu\/project\/genyouth-genero-indarkeria-ume-eta-nerabeetan-prebenitzeko-metodologia-partizipatua\/","url":"https:\/\/www.koine-aequalitas.org\/eu\/project\/genyouth-genero-indarkeria-ume-eta-nerabeetan-prebenitzeko-metodologia-partizipatua\/","name":"GENYOUTH - UME ETA NERABEETAN GENERO INDARKERIA DETEKTAZEKO METODOLOGIA PARTIZIPATUA","isPartOf":{"@id":"https:\/\/www.koine-aequalitas.org\/#website"},"primaryImageOfPage":{"@id":"https:\/\/www.koine-aequalitas.org\/eu\/project\/genyouth-genero-indarkeria-ume-eta-nerabeetan-prebenitzeko-metodologia-partizipatua\/#primaryimage"},"image":{"@id":"https:\/\/www.koine-aequalitas.org\/eu\/project\/genyouth-genero-indarkeria-ume-eta-nerabeetan-prebenitzeko-metodologia-partizipatua\/#primaryimage"},"thumbnailUrl":"https:\/\/www.koine-aequalitas.org\/wp-content\/uploads\/2019\/11\/GENYOUTH-METODOLOG\u00cdA-PREVENCI\u00d3N-VIOLENCIA-DE-G\u00c9NERO-MENORES-Y-ADOLESCENTES.jpg","datePublished":"2018-07-30T19:05:12+00:00","dateModified":"2025-05-15T14:29:21+00:00","breadcrumb":{"@id":"https:\/\/www.koine-aequalitas.org\/eu\/project\/genyouth-genero-indarkeria-ume-eta-nerabeetan-prebenitzeko-metodologia-partizipatua\/#breadcrumb"},"inLanguage":"eu-ES","potentialAction":[{"@type":"ReadAction","target":["https:\/\/www.koine-aequalitas.org\/eu\/project\/genyouth-genero-indarkeria-ume-eta-nerabeetan-prebenitzeko-metodologia-partizipatua\/"]}]},{"@type":"ImageObject","inLanguage":"eu-ES","@id":"https:\/\/www.koine-aequalitas.org\/eu\/project\/genyouth-genero-indarkeria-ume-eta-nerabeetan-prebenitzeko-metodologia-partizipatua\/#primaryimage","url":"https:\/\/www.koine-aequalitas.org\/wp-content\/uploads\/2019\/11\/GENYOUTH-METODOLOG\u00cdA-PREVENCI\u00d3N-VIOLENCIA-DE-G\u00c9NERO-MENORES-Y-ADOLESCENTES.jpg","contentUrl":"https:\/\/www.koine-aequalitas.org\/wp-content\/uploads\/2019\/11\/GENYOUTH-METODOLOG\u00cdA-PREVENCI\u00d3N-VIOLENCIA-DE-G\u00c9NERO-MENORES-Y-ADOLESCENTES.jpg","width":1920,"height":1281,"caption":"GENYOUTH -METODOLOG\u00cdA PREVENCI\u00d3N VIOLENCIA DE G\u00c9NERO MENORES Y ADOLESCENTES"},{"@type":"BreadcrumbList","@id":"https:\/\/www.koine-aequalitas.org\/eu\/project\/genyouth-genero-indarkeria-ume-eta-nerabeetan-prebenitzeko-metodologia-partizipatua\/#breadcrumb","itemListElement":[{"@type":"ListItem","position":1,"name":"Portada","item":"https:\/\/www.koine-aequalitas.org\/eu\/"},{"@type":"ListItem","position":2,"name":"Proyectos","item":"https:\/\/www.koine-aequalitas.org\/project\/"},{"@type":"ListItem","position":3,"name":"GENYOUTH &#8211; UME ETA NERABEETAN GENERO INDARKERIA DETEKTAZEKO METODOLOGIA PARTIZIPATUA"}]},{"@type":"WebSite","@id":"https:\/\/www.koine-aequalitas.org\/#website","url":"https:\/\/www.koine-aequalitas.org\/","name":"Koine","description":"Fundaci\u00f3n para la promoci\u00f3n de derechos de las personas con discapacidad y\/o riesgo de exclusi\u00f3n social","potentialAction":[{"@type":"SearchAction","target":{"@type":"EntryPoint","urlTemplate":"https:\/\/www.koine-aequalitas.org\/?s={search_term_string}"},"query-input":{"@type":"PropertyValueSpecification","valueRequired":true,"valueName":"search_term_string"}}],"inLanguage":"eu-ES"}]}},"_links":{"self":[{"href":"https:\/\/www.koine-aequalitas.org\/eu\/wp-json\/wp\/v2\/project\/946","targetHints":{"allow":["GET"]}}],"collection":[{"href":"https:\/\/www.koine-aequalitas.org\/eu\/wp-json\/wp\/v2\/project"}],"about":[{"href":"https:\/\/www.koine-aequalitas.org\/eu\/wp-json\/wp\/v2\/types\/project"}],"author":[{"embeddable":true,"href":"https:\/\/www.koine-aequalitas.org\/eu\/wp-json\/wp\/v2\/users\/2"}],"replies":[{"embeddable":true,"href":"https:\/\/www.koine-aequalitas.org\/eu\/wp-json\/wp\/v2\/comments?post=946"}],"version-history":[{"count":8,"href":"https:\/\/www.koine-aequalitas.org\/eu\/wp-json\/wp\/v2\/project\/946\/revisions"}],"predecessor-version":[{"id":3673,"href":"https:\/\/www.koine-aequalitas.org\/eu\/wp-json\/wp\/v2\/project\/946\/revisions\/3673"}],"wp:featuredmedia":[{"embeddable":true,"href":"https:\/\/www.koine-aequalitas.org\/eu\/wp-json\/wp\/v2\/media\/867"}],"wp:attachment":[{"href":"https:\/\/www.koine-aequalitas.org\/eu\/wp-json\/wp\/v2\/media?parent=946"}],"wp:term":[{"taxonomy":"project_category","embeddable":true,"href":"https:\/\/www.koine-aequalitas.org\/eu\/wp-json\/wp\/v2\/project_category?post=946"},{"taxonomy":"project_tag","embeddable":true,"href":"https:\/\/www.koine-aequalitas.org\/eu\/wp-json\/wp\/v2\/project_tag?post=946"}],"curies":[{"name":"wp","href":"https:\/\/api.w.org\/{rel}","templated":true}]}}