{"id":3797,"date":"2025-06-18T09:08:44","date_gmt":"2025-06-18T09:08:44","guid":{"rendered":"https:\/\/www.koine-aequalitas.org\/?post_type=project&#038;p=3797"},"modified":"2025-06-18T09:08:47","modified_gmt":"2025-06-18T09:08:47","slug":"revitas-expande-gizartea-eraldatzeko-proiektua","status":"publish","type":"project","link":"https:\/\/www.koine-aequalitas.org\/eu\/project\/revitas-expande-gizartea-eraldatzeko-proiektua\/","title":{"rendered":"REVITAS EXPANDE: gizartea eraldatzeko proiektua"},"content":{"rendered":"<p>[et_pb_section fb_built=&#8221;1&#8243; fullwidth=&#8221;on&#8221; _builder_version=&#8221;4.16&#8243; global_colors_info=&#8221;{}&#8221;][et_pb_fullwidth_slider admin_label=&#8221;GENYOUTH&#8221; _builder_version=&#8221;4.27.2&#8243; global_colors_info=&#8221;{}&#8221; button_text_size__hover_enabled=&#8221;off&#8221; button_one_text_size__hover_enabled=&#8221;off&#8221; button_two_text_size__hover_enabled=&#8221;off&#8221; button_text_color__hover_enabled=&#8221;off&#8221; button_one_text_color__hover_enabled=&#8221;off&#8221; button_two_text_color__hover_enabled=&#8221;off&#8221; button_border_width__hover_enabled=&#8221;off&#8221; button_one_border_width__hover_enabled=&#8221;off&#8221; button_two_border_width__hover_enabled=&#8221;off&#8221; button_border_color__hover_enabled=&#8221;off&#8221; button_one_border_color__hover_enabled=&#8221;off&#8221; button_two_border_color__hover_enabled=&#8221;off&#8221; button_border_radius__hover_enabled=&#8221;off&#8221; button_one_border_radius__hover_enabled=&#8221;off&#8221; button_two_border_radius__hover_enabled=&#8221;off&#8221; button_letter_spacing__hover_enabled=&#8221;off&#8221; button_one_letter_spacing__hover_enabled=&#8221;off&#8221; button_two_letter_spacing__hover_enabled=&#8221;off&#8221; button_bg_color__hover_enabled=&#8221;off&#8221; button_one_bg_color__hover_enabled=&#8221;off&#8221; button_two_bg_color__hover_enabled=&#8221;off&#8221;][et_pb_slide heading=&#8221;REVITAS EXPANDE: gizartea eraldatzeko proiektua&#8221; use_bg_overlay=&#8221;off&#8221; use_text_overlay=&#8221;off&#8221; _builder_version=&#8221;4.27.2&#8243; background_image=&#8221;https:\/\/www.koine-aequalitas.org\/wp-content\/uploads\/2025\/05\/486522385_641429785192648_8057005649001039452_n-e1748351172539.jpg&#8221; background_enable_image=&#8221;on&#8221; button_on_hover=&#8221;on&#8221; global_colors_info=&#8221;{}&#8221; button_text_size__hover_enabled=&#8221;off&#8221; button_one_text_size__hover_enabled=&#8221;off&#8221; button_two_text_size__hover_enabled=&#8221;off&#8221; button_text_color__hover_enabled=&#8221;off&#8221; button_one_text_color__hover_enabled=&#8221;off&#8221; button_two_text_color__hover_enabled=&#8221;off&#8221; button_border_width__hover_enabled=&#8221;off&#8221; button_one_border_width__hover_enabled=&#8221;off&#8221; button_two_border_width__hover_enabled=&#8221;off&#8221; button_border_color__hover_enabled=&#8221;off&#8221; button_one_border_color__hover_enabled=&#8221;off&#8221; button_two_border_color__hover_enabled=&#8221;off&#8221; button_border_radius__hover_enabled=&#8221;off&#8221; button_one_border_radius__hover_enabled=&#8221;off&#8221; button_two_border_radius__hover_enabled=&#8221;off&#8221; button_letter_spacing__hover_enabled=&#8221;off&#8221; button_one_letter_spacing__hover_enabled=&#8221;off&#8221; button_two_letter_spacing__hover_enabled=&#8221;off&#8221; button_bg_color__hover_enabled=&#8221;off&#8221; button_one_bg_color__hover_enabled=&#8221;off&#8221; button_two_bg_color__hover_enabled=&#8221;off&#8221; sticky_transition=&#8221;on&#8221;][\/et_pb_slide][\/et_pb_fullwidth_slider][\/et_pb_section][et_pb_section fb_built=&#8221;1&#8243; _builder_version=&#8221;4.16&#8243; global_colors_info=&#8221;{}&#8221;][et_pb_row module_class=&#8221; et_pb_row_fullwidth&#8221; _builder_version=&#8221;4.16&#8243; background_size=&#8221;initial&#8221; background_position=&#8221;top_left&#8221; background_repeat=&#8221;repeat&#8221; width=&#8221;89%&#8221; width_tablet=&#8221;80%&#8221; width_phone=&#8221;80%&#8221; width_last_edited=&#8221;on|desktop&#8221; max_width=&#8221;89%&#8221; max_width_tablet=&#8221;80%&#8221; max_width_phone=&#8221;80%&#8221; max_width_last_edited=&#8221;on|desktop&#8221; make_fullwidth=&#8221;on&#8221; global_colors_info=&#8221;{}&#8221;][et_pb_column type=&#8221;4_4&#8243; _builder_version=&#8221;4.16&#8243; custom_padding=&#8221;|||&#8221; global_colors_info=&#8221;{}&#8221; custom_padding__hover=&#8221;|||&#8221;][et_pb_text admin_label=&#8221;Descripci\u00f3n proyecto&#8221; _builder_version=&#8221;4.27.2&#8243; global_colors_info=&#8221;{}&#8221;]<\/p>\n<p>REVITAS EXPANDE gizarte-eraldaketako proiektu bat da, Suspertze, Transformazio eta Erresilientzia Planak finantzatua, Lan eta Gizarte Ekonomiako Ministerioaren bitartez, zeinaren ardatz nagusiak gizarte-ekonomia, gizarteratzea eta landa-birpopulatzea diren. Ekonomia sozialaren formulen bidez lan- eta ekintzailetza-aukerak sortzeari lotutako birpopulatze-estrategia parte-hartzaile eta erreplikagarri bat definitzera, testatzera eta baliozkotzera bideratutako proiektu bat.<\/p>\n<p>[\/et_pb_text][\/et_pb_column][\/et_pb_row][et_pb_row module_class=&#8221; et_pb_row_fullwidth&#8221; _builder_version=&#8221;4.16&#8243; background_color=&#8221;#cccc00&#8243; width=&#8221;89%&#8221; width_tablet=&#8221;80%&#8221; width_phone=&#8221;80%&#8221; width_last_edited=&#8221;on|desktop&#8221; max_width=&#8221;89%&#8221; max_width_tablet=&#8221;80%&#8221; max_width_phone=&#8221;80%&#8221; max_width_last_edited=&#8221;on|desktop&#8221; custom_padding=&#8221;16px||8px&#8221; make_fullwidth=&#8221;on&#8221; global_colors_info=&#8221;{}&#8221;][et_pb_column type=&#8221;4_4&#8243; _builder_version=&#8221;4.16&#8243; custom_padding=&#8221;|||&#8221; global_colors_info=&#8221;{}&#8221; custom_padding__hover=&#8221;|||&#8221;][et_pb_text _builder_version=&#8221;4.27.2&#8243; custom_margin=&#8221;|||50px&#8221; global_colors_info=&#8221;{}&#8221;]<\/p>\n<h2>PROIEKTUAREN HELBURUAK<\/h2>\n<p>[\/et_pb_text][\/et_pb_column][\/et_pb_row][et_pb_row module_class=&#8221; et_pb_row_fullwidth&#8221; _builder_version=&#8221;4.16&#8243; width=&#8221;89%&#8221; width_tablet=&#8221;80%&#8221; width_phone=&#8221;80%&#8221; width_last_edited=&#8221;on|desktop&#8221; max_width=&#8221;89%&#8221; max_width_tablet=&#8221;80%&#8221; max_width_phone=&#8221;80%&#8221; max_width_last_edited=&#8221;on|desktop&#8221; make_fullwidth=&#8221;on&#8221; global_colors_info=&#8221;{}&#8221;][et_pb_column type=&#8221;4_4&#8243; _builder_version=&#8221;4.16&#8243; custom_padding=&#8221;|||&#8221; global_colors_info=&#8221;{}&#8221; custom_padding__hover=&#8221;|||&#8221;][et_pb_text admin_label=&#8221;Descripci\u00f3n proyecto&#8221; _builder_version=&#8221;4.27.2&#8243; global_colors_info=&#8221;{}&#8221;]<\/p>\n<ul>\n<li>Gizarte-ekonomiaren garapena bultzatzea jendez husteko arriskuan dauden landa-eremuetan, estrategia metodologiko baten definizio parte-hartzailearen, testaren eta baliozkotzearen bidez. Estrategia hori gizarteko eta laneko urrakortasun-egoeran dauden kolektiboen (gazteak eta emakumeak) gizarteratzean eta laneratzean oinarritzen da, belaunaldi-erreleboan, nekazaritzan eta zaintzan.<\/li>\n<\/ul>\n<p>[\/et_pb_text][\/et_pb_column][\/et_pb_row][et_pb_row module_class=&#8221; et_pb_row_fullwidth&#8221; _builder_version=&#8221;4.16&#8243; background_color=&#8221;#cccc00&#8243; width=&#8221;89%&#8221; width_tablet=&#8221;80%&#8221; width_phone=&#8221;80%&#8221; width_last_edited=&#8221;on|desktop&#8221; max_width=&#8221;89%&#8221; max_width_tablet=&#8221;80%&#8221; max_width_phone=&#8221;80%&#8221; max_width_last_edited=&#8221;on|desktop&#8221; custom_padding=&#8221;16px||8px&#8221; make_fullwidth=&#8221;on&#8221; global_colors_info=&#8221;{}&#8221;][et_pb_column type=&#8221;4_4&#8243; _builder_version=&#8221;4.16&#8243; custom_padding=&#8221;|||&#8221; global_colors_info=&#8221;{}&#8221; custom_padding__hover=&#8221;|||&#8221;][et_pb_text _builder_version=&#8221;4.27.2&#8243; custom_margin=&#8221;|||50px&#8221; global_colors_info=&#8221;{}&#8221;]<\/p>\n<h2>PARTE-HARTZAILEAK<\/h2>\n<p>[\/et_pb_text][\/et_pb_column][\/et_pb_row][et_pb_row module_class=&#8221; et_pb_row_fullwidth&#8221; _builder_version=&#8221;4.16&#8243; width=&#8221;89%&#8221; width_tablet=&#8221;80%&#8221; width_phone=&#8221;80%&#8221; width_last_edited=&#8221;on|desktop&#8221; max_width=&#8221;89%&#8221; max_width_tablet=&#8221;80%&#8221; max_width_phone=&#8221;80%&#8221; max_width_last_edited=&#8221;on|desktop&#8221; make_fullwidth=&#8221;on&#8221; global_colors_info=&#8221;{}&#8221;][et_pb_column type=&#8221;4_4&#8243; _builder_version=&#8221;4.16&#8243; custom_padding=&#8221;|||&#8221; global_colors_info=&#8221;{}&#8221; custom_padding__hover=&#8221;|||&#8221;][et_pb_text admin_label=&#8221;Descripci\u00f3n proyecto&#8221; _builder_version=&#8221;4.27.2&#8243; global_colors_info=&#8221;{}&#8221;]<\/p>\n<p>Proiektua desgaitasuna duten pertsonei eta gizarte bazterketa egoeran dauden pertsonei zuzenduta dago, baita haien ingurune sozialari eta despopulazio prozesuan dauden herrietako herritarrei ere.<\/p>\n<p>[\/et_pb_text][\/et_pb_column][\/et_pb_row][et_pb_row module_class=&#8221; et_pb_row_fullwidth&#8221; _builder_version=&#8221;4.16&#8243; background_color=&#8221;#cccc00&#8243; width=&#8221;89%&#8221; width_tablet=&#8221;80%&#8221; width_phone=&#8221;80%&#8221; width_last_edited=&#8221;on|desktop&#8221; max_width=&#8221;89%&#8221; max_width_tablet=&#8221;80%&#8221; max_width_phone=&#8221;80%&#8221; max_width_last_edited=&#8221;on|desktop&#8221; custom_padding=&#8221;16px||8px&#8221; make_fullwidth=&#8221;on&#8221; global_colors_info=&#8221;{}&#8221;][et_pb_column type=&#8221;4_4&#8243; _builder_version=&#8221;4.16&#8243; custom_padding=&#8221;|||&#8221; global_colors_info=&#8221;{}&#8221; custom_padding__hover=&#8221;|||&#8221;][et_pb_text _builder_version=&#8221;4.27.2&#8243; custom_margin=&#8221;|||50px&#8221; global_colors_info=&#8221;{}&#8221;]<\/p>\n<h2>JARDUERAK<\/h2>\n<p>[\/et_pb_text][\/et_pb_column][\/et_pb_row][et_pb_row admin_label=&#8221;Objetivos del proyecto&#8221; module_class=&#8221; et_pb_row_fullwidth&#8221; _builder_version=&#8221;4.16&#8243; background_size=&#8221;initial&#8221; background_position=&#8221;top_left&#8221; background_repeat=&#8221;repeat&#8221; width=&#8221;89%&#8221; width_tablet=&#8221;80%&#8221; width_phone=&#8221;80%&#8221; width_last_edited=&#8221;on|desktop&#8221; max_width=&#8221;89%&#8221; max_width_tablet=&#8221;80%&#8221; max_width_phone=&#8221;80%&#8221; max_width_last_edited=&#8221;on|desktop&#8221; make_fullwidth=&#8221;on&#8221; global_colors_info=&#8221;{}&#8221;][et_pb_column type=&#8221;4_4&#8243; _builder_version=&#8221;4.16&#8243; custom_padding=&#8221;|||&#8221; global_colors_info=&#8221;{}&#8221; custom_padding__hover=&#8221;|||&#8221;][et_pb_text admin_label=&#8221;Descripci\u00f3n proyecto&#8221; _builder_version=&#8221;4.27.2&#8243; global_colors_info=&#8221;{}&#8221;]<\/p>\n<p>REVITAS EXPANDEk lau fasetan egituratzen du bere esku-hartzea:<\/p>\n<p>[\/et_pb_text][\/et_pb_column][\/et_pb_row][et_pb_row column_structure=&#8221;1_2,1_2&#8243; admin_label=&#8221;Objetivos del proyecto&#8221; module_class=&#8221; et_pb_row_fullwidth&#8221; _builder_version=&#8221;4.16&#8243; background_size=&#8221;initial&#8221; background_position=&#8221;top_left&#8221; background_repeat=&#8221;repeat&#8221; width=&#8221;89%&#8221; width_tablet=&#8221;80%&#8221; width_phone=&#8221;80%&#8221; width_last_edited=&#8221;on|desktop&#8221; max_width=&#8221;89%&#8221; max_width_tablet=&#8221;80%&#8221; max_width_phone=&#8221;80%&#8221; max_width_last_edited=&#8221;on|desktop&#8221; make_fullwidth=&#8221;on&#8221; global_colors_info=&#8221;{}&#8221;][et_pb_column type=&#8221;1_2&#8243; _builder_version=&#8221;4.16&#8243; custom_padding=&#8221;|||&#8221; global_colors_info=&#8221;{}&#8221; custom_padding__hover=&#8221;|||&#8221;][et_pb_blurb title=&#8221;Ikerketa fasea (1)&#8221; use_icon=&#8221;on&#8221; font_icon=&#8221;&#x4e;||divi||400&#8243; icon_placement=&#8221;left&#8221; content_max_width=&#8221;1100px&#8221; admin_label=&#8221;Anuncio&#8221; _builder_version=&#8221;4.27.2&#8243; animation=&#8221;off&#8221; global_colors_info=&#8221;{}&#8221;]<\/p>\n<ul>\n<li>Lizarraldeko eta Naiarako eremuetara hasierako hurbilketa.<\/li>\n<li>Eremu bakoitzaren azterketa sakona<\/li>\n<li>Aliantzak eragile sozioekonomikoekin, enplegu-zentro bereziekin, gizarteratze- eta laneratze-enpresekin eta tokiko erakundeekin.<\/li>\n<li>Hainbat eragilerekin batera egindako azterketa.<\/li>\n<\/ul>\n<p>[\/et_pb_blurb][et_pb_blurb title=&#8221;Metodoa definitzeko eta kolektibora egokitzeko fase parte-hartzailea, OEE eta EAEE (2)&#8221; use_icon=&#8221;on&#8221; font_icon=&#8221;&#x4e;||divi||400&#8243; icon_placement=&#8221;left&#8221; content_max_width=&#8221;1100px&#8221; admin_label=&#8221;Anuncio&#8221; _builder_version=&#8221;4.27.2&#8243; animation=&#8221;off&#8221; global_colors_info=&#8221;{}&#8221;]<\/p>\n<ul>\n<li>Eremu bakoitzean negozioen belaunaldi-erreleborako informazioko eta bitartekotzako on line zentro bat sortzea.<\/li>\n<li>Helburuko populazioari egokitutako bi prestakuntza- eta ekintzailetza-ibilbide sortzea.<\/li>\n<li>Negozio-ildo berriak edo mikrokonperatiboak irekitzen laguntzea.<\/li>\n<\/ul>\n<p>[\/et_pb_blurb][\/et_pb_column][et_pb_column type=&#8221;1_2&#8243; _builder_version=&#8221;4.16&#8243; custom_padding=&#8221;|||&#8221; global_colors_info=&#8221;{}&#8221; custom_padding__hover=&#8221;|||&#8221;][et_pb_blurb title=&#8221;Ezagutzaren transferentzia (3)&#8221; use_icon=&#8221;on&#8221; font_icon=&#8221;&#x4e;||divi||400&#8243; icon_placement=&#8221;left&#8221; content_max_width=&#8221;1100px&#8221; admin_label=&#8221;Anuncio&#8221; _builder_version=&#8221;4.27.2&#8243; animation=&#8221;off&#8221; global_colors_info=&#8221;{}&#8221;]<\/p>\n<ul>\n<li>Estatu mailako sare bat sortzea, jakintza eta jardunaldiak transferitzeko.<\/li>\n<li>Online inplementazio eta prestakuntza gida.<\/li>\n<li>Negozio-ildo berriak sortzen laguntzea.<\/li>\n<li>Webgunea eta informazio- eta bitartekotza-zentroa dinamizatzea eta eguneratzea.<\/li>\n<\/ul>\n<p>[\/et_pb_blurb][et_pb_blurb title=&#8221;Zeharkako fasea (4)&#8221; use_icon=&#8221;on&#8221; font_icon=&#8221;&#x4e;||divi||400&#8243; icon_placement=&#8221;left&#8221; content_max_width=&#8221;1100px&#8221; admin_label=&#8221;Anuncio&#8221; _builder_version=&#8221;4.27.2&#8243; animation=&#8221;off&#8221; global_colors_info=&#8221;{}&#8221;]<\/p>\n<ul>\n<li>Komunikazioa. Proiektuari buruzko informazioa duen webgune bat online sortzea<\/li>\n<li>Trazabilitatea, jarraipena eta ebaluazioa<\/li>\n<\/ul>\n<p>[\/et_pb_blurb][\/et_pb_column][\/et_pb_row][et_pb_row module_class=&#8221; et_pb_row_fullwidth&#8221; _builder_version=&#8221;4.16&#8243; background_color=&#8221;#cccc00&#8243; width=&#8221;89%&#8221; width_tablet=&#8221;80%&#8221; width_phone=&#8221;80%&#8221; width_last_edited=&#8221;on|desktop&#8221; max_width=&#8221;89%&#8221; max_width_tablet=&#8221;80%&#8221; max_width_phone=&#8221;80%&#8221; max_width_last_edited=&#8221;on|desktop&#8221; custom_padding=&#8221;16px||8px&#8221; make_fullwidth=&#8221;on&#8221; global_colors_info=&#8221;{}&#8221;][et_pb_column type=&#8221;4_4&#8243; _builder_version=&#8221;4.16&#8243; custom_padding=&#8221;|||&#8221; global_colors_info=&#8221;{}&#8221; custom_padding__hover=&#8221;|||&#8221;][et_pb_text _builder_version=&#8221;4.27.2&#8243; custom_margin=&#8221;|||50px&#8221; global_colors_info=&#8221;{}&#8221;]<\/p>\n<h2>LAGUNTZAILEAK<\/h2>\n<p>[\/et_pb_text][\/et_pb_column][\/et_pb_row][et_pb_row module_class=&#8221; et_pb_row_fullwidth&#8221; _builder_version=&#8221;4.16&#8243; width=&#8221;89%&#8221; width_tablet=&#8221;80%&#8221; width_phone=&#8221;80%&#8221; width_last_edited=&#8221;on|desktop&#8221; max_width=&#8221;89%&#8221; max_width_tablet=&#8221;80%&#8221; max_width_phone=&#8221;80%&#8221; max_width_last_edited=&#8221;on|desktop&#8221; make_fullwidth=&#8221;on&#8221; global_colors_info=&#8221;{}&#8221;][et_pb_column type=&#8221;4_4&#8243; _builder_version=&#8221;4.16&#8243; custom_padding=&#8221;|||&#8221; global_colors_info=&#8221;{}&#8221; custom_padding__hover=&#8221;|||&#8221;][et_pb_text admin_label=&#8221;Descripci\u00f3n proyecto&#8221; _builder_version=&#8221;4.27.2&#8243; global_colors_info=&#8221;{}&#8221;]<\/p>\n<p>Proiektua erakundeen aliantza hirukoitza batean oinarritzen da:<\/p>\n<ul>\n<li><strong>Koine Aequalitas:<\/strong> Berrikuntza sozialean espezializatutako fundazioa, diziplina arteko ikuspegitik lan egiten duena herritarren bizi-kalitatea, garapen soziala eta aukera-berdintasuna hobetzeko, batez ere desgaitasuna, mendekotasuna eta\/edo gizarte-bazterketa duten pertsonena.<\/li>\n<li><strong><a href=\"https:\/\/www.amimet.com\/\">AMIMET<\/a>:<\/strong> Gizarte Ekimeneko Enplegu Zentro Berezia (CEEIS AMIMET).<\/li>\n<\/ul>\n<p>[\/et_pb_text][et_pb_image src=&#8221;https:\/\/www.koine-aequalitas.org\/wp-content\/uploads\/2025\/05\/LOGO-NUEVO-REVITAS-copia-web-1024&#215;363.png&#8221; title_text=&#8221;LOGO-NUEVO-REVITAS&#8212;copia-web&#8221; align=&#8221;center&#8221; _builder_version=&#8221;4.27.2&#8243; _module_preset=&#8221;default&#8221; width=&#8221;60%&#8221; global_colors_info=&#8221;{}&#8221;][\/et_pb_image][\/et_pb_column][\/et_pb_row][\/et_pb_section]<\/p>\n","protected":false},"excerpt":{"rendered":"<p>REVITAS EXPANDE gizarte-eraldaketako proiektu bat da, Suspertze, Transformazio eta Erresilientzia Planak finantzatua, Lan eta Gizarte Ekonomiako Ministerioaren bitartez, zeinaren ardatz nagusiak gizarte-ekonomia, gizarteratzea eta landa-birpopulatzea diren. Ekonomia sozialaren formulen bidez lan- eta ekintzailetza-aukerak sortzeari lotutako birpopulatze-estrategia parte-hartzaile eta erreplikagarri bat definitzera, testatzera eta baliozkotzera bideratutako proiektu bat.PROIEKTUAREN HELBURUAK Gizarte-ekonomiaren garapena bultzatzea jendez husteko arriskuan dauden [&hellip;]<\/p>\n","protected":false},"author":4,"featured_media":3741,"comment_status":"open","ping_status":"closed","template":"","meta":{"_et_pb_use_builder":"on","_et_pb_old_content":"<p>[et_pb_section fb_built=\"1\" fullwidth=\"on\" _builder_version=\"4.16\" global_colors_info=\"{}\"][et_pb_fullwidth_slider admin_label=\"GENYOUTH\" _builder_version=\"4.27.2\" global_colors_info=\"{}\" button_text_size__hover_enabled=\"off\" button_one_text_size__hover_enabled=\"off\" button_two_text_size__hover_enabled=\"off\" button_text_color__hover_enabled=\"off\" button_one_text_color__hover_enabled=\"off\" button_two_text_color__hover_enabled=\"off\" button_border_width__hover_enabled=\"off\" button_one_border_width__hover_enabled=\"off\" button_two_border_width__hover_enabled=\"off\" button_border_color__hover_enabled=\"off\" button_one_border_color__hover_enabled=\"off\" button_two_border_color__hover_enabled=\"off\" button_border_radius__hover_enabled=\"off\" button_one_border_radius__hover_enabled=\"off\" button_two_border_radius__hover_enabled=\"off\" button_letter_spacing__hover_enabled=\"off\" button_one_letter_spacing__hover_enabled=\"off\" button_two_letter_spacing__hover_enabled=\"off\" button_bg_color__hover_enabled=\"off\" button_one_bg_color__hover_enabled=\"off\" button_two_bg_color__hover_enabled=\"off\"][et_pb_slide heading=\"REVITAS EXPANDE: un proyecto de transformaci\u00f3n social\" use_bg_overlay=\"off\" use_text_overlay=\"off\" _builder_version=\"4.27.2\" background_image=\"https:\/\/www.koine-aequalitas.org\/wp-content\/uploads\/2025\/05\/486522385_641429785192648_8057005649001039452_n-e1748351172539.jpg\" background_enable_image=\"on\" button_on_hover=\"on\" global_colors_info=\"{}\" button_text_size__hover_enabled=\"off\" button_one_text_size__hover_enabled=\"off\" button_two_text_size__hover_enabled=\"off\" button_text_color__hover_enabled=\"off\" button_one_text_color__hover_enabled=\"off\" button_two_text_color__hover_enabled=\"off\" button_border_width__hover_enabled=\"off\" button_one_border_width__hover_enabled=\"off\" button_two_border_width__hover_enabled=\"off\" button_border_color__hover_enabled=\"off\" button_one_border_color__hover_enabled=\"off\" button_two_border_color__hover_enabled=\"off\" button_border_radius__hover_enabled=\"off\" button_one_border_radius__hover_enabled=\"off\" button_two_border_radius__hover_enabled=\"off\" button_letter_spacing__hover_enabled=\"off\" button_one_letter_spacing__hover_enabled=\"off\" button_two_letter_spacing__hover_enabled=\"off\" button_bg_color__hover_enabled=\"off\" button_one_bg_color__hover_enabled=\"off\" button_two_bg_color__hover_enabled=\"off\" sticky_transition=\"on\"][\/et_pb_slide][\/et_pb_fullwidth_slider][\/et_pb_section][et_pb_section fb_built=\"1\" _builder_version=\"4.16\" global_colors_info=\"{}\"][et_pb_row module_class=\" et_pb_row_fullwidth\" _builder_version=\"4.16\" background_size=\"initial\" background_position=\"top_left\" background_repeat=\"repeat\" width=\"89%\" width_tablet=\"80%\" width_phone=\"80%\" width_last_edited=\"on|desktop\" max_width=\"89%\" max_width_tablet=\"80%\" max_width_phone=\"80%\" max_width_last_edited=\"on|desktop\" make_fullwidth=\"on\" global_colors_info=\"{}\"][et_pb_column type=\"4_4\" _builder_version=\"4.16\" custom_padding=\"|||\" global_colors_info=\"{}\" custom_padding__hover=\"|||\"][et_pb_text admin_label=\"Descripci\u00f3n proyecto\" _builder_version=\"4.27.2\" global_colors_info=\"{}\"]REVITAS EXPANDE es un proyecto de transformaci\u00f3n social financiado por el Plan de Recuperaci\u00f3n, Transformaci\u00f3n y Resiliencia a trav\u00e9s del Ministerio de Trabajo y Econom\u00eda Social cuyos ejes fundamentales son la econom\u00eda social, la inclusi\u00f3n social y el repoblamiento rural. Un proyecto orientado a la definici\u00f3n, el testeo y la validaci\u00f3n de una estrategia participada y replicable de repoblaci\u00f3n vinculada a la generaci\u00f3n de oportunidades laborales y de emprendimiento a trav\u00e9s de f\u00f3rmulas de la econom\u00eda social.[\/et_pb_text][\/et_pb_column][\/et_pb_row][et_pb_row module_class=\" et_pb_row_fullwidth\" _builder_version=\"4.16\" background_color=\"#cccc00\" width=\"89%\" width_tablet=\"80%\" width_phone=\"80%\" width_last_edited=\"on|desktop\" max_width=\"89%\" max_width_tablet=\"80%\" max_width_phone=\"80%\" max_width_last_edited=\"on|desktop\" custom_padding=\"16px||8px\" make_fullwidth=\"on\" global_colors_info=\"{}\"][et_pb_column type=\"4_4\" _builder_version=\"4.16\" custom_padding=\"|||\" global_colors_info=\"{}\" custom_padding__hover=\"|||\"][et_pb_text _builder_version=\"4.27.2\" custom_margin=\"|||50px\" global_colors_info=\"{}\"]<\/p><h2>OBJETIVO DEL PROYECTO<\/h2><p>[\/et_pb_text][\/et_pb_column][\/et_pb_row][et_pb_row module_class=\" et_pb_row_fullwidth\" _builder_version=\"4.16\" width=\"89%\" width_tablet=\"80%\" width_phone=\"80%\" width_last_edited=\"on|desktop\" max_width=\"89%\" max_width_tablet=\"80%\" max_width_phone=\"80%\" max_width_last_edited=\"on|desktop\" make_fullwidth=\"on\" global_colors_info=\"{}\"][et_pb_column type=\"4_4\" _builder_version=\"4.16\" custom_padding=\"|||\" global_colors_info=\"{}\" custom_padding__hover=\"|||\"][et_pb_text admin_label=\"Descripci\u00f3n proyecto\" _builder_version=\"4.27.2\" global_colors_info=\"{}\"]<\/p><ul><li>Impulsar el desarrollo de la econom\u00eda social en \u00e1reas rurales en riesgo de despoblaci\u00f3n a trav\u00e9s de la definici\u00f3n participada, testeo y validaci\u00f3n de una estrategia metodol\u00f3gica basada en la inclusi\u00f3n sociolaboral de colectivos en situaci\u00f3n de vulnerabilidad social y\/o discapacidad (j\u00f3venes y mujeres) en los \u00e1mbitos del relevo generacional, agricultura y cuidados.<\/li><\/ul><p>[\/et_pb_text][\/et_pb_column][\/et_pb_row][et_pb_row module_class=\" et_pb_row_fullwidth\" _builder_version=\"4.16\" background_color=\"#cccc00\" width=\"89%\" width_tablet=\"80%\" width_phone=\"80%\" width_last_edited=\"on|desktop\" max_width=\"89%\" max_width_tablet=\"80%\" max_width_phone=\"80%\" max_width_last_edited=\"on|desktop\" custom_padding=\"16px||8px\" make_fullwidth=\"on\" global_colors_info=\"{}\"][et_pb_column type=\"4_4\" _builder_version=\"4.16\" custom_padding=\"|||\" global_colors_info=\"{}\" custom_padding__hover=\"|||\"][et_pb_text _builder_version=\"4.27.2\" custom_margin=\"|||50px\" global_colors_info=\"{}\"]<\/p><h2>PERSONAS PARTICIPANTES<\/h2><p>[\/et_pb_text][\/et_pb_column][\/et_pb_row][et_pb_row module_class=\" et_pb_row_fullwidth\" _builder_version=\"4.16\" width=\"89%\" width_tablet=\"80%\" width_phone=\"80%\" width_last_edited=\"on|desktop\" max_width=\"89%\" max_width_tablet=\"80%\" max_width_phone=\"80%\" max_width_last_edited=\"on|desktop\" make_fullwidth=\"on\" global_colors_info=\"{}\"][et_pb_column type=\"4_4\" _builder_version=\"4.16\" custom_padding=\"|||\" global_colors_info=\"{}\" custom_padding__hover=\"|||\"][et_pb_text admin_label=\"Descripci\u00f3n proyecto\" _builder_version=\"4.27.2\" global_colors_info=\"{}\"]El proyecto est\u00e1 dirigido a personas con discapacidad y personas en situaci\u00f3n de exclusi\u00f3n social, as\u00ed como a su entorno social y a la ciudadan\u00eda de localidades en proceso de despoblaci\u00f3n.[\/et_pb_text][\/et_pb_column][\/et_pb_row][et_pb_row module_class=\" et_pb_row_fullwidth\" _builder_version=\"4.16\" background_color=\"#cccc00\" width=\"89%\" width_tablet=\"80%\" width_phone=\"80%\" width_last_edited=\"on|desktop\" max_width=\"89%\" max_width_tablet=\"80%\" max_width_phone=\"80%\" max_width_last_edited=\"on|desktop\" custom_padding=\"16px||8px\" make_fullwidth=\"on\" global_colors_info=\"{}\"][et_pb_column type=\"4_4\" _builder_version=\"4.16\" custom_padding=\"|||\" global_colors_info=\"{}\" custom_padding__hover=\"|||\"][et_pb_text _builder_version=\"4.16\" custom_margin=\"|||50px\" global_colors_info=\"{}\"]<\/p><h2>ACTIVIDADES<\/h2><p>[\/et_pb_text][\/et_pb_column][\/et_pb_row][et_pb_row admin_label=\"Objetivos del proyecto\" module_class=\" et_pb_row_fullwidth\" _builder_version=\"4.16\" background_size=\"initial\" background_position=\"top_left\" background_repeat=\"repeat\" width=\"89%\" width_tablet=\"80%\" width_phone=\"80%\" width_last_edited=\"on|desktop\" max_width=\"89%\" max_width_tablet=\"80%\" max_width_phone=\"80%\" max_width_last_edited=\"on|desktop\" make_fullwidth=\"on\" global_colors_info=\"{}\"][et_pb_column type=\"4_4\" _builder_version=\"4.16\" custom_padding=\"|||\" global_colors_info=\"{}\" custom_padding__hover=\"|||\"][et_pb_text admin_label=\"Descripci\u00f3n proyecto\" _builder_version=\"4.27.2\" global_colors_info=\"{}\"]REVITAS EXPANDE desarrolla su intervenci\u00f3n estructurada en cuatro fases:[\/et_pb_text][\/et_pb_column][\/et_pb_row][et_pb_row column_structure=\"1_2,1_2\" admin_label=\"Objetivos del proyecto\" module_class=\" et_pb_row_fullwidth\" _builder_version=\"4.16\" background_size=\"initial\" background_position=\"top_left\" background_repeat=\"repeat\" width=\"89%\" width_tablet=\"80%\" width_phone=\"80%\" width_last_edited=\"on|desktop\" max_width=\"89%\" max_width_tablet=\"80%\" max_width_phone=\"80%\" max_width_last_edited=\"on|desktop\" make_fullwidth=\"on\" global_colors_info=\"{}\"][et_pb_column type=\"1_2\" _builder_version=\"4.16\" custom_padding=\"|||\" global_colors_info=\"{}\" custom_padding__hover=\"|||\"][et_pb_blurb title=\"Fase de investigaci\u00f3n (1)\" use_icon=\"on\" font_icon=\"N||divi||400\" icon_placement=\"left\" content_max_width=\"1100px\" admin_label=\"Anuncio\" _builder_version=\"4.27.2\" animation=\"off\" global_colors_info=\"{}\"]<\/p><ul><li>Aproximaci\u00f3n inicial a las zonas de Tierra Estella y N\u00e1jera.<\/li><li>Estudio en profundidad de cada zona.<\/li><li>Alianzas con agentes socioecon\u00f3micos, Centros Especiales de Empleo, Empresas de Inserci\u00f3n Sociolaboral y entidades locales.<\/li><li>Estudio participado con diversos agentes.<\/li><\/ul><p>[\/et_pb_blurb][et_pb_blurb title=\"Fase participada de definici\u00f3n del m\u00e9todo y adaptaci\u00f3n al colectivo, EIS y CEEIS (2)\" use_icon=\"on\" font_icon=\"N||divi||400\" icon_placement=\"left\" content_max_width=\"1100px\" admin_label=\"Anuncio\" _builder_version=\"4.27.2\" animation=\"off\" global_colors_info=\"{}\"]<\/p><ul><li>Creaci\u00f3n de un centro online de informaci\u00f3n e intermediaci\u00f3n para el relevo generacional de negocios en cada zona.<\/li><li>Generaci\u00f3n de dos itinerarios formativos y de emprendimiento adaptado a la poblaci\u00f3n objetivo.<\/li><li>Acompa\u00f1amiento en la apertura de nuevas l\u00edneas de negocio o microocoperativas.<\/li><\/ul><p>[\/et_pb_blurb][\/et_pb_column][et_pb_column type=\"1_2\" _builder_version=\"4.16\" custom_padding=\"|||\" global_colors_info=\"{}\" custom_padding__hover=\"|||\"][et_pb_blurb title=\"Transferencia del conocimiento (3)\" use_icon=\"on\" font_icon=\"N||divi||400\" icon_placement=\"left\" content_max_width=\"1100px\" admin_label=\"Anuncio\" _builder_version=\"4.27.2\" animation=\"off\" global_colors_info=\"{}\"]<\/p><ul><li>Generaci\u00f3n de una red estatal para transferencia de conocimiento y jornadas.<\/li><li>Gu\u00eda de implementaci\u00f3n y formaci\u00f3n online.<\/li><li>Acompa\u00f1amiento a la creaci\u00f3n de nuevas l\u00edneas de negocio.<\/li><li>Dinamizaci\u00f3n y actualizaci\u00f3n de la web y del centro de informaci\u00f3n e intermediaci\u00f3n.<\/li><\/ul><p>[\/et_pb_blurb][et_pb_blurb title=\"Fase transversal (4)\" use_icon=\"on\" font_icon=\"N||divi||400\" icon_placement=\"left\" content_max_width=\"1100px\" admin_label=\"Anuncio\" _builder_version=\"4.27.2\" animation=\"off\" global_colors_info=\"{}\"]<\/p><ul><li>Comunicaci\u00f3n. Creaci\u00f3n online de una web con informaci\u00f3n sobre el proyecto.<\/li><li>Trazabilidad, seguimiento y evaluaci\u00f3n.<\/li><\/ul><p>[\/et_pb_blurb][\/et_pb_column][\/et_pb_row][et_pb_row module_class=\" et_pb_row_fullwidth\" _builder_version=\"4.16\" background_color=\"#cccc00\" width=\"89%\" width_tablet=\"80%\" width_phone=\"80%\" width_last_edited=\"on|desktop\" max_width=\"89%\" max_width_tablet=\"80%\" max_width_phone=\"80%\" max_width_last_edited=\"on|desktop\" custom_padding=\"16px||8px\" make_fullwidth=\"on\" global_colors_info=\"{}\"][et_pb_column type=\"4_4\" _builder_version=\"4.16\" custom_padding=\"|||\" global_colors_info=\"{}\" custom_padding__hover=\"|||\"][et_pb_text _builder_version=\"4.27.2\" custom_margin=\"|||50px\" global_colors_info=\"{}\"]<\/p><h2>COLABORADORES<\/h2><p>[\/et_pb_text][\/et_pb_column][\/et_pb_row][et_pb_row module_class=\" et_pb_row_fullwidth\" _builder_version=\"4.16\" width=\"89%\" width_tablet=\"80%\" width_phone=\"80%\" width_last_edited=\"on|desktop\" max_width=\"89%\" max_width_tablet=\"80%\" max_width_phone=\"80%\" max_width_last_edited=\"on|desktop\" make_fullwidth=\"on\" global_colors_info=\"{}\"][et_pb_column type=\"4_4\" _builder_version=\"4.16\" custom_padding=\"|||\" global_colors_info=\"{}\" custom_padding__hover=\"|||\"][et_pb_text admin_label=\"Descripci\u00f3n proyecto\" _builder_version=\"4.27.2\" global_colors_info=\"{}\"]El proyecto se basa en una doble alianza de entidades:<\/p><ul><li><strong>Koine Aequalitas:<\/strong> Fundaci\u00f3n especializada en innovaci\u00f3n social que trabaja desde una perspectiva interdisciplinar para mejorar la calidad de vida, el desarrollo social y la igualdad de oportunidades de la ciudadan\u00eda, especialmente de personas en situaci\u00f3n de discapacidad, dependencia y\/o exclusi\u00f3n social.<\/li><li><strong><a href=\"https:\/\/www.amimet.com\/\">AMIMET<\/a>:<\/strong> Centro Especial de Empleo de Iniciativa Social (CEEIS AMIMET).<\/li><\/ul><p>[\/et_pb_text][et_pb_image src=\"https:\/\/www.koine-aequalitas.org\/wp-content\/uploads\/2025\/05\/LOGO-NUEVO-REVITAS-copia-web-1024x363.png\" title_text=\"LOGO-NUEVO-REVITAS---copia-web\" align=\"center\" _builder_version=\"4.27.2\" _module_preset=\"default\" width=\"60%\" global_colors_info=\"{}\"][\/et_pb_image][\/et_pb_column][\/et_pb_row][\/et_pb_section]<\/p>","_et_gb_content_width":"","footnotes":""},"project_category":[],"project_tag":[],"class_list":["post-3797","project","type-project","status-publish","has-post-thumbnail","hentry"],"yoast_head":"<!-- This site is optimized with the Yoast SEO plugin v27.4 - https:\/\/yoast.com\/product\/yoast-seo-wordpress\/ -->\n<title>REVITAS EXPANDE: gizartea eraldatzeko proiektua - Koine<\/title>\n<meta name=\"robots\" content=\"index, follow, max-snippet:-1, max-image-preview:large, max-video-preview:-1\" \/>\n<link rel=\"canonical\" href=\"https:\/\/www.koine-aequalitas.org\/eu\/project\/revitas-expande-gizartea-eraldatzeko-proiektua\/\" \/>\n<meta property=\"og:locale\" content=\"eu_ES\" \/>\n<meta property=\"og:type\" content=\"article\" \/>\n<meta property=\"og:title\" content=\"REVITAS EXPANDE: gizartea eraldatzeko proiektua - Koine\" \/>\n<meta property=\"og:description\" content=\"REVITAS EXPANDE gizarte-eraldaketako proiektu bat da, Suspertze, Transformazio eta Erresilientzia Planak finantzatua, Lan eta Gizarte Ekonomiako Ministerioaren bitartez, zeinaren ardatz nagusiak gizarte-ekonomia, gizarteratzea eta landa-birpopulatzea diren. Ekonomia sozialaren formulen bidez lan- eta ekintzailetza-aukerak sortzeari lotutako birpopulatze-estrategia parte-hartzaile eta erreplikagarri bat definitzera, testatzera eta baliozkotzera bideratutako proiektu bat.PROIEKTUAREN HELBURUAK Gizarte-ekonomiaren garapena bultzatzea jendez husteko arriskuan dauden [&hellip;]\" \/>\n<meta property=\"og:url\" content=\"https:\/\/www.koine-aequalitas.org\/eu\/project\/revitas-expande-gizartea-eraldatzeko-proiektua\/\" \/>\n<meta property=\"og:site_name\" content=\"Koine\" \/>\n<meta property=\"article:modified_time\" content=\"2025-06-18T09:08:47+00:00\" \/>\n<meta property=\"og:image\" content=\"https:\/\/www.koine-aequalitas.org\/wp-content\/uploads\/2025\/05\/486522385_641429785192648_8057005649001039452_n-e1748351172539.jpg\" \/>\n\t<meta property=\"og:image:width\" content=\"1638\" \/>\n\t<meta property=\"og:image:height\" content=\"2048\" \/>\n\t<meta property=\"og:image:type\" content=\"image\/jpeg\" \/>\n<meta name=\"twitter:card\" content=\"summary_large_image\" \/>\n<meta name=\"twitter:label1\" content=\"Est. reading time\" \/>\n\t<meta name=\"twitter:data1\" content=\"2 minutes\" \/>\n<script type=\"application\/ld+json\" class=\"yoast-schema-graph\">{\"@context\":\"https:\\\/\\\/schema.org\",\"@graph\":[{\"@type\":\"WebPage\",\"@id\":\"https:\\\/\\\/www.koine-aequalitas.org\\\/eu\\\/project\\\/revitas-expande-gizartea-eraldatzeko-proiektua\\\/\",\"url\":\"https:\\\/\\\/www.koine-aequalitas.org\\\/eu\\\/project\\\/revitas-expande-gizartea-eraldatzeko-proiektua\\\/\",\"name\":\"REVITAS EXPANDE: gizartea eraldatzeko proiektua - Koine\",\"isPartOf\":{\"@id\":\"https:\\\/\\\/www.koine-aequalitas.org\\\/#website\"},\"primaryImageOfPage\":{\"@id\":\"https:\\\/\\\/www.koine-aequalitas.org\\\/eu\\\/project\\\/revitas-expande-gizartea-eraldatzeko-proiektua\\\/#primaryimage\"},\"image\":{\"@id\":\"https:\\\/\\\/www.koine-aequalitas.org\\\/eu\\\/project\\\/revitas-expande-gizartea-eraldatzeko-proiektua\\\/#primaryimage\"},\"thumbnailUrl\":\"https:\\\/\\\/www.koine-aequalitas.org\\\/wp-content\\\/uploads\\\/2025\\\/05\\\/486522385_641429785192648_8057005649001039452_n-e1748351172539.jpg\",\"datePublished\":\"2025-06-18T09:08:44+00:00\",\"dateModified\":\"2025-06-18T09:08:47+00:00\",\"breadcrumb\":{\"@id\":\"https:\\\/\\\/www.koine-aequalitas.org\\\/eu\\\/project\\\/revitas-expande-gizartea-eraldatzeko-proiektua\\\/#breadcrumb\"},\"inLanguage\":\"eu-ES\",\"potentialAction\":[{\"@type\":\"ReadAction\",\"target\":[\"https:\\\/\\\/www.koine-aequalitas.org\\\/eu\\\/project\\\/revitas-expande-gizartea-eraldatzeko-proiektua\\\/\"]}]},{\"@type\":\"ImageObject\",\"inLanguage\":\"eu-ES\",\"@id\":\"https:\\\/\\\/www.koine-aequalitas.org\\\/eu\\\/project\\\/revitas-expande-gizartea-eraldatzeko-proiektua\\\/#primaryimage\",\"url\":\"https:\\\/\\\/www.koine-aequalitas.org\\\/wp-content\\\/uploads\\\/2025\\\/05\\\/486522385_641429785192648_8057005649001039452_n-e1748351172539.jpg\",\"contentUrl\":\"https:\\\/\\\/www.koine-aequalitas.org\\\/wp-content\\\/uploads\\\/2025\\\/05\\\/486522385_641429785192648_8057005649001039452_n-e1748351172539.jpg\",\"width\":1638,\"height\":2048},{\"@type\":\"BreadcrumbList\",\"@id\":\"https:\\\/\\\/www.koine-aequalitas.org\\\/eu\\\/project\\\/revitas-expande-gizartea-eraldatzeko-proiektua\\\/#breadcrumb\",\"itemListElement\":[{\"@type\":\"ListItem\",\"position\":1,\"name\":\"Portada\",\"item\":\"https:\\\/\\\/www.koine-aequalitas.org\\\/eu\\\/\"},{\"@type\":\"ListItem\",\"position\":2,\"name\":\"Proyectos\",\"item\":\"https:\\\/\\\/www.koine-aequalitas.org\\\/project\\\/\"},{\"@type\":\"ListItem\",\"position\":3,\"name\":\"REVITAS EXPANDE: gizartea eraldatzeko proiektua\"}]},{\"@type\":\"WebSite\",\"@id\":\"https:\\\/\\\/www.koine-aequalitas.org\\\/#website\",\"url\":\"https:\\\/\\\/www.koine-aequalitas.org\\\/\",\"name\":\"Koine\",\"description\":\"Fundaci\u00f3n para la promoci\u00f3n de derechos de las personas con discapacidad y\\\/o riesgo de exclusi\u00f3n social\",\"potentialAction\":[{\"@type\":\"SearchAction\",\"target\":{\"@type\":\"EntryPoint\",\"urlTemplate\":\"https:\\\/\\\/www.koine-aequalitas.org\\\/?s={search_term_string}\"},\"query-input\":{\"@type\":\"PropertyValueSpecification\",\"valueRequired\":true,\"valueName\":\"search_term_string\"}}],\"inLanguage\":\"eu-ES\"}]}<\/script>\n<!-- \/ Yoast SEO plugin. -->","yoast_head_json":{"title":"REVITAS EXPANDE: gizartea eraldatzeko proiektua - Koine","robots":{"index":"index","follow":"follow","max-snippet":"max-snippet:-1","max-image-preview":"max-image-preview:large","max-video-preview":"max-video-preview:-1"},"canonical":"https:\/\/www.koine-aequalitas.org\/eu\/project\/revitas-expande-gizartea-eraldatzeko-proiektua\/","og_locale":"eu_ES","og_type":"article","og_title":"REVITAS EXPANDE: gizartea eraldatzeko proiektua - Koine","og_description":"REVITAS EXPANDE gizarte-eraldaketako proiektu bat da, Suspertze, Transformazio eta Erresilientzia Planak finantzatua, Lan eta Gizarte Ekonomiako Ministerioaren bitartez, zeinaren ardatz nagusiak gizarte-ekonomia, gizarteratzea eta landa-birpopulatzea diren. Ekonomia sozialaren formulen bidez lan- eta ekintzailetza-aukerak sortzeari lotutako birpopulatze-estrategia parte-hartzaile eta erreplikagarri bat definitzera, testatzera eta baliozkotzera bideratutako proiektu bat.PROIEKTUAREN HELBURUAK Gizarte-ekonomiaren garapena bultzatzea jendez husteko arriskuan dauden [&hellip;]","og_url":"https:\/\/www.koine-aequalitas.org\/eu\/project\/revitas-expande-gizartea-eraldatzeko-proiektua\/","og_site_name":"Koine","article_modified_time":"2025-06-18T09:08:47+00:00","og_image":[{"width":1638,"height":2048,"url":"https:\/\/www.koine-aequalitas.org\/wp-content\/uploads\/2025\/05\/486522385_641429785192648_8057005649001039452_n-e1748351172539.jpg","type":"image\/jpeg"}],"twitter_card":"summary_large_image","twitter_misc":{"Est. reading time":"2 minutes"},"schema":{"@context":"https:\/\/schema.org","@graph":[{"@type":"WebPage","@id":"https:\/\/www.koine-aequalitas.org\/eu\/project\/revitas-expande-gizartea-eraldatzeko-proiektua\/","url":"https:\/\/www.koine-aequalitas.org\/eu\/project\/revitas-expande-gizartea-eraldatzeko-proiektua\/","name":"REVITAS EXPANDE: gizartea eraldatzeko proiektua - Koine","isPartOf":{"@id":"https:\/\/www.koine-aequalitas.org\/#website"},"primaryImageOfPage":{"@id":"https:\/\/www.koine-aequalitas.org\/eu\/project\/revitas-expande-gizartea-eraldatzeko-proiektua\/#primaryimage"},"image":{"@id":"https:\/\/www.koine-aequalitas.org\/eu\/project\/revitas-expande-gizartea-eraldatzeko-proiektua\/#primaryimage"},"thumbnailUrl":"https:\/\/www.koine-aequalitas.org\/wp-content\/uploads\/2025\/05\/486522385_641429785192648_8057005649001039452_n-e1748351172539.jpg","datePublished":"2025-06-18T09:08:44+00:00","dateModified":"2025-06-18T09:08:47+00:00","breadcrumb":{"@id":"https:\/\/www.koine-aequalitas.org\/eu\/project\/revitas-expande-gizartea-eraldatzeko-proiektua\/#breadcrumb"},"inLanguage":"eu-ES","potentialAction":[{"@type":"ReadAction","target":["https:\/\/www.koine-aequalitas.org\/eu\/project\/revitas-expande-gizartea-eraldatzeko-proiektua\/"]}]},{"@type":"ImageObject","inLanguage":"eu-ES","@id":"https:\/\/www.koine-aequalitas.org\/eu\/project\/revitas-expande-gizartea-eraldatzeko-proiektua\/#primaryimage","url":"https:\/\/www.koine-aequalitas.org\/wp-content\/uploads\/2025\/05\/486522385_641429785192648_8057005649001039452_n-e1748351172539.jpg","contentUrl":"https:\/\/www.koine-aequalitas.org\/wp-content\/uploads\/2025\/05\/486522385_641429785192648_8057005649001039452_n-e1748351172539.jpg","width":1638,"height":2048},{"@type":"BreadcrumbList","@id":"https:\/\/www.koine-aequalitas.org\/eu\/project\/revitas-expande-gizartea-eraldatzeko-proiektua\/#breadcrumb","itemListElement":[{"@type":"ListItem","position":1,"name":"Portada","item":"https:\/\/www.koine-aequalitas.org\/eu\/"},{"@type":"ListItem","position":2,"name":"Proyectos","item":"https:\/\/www.koine-aequalitas.org\/project\/"},{"@type":"ListItem","position":3,"name":"REVITAS EXPANDE: gizartea eraldatzeko proiektua"}]},{"@type":"WebSite","@id":"https:\/\/www.koine-aequalitas.org\/#website","url":"https:\/\/www.koine-aequalitas.org\/","name":"Koine","description":"Fundaci\u00f3n para la promoci\u00f3n de derechos de las personas con discapacidad y\/o riesgo de exclusi\u00f3n social","potentialAction":[{"@type":"SearchAction","target":{"@type":"EntryPoint","urlTemplate":"https:\/\/www.koine-aequalitas.org\/?s={search_term_string}"},"query-input":{"@type":"PropertyValueSpecification","valueRequired":true,"valueName":"search_term_string"}}],"inLanguage":"eu-ES"}]}},"_links":{"self":[{"href":"https:\/\/www.koine-aequalitas.org\/eu\/wp-json\/wp\/v2\/project\/3797","targetHints":{"allow":["GET"]}}],"collection":[{"href":"https:\/\/www.koine-aequalitas.org\/eu\/wp-json\/wp\/v2\/project"}],"about":[{"href":"https:\/\/www.koine-aequalitas.org\/eu\/wp-json\/wp\/v2\/types\/project"}],"author":[{"embeddable":true,"href":"https:\/\/www.koine-aequalitas.org\/eu\/wp-json\/wp\/v2\/users\/4"}],"replies":[{"embeddable":true,"href":"https:\/\/www.koine-aequalitas.org\/eu\/wp-json\/wp\/v2\/comments?post=3797"}],"version-history":[{"count":13,"href":"https:\/\/www.koine-aequalitas.org\/eu\/wp-json\/wp\/v2\/project\/3797\/revisions"}],"predecessor-version":[{"id":3815,"href":"https:\/\/www.koine-aequalitas.org\/eu\/wp-json\/wp\/v2\/project\/3797\/revisions\/3815"}],"wp:featuredmedia":[{"embeddable":true,"href":"https:\/\/www.koine-aequalitas.org\/eu\/wp-json\/wp\/v2\/media\/3741"}],"wp:attachment":[{"href":"https:\/\/www.koine-aequalitas.org\/eu\/wp-json\/wp\/v2\/media?parent=3797"}],"wp:term":[{"taxonomy":"project_category","embeddable":true,"href":"https:\/\/www.koine-aequalitas.org\/eu\/wp-json\/wp\/v2\/project_category?post=3797"},{"taxonomy":"project_tag","embeddable":true,"href":"https:\/\/www.koine-aequalitas.org\/eu\/wp-json\/wp\/v2\/project_tag?post=3797"}],"curies":[{"name":"wp","href":"https:\/\/api.w.org\/{rel}","templated":true}]}}