{"id":379,"date":"2018-07-30T18:28:14","date_gmt":"2018-07-30T18:28:14","guid":{"rendered":"https:\/\/www.koine-aequalitas.org\/estudios\/"},"modified":"2024-10-30T11:47:44","modified_gmt":"2024-10-30T11:47:44","slug":"azterlanak","status":"publish","type":"page","link":"https:\/\/www.koine-aequalitas.org\/eu\/azterlanak\/","title":{"rendered":"Azterlanak"},"content":{"rendered":"<p>[et_pb_section fb_built=&#8221;1&#8243; fullwidth=&#8221;on&#8221; _builder_version=&#8221;4.16&#8243; global_colors_info=&#8221;{}&#8221;][et_pb_fullwidth_header title=&#8221;Ikerketak eta Azterlanak&#8221; text_orientation=&#8221;center&#8221; admin_label=&#8221;Introducci\u00f3n&#8221; _builder_version=&#8221;4.16&#8243; custom_padding=&#8221;1em||1em|&#8221; text_shadow_style=&#8221;preset1&#8243; global_colors_info=&#8221;{}&#8221; button_one_text_size__hover_enabled=&#8221;off&#8221; button_two_text_size__hover_enabled=&#8221;off&#8221; button_one_text_color__hover_enabled=&#8221;off&#8221; button_two_text_color__hover_enabled=&#8221;off&#8221; button_one_border_width__hover_enabled=&#8221;off&#8221; button_two_border_width__hover_enabled=&#8221;off&#8221; button_one_border_color__hover_enabled=&#8221;off&#8221; button_two_border_color__hover_enabled=&#8221;off&#8221; button_one_border_radius__hover_enabled=&#8221;off&#8221; button_two_border_radius__hover_enabled=&#8221;off&#8221; button_one_letter_spacing__hover_enabled=&#8221;off&#8221; button_two_letter_spacing__hover_enabled=&#8221;off&#8221; button_one_bg_color__hover_enabled=&#8221;off&#8221; button_two_bg_color__hover_enabled=&#8221;off&#8221;][\/et_pb_fullwidth_header][\/et_pb_section][et_pb_section fb_built=&#8221;1&#8243; _builder_version=&#8221;4.16&#8243; background_color=&#8221;#fafafa&#8221; global_colors_info=&#8221;{}&#8221;][et_pb_row _builder_version=&#8221;4.16&#8243; custom_padding=&#8221;26.9688px|0px|26px|0|false|false&#8221; global_colors_info=&#8221;{}&#8221;][et_pb_column type=&#8221;4_4&#8243; _builder_version=&#8221;4.16&#8243; custom_padding=&#8221;|||&#8221; global_colors_info=&#8221;{}&#8221; custom_padding__hover=&#8221;|||&#8221;][et_pb_text admin_label=&#8221;Introducci\u00f3n&#8221; _builder_version=&#8221;4.16&#8243; text_orientation=&#8221;justified&#8221; global_colors_info=&#8221;{}&#8221;]<\/p>\n<div class=\"gmail_default\" style=\"text-align: left;\">\n<p>Gure fundazioaren helburuak lortzeko, Koine Aequalitasen hainbat gairi buruzko azterlanak eta ikerketak egiten ari ditugu maiz.<\/p>\n<p>Horretarako, baliabide espezifikoak jartzen ditugu, hainbat deialditan parte hartzen dugu, bai eskualde mailan, bai estatu mailan, bai nazioartean, eta zenbait lan-sare espezializaturekin lankidetzan aritzen gara<\/p><\/div>\n<p>[\/et_pb_text][\/et_pb_column][\/et_pb_row][\/et_pb_section][et_pb_section fb_built=&#8221;1&#8243; _builder_version=&#8221;4.16&#8243; global_colors_info=&#8221;{}&#8221;][et_pb_row _builder_version=&#8221;4.16&#8243; background_size=&#8221;initial&#8221; background_position=&#8221;top_left&#8221; background_repeat=&#8221;repeat&#8221; global_colors_info=&#8221;{}&#8221; column_structure=&#8221;1_2,1_2&#8243;][et_pb_column type=&#8221;1_2&#8243; _builder_version=&#8221;4.16&#8243; custom_padding=&#8221;|||&#8221; global_colors_info=&#8221;{}&#8221; custom_padding__hover=&#8221;|||&#8221;][et_pb_text admin_label=&#8221;EVALUACI\u00d3N DE CONVOCATORIAS&#8221; _builder_version=&#8221;4.27.2&#8243; hover_enabled=&#8221;0&#8243; global_colors_info=&#8221;{}&#8221; sticky_enabled=&#8221;0&#8243;]<\/p>\n<h2>GIZARTE-ERAKUNDEAK ELKARTZEKO ETA AHALDUNTZEKO FOROA<\/h2>\n<p><span style=\"font-size: 16px;\">Ekimen honen helburua da asoziazionismoa eta gizarte-kohesioa indartzea, gizarte-erakundeetan zuzenean edo zeharka parte hartzen duten pertsonei lagunduz, kudeaketa eta gizarte-partaidetza hobetzea bultzatuz eta haien arteko lankidetza-sareak sustatuz. <strong>Topaketa-foroak, etengabeko prestakuntzako ekintzak, gizarte-aholkularitzako ekintzak eta ezagutzak transferitzeko ekintzak<\/strong> jarri dira martxan.<\/span><\/p>\n<p>[\/et_pb_text][\/et_pb_column][et_pb_column type=&#8221;1_2&#8243; _builder_version=&#8221;4.16&#8243; custom_padding=&#8221;|||&#8221; global_colors_info=&#8221;{}&#8221; custom_padding__hover=&#8221;|||&#8221;][et_pb_image src=&#8221;https:\/\/www.koine-aequalitas.org\/wp-content\/uploads\/2019\/11\/Foro-de-encuentro-organizaciones-sociales-Koine-Aequalitas.jpg&#8221; align_tablet=&#8221;center&#8221; align_last_edited=&#8221;on|desktop&#8221; _builder_version=&#8221;4.27.2&#8243; hover_enabled=&#8221;0&#8243; global_colors_info=&#8221;{}&#8221; alt=&#8221;Foro de encuentro organizaciones sociales Koine Aequalitas&#8221; title_text=&#8221;Foro de encuentro organizaciones sociales Koine Aequalitas&#8221; sticky_enabled=&#8221;0&#8243; align_phone=&#8221;center&#8221;][\/et_pb_image][\/et_pb_column][\/et_pb_row][\/et_pb_section][et_pb_section fb_built=&#8221;1&#8243; _builder_version=&#8221;4.16&#8243; global_colors_info=&#8221;{}&#8221;][et_pb_row _builder_version=&#8221;4.16&#8243; background_size=&#8221;initial&#8221; background_position=&#8221;top_left&#8221; background_repeat=&#8221;repeat&#8221; global_colors_info=&#8221;{}&#8221; column_structure=&#8221;1_2,1_2&#8243;][et_pb_column type=&#8221;1_2&#8243; _builder_version=&#8221;4.16&#8243; custom_padding=&#8221;|||&#8221; global_colors_info=&#8221;{}&#8221; custom_padding__hover=&#8221;|||&#8221;][et_pb_image src=&#8221;https:\/\/www.koine-aequalitas.org\/wp-content\/uploads\/2018\/09\/shutterstock_95506066.jpg&#8221; align_tablet=&#8221;center&#8221; align_last_edited=&#8221;on|desktop&#8221; _builder_version=&#8221;4.27.2&#8243; hover_enabled=&#8221;0&#8243; global_colors_info=&#8221;{}&#8221; title_text=&#8221;shutterstock_95506066&#8243; sticky_enabled=&#8221;0&#8243; align_phone=&#8221;center&#8221;][\/et_pb_image][\/et_pb_column][et_pb_column type=&#8221;1_2&#8243; _builder_version=&#8221;4.16&#8243; custom_padding=&#8221;|||&#8221; global_colors_info=&#8221;{}&#8221; custom_padding__hover=&#8221;|||&#8221;][et_pb_text admin_label=&#8221;EVALUACI\u00d3N DE CONVOCATORIAS&#8221; _builder_version=&#8221;4.27.2&#8243; hover_enabled=&#8221;0&#8243; global_colors_info=&#8221;{}&#8221; sticky_enabled=&#8221;0&#8243;]<\/p>\n<h2>BIZI-KALITATEA HOBETZEKO TEKNOLOGIA BERRITZAILEEN KLUSTERRA<\/h2>\n<p>Hasieratik klusterraren sorreran parte hartu genuen, mota askotako erakundeekin batera, hala nola ADACEN, ASPACE, CLINICA PADRE MENNI, MUTUA NAVARRA, Nafarroako Unibertsitate Publikoa-NUP eta NAVARRABIOMED. Gainera, ALDAKIN, MOVALSYS, OSF, PHARMAMODELLING eta TESICNOR enpresek ere parte hartu dute.<\/p>\n<p>Beste helburu batzuen artean, administrazio publikoek zahartzearen, desgaitasunaren eta bizi-kalitatearen aurkako prebentzio- eta arreta-ereduak erraztea eta haien babesa bilatzea du helburu, berrikuntza eta teknologia txertatzeko eta gizarte-eragina sortzeko<\/p>\n<p><span style=\"font-size: 16px;\">.<\/span><\/p>\n<p>[\/et_pb_text][\/et_pb_column][\/et_pb_row][\/et_pb_section][et_pb_section fb_built=&#8221;1&#8243; _builder_version=&#8221;4.16&#8243; global_colors_info=&#8221;{}&#8221;][et_pb_row _builder_version=&#8221;4.16&#8243; background_size=&#8221;initial&#8221; background_position=&#8221;top_left&#8221; background_repeat=&#8221;repeat&#8221; global_colors_info=&#8221;{}&#8221; column_structure=&#8221;1_2,1_2&#8243;][et_pb_column type=&#8221;1_2&#8243; _builder_version=&#8221;4.16&#8243; custom_padding=&#8221;|||&#8221; global_colors_info=&#8221;{}&#8221; custom_padding__hover=&#8221;|||&#8221;][et_pb_text admin_label=&#8221;EVALUACI\u00d3N DE CONVOCATORIAS&#8221; _builder_version=&#8221;4.16&#8243; global_colors_info=&#8221;{}&#8221;]<\/p>\n<h2>NAFARROAKO EMAKUME AUTONOMOEN BEHARREN DIAGNOSTIKOA FAMILIA, LANA ETA NORBERAREN BIZITZA UZTARTZEAREN ARLOAN<\/h2>\n<p><span style=\"font-size: 16px;\">Nafarroako Enplegu Zerbitzuak finantzatutako azterlanaren helburua izan zen Nafarroan autonomoen araubidean lan egiten duten emakumeen beharretara hurbiltzea, norberaren bizitza, familia eta lana bateratzeko beharrizanei eraginkortasunez, efizientziaz eta egokiro erantzungo dieten baliabideak eta laguntzak ezarri eta planifikatzeko, lan autonomoaren esparruan genero-berdintasuna sustatuz.<\/span><\/p>\n<p>[\/et_pb_text][\/et_pb_column][et_pb_column type=&#8221;1_2&#8243; _builder_version=&#8221;4.16&#8243; custom_padding=&#8221;|||&#8221; global_colors_info=&#8221;{}&#8221; custom_padding__hover=&#8221;|||&#8221;][et_pb_image src=&#8221;https:\/\/www.koine-aequalitas.org\/wp-content\/uploads\/2019\/11\/Necesidades-de-mujeres-autonomas-en-Navarra.jpg&#8221; align_tablet=&#8221;center&#8221; align_last_edited=&#8221;on|desktop&#8221; _builder_version=&#8221;4.16&#8243; global_colors_info=&#8221;{}&#8221; align_phone=&#8221;center&#8221;][\/et_pb_image][\/et_pb_column][\/et_pb_row][\/et_pb_section][et_pb_section fb_built=&#8221;1&#8243; _builder_version=&#8221;4.16&#8243; background_color=&#8221;#fafafa&#8221; global_colors_info=&#8221;{}&#8221;][et_pb_row _builder_version=&#8221;4.16&#8243; background_size=&#8221;initial&#8221; background_position=&#8221;top_left&#8221; background_repeat=&#8221;repeat&#8221; global_colors_info=&#8221;{}&#8221; column_structure=&#8221;1_2,1_2&#8243;][et_pb_column type=&#8221;1_2&#8243; _builder_version=&#8221;4.16&#8243; custom_padding=&#8221;|||&#8221; global_colors_info=&#8221;{}&#8221; custom_padding__hover=&#8221;|||&#8221;][et_pb_image src=&#8221;https:\/\/www.koine-aequalitas.org\/wp-content\/uploads\/2019\/11\/Brecha-digital-en-mayores-en-Navarra-Koine-Aequalitas.jpg&#8221; align_tablet=&#8221;center&#8221; align_last_edited=&#8221;on|desktop&#8221; _builder_version=&#8221;4.16&#8243; global_colors_info=&#8221;{}&#8221; align_phone=&#8221;center&#8221;][\/et_pb_image][\/et_pb_column][et_pb_column type=&#8221;1_2&#8243; _builder_version=&#8221;4.16&#8243; custom_padding=&#8221;|||&#8221; global_colors_info=&#8221;{}&#8221; custom_padding__hover=&#8221;|||&#8221;][et_pb_text admin_label=&#8221;EL ABORDAJE DE LA VIOLENCIA&#8221; _builder_version=&#8221;4.16&#8243; global_colors_info=&#8221;{}&#8221;]<\/p>\n<h2>NAFARROAKO FORU KOMUNITATEKO ADINEKOEN ETEN DIGITALAREN DIAGNOSTIKOA<\/h2>\n<p>Nafarroako Gobernuak, Errealitate Sozialaren Behatokiaren bidez, \u201cNafarroako Foru Komunitateko adineko pertsonen eten digitalari\u201d buruzko azterlana egin zuen, Koine Aequalitas Fundazioaren laguntza teknikoarekin. Gure inguruko eraldaketa digitalaren ondorioz, 70 urtetik gorako pertsonek dituzten zailtasunetara hurbilzea, eta administrazioak oztopo horiek gainditzeko egin ditzakeen ekintzak detektatzea izan zen azterlan honen helburua.<\/p>\n<p>[\/et_pb_text][\/et_pb_column][\/et_pb_row][\/et_pb_section][et_pb_section fb_built=&#8221;1&#8243; _builder_version=&#8221;4.16&#8243; global_colors_info=&#8221;{}&#8221;][et_pb_row _builder_version=&#8221;4.16&#8243; background_size=&#8221;initial&#8221; background_position=&#8221;top_left&#8221; background_repeat=&#8221;repeat&#8221; global_colors_info=&#8221;{}&#8221; column_structure=&#8221;1_2,1_2&#8243;][et_pb_column type=&#8221;1_2&#8243; _builder_version=&#8221;4.16&#8243; custom_padding=&#8221;|||&#8221; global_colors_info=&#8221;{}&#8221; custom_padding__hover=&#8221;|||&#8221;][et_pb_text admin_label=&#8221;EVALUACI\u00d3N DE CONVOCATORIAS&#8221; _builder_version=&#8221;4.16&#8243; global_colors_info=&#8221;{}&#8221;]<\/p>\n<h2>MILAGROSAKO ERRUMANIAKO IJITOEN DIAGNOSTIKO SOZIALAREN PROPOSAMENA<\/h2>\n<p><span style=\"font-size: 16px;\">Koine Aequalitas Fundazioaren laguntza teknikoarekin, Iru\u00f1eko Udalak diagnostiko sozial bat egin du Milagrosa auzoko ijito-errumaniar komunitatearen egoerari buruz, gainera gizarte aktoreen mapa egin du. Proiektu honekin, ijito etniako errumariar populazioaren irudi erreal bat lortu zen (bere bizi baldintzak, beharrak, kultur jarraibideak, etab\u2026), bai eta Milagrosako kolektiboarekiko kulturen arteko bizikidetza-egoeraren eta bertan dauden gizarte-eragileen irudia ere.<\/span><\/p>\n<p>[\/et_pb_text][\/et_pb_column][et_pb_column type=&#8221;1_2&#8243; _builder_version=&#8221;4.16&#8243; custom_padding=&#8221;|||&#8221; global_colors_info=&#8221;{}&#8221; custom_padding__hover=&#8221;|||&#8221;][et_pb_image src=&#8221;https:\/\/www.koine-aequalitas.org\/wp-content\/uploads\/2021\/01\/Barrio-Milagrosa-Pamplona.jpg&#8221; align_tablet=&#8221;center&#8221; align_last_edited=&#8221;on|desktop&#8221; _builder_version=&#8221;4.16&#8243; global_colors_info=&#8221;{}&#8221; align_phone=&#8221;center&#8221;][\/et_pb_image][\/et_pb_column][\/et_pb_row][\/et_pb_section][et_pb_section fb_built=&#8221;1&#8243; _builder_version=&#8221;4.16&#8243; background_color=&#8221;#fafafa&#8221; global_colors_info=&#8221;{}&#8221;][et_pb_row _builder_version=&#8221;4.16&#8243; background_size=&#8221;initial&#8221; background_position=&#8221;top_left&#8221; background_repeat=&#8221;repeat&#8221; global_colors_info=&#8221;{}&#8221; column_structure=&#8221;1_2,1_2&#8243;][et_pb_column type=&#8221;1_2&#8243; _builder_version=&#8221;4.16&#8243; custom_padding=&#8221;|||&#8221; global_colors_info=&#8221;{}&#8221; custom_padding__hover=&#8221;|||&#8221;][et_pb_image src=&#8221;https:\/\/www.koine-aequalitas.org\/wp-content\/uploads\/2018\/09\/shutterstock_637882639.jpg&#8221; align_tablet=&#8221;center&#8221; align_last_edited=&#8221;on|desktop&#8221; _builder_version=&#8221;4.16&#8243; global_colors_info=&#8221;{}&#8221; align_phone=&#8221;center&#8221;][\/et_pb_image][\/et_pb_column][et_pb_column type=&#8221;1_2&#8243; _builder_version=&#8221;4.16&#8243; custom_padding=&#8221;|||&#8221; global_colors_info=&#8221;{}&#8221; custom_padding__hover=&#8221;|||&#8221;][et_pb_text admin_label=&#8221;EL ABORDAJE DE LA VIOLENCIA&#8221; _builder_version=&#8221;4.16&#8243; global_colors_info=&#8221;{}&#8221;]<\/p>\n<h2><strong>GENERO INDARKERIAREN TRATAERA OSASUNBIDEA NAFARROAKO OSASUN ZERBITZUAN<\/strong><\/h2>\n<p>2018 urtean,<strong> KOINE AEQUALITAS Fundazioa <\/strong>elkarlanean ari da ikerketa honetan. Nafarroako Osasun Zerbitzuak komisionatu du eta Nafarroako Unibertsitate Publikoak parte hartzen du; helburua, berriz, Nafarroan eskuragarri dauden zerbitzu eta baliabide soziosanitarioak aztertzea da, ondoren genero indarkeria detektatu eta tratatzeko, inplikatuta dauden eragile guztien (Osasunbideko profesional soziosanitarioak eta Osasunbideaz kanpoko profesionalak) eta, baliabide horien onuradunak eta azken hartzaileak direnez, bizirik atera diren emakumeen pertzepzioa eta esperientzia kontuan hartuz Azkenik, tresna proposamenak (protokoloak), metodologiak (kodeketa espresak) eta baliabideak (adierazle errepikakorrak) landu nahi ditu, bahetzeari eta artatzeari buruzko jarduera mailak hobetzeko, maila nazionalean eta nazioartekoan genero indarkeriaren arloan dauden jokaera onetatik eta aurretiazko analisitik abiatuta.<\/p>\n<p>[\/et_pb_text][\/et_pb_column][\/et_pb_row][\/et_pb_section][et_pb_section fb_built=&#8221;1&#8243; _builder_version=&#8221;4.16&#8243; global_colors_info=&#8221;{}&#8221;][et_pb_row _builder_version=&#8221;4.16&#8243; background_size=&#8221;initial&#8221; background_position=&#8221;top_left&#8221; background_repeat=&#8221;repeat&#8221; global_colors_info=&#8221;{}&#8221; column_structure=&#8221;1_2,1_2&#8243;][et_pb_column type=&#8221;1_2&#8243; _builder_version=&#8221;4.16&#8243; custom_padding=&#8221;|||&#8221; global_colors_info=&#8221;{}&#8221; custom_padding__hover=&#8221;|||&#8221;][et_pb_text admin_label=&#8221;AULA INDUSTRIA 4.0&#8243; _builder_version=&#8221;4.16&#8243; global_colors_info=&#8221;{}&#8221;]<\/p>\n<h2><strong>IKASKETEN ATALA<br \/> NAFARROAKO HERRITARREN ERANTZUNA COVID-19 GARAIAN.ELKARTASUN SAREAK<br \/> <\/strong><\/h2>\n<p>UNED- Caja Navarra Fundazioa eta \u201cla Caixa\u201d gizarte-ekintzaren ikerketa deialdiaren bidez finantzatu da<\/p>\n<p>Ikerketa hau martxoan hasi zen eta konfinamendu aldi osoan zehar iraun zuen. Nafarroako herritarrek gizarte gisa bizi genuen uneari emandako erantzunaren behaketaren eta azterketaren emaitza da.<\/p>\n<p>Alde batetik, Nafarroako gizartea une historiko honetan ekartzen ari zen guztiaren balioa azpimarratu nahi genuen, bai herritarrak, bai elkarte, entitate eta enpresek. Bestalde, sakon aztertu dira haren intentsitatea neurtzeko garatutako ekimenak, biztanleriak egokitzeko eta berritzeko duen arintasuna eta tokikoak globalaren aurrean erantzuteko duen gaitasuna. Gainera, elkartasun-sare horiek ekarri duten inbertsio ekonomikoaren, denboraren eta ahaleginaren itzulkin soziala kalkulatu da, eta Nafarroako eta Estatuko diru-kutxei aurreztu diena baita ere.<\/p>\n<p>Gainera, proiektuaren beste zati garrantzitsu bat herritarren erantzunari esker lortutako ikaskuntzak nabarmentzea izan da, gizarte zibilari eusteko ezagutzak eta estrategiak partekatzearen aldera.<\/p>\n<p>200 ekimen baino gehiago aztertu dira, eta 4.000 boluntariotik gora eta 360 erakunde baino gehiago hauteman dira. Ekimen gehienak osasun-produktuen fabrikazioarekin eta banaketarekin lotuta egon dira (% 52,54), eta, bigarrenik, elikadurarekin lotutako ekimenak (% 20,34).<\/p>\n<p>Nabarmentzekoa da ekimen solidario horiek 5 milioi euro baino gehiago eman dituztela laguntza ukigarri eta ukiezinetan.<\/p>\n<p>[\/et_pb_text][\/et_pb_column][et_pb_column type=&#8221;1_2&#8243; _builder_version=&#8221;4.16&#8243; custom_padding=&#8221;|||&#8221; global_colors_info=&#8221;{}&#8221; custom_padding__hover=&#8221;|||&#8221;][et_pb_image src=&#8221;https:\/\/www.koine-aequalitas.org\/wp-content\/uploads\/2020\/12\/Respuesta-solidaria-Navarra-covid19.jpg&#8221; align_tablet=&#8221;center&#8221; align_last_edited=&#8221;on|desktop&#8221; _builder_version=&#8221;4.16&#8243; global_colors_info=&#8221;{}&#8221; align_phone=&#8221;center&#8221;][\/et_pb_image][\/et_pb_column][\/et_pb_row][\/et_pb_section][et_pb_section fb_built=&#8221;1&#8243; _builder_version=&#8221;4.16&#8243; background_color=&#8221;#fafafa&#8221; global_colors_info=&#8221;{}&#8221;][et_pb_row _builder_version=&#8221;4.16&#8243; background_size=&#8221;initial&#8221; background_position=&#8221;top_left&#8221; background_repeat=&#8221;repeat&#8221; global_colors_info=&#8221;{}&#8221; column_structure=&#8221;1_2,1_2&#8243;][et_pb_column type=&#8221;1_2&#8243; _builder_version=&#8221;4.16&#8243; custom_padding=&#8221;|||&#8221; global_colors_info=&#8221;{}&#8221; custom_padding__hover=&#8221;|||&#8221;][et_pb_image src=&#8221;https:\/\/www.koine-aequalitas.org\/wp-content\/uploads\/2018\/09\/shutterstock_95506066.jpg&#8221; align_tablet=&#8221;center&#8221; align_last_edited=&#8221;on|desktop&#8221; _builder_version=&#8221;4.16&#8243; global_colors_info=&#8221;{}&#8221; align_phone=&#8221;center&#8221;][\/et_pb_image][\/et_pb_column][et_pb_column type=&#8221;1_2&#8243; _builder_version=&#8221;4.16&#8243; custom_padding=&#8221;|||&#8221; global_colors_info=&#8221;{}&#8221; custom_padding__hover=&#8221;|||&#8221;][et_pb_text admin_label=&#8221;ESCLEROSIS M\u00daLTIPLE&#8221; _builder_version=&#8221;4.16&#8243; global_colors_info=&#8221;{}&#8221;]<\/p>\n<h2><strong>ESKLEROSI ANIZKOITZA ESPAINIAN: ERREALITATEA, BEHAR SOZIALAK ETA BIZITZA KALITATEA<\/strong><\/h2>\n<p>Estatuaren esparruko ikerketa proiektua, FELEM Esklerosi Anizkoitzaren aurkako Espainiako Federazioak bultzatua eta bere elkarte guztien laguntzaz zenbait autonomia erkidegotan burutu dena. Egin zen ikerketaren helburua esklerosi anizkoitza duten pertsonen partaidetza eta beregaintasun handiagoa zuzentzeko ekintza berriak diseinatzea zen, horrekin, haien bizitza kalitatearen hondamenari eta bereizkeria arriskuari aurrea hartzeko, eta baliabideen eta laguntza sistemen eskuragarritasun hobea bultzatzeko.<\/p>\n<p>[\/et_pb_text][\/et_pb_column][\/et_pb_row][\/et_pb_section][et_pb_section fb_built=&#8221;1&#8243; _builder_version=&#8221;4.16&#8243; global_colors_info=&#8221;{}&#8221;][et_pb_row _builder_version=&#8221;4.16&#8243; background_size=&#8221;initial&#8221; background_position=&#8221;top_left&#8221; background_repeat=&#8221;repeat&#8221; global_colors_info=&#8221;{}&#8221; column_structure=&#8221;1_2,1_2&#8243;][et_pb_column type=&#8221;1_2&#8243; _builder_version=&#8221;4.16&#8243; custom_padding=&#8221;|||&#8221; global_colors_info=&#8221;{}&#8221; custom_padding__hover=&#8221;|||&#8221;][et_pb_text admin_label=&#8221;VALORACIONES SOBRE LA RAZONABILIDAD&#8221; _builder_version=&#8221;4.16&#8243; global_colors_info=&#8221;{}&#8221;]<\/p>\n<h2><strong>NAFARROAKO ENPLEGU ZERBITZURAKO CEE KALIFIKAZIOA ESKATZEAREN ARRAZOIZKOTASUN EKONOMIKOARI BURUZKO BALIOESPENAK<\/strong><\/h2>\n<p>Hainbat txosten egin dira Nafarroako Enplegu Zerbitzurako, Enplegu Zentro Berezi gisa kalifikatuak izateko zenbait erakundek\/enpresak Enplegu Zentro Berezi gisa kalifikatu eta inskribatzeko aurkeztutako eskabideari eransten zaizkion Memoria eta Aurreikuspen Ekonomiko Finantzarioen arrazoizkotasunari buruz.<\/p>\n<p>[\/et_pb_text][\/et_pb_column][et_pb_column type=&#8221;1_2&#8243; _builder_version=&#8221;4.16&#8243; custom_padding=&#8221;|||&#8221; global_colors_info=&#8221;{}&#8221; custom_padding__hover=&#8221;|||&#8221;][et_pb_image src=&#8221;https:\/\/www.koine-aequalitas.org\/wp-content\/uploads\/2018\/09\/shutterstock_139928539.jpg&#8221; align_tablet=&#8221;center&#8221; align_last_edited=&#8221;on|desktop&#8221; _builder_version=&#8221;4.16&#8243; global_colors_info=&#8221;{}&#8221; align_phone=&#8221;center&#8221;][\/et_pb_image][\/et_pb_column][\/et_pb_row][\/et_pb_section][et_pb_section fb_built=&#8221;1&#8243; _builder_version=&#8221;4.16&#8243; background_color=&#8221;#fafafa&#8221; global_colors_info=&#8221;{}&#8221;][et_pb_row _builder_version=&#8221;4.16&#8243; background_size=&#8221;initial&#8221; background_position=&#8221;top_left&#8221; background_repeat=&#8221;repeat&#8221; global_colors_info=&#8221;{}&#8221; column_structure=&#8221;1_2,1_2&#8243;][et_pb_column type=&#8221;1_2&#8243; _builder_version=&#8221;4.16&#8243; custom_padding=&#8221;|||&#8221; global_colors_info=&#8221;{}&#8221; custom_padding__hover=&#8221;|||&#8221;][et_pb_image src=&#8221;https:\/\/www.koine-aequalitas.org\/wp-content\/uploads\/2018\/09\/shutterstock_657589543.jpg&#8221; align_tablet=&#8221;center&#8221; align_last_edited=&#8221;on|desktop&#8221; _builder_version=&#8221;4.16&#8243; global_colors_info=&#8221;{}&#8221; align_phone=&#8221;center&#8221;][\/et_pb_image][\/et_pb_column][et_pb_column type=&#8221;1_2&#8243; _builder_version=&#8221;4.16&#8243; custom_padding=&#8221;|||&#8221; global_colors_info=&#8221;{}&#8221; custom_padding__hover=&#8221;|||&#8221;][et_pb_text admin_label=&#8221;EVALUACI\u00d3N DE CONVOCATORIAS&#8221; _builder_version=&#8221;4.16&#8243; global_colors_info=&#8221;{}&#8221;]<\/p>\n<h2>GIZARTE EKIMENEKO ERAKUNDEETARAKO DIRU-LAGUNTZA DEIALDIEN EBALUAZIOA<\/h2>\n<p><strong>KOINE AEQUALITAS Fundazioak <\/strong>desgaitasuna duten pertsonen arloko gizarte ekimeneko erakundeen diru-laguntzen ebaluazioa egin du 2017 urtean, hots,<strong> PANA<\/strong> Pertsonen Autonomia eta Garapeneko Nafarroako Agentziak kudeatzen duena, hain zuzen.<\/p>\n<p>Gizarte ekimeneko erakundeetarako diru-laguntzen 2015 eta 2016 urteetako deialdien ebaluazioa egin da, desgaitasun arloan; horrek bi modalitate ditu: Asoziazionismoa sustatzea eta Autonomia bultzatzeko eta mendekotasunari aurrea hartzeko programen garapena.<\/p>\n<p><span style=\"font-size: 16px;\">Egoitza Nafarroan duten gizarte ekimeneko erakundeen diru-laguntzen 2015 eta 2016 urteetako deialdiek lortutako diseinua, kudeaketa, emaitzak eta eraginak ebaluatzea zen helburu nagusia.<\/span><\/p>\n<p>[\/et_pb_text][\/et_pb_column][\/et_pb_row][\/et_pb_section][et_pb_section fb_built=&#8221;1&#8243; _builder_version=&#8221;4.16&#8243; global_colors_info=&#8221;{}&#8221;][et_pb_row _builder_version=&#8221;4.16&#8243; background_size=&#8221;initial&#8221; background_position=&#8221;top_left&#8221; background_repeat=&#8221;repeat&#8221; global_colors_info=&#8221;{}&#8221; column_structure=&#8221;1_2,1_2&#8243;][et_pb_column type=&#8221;1_2&#8243; _builder_version=&#8221;4.16&#8243; custom_padding=&#8221;|||&#8221; global_colors_info=&#8221;{}&#8221; custom_padding__hover=&#8221;|||&#8221;][et_pb_text admin_label=&#8221;ENVEJECIMIENTO Y DETERIORO DE LAS PERSONAS&#8221; _builder_version=&#8221;4.16&#8243; global_colors_info=&#8221;{}&#8221;]<\/p>\n<h2><strong>DESGAITASUN INTELEKTUALA DUTEN PERTSONEN ZAHARTZEA ETA HONDATZEA NAFARROAKO FORU ERKIDEGOAN<\/strong><\/h2>\n<p>Ikerketa, Plena Inclusi\u00f3n Navarra elkarterako egina, desgaitasun intelektuala daukan biztanleriarentzat zahartze prozesuak zein esanahi duen hobeto ulertzeko egin zen.<\/p>\n<p>Gainera, desgaitasun egoeran dauden pertsonenganako hurbilketa bat ere egin zen eta, konkretuki, desgaitasun intelektuala dutenen taldeagana, euren bizitza kalitatea Espainian eta Nafarroan aztertuz.<\/p>\n<p>.<\/p>\n<p>[\/et_pb_text][\/et_pb_column][et_pb_column type=&#8221;1_2&#8243; _builder_version=&#8221;4.16&#8243; custom_padding=&#8221;|||&#8221; global_colors_info=&#8221;{}&#8221; custom_padding__hover=&#8221;|||&#8221;][et_pb_image src=&#8221;https:\/\/www.koine-aequalitas.org\/wp-content\/uploads\/2018\/10\/shutterstock_318091970.jpg&#8221; align_tablet=&#8221;center&#8221; align_last_edited=&#8221;on|desktop&#8221; _builder_version=&#8221;4.16&#8243; global_colors_info=&#8221;{}&#8221; align_phone=&#8221;center&#8221;][\/et_pb_image][\/et_pb_column][\/et_pb_row][\/et_pb_section][et_pb_section fb_built=&#8221;1&#8243; _builder_version=&#8221;4.16&#8243; background_color=&#8221;#fafafa&#8221; global_colors_info=&#8221;{}&#8221;][et_pb_row _builder_version=&#8221;4.16&#8243; background_size=&#8221;initial&#8221; background_position=&#8221;top_left&#8221; background_repeat=&#8221;repeat&#8221; global_colors_info=&#8221;{}&#8221; column_structure=&#8221;1_2,1_2&#8243;][et_pb_column type=&#8221;1_2&#8243; _builder_version=&#8221;4.16&#8243; custom_padding=&#8221;|||&#8221; global_colors_info=&#8221;{}&#8221; custom_padding__hover=&#8221;|||&#8221;][et_pb_image src=&#8221;https:\/\/www.koine-aequalitas.org\/wp-content\/uploads\/2019\/11\/libro-orientaci\u00f3n.jpg&#8221; align_tablet=&#8221;center&#8221; align_last_edited=&#8221;on|desktop&#8221; _builder_version=&#8221;4.16&#8243; global_colors_info=&#8221;{}&#8221; align_phone=&#8221;center&#8221;][\/et_pb_image][\/et_pb_column][et_pb_column type=&#8221;1_2&#8243; _builder_version=&#8221;4.16&#8243; custom_padding=&#8221;|||&#8221; global_colors_info=&#8221;{}&#8221; custom_padding__hover=&#8221;|||&#8221;][et_pb_text admin_label=&#8221;ENVEJECIMIENTO Y DETERIORO DE LAS PERSONAS&#8221; _builder_version=&#8221;4.16&#8243; global_colors_info=&#8221;{}&#8221;]<\/p>\n<h2><strong>FERNANDO TER\u00c9 ENPLEGURAKO ETA PERTSONARAKO LANBIDE-ORIENTAZIOKO ESKULIBURU PRAKTIKOA IZENEKO LIBURUA BABESTEA<\/strong><\/h2>\n<p><span style=\"font-size: 16px;\">Koine Aequalitas Fundaziotik Fernando Ter\u00e9 Iriarteri lagundu diogu bere lehen lana argitaratzen: Manual Pr\u00e1ctico de Orientaci\u00f3n centrada en el empleo y la persona. Egileak esperientzia handia du bai pertsonei arreta ematen, bai enplegu-zerbitzu publikoetatik lanbide-orientazioko programak kudeatzen eta garatzen. Gidaliburu hau idazteko ibilbide profesional luze eta konprometituan oinarritzen da, eta gizarte- eta lan-arloko orientazioko langileentzako kontsulta-gida gisa eskaintzen da.<\/span><\/p>\n<p>.<\/p>\n<p>[\/et_pb_text][\/et_pb_column][\/et_pb_row][\/et_pb_section][et_pb_section fb_built=&#8221;1&#8243; _builder_version=&#8221;4.16&#8243; global_colors_info=&#8221;{}&#8221;][et_pb_row _builder_version=&#8221;4.16&#8243; background_size=&#8221;initial&#8221; background_position=&#8221;top_left&#8221; background_repeat=&#8221;repeat&#8221; global_colors_info=&#8221;{}&#8221; column_structure=&#8221;1_2,1_2&#8243;][et_pb_column type=&#8221;1_2&#8243; _builder_version=&#8221;4.16&#8243; custom_padding=&#8221;|||&#8221; global_colors_info=&#8221;{}&#8221; custom_padding__hover=&#8221;|||&#8221;][et_pb_text admin_label=&#8221;ENVEJECIMIENTO Y DETERIORO DE LAS PERSONAS&#8221; _builder_version=&#8221;4.16&#8243; global_colors_info=&#8221;{}&#8221;]<\/p>\n<h2>PLUSD\u00b4ACC<\/h2>\n<p>PLUSD\u00b4ACC proiektuak (Akitania-Euskadi-Nafarroa Euroeskualdearen kultura-ondarerako eskuragarritasuna hobetzea) gizarte-erakundeen eta administrazio publikoen arteko truke profesionala bilatzen du, ondare artistikoaren, kulturaren eta, beraz, elementu horien bidez sortzen den turismoari.<\/p>\n<p>Parte hartzen duten erakundeen esperientzia-trukearen eta jardunbide egokien bidez, bai eta gaiarekin zerikusia duten lurraldeetako profesional, aditu eta erreferentzia-erakundeen ekarpenen bidez ere, ondare artistikoaren, kulturaren eta turismoaren eskugarritasun-zailtasunak aztertu eta sakonduko dira, baita ere oztopoak kentzeko erabil daitezkeen tresna eta metodologiak eskura izatea ere<\/p>\n<h2><span style=\"font-size: 16px; text-align: justify; color: #666666; font-weight: 500;\">.<\/span><\/h2>\n<p>.<\/p>\n<p>[\/et_pb_text][\/et_pb_column][et_pb_column type=&#8221;1_2&#8243; _builder_version=&#8221;4.16&#8243; custom_padding=&#8221;|||&#8221; global_colors_info=&#8221;{}&#8221; custom_padding__hover=&#8221;|||&#8221;][et_pb_image src=&#8221;https:\/\/www.koine-aequalitas.org\/wp-content\/uploads\/2018\/07\/EXPOSICI\u00d3N-ACCESIBLE-PAMPLONA-106-BN.jpg&#8221; align_tablet=&#8221;center&#8221; align_last_edited=&#8221;on|desktop&#8221; _builder_version=&#8221;4.16&#8243; global_colors_info=&#8221;{}&#8221; align_phone=&#8221;center&#8221;][\/et_pb_image][\/et_pb_column][\/et_pb_row][\/et_pb_section][et_pb_section fb_built=&#8221;1&#8243; _builder_version=&#8221;4.16&#8243; background_color=&#8221;#fafafa&#8221; global_colors_info=&#8221;{}&#8221;][et_pb_row _builder_version=&#8221;4.16&#8243; background_size=&#8221;initial&#8221; background_position=&#8221;top_left&#8221; background_repeat=&#8221;repeat&#8221; global_colors_info=&#8221;{}&#8221; column_structure=&#8221;1_2,1_2&#8243;][et_pb_column type=&#8221;1_2&#8243; _builder_version=&#8221;4.16&#8243; custom_padding=&#8221;|||&#8221; global_colors_info=&#8221;{}&#8221; custom_padding__hover=&#8221;|||&#8221;][et_pb_image src=&#8221;https:\/\/www.koine-aequalitas.org\/wp-content\/uploads\/2021\/01\/Yo-tambien-puedo-Koine-Aequalitas.jpg&#8221; align_tablet=&#8221;center&#8221; align_last_edited=&#8221;on|desktop&#8221; _builder_version=&#8221;4.16&#8243; global_colors_info=&#8221;{}&#8221; align_phone=&#8221;center&#8221;][\/et_pb_image][\/et_pb_column][et_pb_column type=&#8221;1_2&#8243; _builder_version=&#8221;4.16&#8243; custom_padding=&#8221;|||&#8221; global_colors_info=&#8221;{}&#8221; custom_padding__hover=&#8221;|||&#8221;][et_pb_text admin_label=&#8221;ENVEJECIMIENTO Y DETERIORO DE LAS PERSONAS&#8221; _builder_version=&#8221;4.16&#8243; global_colors_info=&#8221;{}&#8221;]<\/p>\n<h2>YO TAMBI\u00c9N PUEDO<\/h2>\n<p><span style=\"font-size: 16px;\">Nafarroan <strong>desgaitasun <\/strong>intelektuala duten pertsonen prestakuntzaz eta enpleguaz dauden baliabideen web orria.<\/span><\/p>\n<p>[\/et_pb_text][\/et_pb_column][\/et_pb_row][\/et_pb_section][et_pb_section fb_built=&#8221;1&#8243; fullwidth=&#8221;on&#8221; _builder_version=&#8221;4.16&#8243; global_colors_info=&#8221;{}&#8221;][et_pb_fullwidth_header title=&#8221;Gure ikasketen batean sartu nahi baduzu, jar zaitez gurekin harremanetan&#8221; text_orientation=&#8221;center&#8221; admin_label=&#8221;Introducci\u00f3n&#8221; _builder_version=&#8221;4.16&#8243; custom_padding=&#8221;1em||1em|&#8221; text_shadow_style=&#8221;preset1&#8243; global_colors_info=&#8221;{}&#8221; button_one_text_size__hover_enabled=&#8221;off&#8221; button_two_text_size__hover_enabled=&#8221;off&#8221; button_one_text_color__hover_enabled=&#8221;off&#8221; button_two_text_color__hover_enabled=&#8221;off&#8221; button_one_border_width__hover_enabled=&#8221;off&#8221; button_two_border_width__hover_enabled=&#8221;off&#8221; button_one_border_color__hover_enabled=&#8221;off&#8221; button_two_border_color__hover_enabled=&#8221;off&#8221; button_one_border_radius__hover_enabled=&#8221;off&#8221; button_two_border_radius__hover_enabled=&#8221;off&#8221; button_one_letter_spacing__hover_enabled=&#8221;off&#8221; button_two_letter_spacing__hover_enabled=&#8221;off&#8221; button_one_bg_color__hover_enabled=&#8221;off&#8221; button_two_bg_color__hover_enabled=&#8221;off&#8221;][\/et_pb_fullwidth_header][\/et_pb_section]<\/p>\n","protected":false},"excerpt":{"rendered":"<p>Gure fundazioaren helburuak lortzeko, Koine Aequalitasen hainbat gairi buruzko azterlanak eta ikerketak egiten ari ditugu maiz. Horretarako, baliabide espezifikoak jartzen ditugu, hainbat deialditan parte hartzen dugu, bai eskualde mailan, bai estatu mailan, bai nazioartean, eta zenbait lan-sare espezializaturekin lankidetzan aritzen garaGIZARTE-ERAKUNDEAK ELKARTZEKO ETA AHALDUNTZEKO FOROA Ekimen honen helburua da asoziazionismoa eta gizarte-kohesioa indartzea, gizarte-erakundeetan zuzenean [&hellip;]<\/p>\n","protected":false},"author":1,"featured_media":0,"parent":0,"menu_order":0,"comment_status":"closed","ping_status":"closed","template":"","meta":{"_et_pb_use_builder":"on","_et_pb_old_content":"","_et_gb_content_width":"","footnotes":""},"class_list":["post-379","page","type-page","status-publish","hentry"],"yoast_head":"<!-- This site is optimized with the Yoast SEO plugin v27.5 - https:\/\/yoast.com\/product\/yoast-seo-wordpress\/ -->\n<title>Azterlanak - Koine<\/title>\n<meta name=\"robots\" content=\"index, follow, max-snippet:-1, max-image-preview:large, max-video-preview:-1\" \/>\n<link rel=\"canonical\" href=\"https:\/\/www.koine-aequalitas.org\/eu\/azterlanak\/\" \/>\n<meta property=\"og:locale\" content=\"eu_ES\" \/>\n<meta property=\"og:type\" content=\"article\" \/>\n<meta property=\"og:title\" content=\"Azterlanak - Koine\" \/>\n<meta property=\"og:description\" content=\"Gure fundazioaren helburuak lortzeko, Koine Aequalitasen hainbat gairi buruzko azterlanak eta ikerketak egiten ari ditugu maiz. Horretarako, baliabide espezifikoak jartzen ditugu, hainbat deialditan parte hartzen dugu, bai eskualde mailan, bai estatu mailan, bai nazioartean, eta zenbait lan-sare espezializaturekin lankidetzan aritzen garaGIZARTE-ERAKUNDEAK ELKARTZEKO ETA AHALDUNTZEKO FOROA Ekimen honen helburua da asoziazionismoa eta gizarte-kohesioa indartzea, gizarte-erakundeetan zuzenean [&hellip;]\" \/>\n<meta property=\"og:url\" content=\"https:\/\/www.koine-aequalitas.org\/eu\/azterlanak\/\" \/>\n<meta property=\"og:site_name\" content=\"Koine\" \/>\n<meta property=\"article:modified_time\" content=\"2024-10-30T11:47:44+00:00\" \/>\n<meta name=\"twitter:card\" content=\"summary_large_image\" \/>\n<meta name=\"twitter:label1\" content=\"Est. reading time\" \/>\n\t<meta name=\"twitter:data1\" content=\"8 minutes\" \/>\n<script type=\"application\/ld+json\" class=\"yoast-schema-graph\">{\"@context\":\"https:\\\/\\\/schema.org\",\"@graph\":[{\"@type\":\"WebPage\",\"@id\":\"https:\\\/\\\/www.koine-aequalitas.org\\\/eu\\\/azterlanak\\\/\",\"url\":\"https:\\\/\\\/www.koine-aequalitas.org\\\/eu\\\/azterlanak\\\/\",\"name\":\"Azterlanak - Koine\",\"isPartOf\":{\"@id\":\"https:\\\/\\\/www.koine-aequalitas.org\\\/#website\"},\"datePublished\":\"2018-07-30T18:28:14+00:00\",\"dateModified\":\"2024-10-30T11:47:44+00:00\",\"breadcrumb\":{\"@id\":\"https:\\\/\\\/www.koine-aequalitas.org\\\/eu\\\/azterlanak\\\/#breadcrumb\"},\"inLanguage\":\"eu-ES\",\"potentialAction\":[{\"@type\":\"ReadAction\",\"target\":[\"https:\\\/\\\/www.koine-aequalitas.org\\\/eu\\\/azterlanak\\\/\"]}]},{\"@type\":\"BreadcrumbList\",\"@id\":\"https:\\\/\\\/www.koine-aequalitas.org\\\/eu\\\/azterlanak\\\/#breadcrumb\",\"itemListElement\":[{\"@type\":\"ListItem\",\"position\":1,\"name\":\"Portada\",\"item\":\"https:\\\/\\\/www.koine-aequalitas.org\\\/eu\\\/\"},{\"@type\":\"ListItem\",\"position\":2,\"name\":\"Azterlanak\"}]},{\"@type\":\"WebSite\",\"@id\":\"https:\\\/\\\/www.koine-aequalitas.org\\\/#website\",\"url\":\"https:\\\/\\\/www.koine-aequalitas.org\\\/\",\"name\":\"Koine\",\"description\":\"Fundaci\u00f3n para la promoci\u00f3n de derechos de las personas con discapacidad y\\\/o riesgo de exclusi\u00f3n social\",\"potentialAction\":[{\"@type\":\"SearchAction\",\"target\":{\"@type\":\"EntryPoint\",\"urlTemplate\":\"https:\\\/\\\/www.koine-aequalitas.org\\\/?s={search_term_string}\"},\"query-input\":{\"@type\":\"PropertyValueSpecification\",\"valueRequired\":true,\"valueName\":\"search_term_string\"}}],\"inLanguage\":\"eu-ES\"}]}<\/script>\n<!-- \/ Yoast SEO plugin. -->","yoast_head_json":{"title":"Azterlanak - Koine","robots":{"index":"index","follow":"follow","max-snippet":"max-snippet:-1","max-image-preview":"max-image-preview:large","max-video-preview":"max-video-preview:-1"},"canonical":"https:\/\/www.koine-aequalitas.org\/eu\/azterlanak\/","og_locale":"eu_ES","og_type":"article","og_title":"Azterlanak - Koine","og_description":"Gure fundazioaren helburuak lortzeko, Koine Aequalitasen hainbat gairi buruzko azterlanak eta ikerketak egiten ari ditugu maiz. Horretarako, baliabide espezifikoak jartzen ditugu, hainbat deialditan parte hartzen dugu, bai eskualde mailan, bai estatu mailan, bai nazioartean, eta zenbait lan-sare espezializaturekin lankidetzan aritzen garaGIZARTE-ERAKUNDEAK ELKARTZEKO ETA AHALDUNTZEKO FOROA Ekimen honen helburua da asoziazionismoa eta gizarte-kohesioa indartzea, gizarte-erakundeetan zuzenean [&hellip;]","og_url":"https:\/\/www.koine-aequalitas.org\/eu\/azterlanak\/","og_site_name":"Koine","article_modified_time":"2024-10-30T11:47:44+00:00","twitter_card":"summary_large_image","twitter_misc":{"Est. reading time":"8 minutes"},"schema":{"@context":"https:\/\/schema.org","@graph":[{"@type":"WebPage","@id":"https:\/\/www.koine-aequalitas.org\/eu\/azterlanak\/","url":"https:\/\/www.koine-aequalitas.org\/eu\/azterlanak\/","name":"Azterlanak - Koine","isPartOf":{"@id":"https:\/\/www.koine-aequalitas.org\/#website"},"datePublished":"2018-07-30T18:28:14+00:00","dateModified":"2024-10-30T11:47:44+00:00","breadcrumb":{"@id":"https:\/\/www.koine-aequalitas.org\/eu\/azterlanak\/#breadcrumb"},"inLanguage":"eu-ES","potentialAction":[{"@type":"ReadAction","target":["https:\/\/www.koine-aequalitas.org\/eu\/azterlanak\/"]}]},{"@type":"BreadcrumbList","@id":"https:\/\/www.koine-aequalitas.org\/eu\/azterlanak\/#breadcrumb","itemListElement":[{"@type":"ListItem","position":1,"name":"Portada","item":"https:\/\/www.koine-aequalitas.org\/eu\/"},{"@type":"ListItem","position":2,"name":"Azterlanak"}]},{"@type":"WebSite","@id":"https:\/\/www.koine-aequalitas.org\/#website","url":"https:\/\/www.koine-aequalitas.org\/","name":"Koine","description":"Fundaci\u00f3n para la promoci\u00f3n de derechos de las personas con discapacidad y\/o riesgo de exclusi\u00f3n social","potentialAction":[{"@type":"SearchAction","target":{"@type":"EntryPoint","urlTemplate":"https:\/\/www.koine-aequalitas.org\/?s={search_term_string}"},"query-input":{"@type":"PropertyValueSpecification","valueRequired":true,"valueName":"search_term_string"}}],"inLanguage":"eu-ES"}]}},"_links":{"self":[{"href":"https:\/\/www.koine-aequalitas.org\/eu\/wp-json\/wp\/v2\/pages\/379","targetHints":{"allow":["GET"]}}],"collection":[{"href":"https:\/\/www.koine-aequalitas.org\/eu\/wp-json\/wp\/v2\/pages"}],"about":[{"href":"https:\/\/www.koine-aequalitas.org\/eu\/wp-json\/wp\/v2\/types\/page"}],"author":[{"embeddable":true,"href":"https:\/\/www.koine-aequalitas.org\/eu\/wp-json\/wp\/v2\/users\/1"}],"replies":[{"embeddable":true,"href":"https:\/\/www.koine-aequalitas.org\/eu\/wp-json\/wp\/v2\/comments?post=379"}],"version-history":[{"count":11,"href":"https:\/\/www.koine-aequalitas.org\/eu\/wp-json\/wp\/v2\/pages\/379\/revisions"}],"predecessor-version":[{"id":3257,"href":"https:\/\/www.koine-aequalitas.org\/eu\/wp-json\/wp\/v2\/pages\/379\/revisions\/3257"}],"wp:attachment":[{"href":"https:\/\/www.koine-aequalitas.org\/eu\/wp-json\/wp\/v2\/media?parent=379"}],"curies":[{"name":"wp","href":"https:\/\/api.w.org\/{rel}","templated":true}]}}