{"id":386,"date":"2018-06-18T17:56:02","date_gmt":"2018-06-18T17:56:02","guid":{"rendered":"https:\/\/www.koine-aequalitas.org\/politica-privacidad\/"},"modified":"2024-08-22T12:53:12","modified_gmt":"2024-08-22T12:53:12","slug":"politica-privacidad","status":"publish","type":"page","link":"https:\/\/www.koine-aequalitas.org\/en\/politica-privacidad\/","title":{"rendered":"Privacy policy"},"content":{"rendered":"<p>[et_pb_section fb_built=&#8221;1&#8243; fullwidth=&#8221;on&#8221; _builder_version=&#8221;4.16&#8243; global_colors_info=&#8221;{}&#8221;][et_pb_fullwidth_header title=&#8221;Privacy policy&#8221; text_orientation=&#8221;center&#8221; _builder_version=&#8221;4.24.0&#8243; custom_padding=&#8221;1em||1em|&#8221; global_colors_info=&#8221;{}&#8221; button_one_text_size__hover_enabled=&#8221;off&#8221; button_two_text_size__hover_enabled=&#8221;off&#8221; button_one_text_color__hover_enabled=&#8221;off&#8221; button_two_text_color__hover_enabled=&#8221;off&#8221; button_one_border_width__hover_enabled=&#8221;off&#8221; button_two_border_width__hover_enabled=&#8221;off&#8221; button_one_border_color__hover_enabled=&#8221;off&#8221; button_two_border_color__hover_enabled=&#8221;off&#8221; button_one_border_radius__hover_enabled=&#8221;off&#8221; button_two_border_radius__hover_enabled=&#8221;off&#8221; button_one_letter_spacing__hover_enabled=&#8221;off&#8221; button_two_letter_spacing__hover_enabled=&#8221;off&#8221; button_one_bg_color__hover_enabled=&#8221;off&#8221; button_two_bg_color__hover_enabled=&#8221;off&#8221;][\/et_pb_fullwidth_header][\/et_pb_section][et_pb_section fb_built=&#8221;1&#8243; _builder_version=&#8221;4.16&#8243; global_colors_info=&#8221;{}&#8221;][et_pb_row _builder_version=&#8221;4.16&#8243; background_size=&#8221;initial&#8221; background_position=&#8221;top_left&#8221; background_repeat=&#8221;repeat&#8221; global_colors_info=&#8221;{}&#8221;][et_pb_column type=&#8221;4_4&#8243; _builder_version=&#8221;4.16&#8243; custom_padding=&#8221;|||&#8221; global_colors_info=&#8221;{}&#8221; custom_padding__hover=&#8221;|||&#8221;][et_pb_text _builder_version=&#8221;4.27.0&#8243; hover_enabled=&#8221;0&#8243; global_colors_info=&#8221;{}&#8221; sticky_enabled=&#8221;0&#8243;]<\/p>\n<h2>1.- RESPONSABLE DEL TRATAMIENTO<\/h2>\n<h3>\u00bfQui\u00e9n es el responsable del tratamiento?<\/h3>\n<p><strong>Identidad:<\/strong> (en adelante, FUNDACI\u00d3N KOINE AEQUALITAS o el Responsable).<\/p>\n<p><strong>Direcci\u00f3n postal:<\/strong> Guip\u00fazcoa Avenue, 61,<br \/>31013 Berriozar, Navarra<\/p>\n<p><strong>Tel\u00e9fono:<\/strong> 948 19 97 75<\/p>\n<p><strong>Email:<\/strong> direccion@koine-aequalitas.org<\/p>\n<p>&nbsp;<\/p>\n<p>&nbsp;<\/p>\n<h2>2.- FINALIDAD DEL TRATAMIENTO<\/h2>\n<h3>2.1.- \u00bfPara qu\u00e9 va a usar FUNDACI\u00d3N KOINE AEQUALITAS mis datos?<\/h3>\n<p>Los datos que usted nos facilite podr\u00e1n ser utilizados por FUNDACI\u00d3N KOINE AEQUALITAS para una o varias de las finalidades que indicaremos a continuaci\u00f3n que vendr\u00e1n determinadas por factores como su relaci\u00f3n con nosotros (ej. por su condici\u00f3n de cliente de FUNDACI\u00d3N KOINE AEQUALITAS, solicitante de empleo, etc.) o por el medio empleado para la remisi\u00f3n de los datos (ej. formulario de contacto o de suscripci\u00f3n al bolet\u00edn, etc.). A continuaci\u00f3n, le exponemos los tratamientos a los que hace referencia la presente pol\u00edtica de privacidad, sin perjuicio de que pueda existir otros para los que se le informe o pida la oportuna autorizaci\u00f3n:<\/p>\n<p><strong>Prestaci\u00f3n de los servicios y mantenimiento de la relaci\u00f3n negocial.<\/strong><\/p>\n<ul>\n<li>Prestarle y gestionar los trabajos y servicios que nos encomiende, incluyendo la preparaci\u00f3n de presupuestos y ofertas que nos solicite, sean o no consecuencia de la ampliaci\u00f3n de cualquier servicio que le pudi\u00e9ramos estar prestando en la actualidad.<\/li>\n<li>Remitirle comunicaciones comerciales relacionadas con las actividades y servicios que ofrecemos en FUNDACI\u00d3N KOINE AEQUALITAS y que entren dentro de la expectativa razonable de usted en relaci\u00f3n con los servicios previamente contratados. Este tratamiento podr\u00e1 cesar en el caso de que usted se oponga al mismo.<\/li>\n<li>Gesti\u00f3n administrativa de la relaci\u00f3n, incluyendo la gesti\u00f3n y tramitaci\u00f3n del cobro de nuestros servicios. La gesti\u00f3n tambi\u00e9n puede comprender la cesi\u00f3n de sus datos a alguna o varias de las empresas que formen o puedan formar parte de nuestro grupo empresarial, todo ello motivado por la gesti\u00f3n administrativa interna basadas en inter\u00e9s leg\u00edtimo lo que implica que sus datos no ser\u00e1n empleados por el resto del grupo para ninguna finalidad distinta a la aqu\u00ed expresada salvo consentimiento expreso por su parte.<\/li>\n<li>Tratamientos derivados del cumplimiento normativo: en la relaci\u00f3n con usted puede devenir aplicable normativa que nos obligue o posibilite la relaci\u00f3n de determinados tratamientos de sus datos, siempre con la finalidad de cumplimiento de dichas normas (o en ejercicio de los derechos que la mismas nos puede conceder). As\u00ed las cosas, por ejemplo, la normativa de\u00a0<a href=\"https:\/\/www.boe.es\/buscar\/doc.php?id=BOE-A-2010-6737\">Prevenci\u00f3n del Blanqueo de Capitales<\/a> requieren que FUNDACI\u00d3N KOINE AEQUALITAS proceda a la identificaci\u00f3n de los clientes.<\/li>\n<\/ul>\n<p><strong>Solicitudes de informaci\u00f3n.<\/strong><\/p>\n<ul>\n<li>Cuando contacte con nosotros, por ejemplo, mediante el formulario de contacto existente en la p\u00e1gina web, por tel\u00e9fono, fax, e-mail, servicios de mensajer\u00eda, redes sociales, tel\u00e9fono o incluso presencialmente, para pedirnos informaci\u00f3n o consulta sobre alg\u00fan tema, realizar una sugerencia, queja o reclamaci\u00f3n, trataremos sus datos con el objeto de atender la petici\u00f3n de informaci\u00f3n y\/o consulta que nos haya realizado, con la gesti\u00f3n y alcance que la misma requiera. Esta operaci\u00f3n puede comprender la utilizaci\u00f3n de los datos recibidos para la confecci\u00f3n de propuestas de servicios y\/o colaboraci\u00f3n, en el caso de que efectivamente esa sea la solicitud.<\/li>\n<\/ul>\n<p><strong>Boletines (newsletter)<\/strong><\/p>\n<ul>\n<li>En el caso de que nos solicite darse de alta en nuestro servicio de bolet\u00edn y\/o informaci\u00f3n peri\u00f3dica, por ejemplo, por medio del formulario habilitado para ello en nuestra p\u00e1gina web o solicit\u00e1ndolo por correo electr\u00f3nico, trataremos sus datos para la gesti\u00f3n y env\u00edo del citado bolet\u00edn, as\u00ed como comunicaciones comerciales relacionadas con nuestras actividades, servicios y productos, inclusive por v\u00eda electr\u00f3nica. En cualquier momento podr\u00e1 retirar el consentimiento y finalizar el tratamiento expuesto.<\/li>\n<\/ul>\n<p><strong>RRHH: bolsa de empleo y procesos de selecci\u00f3n.<\/strong><\/p>\n<ul>\n<li>FUNDACI\u00d3N KOINE AEQUALITAS mantiene una bolsa de empleo con todas aquellas personas que as\u00ed lo desean. Si solicita su incorporaci\u00f3n a dicha bolsa de empleo, por ejemplo, por medio del\u00a0<a href=\"https:\/\/www.koine-aequalitas.org\/en\/contact\/\">formulario web existente<\/a>, sepa que trataremos sus datos para su inclusi\u00f3n en la bolsa de empleo para cubrir posibles futuras incorporaciones y\/o colaboraciones con nuestra organizaci\u00f3n, realizaci\u00f3n de pr\u00e1cticas, o becas, lo que implica la evaluaci\u00f3n de su candidatura de acuerdo con las caracter\u00edsticas del perfil o puesto en su caso pueda ser necesitado y contactar con usted para la gesti\u00f3n y tramitaci\u00f3n del proceso de selecci\u00f3n. Eventualmente y en el caso de que se inicie un proceso de selecci\u00f3n como consecuencia de lo anterior, los datos facilitados pueden llegar a ser tratados para la preparaci\u00f3n del contrato laboral.<\/li>\n<li>En el caso de que FUNDACI\u00d3N KOINE AEQUALITAS tenga abierto alguna oferta de empleo, la remisi\u00f3n de sus datos en ese contexto y para ese fin, ser\u00e1 tratado por FUNDACI\u00d3N KOINE AEQUALITAS con la finalidad de gestionar el proceso de selecci\u00f3n y en particular evaluar su candidatura. Adicionalmente a lo anterior, si nos da su consentimiento, sus datos podr\u00e1n formar parte de la bolsa de empleo de FUNDACI\u00d3N KOINE AEQUALITAS. Eventualmente, sus datos pueden llegar a ser tratados para la preparaci\u00f3n del contrato laboral, en el caso de que las partes lleguen a un acuerdo sobre el inicio de la relaci\u00f3n laboral.<\/li>\n<\/ul>\n<p><strong>Acciones formativas y eventos:<\/strong><\/p>\n<ul>\n<li>Si usted contact\u00f3 con nosotros para inscribirse en alguno de nuestros cursos, jornadas o ponencias emplearemos sus datos para (I) Informarle sobre el evento; (II) tramitar su inscripci\u00f3n y\/o participaci\u00f3n en la actividad formativa en la que se hubiera inscrito, as\u00ed como para remitirle la informaci\u00f3n sobre dicho curso (materiales, encuestas de valoraci\u00f3n, notificaciones o avisos de cambios\u2026). Asimismo, emplearemos sus datos en los casos en que nos d\u00e9 el consentimiento, para remitirle informaci\u00f3n sobre nuevos cursos o jornadas que puedan ser de su inter\u00e9s.<\/li>\n<\/ul>\n<p><strong>Cookies:<\/strong><\/p>\n<ul>\n<li>En el caso de que al iniciar la visita a esta p\u00e1gina web hayas aceptado recibir cookies, se te aplicar\u00e1 la\u00a0<a href=\"https:\/\/www.koine-aequalitas.org\/politica-de-cookies\/\">pol\u00edtica de cookies<\/a> del sitio web. Te recomendamos la visita a la citada pol\u00edtica en la que podr\u00e1s informarte entre otras cuestiones, de las cookies utilizadas, finalidad de las mismas y opciones de configuraci\u00f3n que puedes adoptar en tus dispositivos de visualizaci\u00f3n de la p\u00e1gina para por ejemplo su borrado.<\/li>\n<\/ul>\n<h3>2.2.- \u00bfCu\u00e1nto tiempo van a conservar mis datos?<\/h3>\n<p>Los plazos de conservaci\u00f3n de los datos que nos facilite, est\u00e1n \u00edntimamente ligados con el tratamiento en cuesti\u00f3n.<\/p>\n<ul>\n<li>Al respecto, indicarle que por car\u00e1cter general trataremos los datos mientras se mantenga la relaci\u00f3n jur\u00eddica que tenga lugar o no se oponga al tratamiento.<\/li>\n<li>Una vez finalizado el plazo indicado anteriormente, mantendremos sus datos de un lado, mientras nos lo imponga la normativa y de otro lado, hasta agotar la completa prescripci\u00f3n de acciones que pudieran concurrir. Estos plazos pueden venir condicionados entre otros factores, por la Ley aplicable a la relaci\u00f3n entre las partes.<\/li>\n<\/ul>\n<p>As\u00ed las cosas, para calcular el plazo de conservaci\u00f3n ser\u00e1 necesario tomar como punto de partida el plazo indicado en el apartado 2.2.2 relativo al concreto tratamiento y adicionarle el plazo que pudiera afectarle a nivel de prescripci\u00f3n de normativa y prescripci\u00f3n de acciones.<\/p>\n<p><strong>2.2.1.- Plazos relacionados con los tratamientos:<\/strong><\/p>\n<ul>\n<li><strong><em>Tratamientos relativos a la prestaci\u00f3n de los servicios y mantenimiento de la relaci\u00f3n negocial<\/em><\/strong><em>:<br \/><\/em>Durante el tiempo que se mantenga la relaci\u00f3n entre las partes.<\/li>\n<li><strong><em>Tratamientos relativos a las Solicitudes de informaci\u00f3n<\/em><\/strong><em>.<br \/><\/em>Trataremos sus datos durante el tiempo necesario para atender y gestionar su solicitud de informaci\u00f3n y un plazo adicional de 90 d\u00edas. Si hemos elaborado una oferta de servicios, guardaremos los datos durante el periodo de vigencia de la misma y un plazo adicional de 90 d\u00edas.<\/li>\n<li><strong><em>Tratamientos relativos a los Boletines (newsletter):<\/em><\/strong><em><br \/><\/em>mientras tenga la condici\u00f3n de cliente y no se haya opuesto al tratamiento o en el caso de que nos haya solicitado expresamente recibir el bolet\u00edn, mientras dese seguir recibiendo el mismo y no se haya opuesto.<\/li>\n<li><strong><em>Tratamientos relativos a la gesti\u00f3n de RRHH: bolsa de empleo y procesos de selecci\u00f3n<\/em><\/strong><em>.<\/em><\/li>\n<\/ul>\n<p><em>-Bolsa de empleo:<\/em>\u00a0mantendremos su curriculum vitae durante el plazo de dos a\u00f1os, momento en el cual procederemos a su supresi\u00f3n, salvo si le solicitamos antes de dicho plazo autorizaci\u00f3n para mantener el su curriculum vitae por un plazo adicional de tiempo y usted nos lo consiente.<\/p>\n<p><em>-Candidaturas a procesos de selecci\u00f3n:<\/em>\u00a0mientras dure el proceso de selecci\u00f3n para el que el candidato se postul\u00f3 y tres meses adicionales. Si el candidato da su autorizaci\u00f3n para su inclusi\u00f3n a la bolsa de empleo en el momento de postular su candidatura, en el curso de la misma o al finalizar el proceso, el plazo de conservaci\u00f3n ser\u00e1 el de la bolsa de empleo a contar desde su inclusi\u00f3n.<\/p>\n<ul>\n<li><strong><em>Tratamientos relativos a las acciones formativas y eventos<\/em><\/strong><em>:<br \/><\/em>Trataremos sus datos durante el tiempo necesario para gestionar la solicitud de informaci\u00f3n, gesti\u00f3n de inscripci\u00f3n del evento y desarrollo del mismo.<\/li>\n<li><strong><em>Cookies:<\/em><\/strong>de acuerdo con el tipo de cookies, expresado en la\u00a0<a href=\"https:\/\/www.koine-aequalitas.org\/politica-de-cookies\/\">correspondiente pol\u00edtica.<\/a><\/li>\n<\/ul>\n<p><strong>2.2.2.- Plazos impuestos por la normativa y prescripci\u00f3n de acciones:<\/strong><\/p>\n<ul>\n<li><a href=\"https:\/\/www.boe.es\/buscar\/act.php?id=BOE-A-1889-4763\">C\u00f3digo Civil\u00a0<\/a> (art\u00edculo 1964): 5 a\u00f1os.<\/li>\n<li>Ley 28 de la\u00a0<a href=\"https:\/\/www.boe.es\/buscar\/doc.php?id=BOE-A-1973-330\">Ley 1\/1973, de 1 de marzo<\/a>, 3 o 10 a\u00f1os con car\u00e1cter general. Asimismo, tambi\u00e9n puede ser de aplicaci\u00f3n a la relaci\u00f3n entre las partes la Ley 39 de la Ley 1\/1973, de 1 de marzo, y el plazo contenida en la misma de 30 a\u00f1os.<\/li>\n<li><a href=\"https:\/\/www.boe.es\/buscar\/doc.php?id=BOE-A-2010-6737\">Prevenci\u00f3n del Blanqueo de Capitales<\/a>: dando cumplimiento a las obligaciones indicadas en dicha normativa, conservaremos sus datos afectados a este tratamiento por espacio de 10 a\u00f1os.<\/li>\n<li><a href=\"https:\/\/www.boe.es\/buscar\/act.php?id=BOE-A-1885-6627&amp;p=20171125&amp;tn=1\">C\u00f3digo de Comercio<\/a>: 6 a\u00f1os obligaciones de conservaci\u00f3n de documentaci\u00f3n impuestas por el art\u00edculo 30.<\/li>\n<\/ul>\n<h2>3.- LEGITIMACI\u00d3N DEL TRATAMIENTO<\/h2>\n<h3>3.1.- \u00bfPor qu\u00e9 puede FUNDACI\u00d3N KOINE AEQUALITAS tratar mis datos?, \u00bfqu\u00e9 le legitima?<\/h3>\n<p>Dependiendo de la relaci\u00f3n que se entable y por ende la finalidad del tratamiento, la base jur\u00eddica del mismo puede ser diferente. A continuaci\u00f3n, le exponemos las diferentes situaciones que pueden darse y qu\u00e9 base legal le es de aplicaci\u00f3n en funci\u00f3n del tratamiento:<\/p>\n<p><strong>Finalidades relacionadas con la prestaci\u00f3n de servicios o con su condici\u00f3n de cliente:<\/strong><\/p>\n<ul>\n<li><strong><em>Tratamiento de sus datos para prestarle el servicio contratado<\/em><\/strong><em>: <\/em>Estamos legitimados a tratar sus datos en virtud del contrato acordado con usted con motivo de la prestaci\u00f3n del servicio contratado.<\/li>\n<li><strong><em>Env\u00edo de comunicaciones comerciales<\/em><\/strong><em>: <\/em>Atendiendo a la normativa actualmente vigente y habiendo ponderado nuestros intereses y sus derechos le indicamos que ostentamos un\u00a0<u>inter\u00e9s leg\u00edtimo\u00a0<\/u>para tratar sus datos con la finalidad de remitirle comunicaciones comerciales relacionadas con los servicios contratados por usted con nosotros (sin perjuicio de que pueda oponerse en cualquier momento a este tratamiento)<\/li>\n<li><strong><em>Gesti\u00f3n administrativa y cumplimientos de obligaciones legales<\/em><\/strong><em>:<\/em>A nivel contable y administrativo necesitamos tratar sus datos para cumplir con las obligaciones impuestas por entre otras la normativa mercantil, fiscal, blanqueo de capitales, por ello estamos legitimados a dicho tratamiento por imperativo legal.<\/li>\n<\/ul>\n<p><strong>Atenci\u00f3n de solicitudes de informaci\u00f3n<\/strong><\/p>\n<ul>\n<li><strong><em>Atender peticiones de informaci\u00f3n<\/em><\/strong><strong>: <\/strong>Este tratamiento queda legitimado en virtud del consentimiento prestado por usted en el momento del env\u00edo de su petici\u00f3n de informaci\u00f3n y\/o asistencia.<\/li>\n<\/ul>\n<p><strong>Alta en boletines:<\/strong><\/p>\n<ul>\n<li><strong><em>Boletines y comunicaciones comerciales<\/em><\/strong><strong>:\u00a0<\/strong>\u00danicamente le enviaremos comunicaciones comerciales si usted ha consentido previa y expresamente a recibir las mismas. La falta de consentimiento para el tratamiento de sus datos con la finalidad de remitirle comunicaciones comerciales no afectar\u00e1 en ning\u00fan caso a la tramitaci\u00f3n de su consulta, asistencia o petici\u00f3n.<\/li>\n<\/ul>\n<p><strong>RRHH\u00a0| Candidatos de empleo:<\/strong><\/p>\n<ul>\n<li>Incluiremos su cv en nuestra bolsa de empleo y tramitaremos su candidatura en base al consentimiento otorgado por usted en el momento de la entrega de dicha informaci\u00f3n. Usted podr\u00e1 retirar el consentimiento prestado en cualquier momento, pero la retirada del consentimiento implicar\u00e1 que dejaremos de incluirle en los procesos de selecci\u00f3n y eliminaremos su candidatura de nuestra bolsa de empleo.<\/li>\n<\/ul>\n<p><strong>Formaci\u00f3n y eventos:<\/strong><\/p>\n<ul>\n<li><strong><em>Tratamiento de sus datos para inscripci\u00f3n<\/em><\/strong><strong>:\u00a0<\/strong>Estamos legitimados a tratar sus datos en virtud del contrato acordado con usted con motivo de la inscripci\u00f3n en la formaci\u00f3n.<\/li>\n<li><strong><em>Gesti\u00f3n de la inscripci\u00f3n: <\/em><\/strong>A nivel contable y administrativo necesitamos tratar sus datos para cumplir con las obligaciones impuestas por la normativa mercantil y fiscal por ello estamos legitimados a dicho tratamiento por imperativo legal.<\/li>\n<\/ul>\n<p><strong>Cookies:<\/strong><\/p>\n<ul>\n<li>Estamos legitimados para este tratamiento por el consentimiento prestado por usted al inicio de la navegaci\u00f3n en nuestro sitio web.<\/li>\n<\/ul>\n<h3>3.2.- Consecuencias de la retirada del consentimiento u oposici\u00f3n en el tratamiento de sus datos. Campos obligatorios y facultativos.<\/h3>\n<p>En el caso de que se le solicite en alg\u00fan momento su autorizaci\u00f3n para el tratamiento de una finalidad que requiere el consentimiento, su no otorgamiento (o su eventual retirada con posterioridad) no tendr\u00e1 consecuencias para usted en ning\u00fan caso. Tampoco tendr\u00e1 ning\u00fan tipo de consecuencia su oposici\u00f3n al tratamiento de sus datos para finalidades basadas en inter\u00e9s leg\u00edtimo (por ejemplo, el uso de sus datos como cliente para el env\u00edo de comunicaciones comerciales).<\/p>\n<p>En algunos formularios de recogida de datos podr\u00e1 ver claramente que algunos campos est\u00e1n marcados como obligatorios (con un asterisco) siendo el resto absolutamente voluntarios. As\u00ed las cosas, la no cumplimentaci\u00f3n de campos voluntarios no tendr\u00e1 ninguna consecuencia, pudiendo completarlos si estuviera interesado en ello.<\/p>\n<h2>4.- DESTINATARIOS<\/h2>\n<h3>4.1.- \u00bfVan a cederse mis datos a terceros?<\/h3>\n<p>Si es solicitado,\u00a0exclusivamente a los Juzgados y Tribunales y a la Comisi\u00f3n de Blanqueo de Capitales (<a href=\"https:\/\/www.sepblac.es\/es\/\">SEPBLAC<\/a>). Otras cesiones ser\u00e1n consecuencia necesaria de la prestaci\u00f3n del servicio (por ejemplo, gestor\u00eda contable y de n\u00f3minas, Agencia Tributaria, haciendas forales, servicios de la Seguridad Social y Empleo, etc.).<\/p>\n<h3>4.2.- Proveedores de servicios relacionados con la p\u00e1gina web y el servicio de correo electr\u00f3nico.<\/h3>\n<p><strong>Hosting:<\/strong>\u00a0la p\u00e1gina web de FUNDACI\u00d3N KOINE AEQUALITAS est\u00e1 alojada en el proveedor <a href=\"https:\/\/www.webempresa.com\/\">Webempresa<\/a><\/p>\n<p><strong>Correo electr\u00f3nico:<\/strong>\u00a0el servicio es prestado por <a href=\"https:\/\/mailchimp.com\/\">Mailchimp<\/a>. MailChimp\u00a0participa y ha certificado su cumplimiento de la privacidad de la UE-EEUU Privacy\u00a0Shield.<\/p>\n<h2>5.- DERECHOS<\/h2>\n<h3>5.1.- \u00bfQu\u00e9 derechos me asisten en materia de protecci\u00f3n de datos? Informaci\u00f3n general.<\/h3>\n<p>Respecto a los datos de car\u00e1cter personal recogidos para su tratamiento tiene la posibilidad de ejercitar los derechos de acceso, rectificaci\u00f3n, supresi\u00f3n y portabilidad. Asimismo, le informamos de que en determinadas circunstancias usted tendr\u00e1 derecho a solicitar la limitaci\u00f3n u oposici\u00f3n del tratamiento de sus datos en cuyo caso FUNDACI\u00d3N KOINE AEQUALITAS cesar\u00e1 en su tratamiento y \u00fanicamente conservar\u00e1 los mismos en el caso de que exista alguna obligaci\u00f3n normativa que as\u00ed se lo imponga o hasta la prescripci\u00f3n de las acciones que pudieran concurrir.<\/p>\n<p>Si quiere m\u00e1s informaci\u00f3n sobre los mencionados derechos le invitamos a que siga leyendo o que visite\u00a0<a href=\"http:\/\/www.agpd.es\/portalwebAGPD\/canaldocumentacion\/publicaciones\/common\/infografias\/RGPD_Derechos_ciudadanos_AEPD.pdf\">la infograf\u00eda elaborada por la Agencia Espa\u00f1ola de Protecci\u00f3n<\/a>\u00a0de datos accesible a trav\u00e9s del\u00a0<a href=\"http:\/\/www.agpd.es\/portalwebAGPD\/canaldocumentacion\/publicaciones\/common\/infografias\/RGPD_Derechos_ciudadanos_AEPD.pdf\">siguiente hiperv\u00ednculo<\/a>.<\/p>\n<h3>5.2.- \u00bfEn qu\u00e9 consisten estos derechos?<\/h3>\n<ul>\n<li><strong>Derecho de acceso: <\/strong>Este derecho permite al interesado obtener del Responsable confirmaci\u00f3n de si se est\u00e1n tratando o no datos personales que le conciernen y, en tal caso, derecho de acceso a los datos personales as\u00ed como a la siguiente informaci\u00f3n adicional: a) los fines del tratamiento; b) las categor\u00edas de datos personales de que se trate; c) los destinatarios o las categor\u00edas de destinatarios; d) el plazo previsto de conservaci\u00f3n o, los criterios utilizados para determinar este plazo; e) la existencia del derecho a solicitar del responsable la rectificaci\u00f3n o supresi\u00f3n de datos personales o la limitaci\u00f3n del tratamiento de datos personales relativos al interesado, o a oponerse a dicho tratamiento; f) el derecho a presentar una reclamaci\u00f3n ante una autoridad de control; g) informaci\u00f3n disponible sobre el origen de los datos; h) la existencia de decisiones automatizadas.<\/li>\n<li><strong>Derecho de rectificaci\u00f3n: <\/strong>Este derecho faculta al interesado para que inste al Responsable a que sin dilaci\u00f3n rectifique o complete los datos de car\u00e1cter personal inexactos. Es importante que los datos que consten en las bases de datos est\u00e9n actualizados y en este sentido nos ponemos a su disposici\u00f3n para rectificar cualquier error o inexactitud que pudiera existir en los mismos.<\/li>\n<li><strong>Derecho a la supresi\u00f3n<\/strong>: En cualquier momento usted tiene derecho a solicitarnos que suprimamos sus datos de car\u00e1cter personal solicitud que ser\u00e1 atendida sin dilaci\u00f3n salvo que concurran alguna de las circunstancias previstas en el Reglamento General de Protecci\u00f3n de datos, entre las que destaca que debamos conservar sus datos para dar cumplimiento a una obligaci\u00f3n legal o para poder defendernos frente a una reclamaci\u00f3n.<\/li>\n<li><strong>Derecho de portabilidad: <\/strong>En el caso de tratamientos de los datos automatizados basados en el consentimiento usted podr\u00e1 solicitarnos que, en un formato estructurado, de uso com\u00fan y lectura mec\u00e1nica, remitamos a otro responsable del tratamiento los datos de car\u00e1cter personal sobre usted que nos hubiera facilitado.<\/li>\n<li><strong>Derecho de oposici\u00f3n<\/strong>: A trav\u00e9s de este derecho el interesado se opone al tratamiento de sus datos por parte del responsable. Este derecho no es absoluto, lo que implica que el responsable podr\u00e1 seguir tratando los datos siempre que pueda probar motivos leg\u00edtimos que prevalezcan sobre los intereses, derechos del interesado o para la formulaci\u00f3n, ejercicio y defensa de reclamaciones.<\/li>\n<li><strong>Derecho de limitaci\u00f3n del tratamiento<\/strong>: Este derecho le confiere bajo determinadas circunstancias que se indican a continuaci\u00f3n, el derecho a solicitar al responsable que limite el tratamiento de sus datos de car\u00e1cter personal. En el caso de ejercitarse este derecho el responsable \u00fanicamente podr\u00e1 tratar los datos con el consentimiento del interesado. Las circunstancias bajo las que se puede ejercitar este derecho son las siguientes:<\/li>\n<\/ul>\n<ol>\n<li>el interesado impugne la exactitud de los datos personales, durante un plazo que permita al responsable verificar la exactitud de los mismos;<\/li>\n<li>el tratamiento realizado por el responsable sea il\u00edcito y el interesado se oponga a la supresi\u00f3n de los datos personales y solicite en su lugar la limitaci\u00f3n de su uso;<\/li>\n<li>el responsable ya no necesite los datos personales para los fines del tratamiento, pero el interesado los necesite para la formulaci\u00f3n, el ejercicio o la defensa de reclamaciones;<\/li>\n<li>el interesado se haya opuesto al tratamiento, mientras se verifica si los motivos leg\u00edtimos del responsable prevalecen sobre los del interesado.<\/li>\n<\/ol>\n<h3>5.3.- \u00bfC\u00f3mo y d\u00f3nde puedo ejercitarlos?<\/h3>\n<p>Estaremos encantados de atender cuantas consultas o reclamaciones tenga en materia de protecci\u00f3n de datos. Asimismo, podr\u00e1 dirigir su reclamaci\u00f3n o ejercitar sus derechos a trav\u00e9s de cualquiera de las v\u00edas de contacto indicadas en el\u00a0encabezamiento de la presente pol\u00edtica de protecci\u00f3n de datos.<\/p>\n<p>Del mismo modo puede dirigirse tambi\u00e9n ante la autoridad de control que considere oportuno para interponer su reclamaci\u00f3n (por ejemplo, en el pa\u00eds donde usted tenga su residencia habitual, lugar de trabajo o en el que considere que se ha producido la supuesta infracci\u00f3n). A los efectos oportunos, le informamos que en Espa\u00f1a la Autoridad de Control es la\u00a0<a href=\"http:\/\/www.agpd.es\/\">Agencia Espa\u00f1ola de Protecci\u00f3n de Datos,<\/a>\u00a0y puede ejercitar sus derechos a trav\u00e9s de los formularios que \u00e9sta entidad tiene habilitados al efecto y que est\u00e1n disponible en su\u00a0<a href=\"https:\/\/sedeagpd.gob.es\/sede-electronica-web\/vistas\/formReclamacionDerechos\/reclamacionDerechos.jsf\">sede electr\u00f3nica<\/a>.<\/p>\n<h3>5.4.- \u00bfCu\u00e1nto tiempo puede tardar en tramitar mi solicitud de ejercicio de derechos?<\/h3>\n<p>El plazo de referencia es un mes desde a partir de la recepci\u00f3n de su solicitud. No obstante, lo anterior, dicho plazo podr\u00e1 prorrogarse otros dos meses en caso necesario, teniendo en cuenta la complejidad y el n\u00famero de solicitudes. FUNDACI\u00d3N KOINE AEQUALITAS informar\u00e1 al interesado de cualquiera de dichas pr\u00f3rrogas en el plazo de un mes a partir de la recepci\u00f3n de la solicitud, indicando los motivos de la dilaci\u00f3n.<\/p>\n<h3>5.5.- \u00bfEl ejercicio de estos derechos me supondr\u00e1 un gasto?<\/h3>\n<p>El ejercicio de derechos no le supondr\u00e1 un gasto, salvo en los casos en que se formulen solicitudes manifiestamente infundadas o excesivas, especialmente por repetitivas, FUNDACI\u00d3N KOINE AEQUALITAS podr\u00e1 cobrar un canon que compense los costes administrativos de atender a la petici\u00f3n o negarse a actuar (el canon no podr\u00e1 implicar un ingreso adicional para el responsable, sino que deber\u00e1 corresponderse efectivamente con el verdadero coste de la tramitaci\u00f3n de la solicitud).<\/p>\n<p>[\/et_pb_text][\/et_pb_column][\/et_pb_row][\/et_pb_section]<\/p>\n","protected":false},"excerpt":{"rendered":"<p>1.- RESPONSABLE DEL TRATAMIENTO \u00bfQui\u00e9n es el responsable del tratamiento? Identidad: (en adelante, FUNDACI\u00d3N KOINE AEQUALITAS o el Responsable). Direcci\u00f3n postal: Guip\u00fazcoa Avenue, 61,31013 Berriozar, Navarra Tel\u00e9fono: 948 19 97 75 Email: direccion@koine-aequalitas.org &nbsp; &nbsp; 2.- FINALIDAD DEL TRATAMIENTO 2.1.- \u00bfPara qu\u00e9 va a usar FUNDACI\u00d3N KOINE AEQUALITAS mis datos? Los datos que usted nos [&hellip;]<\/p>\n","protected":false},"author":1,"featured_media":0,"parent":0,"menu_order":0,"comment_status":"closed","ping_status":"closed","template":"","meta":{"_et_pb_use_builder":"on","_et_pb_old_content":"<h2>Qui\u00e9nes somos<\/h2><p>La direcci\u00f3n de nuestra web es: https:\/\/www.koine-aequalitas.org.<\/p><h2>Qu\u00e9 datos personales recogemos y por qu\u00e9 los recogemos<\/h2><h3>Comentarios<\/h3><p>Cuando los visitantes dejan comentarios en la web, recopilamos los datos que se muestran en el formulario de comentarios, as\u00ed como la direcci\u00f3n IP del visitante y la cadena de agentes de usuario del navegador para ayudar a la detecci\u00f3n de spam.<\/p><p>Una cadena an\u00f3nima creada a partir de tu direcci\u00f3n de correo electr\u00f3nico (tambi\u00e9n llamada hash) puede ser proporcionada al servicio de Gravatar para ver si la est\u00e1s usando. La pol\u00edtica de privacidad del servicio Gravatar est\u00e1 disponible aqu\u00ed: https:\/\/automattic.com\/privacy\/. Despu\u00e9s de la aprobaci\u00f3n de tu comentario, la imagen de tu perfil es visible para el p\u00fablico en el contexto de su comentario.<\/p><h3>Medios<\/h3><p>Si subes im\u00e1genes a la web deber\u00edas evitar subir im\u00e1genes con datos de ubicaci\u00f3n (GPS EXIF) incluidos. Los visitantes de la web pueden descargar y extraer cualquier dato de localizaci\u00f3n de las im\u00e1genes de la web.<\/p><h3>Formularios de contacto<\/h3><h3>Cookies<\/h3><p>Si dejas un comentario en nuestro sitio puedes elegir guardar tu nombre, direcci\u00f3n de correo electr\u00f3nico y web en cookies. Esto es para tu comodidad, para que no tengas que volver a rellenar tus datos cuando dejes otro comentario. Estas cookies tendr\u00e1n una duraci\u00f3n de un a\u00f1o.<\/p><p>Si tienes una cuenta y te conectas a este sitio, instalaremos una cookie temporal para determinar si tu navegador acepta cookies. Esta cookie no contiene datos personales y se elimina al cerrar el navegador.<\/p><p>Cuando inicias sesi\u00f3n, tambi\u00e9n instalaremos varias cookies para guardar tu informaci\u00f3n de inicio de sesi\u00f3n y tus opciones de visualizaci\u00f3n de pantalla. Las cookies de inicio de sesi\u00f3n duran dos d\u00edas, y las cookies de opciones de pantalla duran un a\u00f1o. Si seleccionas \"Recordarme\", tu inicio de sesi\u00f3n perdurar\u00e1 durante dos semanas. Si sales de tu cuenta, las cookies de inicio de sesi\u00f3n se eliminar\u00e1n.<\/p><p>Si editas o publicas un art\u00edculo se guardar\u00e1 una cookie adicional en tu navegador. Esta cookie no incluye datos personales y simplemente indica el ID del art\u00edculo que acabas de editar. Caduca despu\u00e9s de 1 d\u00eda.<\/p><h3>Contenido incrustado de otros sitios web<\/h3><p>Los art\u00edculos de este sitio pueden incluir contenido incrustado (por ejemplo, v\u00eddeos, im\u00e1genes, art\u00edculos, etc.). El contenido incrustado de otras web se comporta exactamente de la misma manera que si el visitante hubiera visitado la otra web.<\/p><p>Estas web pueden recopilar datos sobre ti, utilizar cookies, incrustar un seguimiento adicional de terceros, y supervisar tu interacci\u00f3n con ese contenido incrustado, incluido el seguimiento de su interacci\u00f3n con el contenido incrustado si tienes una cuenta y est\u00e1s conectado a esa web.<\/p><h3>Anal\u00edtica<\/h3><h2>Con qui\u00e9n compartimos tus datos<\/h2><h2>Cu\u00e1nto tiempo conservamos tus datos<\/h2><p>Si dejas un comentario, el comentario y sus metadatos se conservan indefinidamente. Esto es para que podamos reconocer y aprobar comentarios sucesivos autom\u00e1ticamente en lugar de mantenerlos en una cola de moderaci\u00f3n.<\/p><p>De los usuarios que se registran en nuestra web (si los hay), tambi\u00e9n almacenamos la informaci\u00f3n personal que proporcionan en su perfil de usuario. Todos los usuarios pueden ver, editar o eliminar su informaci\u00f3n personal en cualquier momento (excepto que no pueden cambiar su nombre de usuario). Los administradores de la web tambi\u00e9n pueden ver y editar esa informaci\u00f3n.<\/p><h2>Qu\u00e9 derechos tienes sobre tus datos<\/h2><p>Si tienes una cuenta o has dejado comentarios en esta web, puedes solicitar recibir un archivo de exportaci\u00f3n de los datos personales que tenemos sobre ti, incluyendo cualquier dato que nos hayas proporcionado. Tambi\u00e9n puedes solicitar que eliminemos cualquier dato personal que tengamos sobre ti. Esto no incluye ning\u00fan dato que estemos obligados a conservar con fines administrativos, legales o de seguridad.<\/p><h2>D\u00f3nde enviamos tus datos<\/h2><p>Los comentarios de los visitantes puede que los revise un servicio de detecci\u00f3n autom\u00e1tica de spam.<\/p><h2>Tu informaci\u00f3n de contacto<\/h2><h2>Informaci\u00f3n adicional<\/h2><h3>C\u00f3mo protegemos tus datos<\/h3><h3>Qu\u00e9 procedimientos utilizamos contra las brechas de datos<\/h3><h3>De qu\u00e9 terceros recibimos datos<\/h3><h3>Qu\u00e9 tipo de toma de decisiones automatizada y\/o perfilado hacemos con los datos del usuario<\/h3><h3>Requerimientos regulatorios de revelaci\u00f3n de informaci\u00f3n del sector<\/h3>","_et_gb_content_width":"","footnotes":""},"class_list":["post-386","page","type-page","status-publish","hentry"],"yoast_head":"<!-- This site is optimized with the Yoast SEO plugin v27.4 - https:\/\/yoast.com\/product\/yoast-seo-wordpress\/ -->\n<title>Privacy policy - Koine<\/title>\n<meta name=\"robots\" content=\"index, follow, max-snippet:-1, max-image-preview:large, max-video-preview:-1\" \/>\n<link rel=\"canonical\" href=\"https:\/\/www.koine-aequalitas.org\/en\/politica-privacidad\/\" \/>\n<meta property=\"og:locale\" content=\"en_US\" \/>\n<meta property=\"og:type\" content=\"article\" \/>\n<meta property=\"og:title\" content=\"Privacy policy - Koine\" \/>\n<meta property=\"og:description\" content=\"1.- RESPONSABLE DEL TRATAMIENTO \u00bfQui\u00e9n es el responsable del tratamiento? Identidad: (en adelante, FUNDACI\u00d3N KOINE AEQUALITAS o el Responsable). Direcci\u00f3n postal: Guip\u00fazcoa Avenue, 61,31013 Berriozar, Navarra Tel\u00e9fono: 948 19 97 75 Email: direccion@koine-aequalitas.org &nbsp; &nbsp; 2.- FINALIDAD DEL TRATAMIENTO 2.1.- \u00bfPara qu\u00e9 va a usar FUNDACI\u00d3N KOINE AEQUALITAS mis datos? Los datos que usted nos [&hellip;]\" \/>\n<meta property=\"og:url\" content=\"https:\/\/www.koine-aequalitas.org\/en\/politica-privacidad\/\" \/>\n<meta property=\"og:site_name\" content=\"Koine\" \/>\n<meta property=\"article:modified_time\" content=\"2024-08-22T12:53:12+00:00\" \/>\n<meta name=\"twitter:card\" content=\"summary_large_image\" \/>\n<meta name=\"twitter:label1\" content=\"Est. reading time\" \/>\n\t<meta name=\"twitter:data1\" content=\"15 minutes\" \/>\n<script type=\"application\/ld+json\" class=\"yoast-schema-graph\">{\"@context\":\"https:\\\/\\\/schema.org\",\"@graph\":[{\"@type\":\"WebPage\",\"@id\":\"https:\\\/\\\/www.koine-aequalitas.org\\\/en\\\/politica-privacidad\\\/\",\"url\":\"https:\\\/\\\/www.koine-aequalitas.org\\\/en\\\/politica-privacidad\\\/\",\"name\":\"Privacy policy - Koine\",\"isPartOf\":{\"@id\":\"https:\\\/\\\/www.koine-aequalitas.org\\\/#website\"},\"datePublished\":\"2018-06-18T17:56:02+00:00\",\"dateModified\":\"2024-08-22T12:53:12+00:00\",\"breadcrumb\":{\"@id\":\"https:\\\/\\\/www.koine-aequalitas.org\\\/en\\\/politica-privacidad\\\/#breadcrumb\"},\"inLanguage\":\"en-US\",\"potentialAction\":[{\"@type\":\"ReadAction\",\"target\":[\"https:\\\/\\\/www.koine-aequalitas.org\\\/en\\\/politica-privacidad\\\/\"]}]},{\"@type\":\"BreadcrumbList\",\"@id\":\"https:\\\/\\\/www.koine-aequalitas.org\\\/en\\\/politica-privacidad\\\/#breadcrumb\",\"itemListElement\":[{\"@type\":\"ListItem\",\"position\":1,\"name\":\"Portada\",\"item\":\"https:\\\/\\\/www.koine-aequalitas.org\\\/en\\\/\"},{\"@type\":\"ListItem\",\"position\":2,\"name\":\"Privacy policy\"}]},{\"@type\":\"WebSite\",\"@id\":\"https:\\\/\\\/www.koine-aequalitas.org\\\/#website\",\"url\":\"https:\\\/\\\/www.koine-aequalitas.org\\\/\",\"name\":\"Koine\",\"description\":\"Fundaci\u00f3n para la promoci\u00f3n de derechos de las personas con discapacidad y\\\/o riesgo de exclusi\u00f3n social\",\"potentialAction\":[{\"@type\":\"SearchAction\",\"target\":{\"@type\":\"EntryPoint\",\"urlTemplate\":\"https:\\\/\\\/www.koine-aequalitas.org\\\/?s={search_term_string}\"},\"query-input\":{\"@type\":\"PropertyValueSpecification\",\"valueRequired\":true,\"valueName\":\"search_term_string\"}}],\"inLanguage\":\"en-US\"}]}<\/script>\n<!-- \/ Yoast SEO plugin. -->","yoast_head_json":{"title":"Privacy policy - Koine","robots":{"index":"index","follow":"follow","max-snippet":"max-snippet:-1","max-image-preview":"max-image-preview:large","max-video-preview":"max-video-preview:-1"},"canonical":"https:\/\/www.koine-aequalitas.org\/en\/politica-privacidad\/","og_locale":"en_US","og_type":"article","og_title":"Privacy policy - Koine","og_description":"1.- RESPONSABLE DEL TRATAMIENTO \u00bfQui\u00e9n es el responsable del tratamiento? Identidad: (en adelante, FUNDACI\u00d3N KOINE AEQUALITAS o el Responsable). Direcci\u00f3n postal: Guip\u00fazcoa Avenue, 61,31013 Berriozar, Navarra Tel\u00e9fono: 948 19 97 75 Email: direccion@koine-aequalitas.org &nbsp; &nbsp; 2.- FINALIDAD DEL TRATAMIENTO 2.1.- \u00bfPara qu\u00e9 va a usar FUNDACI\u00d3N KOINE AEQUALITAS mis datos? Los datos que usted nos [&hellip;]","og_url":"https:\/\/www.koine-aequalitas.org\/en\/politica-privacidad\/","og_site_name":"Koine","article_modified_time":"2024-08-22T12:53:12+00:00","twitter_card":"summary_large_image","twitter_misc":{"Est. reading time":"15 minutes"},"schema":{"@context":"https:\/\/schema.org","@graph":[{"@type":"WebPage","@id":"https:\/\/www.koine-aequalitas.org\/en\/politica-privacidad\/","url":"https:\/\/www.koine-aequalitas.org\/en\/politica-privacidad\/","name":"Privacy policy - Koine","isPartOf":{"@id":"https:\/\/www.koine-aequalitas.org\/#website"},"datePublished":"2018-06-18T17:56:02+00:00","dateModified":"2024-08-22T12:53:12+00:00","breadcrumb":{"@id":"https:\/\/www.koine-aequalitas.org\/en\/politica-privacidad\/#breadcrumb"},"inLanguage":"en-US","potentialAction":[{"@type":"ReadAction","target":["https:\/\/www.koine-aequalitas.org\/en\/politica-privacidad\/"]}]},{"@type":"BreadcrumbList","@id":"https:\/\/www.koine-aequalitas.org\/en\/politica-privacidad\/#breadcrumb","itemListElement":[{"@type":"ListItem","position":1,"name":"Portada","item":"https:\/\/www.koine-aequalitas.org\/en\/"},{"@type":"ListItem","position":2,"name":"Privacy policy"}]},{"@type":"WebSite","@id":"https:\/\/www.koine-aequalitas.org\/#website","url":"https:\/\/www.koine-aequalitas.org\/","name":"Koine","description":"Fundaci\u00f3n para la promoci\u00f3n de derechos de las personas con discapacidad y\/o riesgo de exclusi\u00f3n social","potentialAction":[{"@type":"SearchAction","target":{"@type":"EntryPoint","urlTemplate":"https:\/\/www.koine-aequalitas.org\/?s={search_term_string}"},"query-input":{"@type":"PropertyValueSpecification","valueRequired":true,"valueName":"search_term_string"}}],"inLanguage":"en-US"}]}},"_links":{"self":[{"href":"https:\/\/www.koine-aequalitas.org\/en\/wp-json\/wp\/v2\/pages\/386","targetHints":{"allow":["GET"]}}],"collection":[{"href":"https:\/\/www.koine-aequalitas.org\/en\/wp-json\/wp\/v2\/pages"}],"about":[{"href":"https:\/\/www.koine-aequalitas.org\/en\/wp-json\/wp\/v2\/types\/page"}],"author":[{"embeddable":true,"href":"https:\/\/www.koine-aequalitas.org\/en\/wp-json\/wp\/v2\/users\/1"}],"replies":[{"embeddable":true,"href":"https:\/\/www.koine-aequalitas.org\/en\/wp-json\/wp\/v2\/comments?post=386"}],"version-history":[{"count":5,"href":"https:\/\/www.koine-aequalitas.org\/en\/wp-json\/wp\/v2\/pages\/386\/revisions"}],"predecessor-version":[{"id":3104,"href":"https:\/\/www.koine-aequalitas.org\/en\/wp-json\/wp\/v2\/pages\/386\/revisions\/3104"}],"wp:attachment":[{"href":"https:\/\/www.koine-aequalitas.org\/en\/wp-json\/wp\/v2\/media?parent=386"}],"curies":[{"name":"wp","href":"https:\/\/api.w.org\/{rel}","templated":true}]}}